{"id":16188,"date":"2016-04-07T06:20:03","date_gmt":"2016-04-07T06:20:03","guid":{"rendered":"http:\/\/rnbtheme.com\/pages\/?page_id=16188"},"modified":"2026-03-27T12:42:13","modified_gmt":"2026-03-27T12:42:13","slug":"organos-de-gobierno","status":"publish","type":"page","link":"https:\/\/www.academianutricionydietetica.org\/pro\/la-academia\/organos-de-gobierno\/","title":{"rendered":"\u00d3rganos de Gobierno"},"content":{"rendered":"<p>[vc_row dfd_enable_overlay=\u00bb\u00bb dfd_row_responsive_enable=\u00bbdfd-row-responsive-enable\u00bb responsive_styles=\u00bbpadding_left_desktop:20|padding_right_desktop:20|padding_left_tablet:20|padding_right_tablet:20|padding_left_mobile:20|padding_right_mobile:20&#8243;][vc_column]<div class=\"dfd-spacer-module\"  data-units=\"px\" data-wide_resolution=\"1280\" data-wide_size=\"80\" data-normal_resolution=\"1024\" data-normal_size=\"60\" data-tablet_resolution=\"800\" data-tablet_size=\"40\" data-mobile_resolution=\"480\" data-mobile_size=\"40\" style=\"height: 80px;\"><\/div><div class=\"dfd-heading-shortcode\"><div class=\"dfd-heading-module-wrap  text-center style_01 dfd-heading-69f37eee7b074 dfd-disable-resposive-headings\" id=\"dfd-heading-69f37eee7b074\" ><div class=\"inline-block\"><div class=\"dfd-heading-module\"><h1 class=\"widget-title dfd-title \" style=\"font-size: 30px; line-height: 48px; letter-spacing: 13px; \"><b>\u00d3RGANOS DE GOBIERNO<\/b><\/h1><\/div><\/div><\/div><script type=\"text\/javascript\">\n\t\t\t\t\t\t\t\t\t(function($) {\n\t\t\t\t\t\t\t\t\t\t$(\"head\").append(\"<style>.dfd-heading-69f37eee7b074.dfd-heading-module-wrap .dfd-heading-module .dfd-heading-delimiter {margin-top:10px;margin-bottom:10px;}<\/style>\");\n\t\t\t\t\t\t\t\t\t})(jQuery);\n\t\t\t\t\t\t\t\t<\/script><\/div><div class=\"dfd-spacer-module\"  data-units=\"px\" data-wide_resolution=\"1280\" data-wide_size=\"40\" data-normal_resolution=\"1024\" data-normal_size=\"40\" data-tablet_resolution=\"800\" data-tablet_size=\"40\" data-mobile_resolution=\"480\" data-mobile_size=\"40\" style=\"height: 40px;\"><\/div>[vc_column_text]<\/p>\n<p style=\"text-align: center;\"><em><span class=\"font-family-serif\" style=\"font-weight: 400; font-size: 18px;\">La Academia contar\u00e1 con 3 \u00f3rganos de Gobierno: el Consejo Directivo, el Cuerpo de Acad\u00e9micos y el Comit\u00e9 Cient\u00edfico.<\/span><\/em><\/p>\n<p>[\/vc_column_text]<div class=\"dfd-spacer-module\"  data-units=\"px\" data-wide_resolution=\"1280\" data-wide_size=\"40\" data-normal_resolution=\"1024\" data-normal_size=\"40\" data-tablet_resolution=\"800\" data-tablet_size=\"40\" data-mobile_resolution=\"480\" data-mobile_size=\"40\" style=\"height: 40px;\"><\/div><div class=\"dfd-heading-shortcode\"><div class=\"dfd-heading-module-wrap  text-center style_01 dfd-heading-69f37eee7b3be dfd-disable-resposive-headings\" id=\"dfd-heading-69f37eee7b3be\" ><div class=\"inline-block\"><div class=\"dfd-heading-module\"><h2 class=\"widget-title dfd-title \" style=\"font-size: 22px; line-height: 26.4px; letter-spacing: 5px; \">CONSEJO DIRECTIVO<\/h2><\/div><\/div><\/div><script type=\"text\/javascript\">\n\t\t\t\t\t\t\t\t\t(function($) {\n\t\t\t\t\t\t\t\t\t\t$(\"head\").append(\"<style>.dfd-heading-69f37eee7b3be.dfd-heading-module-wrap .dfd-heading-module .dfd-heading-delimiter {margin-top:10px;margin-bottom:10px;}<\/style>\");\n\t\t\t\t\t\t\t\t\t})(jQuery);\n\t\t\t\t\t\t\t\t<\/script><\/div><div class=\"dfd-spacer-module\"  data-units=\"px\" data-wide_resolution=\"1280\" data-wide_size=\"15\" data-normal_resolution=\"1024\" data-normal_size=\"15\" data-tablet_resolution=\"800\" data-tablet_size=\"15\" data-mobile_resolution=\"480\" data-mobile_size=\"15\" style=\"height: 15px;\"><\/div>[\/vc_column][vc_column col_shadow=\u00bbbox_shadow_enable:disable|shadow_horizontal:0|shadow_vertical:15|shadow_blur:50|shadow_spread:0|box_shadow_color:rgba(0%2C0%2C0%2C.35)\u00bb col_shadow_hover=\u00bbbox_shadow_enable:disable|shadow_horizontal:0|shadow_vertical:15|shadow_blur:50|shadow_spread:0|box_shadow_color:rgba(0%2C0%2C0%2C.35)\u00bb][vc_row_inner][vc_column_inner width=\u00bb1\/4&#8243;]<div class=\"dfd-team-member layout-01 \" ><div class=\"image-wrap\"><img decoding=\"async\" src=\"https:\/\/www.academianutricionydietetica.org\/pro\/uploads\/2019\/06\/1-150x150.png\" alt=\"Image\"  class=\"team-member-photo \" style=\"border-radius:200px\" \/><a class=\"image-custom-link both-title-and-image\" href=\"https:\/\/www.academianutricionydietetica.org\/pro\/la-academia\/organos-de-gobierno\/cleofe-perez-portabella\/\" title=\"Cleofe Perez Portabella\" ><\/a><\/div><div class=\"content-wrap\"><div class=\"title-wrap\"><h3 class=\"team-member-title \" style=\"font-size: 14px; line-height: 18px; \"><a href=\"https:\/\/www.academianutricionydietetica.org\/pro\/la-academia\/organos-de-gobierno\/cleofe-perez-portabella\/\" title=\"Cleofe Perez Portabella\" >Cleof\u00e9 P\u00e9rez Portabella<\/a><\/h3><\/div><div class=\"team-member-description\" style=\"\"><\/div><\/div><\/div><div class=\"dfd-spacer-module\"  data-units=\"px\" data-wide_resolution=\"1280\" data-wide_size=\"25\" data-normal_resolution=\"1024\" data-normal_size=\"25\" data-tablet_resolution=\"800\" data-tablet_size=\"25\" data-mobile_resolution=\"480\" data-mobile_size=\"25\" style=\"height: 25px;\"><\/div>[\/vc_column_inner][vc_column_inner width=\u00bb1\/4&#8243;]<div class=\"dfd-team-member layout-01 \" ><div class=\"image-wrap\"><img decoding=\"async\" src=\"https:\/\/www.academianutricionydietetica.org\/pro\/uploads\/2022\/08\/Iva-Marques-foto-150x150.jpg\" alt=\"Image\"  class=\"team-member-photo \" style=\"border-radius:200px\" \/><a class=\"image-custom-link both-title-and-image\" href=\"https:\/\/www.academianutricionydietetica.org\/pro\/la-academia\/organos-de-gobierno\/iva-marques-lopes\/\" title=\"Iva Marques Lopes\" ><\/a><\/div><div class=\"content-wrap\"><div class=\"title-wrap\"><h3 class=\"team-member-title \" style=\"font-size: 14px; line-height: 18px; \"><a href=\"https:\/\/www.academianutricionydietetica.org\/pro\/la-academia\/organos-de-gobierno\/iva-marques-lopes\/\" title=\"Iva Marques Lopes\" >Iva Marques Lopes<\/a><\/h3><\/div><div class=\"team-member-description\" style=\"\"><\/div><\/div><\/div><div class=\"dfd-spacer-module\"  data-units=\"px\" data-wide_resolution=\"1280\" data-wide_size=\"25\" data-normal_resolution=\"1024\" data-normal_size=\"25\" data-tablet_resolution=\"800\" data-tablet_size=\"25\" data-mobile_resolution=\"480\" data-mobile_size=\"25\" style=\"height: 25px;\"><\/div>[\/vc_column_inner][vc_column_inner width=\u00bb1\/4&#8243;]<div class=\"dfd-team-member layout-01 \" ><div class=\"image-wrap\"><img decoding=\"async\" src=\"https:\/\/www.academianutricionydietetica.org\/pro\/uploads\/2025\/04\/05252024ICDA_OPENINGCEREMONIES_41-1024x683-150x150.jpg\" alt=\"Image\"  class=\"team-member-photo \" style=\"border-radius:200px\" \/><a class=\"image-custom-link both-title-and-image\" href=\"https:\/\/www.academianutricionydietetica.org\/pro\/la-academia\/organos-de-gobierno\/giuseppe-rusolillo-femenias\/\" title=\"Giuseppe Rusolillo Femen\u00edas\" ><\/a><\/div><div class=\"content-wrap\"><div class=\"title-wrap\"><h3 class=\"team-member-title \" style=\"font-size: 14px; line-height: 18px; \"><a href=\"https:\/\/www.academianutricionydietetica.org\/pro\/la-academia\/organos-de-gobierno\/giuseppe-rusolillo-femenias\/\" title=\"Giuseppe Rusolillo Femen\u00edas\" >Giuseppe Russolillo<\/a><\/h3><\/div><div class=\"team-member-description\" style=\"\"><\/div><\/div><\/div><div class=\"dfd-spacer-module\"  data-units=\"px\" data-wide_resolution=\"1280\" data-wide_size=\"25\" data-normal_resolution=\"1024\" data-normal_size=\"25\" data-tablet_resolution=\"800\" data-tablet_size=\"25\" data-mobile_resolution=\"480\" data-mobile_size=\"25\" style=\"height: 25px;\"><\/div>[\/vc_column_inner][vc_column_inner width=\u00bb1\/4&#8243;]<div class=\"dfd-team-member layout-01 max-width-150\" ><div class=\"image-wrap\"><img decoding=\"async\" src=\"https:\/\/www.academianutricionydietetica.org\/pro\/uploads\/2022\/09\/foto-perfil-martina-miserachs-300x300.jpg\" alt=\"Image\"  class=\"team-member-photo \" style=\"border-radius:200px\" \/><a class=\"image-custom-link both-title-and-image\" href=\"https:\/\/www.academianutricionydietetica.org\/pro\/la-academia\/organos-de-gobierno\/martina-miserachs-blasco\/\" title=\"Martina Miserachs Blasco\" ><\/a><\/div><div class=\"content-wrap\"><div class=\"title-wrap\"><h3 class=\"team-member-title \" style=\"font-size: 14px; line-height: 18px; \"><a href=\"https:\/\/www.academianutricionydietetica.org\/pro\/la-academia\/organos-de-gobierno\/martina-miserachs-blasco\/\" title=\"Martina Miserachs Blasco\" >Martina Miserachs<\/a><\/h3><\/div><div class=\"team-member-description\" style=\"\"><\/div><\/div><\/div><div class=\"dfd-spacer-module\"  data-units=\"px\" data-wide_resolution=\"1280\" data-wide_size=\"25\" data-normal_resolution=\"1024\" data-normal_size=\"25\" data-tablet_resolution=\"800\" data-tablet_size=\"25\" data-mobile_resolution=\"480\" data-mobile_size=\"25\" style=\"height: 25px;\"><\/div>[\/vc_column_inner][\/vc_row_inner][vc_row_inner][vc_column_inner width=\u00bb1\/3&#8243;]<div class=\"dfd-team-member layout-01 \" ><div class=\"image-wrap\"><img decoding=\"async\" src=\"https:\/\/www.academianutricionydietetica.org\/pro\/uploads\/2022\/08\/perfil-yolanda-150x150.jpg\" alt=\"Image\"  class=\"team-member-photo \" style=\"border-radius:200px\" \/><a class=\"image-custom-link both-title-and-image\" href=\"https:\/\/www.academianutricionydietetica.org\/pro\/la-academia\/organos-de-gobierno\/yolanda-sala-vidal\/\" title=\"Yolanda Sala Vidal\" ><\/a><\/div><div class=\"content-wrap\"><div class=\"title-wrap\"><h3 class=\"team-member-title \" style=\"font-size: 14px; line-height: 18px; \"><a href=\"https:\/\/www.academianutricionydietetica.org\/pro\/la-academia\/organos-de-gobierno\/yolanda-sala-vidal\/\" title=\"Yolanda Sala Vidal\" >Yolanda Sala Vidal<\/a><\/h3><\/div><div class=\"team-member-description\" style=\"\"><\/div><\/div><\/div><div class=\"dfd-spacer-module\"  data-units=\"px\" data-wide_resolution=\"1280\" data-wide_size=\"25\" data-normal_resolution=\"1024\" data-normal_size=\"25\" data-tablet_resolution=\"800\" data-tablet_size=\"25\" data-mobile_resolution=\"480\" data-mobile_size=\"25\" style=\"height: 25px;\"><\/div>[\/vc_column_inner][vc_column_inner width=\u00bb1\/3&#8243;]<div class=\"dfd-team-member layout-01 \" ><div class=\"image-wrap\"><img decoding=\"async\" src=\"https:\/\/www.academianutricionydietetica.org\/pro\/uploads\/2022\/08\/perfil-maria-casadevall-150x150.jpg\" alt=\"Image\"  class=\"team-member-photo \" style=\"border-radius:200px\" \/><a class=\"image-custom-link both-title-and-image\" href=\"https:\/\/www.academianutricionydietetica.org\/pro\/la-academia\/organos-de-gobierno\/maria-casadevall-moliner\/\" title=\"Mar\u00eda Casadevall Moliner\" ><\/a><\/div><div class=\"content-wrap\"><div class=\"title-wrap\"><h3 class=\"team-member-title \" style=\"font-size: 14px; line-height: 18px; \"><a href=\"https:\/\/www.academianutricionydietetica.org\/pro\/la-academia\/organos-de-gobierno\/maria-casadevall-moliner\/\" title=\"Mar\u00eda Casadevall Moliner\" >Mar\u00eda Casadevall Moliner<\/a><\/h3><\/div><div class=\"team-member-description\" style=\"\"><\/div><\/div><\/div><div class=\"dfd-spacer-module\"  data-units=\"px\" data-wide_resolution=\"1280\" data-wide_size=\"25\" data-normal_resolution=\"1024\" data-normal_size=\"25\" data-tablet_resolution=\"800\" data-tablet_size=\"25\" data-mobile_resolution=\"480\" data-mobile_size=\"25\" style=\"height: 25px;\"><\/div>[\/vc_column_inner][vc_column_inner width=\u00bb1\/3&#8243;]<div class=\"dfd-team-member layout-01 \" ><div class=\"image-wrap\"><img decoding=\"async\" src=\"https:\/\/www.academianutricionydietetica.org\/pro\/uploads\/2022\/08\/perfil-nahyr-150x150.jpg\" alt=\"Image\"  class=\"team-member-photo \" style=\"border-radius:200px\" \/><a class=\"image-custom-link both-title-and-image\" href=\"https:\/\/www.academianutricionydietetica.org\/pro\/la-academia\/organos-de-gobierno\/nahyr-schinca-lecocq\/\" title=\"Nahyr Schinca Lecocq\" ><\/a><\/div><div class=\"content-wrap\"><div class=\"title-wrap\"><h3 class=\"team-member-title \" style=\"font-size: 14px; line-height: 18px; \"><a href=\"https:\/\/www.academianutricionydietetica.org\/pro\/la-academia\/organos-de-gobierno\/nahyr-schinca-lecocq\/\" title=\"Nahyr Schinca Lecocq\" >Nahyr Schinca Lecocq<\/a><\/h3><\/div><div class=\"team-member-description\" style=\"\"><\/div><\/div><\/div><div class=\"dfd-spacer-module\"  data-units=\"px\" data-wide_resolution=\"1280\" data-wide_size=\"25\" data-normal_resolution=\"1024\" data-normal_size=\"25\" data-tablet_resolution=\"800\" data-tablet_size=\"25\" data-mobile_resolution=\"480\" data-mobile_size=\"25\" style=\"height: 25px;\"><\/div>[\/vc_column_inner][\/vc_row_inner][\/vc_column][\/vc_row][vc_row dfd_enable_overlay=\u00bb\u00bb force_equal_height_columns=\u00bbmain_row\u00bb dfd_row_config=\u00bbfull_width_content\u00bb dfd_row_responsive_enable=\u00bbdfd-row-responsive-enable\u00bb css=\u00bb.vc_custom_1746436781419{padding-right: 12% !important;padding-left: 12% !important;}\u00bb responsive_styles=\u00bbpadding_left_desktop:20|padding_right_desktop:20|padding_left_tablet:20|padding_right_tablet:20|padding_left_mobile:20|padding_right_mobile:20&#8243;][vc_column]<div class=\"dfd-spacer-module\"  data-units=\"px\" data-wide_resolution=\"1280\" data-wide_size=\"80\" data-normal_resolution=\"1024\" data-normal_size=\"60\" data-tablet_resolution=\"800\" data-tablet_size=\"40\" data-mobile_resolution=\"480\" data-mobile_size=\"40\" style=\"height: 80px;\"><\/div><div class=\"dfd-heading-shortcode\"><div class=\"dfd-heading-module-wrap  text-center style_01 dfd-heading-69f37eee7e511 dfd-disable-resposive-headings\" id=\"dfd-heading-69f37eee7e511\" ><div class=\"inline-block\"><div class=\"dfd-heading-module\"><h2 class=\"widget-title dfd-title \" style=\"font-size: 22px; line-height: 26.4px; letter-spacing: 5px; \">COMIT\u00c9 CIENT\u00cdFICO<\/h2><\/div><\/div><\/div><script type=\"text\/javascript\">\n\t\t\t\t\t\t\t\t\t(function($) {\n\t\t\t\t\t\t\t\t\t\t$(\"head\").append(\"<style>.dfd-heading-69f37eee7e511.dfd-heading-module-wrap .dfd-heading-module .dfd-heading-delimiter {margin-top:10px;margin-bottom:10px;}@media (max-width: 799px){.dfd-heading-69f37eee7e511 .dfd-title{font-size: 16px !important;line-height: 20px !important;}}<\/style>\");\n\t\t\t\t\t\t\t\t\t})(jQuery);\n\t\t\t\t\t\t\t\t<\/script><\/div><div class=\"dfd-spacer-module\"  data-units=\"px\" data-wide_resolution=\"1280\" data-wide_size=\"15\" data-normal_resolution=\"1024\" data-normal_size=\"15\" data-tablet_resolution=\"800\" data-tablet_size=\"15\" data-mobile_resolution=\"480\" data-mobile_size=\"15\" style=\"height: 15px;\"><\/div>[\/vc_column][\/vc_row][vc_row dfd_row_config=\u00bbdefault_row_small_paddings\u00bb el_class=\u00bbmembers-4&#8243;][vc_column width=\u00bb1\/4&#8243; offset=\u00bbvc_col-xs-6&#8243;]<div class=\"dfd-team-member layout-01 \" ><div class=\"image-wrap\"><img decoding=\"async\" src=\"https:\/\/www.academianutricionydietetica.org\/pro\/uploads\/2025\/05\/foto_EDU_2022-1024x766-100x100.jpeg\" alt=\"Image\"  class=\"team-member-photo \" style=\"border-radius:150px\" \/><a class=\"image-custom-link both-title-and-image\" href=\"https:\/\/www.academianutricionydietetica.org\/pro\/la-academia\/equipo-y-colaboradores\/eduard-baladia-rodriguez\/\" title=\"Eduard Baladia Rodr\u00edguez\" ><\/a><\/div><div class=\"content-wrap\"><div class=\"title-wrap\"><div class=\"team-member-title feature-title\" style=\"font-size: 14px; line-height: 14px; \"><a href=\"https:\/\/www.academianutricionydietetica.org\/pro\/la-academia\/equipo-y-colaboradores\/eduard-baladia-rodriguez\/\" title=\"Eduard Baladia Rodr\u00edguez\" >Eduard Baladia Rodr\u00edguez<\/a><\/div><\/div><div class=\"team-member-description\" style=\"\"><\/div><\/div><\/div><div class=\"dfd-spacer-module\"  data-units=\"px\" data-wide_resolution=\"1280\" data-wide_size=\"25\" data-normal_resolution=\"1024\" data-normal_size=\"25\" data-tablet_resolution=\"800\" data-tablet_size=\"25\" data-mobile_resolution=\"480\" data-mobile_size=\"25\" style=\"height: 25px;\"><\/div>[\/vc_column][vc_column width=\u00bb1\/4&#8243; offset=\u00bbvc_col-xs-6&#8243;]<div class=\"dfd-team-member layout-01 \" ><div class=\"image-wrap\"><img decoding=\"async\" src=\"https:\/\/www.academianutricionydietetica.org\/pro\/uploads\/2025\/05\/Francisco-Miguel-Celdran-de-Haro-2-1024x741-100x100.jpg\" alt=\"Image\"  class=\"team-member-photo \" style=\"border-radius:150px\" \/><a class=\"image-custom-link both-title-and-image\" href=\"https:\/\/www.academianutricionydietetica.org\/pro\/la-academia\/organos-de-gobierno\/francisco-miguel-celdran-de-haro-5\/\" title=\"Francisco Miguel Celdr\u00e1n de Haro\" ><\/a><\/div><div class=\"content-wrap\"><div class=\"title-wrap\"><div class=\"team-member-title feature-title\" style=\"font-size: 14px; line-height: 14px; \"><a href=\"https:\/\/www.academianutricionydietetica.org\/pro\/la-academia\/organos-de-gobierno\/francisco-miguel-celdran-de-haro-5\/\" title=\"Francisco Miguel Celdr\u00e1n de Haro\" >Francisco Miguel Celdr\u00e1n de Haro<\/a><\/div><\/div><div class=\"team-member-description\" style=\"\"><\/div><\/div><\/div><div class=\"dfd-spacer-module\"  data-units=\"px\" data-wide_resolution=\"1280\" data-wide_size=\"25\" data-normal_resolution=\"1024\" data-normal_size=\"25\" data-tablet_resolution=\"800\" data-tablet_size=\"25\" data-mobile_resolution=\"480\" data-mobile_size=\"25\" style=\"height: 25px;\"><\/div>[\/vc_column][vc_column width=\u00bb1\/4&#8243; offset=\u00bbvc_col-xs-6&#8243;]<div class=\"dfd-team-member layout-01 \" ><div class=\"image-wrap\"><img decoding=\"async\" src=\"https:\/\/www.academianutricionydietetica.org\/pro\/uploads\/2025\/05\/Cristina-Julian-1-100x100.jpg\" alt=\"Image\"  class=\"team-member-photo \" style=\"border-radius:150px\" \/><a class=\"image-custom-link both-title-and-image\" href=\"https:\/\/www.academianutricionydietetica.org\/pro\/la-academia\/equipo-y-colaboradores\/cristina-julian\/\" title=\"Cristina Juli\u00e1n\" ><\/a><\/div><div class=\"content-wrap\"><div class=\"title-wrap\"><div class=\"team-member-title feature-title\" style=\"font-size: 14px; line-height: 14px; \"><a href=\"https:\/\/www.academianutricionydietetica.org\/pro\/la-academia\/equipo-y-colaboradores\/cristina-julian\/\" title=\"Cristina Juli\u00e1n\" >Cristina Juli\u00e1n<\/a><\/div><\/div><div class=\"team-member-description\" style=\"\"><\/div><\/div><\/div><div class=\"dfd-spacer-module\"  data-units=\"px\" data-wide_resolution=\"1280\" data-wide_size=\"25\" data-normal_resolution=\"1024\" data-normal_size=\"25\" data-tablet_resolution=\"800\" data-tablet_size=\"25\" data-mobile_resolution=\"480\" data-mobile_size=\"25\" style=\"height: 25px;\"><\/div>[\/vc_column][vc_column width=\u00bb1\/4&#8243;]<div class=\"dfd-team-member layout-01 \" ><div class=\"image-wrap\"><img decoding=\"async\" src=\"https:\/\/www.academianutricionydietetica.org\/pro\/uploads\/2025\/05\/Manuel-Monino-Gomez-100x100.jpg\" alt=\"Image\"  class=\"team-member-photo \" style=\"border-radius:150px\" \/><a class=\"image-custom-link both-title-and-image\" href=\"https:\/\/www.academianutricionydietetica.org\/pro\/la-academia\/equipo-y-colaboradores\/manuel-monino-gomez\/\" title=\"Manuel Mo\u00f1ino G\u00f3mez\" ><\/a><\/div><div class=\"content-wrap\"><div class=\"title-wrap\"><div class=\"team-member-title feature-title\" style=\"font-size: 14px; line-height: 14px; \"><a href=\"https:\/\/www.academianutricionydietetica.org\/pro\/la-academia\/equipo-y-colaboradores\/manuel-monino-gomez\/\" title=\"Manuel Mo\u00f1ino G\u00f3mez\" >Manuel Mo\u00f1ino G\u00f3mez<\/a><\/div><\/div><div class=\"team-member-description\" style=\"\"><\/div><\/div><\/div><div class=\"dfd-spacer-module\"  data-units=\"px\" data-wide_resolution=\"1280\" data-wide_size=\"25\" data-normal_resolution=\"1024\" data-normal_size=\"25\" data-tablet_resolution=\"800\" data-tablet_size=\"25\" data-mobile_resolution=\"480\" data-mobile_size=\"25\" style=\"height: 25px;\"><\/div>[\/vc_column][\/vc_row][vc_row dfd_row_config=\u00bbdefault_row_small_paddings\u00bb el_class=\u00bbmembers-4&#8243;][vc_column width=\u00bb1\/4&#8243; offset=\u00bbvc_col-xs-6&#8243;]<div class=\"dfd-team-member layout-01 \" ><div class=\"image-wrap\"><img decoding=\"async\" src=\"https:\/\/www.academianutricionydietetica.org\/pro\/uploads\/2025\/05\/Alma-Maria-Palau-Ferre-682x1024-100x100.jpg\" alt=\"Image\"  class=\"team-member-photo \" style=\"border-radius:150px\" \/><a class=\"image-custom-link both-title-and-image\" href=\"https:\/\/www.academianutricionydietetica.org\/pro\/la-academia\/equipo-y-colaboradores\/alma-maria-palau-ferre\/\" title=\"Alma Mar\u00eda Palau Ferr\u00e9\" ><\/a><\/div><div class=\"content-wrap\"><div class=\"title-wrap\"><div class=\"team-member-title feature-title\" style=\"font-size: 14px; line-height: 14px; \"><a href=\"https:\/\/www.academianutricionydietetica.org\/pro\/la-academia\/equipo-y-colaboradores\/alma-maria-palau-ferre\/\" title=\"Alma Mar\u00eda Palau Ferr\u00e9\" >Alma Mar\u00eda Palau Ferr\u00e9<\/a><\/div><\/div><div class=\"team-member-description\" style=\"\"><\/div><\/div><\/div><div class=\"dfd-spacer-module\"  data-units=\"px\" data-wide_resolution=\"1280\" data-wide_size=\"25\" data-normal_resolution=\"1024\" data-normal_size=\"25\" data-tablet_resolution=\"800\" data-tablet_size=\"25\" data-mobile_resolution=\"480\" data-mobile_size=\"25\" style=\"height: 25px;\"><\/div>[\/vc_column][vc_column width=\u00bb1\/4&#8243; offset=\u00bbvc_col-xs-6&#8243;]<div class=\"dfd-team-member layout-01 \" ><div class=\"image-wrap\"><img decoding=\"async\" src=\"https:\/\/www.academianutricionydietetica.org\/pro\/uploads\/2025\/04\/05252024ICDA_OPENINGCEREMONIES_41-1024x683-100x100.jpg\" alt=\"Image\"  class=\"team-member-photo \" style=\"border-radius:150px\" \/><a class=\"image-custom-link both-title-and-image\" href=\"https:\/\/www.academianutricionydietetica.org\/pro\/la-academia\/equipo-y-colaboradores\/giuseppe-russolillocc\/\" title=\"Giuseppe Russolillo Femen\u00edas\" ><\/a><\/div><div class=\"content-wrap\"><div class=\"title-wrap\"><div class=\"team-member-title feature-title\" style=\"font-size: 14px; line-height: 14px; \"><a href=\"https:\/\/www.academianutricionydietetica.org\/pro\/la-academia\/equipo-y-colaboradores\/giuseppe-russolillocc\/\" title=\"Giuseppe Russolillo Femen\u00edas\" >Giuseppe Russolillo Femen\u00edas<\/a><\/div><\/div><div class=\"team-member-description\" style=\"\"><\/div><\/div><\/div><div class=\"dfd-spacer-module\"  data-units=\"px\" data-wide_resolution=\"1280\" data-wide_size=\"25\" data-normal_resolution=\"1024\" data-normal_size=\"25\" data-tablet_resolution=\"800\" data-tablet_size=\"25\" data-mobile_resolution=\"480\" data-mobile_size=\"25\" style=\"height: 25px;\"><\/div>[\/vc_column][vc_column width=\u00bb1\/4&#8243; offset=\u00bbvc_col-xs-6&#8243;]<div class=\"dfd-team-member layout-01 \" ><div class=\"image-wrap\"><img decoding=\"async\" src=\"https:\/\/www.academianutricionydietetica.org\/pro\/uploads\/2025\/05\/Mar-Ruperto-100x100.jpg\" alt=\"Image\"  class=\"team-member-photo \" style=\"border-radius:150px\" \/><a class=\"image-custom-link both-title-and-image\" href=\"https:\/\/www.academianutricionydietetica.org\/pro\/la-academia\/equipo-y-colaboradores\/mar-ruperto\/\" title=\"Mar Ruperto\" ><\/a><\/div><div class=\"content-wrap\"><div class=\"title-wrap\"><div class=\"team-member-title feature-title\" style=\"font-size: 14px; line-height: 14px; \"><a href=\"https:\/\/www.academianutricionydietetica.org\/pro\/la-academia\/equipo-y-colaboradores\/mar-ruperto\/\" title=\"Mar Ruperto\" >Mar Ruperto<\/a><\/div><\/div><div class=\"team-member-description\" style=\"\"><\/div><\/div><\/div><div class=\"dfd-spacer-module\"  data-units=\"px\" data-wide_resolution=\"1280\" data-wide_size=\"25\" data-normal_resolution=\"1024\" data-normal_size=\"25\" data-tablet_resolution=\"800\" data-tablet_size=\"25\" data-mobile_resolution=\"480\" data-mobile_size=\"25\" style=\"height: 25px;\"><\/div>[\/vc_column][vc_column width=\u00bb1\/4&#8243;]<div class=\"dfd-team-member layout-01 \" ><div class=\"image-wrap\"><img decoding=\"async\" src=\"https:\/\/www.academianutricionydietetica.org\/pro\/uploads\/2025\/05\/Alicia-Salido-1024x682-100x100.jpg\" alt=\"Image\"  class=\"team-member-photo \" style=\"border-radius:150px\" \/><a class=\"image-custom-link both-title-and-image\" href=\"https:\/\/www.academianutricionydietetica.org\/pro\/la-academia\/equipo-y-colaboradores\/alicia-salido\/\" title=\"Alicia Salido\" ><\/a><\/div><div class=\"content-wrap\"><div class=\"title-wrap\"><div class=\"team-member-title feature-title\" style=\"font-size: 14px; line-height: 14px; \"><a href=\"https:\/\/www.academianutricionydietetica.org\/pro\/la-academia\/equipo-y-colaboradores\/alicia-salido\/\" title=\"Alicia Salido\" >Alicia Salido<\/a><\/div><\/div><div class=\"team-member-description\" style=\"\"><\/div><\/div><\/div><div class=\"dfd-spacer-module\"  data-units=\"px\" data-wide_resolution=\"1280\" data-wide_size=\"25\" data-normal_resolution=\"1024\" data-normal_size=\"25\" data-tablet_resolution=\"800\" data-tablet_size=\"25\" data-mobile_resolution=\"480\" data-mobile_size=\"25\" style=\"height: 25px;\"><\/div>[\/vc_column][\/vc_row][vc_row dfd_row_config=\u00bbdefault_row_small_paddings\u00bb el_class=\u00bbmembers-4&#8243;][vc_column width=\u00bb1\/3&#8243; offset=\u00bbvc_col-xs-6&#8243;]<div class=\"dfd-team-member layout-01 \" ><div class=\"image-wrap\"><img decoding=\"async\" src=\"https:\/\/www.academianutricionydietetica.org\/pro\/uploads\/2025\/05\/Mercedes-Sotos-Prieto-100x100.png\" alt=\"Image\"  class=\"team-member-photo \" style=\"border-radius:150px\" \/><a class=\"image-custom-link both-title-and-image\" href=\"https:\/\/www.academianutricionydietetica.org\/pro\/la-academia\/equipo-y-colaboradores\/mercedes-sotos-prieto\/\" title=\"Mercedes Sotos Prieto\" ><\/a><\/div><div class=\"content-wrap\"><div class=\"title-wrap\"><div class=\"team-member-title feature-title\" style=\"font-size: 14px; line-height: 14px; \"><a href=\"https:\/\/www.academianutricionydietetica.org\/pro\/la-academia\/equipo-y-colaboradores\/mercedes-sotos-prieto\/\" title=\"Mercedes Sotos Prieto\" >Mercedes Sotos Prieto<\/a><\/div><\/div><div class=\"team-member-description\" style=\"\"><\/div><\/div><\/div><div class=\"dfd-spacer-module\"  data-units=\"px\" data-wide_resolution=\"1280\" data-wide_size=\"25\" data-normal_resolution=\"1024\" data-normal_size=\"25\" data-tablet_resolution=\"800\" data-tablet_size=\"25\" data-mobile_resolution=\"480\" data-mobile_size=\"25\" style=\"height: 25px;\"><\/div>[\/vc_column][vc_column width=\u00bb1\/3&#8243; offset=\u00bbvc_col-xs-6&#8243;]<div class=\"dfd-team-member layout-01 \" ><div class=\"image-wrap\"><img decoding=\"async\" src=\"https:\/\/www.academianutricionydietetica.org\/pro\/uploads\/2025\/05\/Eva-Maria-Trescastro-Lopez-682x1024-100x100.jpg\" alt=\"Image\"  class=\"team-member-photo \" style=\"border-radius:150px\" \/><a class=\"image-custom-link both-title-and-image\" href=\"https:\/\/www.academianutricionydietetica.org\/pro\/la-academia\/equipo-y-colaboradores\/eva-maria-trescastro-lopez\/\" title=\"Eva Mar\u00eda Trescastro L\u00f3pez\" ><\/a><\/div><div class=\"content-wrap\"><div class=\"title-wrap\"><div class=\"team-member-title feature-title\" style=\"font-size: 14px; line-height: 14px; \"><a href=\"https:\/\/www.academianutricionydietetica.org\/pro\/la-academia\/equipo-y-colaboradores\/eva-maria-trescastro-lopez\/\" title=\"Eva Mar\u00eda Trescastro L\u00f3pez\" >Eva Mar\u00eda Trescastro L\u00f3pez<\/a><\/div><\/div><div class=\"team-member-description\" style=\"\"><\/div><\/div><\/div><div class=\"dfd-spacer-module\"  data-units=\"px\" data-wide_resolution=\"1280\" data-wide_size=\"25\" data-normal_resolution=\"1024\" data-normal_size=\"25\" data-tablet_resolution=\"800\" data-tablet_size=\"25\" data-mobile_resolution=\"480\" data-mobile_size=\"25\" style=\"height: 25px;\"><\/div>[\/vc_column][vc_column width=\u00bb1\/3&#8243; offset=\u00bbvc_col-xs-6&#8243;]<div class=\"dfd-team-member layout-01 \" ><div class=\"image-wrap\"><img decoding=\"async\" src=\"https:\/\/www.academianutricionydietetica.org\/pro\/uploads\/2025\/05\/Claudia-Urdangarin-Fernandez-1-100x100.png\" alt=\"Image\"  class=\"team-member-photo \" style=\"border-radius:150px\" \/><a class=\"image-custom-link both-title-and-image\" href=\"https:\/\/www.academianutricionydietetica.org\/pro\/la-academia\/equipo-y-colaboradores\/claudia-urdangarin-fernandez\/\" title=\"Claudia Urdangar\u00edn Fern\u00e1ndez\" ><\/a><\/div><div class=\"content-wrap\"><div class=\"title-wrap\"><div class=\"team-member-title feature-title\" style=\"font-size: 14px; line-height: 14px; \"><a href=\"https:\/\/www.academianutricionydietetica.org\/pro\/la-academia\/equipo-y-colaboradores\/claudia-urdangarin-fernandez\/\" title=\"Claudia Urdangar\u00edn Fern\u00e1ndez\" >Claudia Urdangar\u00edn Fern\u00e1ndez<\/a><\/div><\/div><div class=\"team-member-description\" style=\"\"><\/div><\/div><\/div><div class=\"dfd-spacer-module\"  data-units=\"px\" data-wide_resolution=\"1280\" data-wide_size=\"25\" data-normal_resolution=\"1024\" data-normal_size=\"25\" data-tablet_resolution=\"800\" data-tablet_size=\"25\" data-mobile_resolution=\"480\" data-mobile_size=\"25\" style=\"height: 25px;\"><\/div>[\/vc_column][\/vc_row][vc_row dfd_enable_overlay=\u00bb\u00bb dfd_row_config=\u00bbfull_width_content\u00bb dfd_row_responsive_enable=\u00bbdfd-row-responsive-enable\u00bb css=\u00bb.vc_custom_1521212764013{padding-right: 12% !important;padding-left: 12% !important;}\u00bb responsive_styles=\u00bbpadding_left_desktop:20|padding_right_desktop:20|padding_left_tablet:20|padding_right_tablet:20|padding_left_mobile:20|padding_right_mobile:20&#8243;][vc_column]<div class=\"dfd-spacer-module\"  data-units=\"px\" data-wide_resolution=\"1280\" data-wide_size=\"80\" data-normal_resolution=\"1024\" data-normal_size=\"60\" data-tablet_resolution=\"800\" data-tablet_size=\"40\" data-mobile_resolution=\"480\" data-mobile_size=\"40\" style=\"height: 80px;\"><\/div><div class=\"dfd-heading-shortcode\"><div class=\"dfd-heading-module-wrap  text-center style_01 dfd-heading-69f37eee82c1d dfd-disable-resposive-headings\" id=\"dfd-heading-69f37eee82c1d\" ><div class=\"inline-block\"><div class=\"dfd-heading-module\"><h2 class=\"widget-title dfd-title \" style=\"font-size: 22px; line-height: 26.4px; letter-spacing: 5px; \">CUERPO DE ACAD\u00c9MICOS<\/h2><\/div><\/div><\/div><script type=\"text\/javascript\">\n\t\t\t\t\t\t\t\t\t(function($) {\n\t\t\t\t\t\t\t\t\t\t$(\"head\").append(\"<style>.dfd-heading-69f37eee82c1d.dfd-heading-module-wrap .dfd-heading-module .dfd-heading-delimiter {margin-top:10px;margin-bottom:10px;}@media (max-width: 799px){.dfd-heading-69f37eee82c1d .dfd-title{font-size: 16px !important;line-height: 20px !important;}}<\/style>\");\n\t\t\t\t\t\t\t\t\t})(jQuery);\n\t\t\t\t\t\t\t\t<\/script><\/div><div class=\"dfd-spacer-module\"  data-units=\"px\" data-wide_resolution=\"1280\" data-wide_size=\"15\" data-normal_resolution=\"1024\" data-normal_size=\"15\" data-tablet_resolution=\"800\" data-tablet_size=\"15\" data-mobile_resolution=\"480\" data-mobile_size=\"15\" style=\"height: 15px;\"><\/div>[\/vc_column][\/vc_row][vc_row dfd_enable_overlay=\u00bb\u00bb dfd_row_config=\u00bbfull_width_content\u00bb dfd_row_responsive_enable=\u00bbdfd-row-responsive-enable\u00bb css=\u00bb.vc_custom_1521212764013{padding-right: 12% !important;padding-left: 12% !important;}\u00bb responsive_styles=\u00bbpadding_left_desktop:20|padding_right_desktop:20|padding_left_tablet:20|padding_right_tablet:20|padding_left_mobile:20|padding_right_mobile:20&#8243;][vc_column]<div class=\"dfd-spacer-module\"  data-units=\"px\" data-wide_resolution=\"1280\" data-wide_size=\"25\" data-normal_resolution=\"1024\" data-normal_size=\"25\" data-tablet_resolution=\"800\" data-tablet_size=\"25\" data-mobile_resolution=\"480\" data-mobile_size=\"25\" style=\"height: 25px;\"><\/div><div class=\"dfd-heading-shortcode\"><div class=\"dfd-heading-module-wrap  text-center style_01 dfd-heading-69f37eee82f22 dfd-disable-resposive-headings\" id=\"dfd-heading-69f37eee82f22\" ><div class=\"inline-block\"><div class=\"dfd-heading-module\"><h3 class=\"widget-title dfd-title \" style=\"font-size: 18px; line-height: 22.4px; letter-spacing: 5px; \">ACAD\u00c9MICOS DE N\u00daMERO<\/h3><\/div><\/div><\/div><script type=\"text\/javascript\">\n\t\t\t\t\t\t\t\t\t(function($) {\n\t\t\t\t\t\t\t\t\t\t$(\"head\").append(\"<style>.dfd-heading-69f37eee82f22.dfd-heading-module-wrap .dfd-heading-module .dfd-heading-delimiter {margin-top:10px;margin-bottom:10px;}@media (max-width: 799px){.dfd-heading-69f37eee82f22 .dfd-title{font-size: 16px !important;line-height: 20px !important;}}<\/style>\");\n\t\t\t\t\t\t\t\t\t})(jQuery);\n\t\t\t\t\t\t\t\t<\/script><\/div><div class=\"dfd-spacer-module\"  data-units=\"px\" data-wide_resolution=\"1280\" data-wide_size=\"15\" data-normal_resolution=\"1024\" data-normal_size=\"15\" data-tablet_resolution=\"800\" data-tablet_size=\"15\" data-mobile_resolution=\"480\" data-mobile_size=\"15\" style=\"height: 15px;\"><\/div>[\/vc_column][\/vc_row][vc_row dfd_row_config=\u00bbdefault_row_small_paddings\u00bb el_class=\u00bbmembers-4&#8243;][vc_column width=\u00bb1\/6&#8243; offset=\u00bbvc_col-xs-6&#8243;]<div class=\"dfd-team-member layout-01 \" ><div class=\"image-wrap\"><img decoding=\"async\" src=\"https:\/\/www.academianutricionydietetica.org\/pro\/uploads\/2019\/06\/94-100x100.jpg\" alt=\"Image\"  class=\"team-member-photo \" style=\"border-radius:150px\" \/><a class=\"image-custom-link both-title-and-image\" href=\"https:\/\/www.academianutricionydietetica.org\/pro\/la-academia\/organos-de-gobierno\/maria-abenoza\/\" title=\"Maria Abenoza Gim\u00e9nez\" ><\/a><\/div><div class=\"content-wrap\"><div class=\"title-wrap\"><div class=\"team-member-title feature-title\" style=\"font-size: 14px; line-height: 14px; \"><a href=\"https:\/\/www.academianutricionydietetica.org\/pro\/la-academia\/organos-de-gobierno\/maria-abenoza\/\" title=\"Maria Abenoza Gim\u00e9nez\" >Mar\u00eda Abenoza Gim\u00e9nez<\/a><\/div><\/div><div class=\"team-member-description\" style=\"\"><\/div><\/div><\/div><div class=\"dfd-spacer-module\"  data-units=\"px\" data-wide_resolution=\"1280\" data-wide_size=\"25\" data-normal_resolution=\"1024\" data-normal_size=\"25\" data-tablet_resolution=\"800\" data-tablet_size=\"25\" data-mobile_resolution=\"480\" data-mobile_size=\"25\" style=\"height: 25px;\"><\/div>[\/vc_column][vc_column width=\u00bb1\/6&#8243; offset=\u00bbvc_col-xs-6&#8243;]<div class=\"dfd-team-member layout-01 \" ><div class=\"image-wrap\"><img decoding=\"async\" src=\"https:\/\/www.academianutricionydietetica.org\/pro\/uploads\/2024\/09\/Foto-1024x914-100x100.jpg\" alt=\"Image\"  class=\"team-member-photo \" style=\"border-radius:150px\" \/><a class=\"image-custom-link both-title-and-image\" href=\"https:\/\/www.academianutricionydietetica.org\/pro\/la-academia\/organos-de-gobierno\/diana-ansonera-artieda\/\" title=\"Diana Ansorena Artieda\" ><\/a><\/div><div class=\"content-wrap\"><div class=\"title-wrap\"><div class=\"team-member-title feature-title\" style=\"font-size: 14px; line-height: 14px; \"><a href=\"https:\/\/www.academianutricionydietetica.org\/pro\/la-academia\/organos-de-gobierno\/diana-ansonera-artieda\/\" title=\"Diana Ansorena Artieda\" >Diana Ansorena Artieda<\/a><\/div><\/div><div class=\"team-member-description\" style=\"\"><\/div><\/div><\/div><div class=\"dfd-spacer-module\"  data-units=\"px\" data-wide_resolution=\"1280\" data-wide_size=\"25\" data-normal_resolution=\"1024\" data-normal_size=\"25\" data-tablet_resolution=\"800\" data-tablet_size=\"25\" data-mobile_resolution=\"480\" data-mobile_size=\"25\" style=\"height: 25px;\"><\/div>[\/vc_column][vc_column width=\u00bb1\/6&#8243; offset=\u00bbvc_col-xs-6&#8243;]<div class=\"dfd-team-member layout-01 \" ><div class=\"image-wrap\"><img decoding=\"async\" src=\"https:\/\/www.academianutricionydietetica.org\/pro\/uploads\/2019\/06\/18-100x100.jpg\" alt=\"Image\"  class=\"team-member-photo \" style=\"border-radius:150px\" \/><a class=\"image-custom-link both-title-and-image\" href=\"https:\/\/www.academianutricionydietetica.org\/pro\/la-academia\/organos-de-gobierno\/nestor-benitez-brito\/\" title=\"N\u00e9stor Ben\u00edtez Brito\" ><\/a><\/div><div class=\"content-wrap\"><div class=\"title-wrap\"><div class=\"team-member-title feature-title\" style=\"font-size: 14px; line-height: 14px; \"><a href=\"https:\/\/www.academianutricionydietetica.org\/pro\/la-academia\/organos-de-gobierno\/nestor-benitez-brito\/\" title=\"N\u00e9stor Ben\u00edtez Brito\" >N\u00e9stor Ben\u00edtez Brito<\/a><\/div><\/div><div class=\"team-member-description\" style=\"\"><\/div><\/div><\/div><div class=\"dfd-spacer-module\"  data-units=\"px\" data-wide_resolution=\"1280\" data-wide_size=\"25\" data-normal_resolution=\"1024\" data-normal_size=\"25\" data-tablet_resolution=\"800\" data-tablet_size=\"25\" data-mobile_resolution=\"480\" data-mobile_size=\"25\" style=\"height: 25px;\"><\/div>[\/vc_column][vc_column width=\u00bb1\/6&#8243;]<div class=\"dfd-team-member layout-01 \" ><div class=\"image-wrap\"><img decoding=\"async\" src=\"https:\/\/www.academianutricionydietetica.org\/pro\/uploads\/2019\/06\/19-100x100.jpg\" alt=\"Image\"  class=\"team-member-photo \" style=\"border-radius:150px\" \/><a class=\"image-custom-link both-title-and-image\" href=\"https:\/\/www.academianutricionydietetica.org\/pro\/la-academia\/organos-de-gobierno\/noelia-bonfanti\/\" title=\"Noelia Bonfanti\" ><\/a><\/div><div class=\"content-wrap\"><div class=\"title-wrap\"><div class=\"team-member-title feature-title\" style=\"font-size: 14px; line-height: 14px; \"><a href=\"https:\/\/www.academianutricionydietetica.org\/pro\/la-academia\/organos-de-gobierno\/noelia-bonfanti\/\" title=\"Noelia Bonfanti\" >Noelia Bonfanti<\/a><\/div><\/div><div class=\"team-member-description\" style=\"\"><\/div><\/div><\/div><div class=\"dfd-spacer-module\"  data-units=\"px\" data-wide_resolution=\"1280\" data-wide_size=\"25\" data-normal_resolution=\"1024\" data-normal_size=\"25\" data-tablet_resolution=\"800\" data-tablet_size=\"25\" data-mobile_resolution=\"480\" data-mobile_size=\"25\" style=\"height: 25px;\"><\/div>[\/vc_column][vc_column width=\u00bb1\/6&#8243;]<div class=\"dfd-team-member layout-01 \" ><div class=\"image-wrap\"><img decoding=\"async\" src=\"https:\/\/www.academianutricionydietetica.org\/pro\/uploads\/2019\/06\/25-100x100.jpg\" alt=\"Image\"  class=\"team-member-photo \" style=\"border-radius:150px\" \/><a class=\"image-custom-link both-title-and-image\" href=\"https:\/\/www.academianutricionydietetica.org\/pro\/la-academia\/organos-de-gobierno\/elena-carrillo-alvarez\/\" title=\"Elena Carrillo Alvarez\" ><\/a><\/div><div class=\"content-wrap\"><div class=\"title-wrap\"><div class=\"team-member-title feature-title\" style=\"font-size: 14px; line-height: 14px; \"><a href=\"https:\/\/www.academianutricionydietetica.org\/pro\/la-academia\/organos-de-gobierno\/elena-carrillo-alvarez\/\" title=\"Elena Carrillo Alvarez\" >Elena Carrillo Alvarez<\/a><\/div><\/div><div class=\"team-member-description\" style=\"\"><\/div><\/div><\/div><div class=\"dfd-spacer-module\"  data-units=\"px\" data-wide_resolution=\"1280\" data-wide_size=\"25\" data-normal_resolution=\"1024\" data-normal_size=\"25\" data-tablet_resolution=\"800\" data-tablet_size=\"25\" data-mobile_resolution=\"480\" data-mobile_size=\"25\" style=\"height: 25px;\"><\/div>[\/vc_column][vc_column width=\u00bb1\/6&#8243; offset=\u00bbvc_col-xs-6&#8243;]<div class=\"dfd-team-member layout-01 \" ><div class=\"image-wrap\"><img decoding=\"async\" src=\"https:\/\/www.academianutricionydietetica.org\/pro\/uploads\/2025\/05\/Francisco-Miguel-Celdran-de-Haro-2-1024x741-100x100.jpg\" alt=\"Image\"  class=\"team-member-photo \" style=\"border-radius:150px\" \/><a class=\"image-custom-link both-title-and-image\" href=\"https:\/\/www.academianutricionydietetica.org\/pro\/la-academia\/organos-de-gobierno\/francisco-miguel-celdran-de-haro\/\" title=\"Francisco Miguel Celdr\u00e1n De Haro\" ><\/a><\/div><div class=\"content-wrap\"><div class=\"title-wrap\"><div class=\"team-member-title feature-title\" style=\"font-size: 14px; line-height: 14px; \"><a href=\"https:\/\/www.academianutricionydietetica.org\/pro\/la-academia\/organos-de-gobierno\/francisco-miguel-celdran-de-haro\/\" title=\"Francisco Miguel Celdr\u00e1n De Haro\" >Francisco Miguel Celdr\u00e1n De Haro<\/a><\/div><\/div><div class=\"team-member-description\" style=\"\"><\/div><\/div><\/div><div class=\"dfd-spacer-module\"  data-units=\"px\" data-wide_resolution=\"1280\" data-wide_size=\"25\" data-normal_resolution=\"1024\" data-normal_size=\"25\" data-tablet_resolution=\"800\" data-tablet_size=\"25\" data-mobile_resolution=\"480\" data-mobile_size=\"25\" style=\"height: 25px;\"><\/div>[\/vc_column][\/vc_row][vc_row dfd_row_config=\u00bbdefault_row_small_paddings\u00bb el_class=\u00bbmembers-4&#8243;][vc_column width=\u00bb1\/6&#8243; offset=\u00bbvc_col-xs-6&#8243;]<div class=\"dfd-team-member layout-01 \" ><div class=\"image-wrap\"><img decoding=\"async\" src=\"https:\/\/www.academianutricionydietetica.org\/pro\/uploads\/2023\/11\/Marta-Cuervo-853x1024-100x100.jpg\" alt=\"Image\"  class=\"team-member-photo \" style=\"border-radius:150px\" \/><a class=\"image-custom-link both-title-and-image\" href=\"https:\/\/www.academianutricionydietetica.org\/pro\/la-academia\/organos-de-gobierno\/marta-cuervo-zapatel\/\" title=\"Marta Cuervo Zapatel\" ><\/a><\/div><div class=\"content-wrap\"><div class=\"title-wrap\"><div class=\"team-member-title feature-title\" style=\"font-size: 14px; line-height: 14px; \"><a href=\"https:\/\/www.academianutricionydietetica.org\/pro\/la-academia\/organos-de-gobierno\/marta-cuervo-zapatel\/\" title=\"Marta Cuervo Zapatel\" >Marta Cuervo Zapatel<\/a><\/div><\/div><div class=\"team-member-description\" style=\"\"><\/div><\/div><\/div><div class=\"dfd-spacer-module\"  data-units=\"px\" data-wide_resolution=\"1280\" data-wide_size=\"25\" data-normal_resolution=\"1024\" data-normal_size=\"25\" data-tablet_resolution=\"800\" data-tablet_size=\"25\" data-mobile_resolution=\"480\" data-mobile_size=\"25\" style=\"height: 25px;\"><\/div>[\/vc_column][vc_column width=\u00bb1\/6&#8243; offset=\u00bbvc_col-xs-6&#8243;]<div class=\"dfd-team-member layout-01 \" ><div class=\"image-wrap\"><img decoding=\"async\" src=\"https:\/\/www.academianutricionydietetica.org\/pro\/uploads\/2019\/06\/11-100x100.jpg\" alt=\"Image\"  class=\"team-member-photo \" style=\"border-radius:150px\" \/><a class=\"image-custom-link both-title-and-image\" href=\"https:\/\/www.academianutricionydietetica.org\/pro\/la-academia\/organos-de-gobierno\/ramon-de-cangas-moran\/\" title=\"Ram\u00f3n De Cangas Moran\" ><\/a><\/div><div class=\"content-wrap\"><div class=\"title-wrap\"><div class=\"team-member-title feature-title\" style=\"font-size: 14px; line-height: 14px; \"><a href=\"https:\/\/www.academianutricionydietetica.org\/pro\/la-academia\/organos-de-gobierno\/ramon-de-cangas-moran\/\" title=\"Ram\u00f3n De Cangas Moran\" >Ram\u00f3n De Cangas Mor\u00e1n<\/a><\/div><\/div><div class=\"team-member-description\" style=\"\"><\/div><\/div><\/div><div class=\"dfd-spacer-module\"  data-units=\"px\" data-wide_resolution=\"1280\" data-wide_size=\"25\" data-normal_resolution=\"1024\" data-normal_size=\"25\" data-tablet_resolution=\"800\" data-tablet_size=\"25\" data-mobile_resolution=\"480\" data-mobile_size=\"25\" style=\"height: 25px;\"><\/div>[\/vc_column][vc_column width=\u00bb1\/6&#8243; offset=\u00bbvc_col-xs-6&#8243;]<div class=\"dfd-team-member layout-01 \" ><div class=\"image-wrap\"><img decoding=\"async\" src=\"https:\/\/www.academianutricionydietetica.org\/pro\/uploads\/2019\/06\/13-100x100.jpg\" alt=\"Image\"  class=\"team-member-photo \" style=\"border-radius:150px\" \/><a class=\"image-custom-link both-title-and-image\" href=\"https:\/\/www.academianutricionydietetica.org\/pro\/la-academia\/organos-de-gobierno\/ma-pilar-de-miguel-etayo\/\" title=\"M\u00aa Pilar De Miguel Etayo\" ><\/a><\/div><div class=\"content-wrap\"><div class=\"title-wrap\"><div class=\"team-member-title feature-title\" style=\"font-size: 14px; line-height: 14px; \"><a href=\"https:\/\/www.academianutricionydietetica.org\/pro\/la-academia\/organos-de-gobierno\/ma-pilar-de-miguel-etayo\/\" title=\"M\u00aa Pilar De Miguel Etayo\" >M\u00aa Pilar De Miguel Etayo<\/a><\/div><\/div><div class=\"team-member-description\" style=\"\"><\/div><\/div><\/div><div class=\"dfd-spacer-module\"  data-units=\"px\" data-wide_resolution=\"1280\" data-wide_size=\"25\" data-normal_resolution=\"1024\" data-normal_size=\"25\" data-tablet_resolution=\"800\" data-tablet_size=\"25\" data-mobile_resolution=\"480\" data-mobile_size=\"25\" style=\"height: 25px;\"><\/div>[\/vc_column][vc_column width=\u00bb1\/6&#8243;]<div class=\"dfd-team-member layout-01 \" ><div class=\"image-wrap\"><img decoding=\"async\" src=\"https:\/\/www.academianutricionydietetica.org\/pro\/uploads\/2019\/06\/23-1024x1024-100x100.jpg\" alt=\"Image\"  class=\"team-member-photo \" style=\"border-radius:150px\" \/><a class=\"image-custom-link both-title-and-image\" href=\"https:\/\/www.academianutricionydietetica.org\/pro\/la-academia\/organos-de-gobierno\/samuel-duran-aguero\/\" title=\"Samuel Dur\u00e1n Ag\u00fcero\" ><\/a><\/div><div class=\"content-wrap\"><div class=\"title-wrap\"><div class=\"team-member-title feature-title\" style=\"font-size: 14px; line-height: 14px; \"><a href=\"https:\/\/www.academianutricionydietetica.org\/pro\/la-academia\/organos-de-gobierno\/samuel-duran-aguero\/\" title=\"Samuel Dur\u00e1n Ag\u00fcero\" >Samuel Dur\u00e1n Ag\u00fcero<\/a><\/div><\/div><div class=\"team-member-description\" style=\"\"><\/div><\/div><\/div><div class=\"dfd-spacer-module\"  data-units=\"px\" data-wide_resolution=\"1280\" data-wide_size=\"25\" data-normal_resolution=\"1024\" data-normal_size=\"25\" data-tablet_resolution=\"800\" data-tablet_size=\"25\" data-mobile_resolution=\"480\" data-mobile_size=\"25\" style=\"height: 25px;\"><\/div>[\/vc_column][vc_column width=\u00bb1\/6&#8243;]<div class=\"dfd-team-member layout-01 \" ><div class=\"image-wrap\"><img decoding=\"async\" src=\"https:\/\/www.academianutricionydietetica.org\/pro\/uploads\/2024\/03\/151_laura_esquius_A_2-682x1024-100x100.jpg\" alt=\"Image\"  class=\"team-member-photo \" style=\"border-radius:150px\" \/><a class=\"image-custom-link both-title-and-image\" href=\"https:\/\/www.academianutricionydietetica.org\/pro\/la-academia\/organos-de-gobierno\/laura-esquius-de-la-zarza\/\" title=\"Laura Esquius De la Zarza\" ><\/a><\/div><div class=\"content-wrap\"><div class=\"title-wrap\"><div class=\"team-member-title feature-title\" style=\"font-size: 14px; line-height: 14px; \"><a href=\"https:\/\/www.academianutricionydietetica.org\/pro\/la-academia\/organos-de-gobierno\/laura-esquius-de-la-zarza\/\" title=\"Laura Esquius De la Zarza\" >Laura Esquius De la Zarza<\/a><\/div><\/div><div class=\"team-member-description\" style=\"\"><\/div><\/div><\/div><div class=\"dfd-spacer-module\"  data-units=\"px\" data-wide_resolution=\"1280\" data-wide_size=\"25\" data-normal_resolution=\"1024\" data-normal_size=\"25\" data-tablet_resolution=\"800\" data-tablet_size=\"25\" data-mobile_resolution=\"480\" data-mobile_size=\"25\" style=\"height: 25px;\"><\/div>[\/vc_column][vc_column width=\u00bb1\/6&#8243; offset=\u00bbvc_col-xs-6&#8243;]<div class=\"dfd-team-member layout-01 \" ><div class=\"image-wrap\"><img decoding=\"async\" src=\"https:\/\/www.academianutricionydietetica.org\/pro\/uploads\/2019\/06\/27-100x100.jpg\" alt=\"Image\"  class=\"team-member-photo \" style=\"border-radius:150px\" \/><a class=\"image-custom-link both-title-and-image\" href=\"https:\/\/www.academianutricionydietetica.org\/pro\/la-academia\/organos-de-gobierno\/maria-garriga-garcia\/\" title=\"Mar\u00eda Garriga Garc\u00eda\" ><\/a><\/div><div class=\"content-wrap\"><div class=\"title-wrap\"><div class=\"team-member-title feature-title\" style=\"font-size: 14px; line-height: 14px; \"><a href=\"https:\/\/www.academianutricionydietetica.org\/pro\/la-academia\/organos-de-gobierno\/maria-garriga-garcia\/\" title=\"Mar\u00eda Garriga Garc\u00eda\" >Mar\u00eda Garriga Garc\u00eda<\/a><\/div><\/div><div class=\"team-member-description\" style=\"\"><\/div><\/div><\/div><div class=\"dfd-spacer-module\"  data-units=\"px\" data-wide_resolution=\"1280\" data-wide_size=\"25\" data-normal_resolution=\"1024\" data-normal_size=\"25\" data-tablet_resolution=\"800\" data-tablet_size=\"25\" data-mobile_resolution=\"480\" data-mobile_size=\"25\" style=\"height: 25px;\"><\/div>[\/vc_column][\/vc_row][vc_row dfd_row_config=\u00bbdefault_row_small_paddings\u00bb el_class=\u00bbmembers-4&#8243;][vc_column width=\u00bb1\/6&#8243; offset=\u00bbvc_col-xs-6&#8243;]<div class=\"dfd-team-member layout-01 \" ><div class=\"image-wrap\"><img decoding=\"async\" src=\"https:\/\/www.academianutricionydietetica.org\/pro\/uploads\/2019\/06\/74-100x100.jpg\" alt=\"Image\"  class=\"team-member-photo \" style=\"border-radius:150px\" \/><a class=\"image-custom-link both-title-and-image\" href=\"https:\/\/www.academianutricionydietetica.org\/pro\/la-academia\/organos-de-gobierno\/ma-bienvenida-gomez-sanchez\/\" title=\"M\u00aa Bienvenida G\u00f3mez S\u00e1nchez\" ><\/a><\/div><div class=\"content-wrap\"><div class=\"title-wrap\"><div class=\"team-member-title feature-title\" style=\"font-size: 14px; line-height: 14px; \"><a href=\"https:\/\/www.academianutricionydietetica.org\/pro\/la-academia\/organos-de-gobierno\/ma-bienvenida-gomez-sanchez\/\" title=\"M\u00aa Bienvenida G\u00f3mez S\u00e1nchez\" >M\u00aa Bienvenida G\u00f3mez S\u00e1nchez<\/a><\/div><\/div><div class=\"team-member-description\" style=\"\"><\/div><\/div><\/div><div class=\"dfd-spacer-module\"  data-units=\"px\" data-wide_resolution=\"1280\" data-wide_size=\"25\" data-normal_resolution=\"1024\" data-normal_size=\"25\" data-tablet_resolution=\"800\" data-tablet_size=\"25\" data-mobile_resolution=\"480\" data-mobile_size=\"25\" style=\"height: 25px;\"><\/div>[\/vc_column][vc_column width=\u00bb1\/6&#8243; offset=\u00bbvc_col-xs-6&#8243;]<div class=\"dfd-team-member layout-01 \" ><div class=\"image-wrap\"><img decoding=\"async\" src=\"https:\/\/www.academianutricionydietetica.org\/pro\/uploads\/2019\/06\/70-100x100.jpg\" alt=\"Image\"  class=\"team-member-photo \" style=\"border-radius:150px\" \/><a class=\"image-custom-link both-title-and-image\" href=\"https:\/\/www.academianutricionydietetica.org\/pro\/la-academia\/organos-de-gobierno\/esther-gonzalez-gil\/\" title=\"Esther Gonzalez Gil\" ><\/a><\/div><div class=\"content-wrap\"><div class=\"title-wrap\"><div class=\"team-member-title feature-title\" style=\"font-size: 14px; line-height: 14px; \"><a href=\"https:\/\/www.academianutricionydietetica.org\/pro\/la-academia\/organos-de-gobierno\/esther-gonzalez-gil\/\" title=\"Esther Gonzalez Gil\" >Esther Gonz\u00e1lez Gil<\/a><\/div><\/div><div class=\"team-member-description\" style=\"\"><\/div><\/div><\/div><div class=\"dfd-spacer-module\"  data-units=\"px\" data-wide_resolution=\"1280\" data-wide_size=\"25\" data-normal_resolution=\"1024\" data-normal_size=\"25\" data-tablet_resolution=\"800\" data-tablet_size=\"25\" data-mobile_resolution=\"480\" data-mobile_size=\"25\" style=\"height: 25px;\"><\/div>[\/vc_column][vc_column width=\u00bb1\/6&#8243; offset=\u00bbvc_col-xs-6&#8243;]<div class=\"dfd-team-member layout-01 \" ><div class=\"image-wrap\"><img decoding=\"async\" src=\"https:\/\/www.academianutricionydietetica.org\/pro\/uploads\/2019\/06\/32-100x100.jpg\" alt=\"Image\"  class=\"team-member-photo \" style=\"border-radius:150px\" \/><a class=\"image-custom-link both-title-and-image\" href=\"https:\/\/www.academianutricionydietetica.org\/pro\/la-academia\/organos-de-gobierno\/griselda-herrero-martin\/\" title=\"Griselda Herrero Mart\u00edn\" ><\/a><\/div><div class=\"content-wrap\"><div class=\"title-wrap\"><div class=\"team-member-title feature-title\" style=\"font-size: 14px; line-height: 14px; \"><a href=\"https:\/\/www.academianutricionydietetica.org\/pro\/la-academia\/organos-de-gobierno\/griselda-herrero-martin\/\" title=\"Griselda Herrero Mart\u00edn\" >Griselda Herrero Mart\u00edn<\/a><\/div><\/div><div class=\"team-member-description\" style=\"\"><\/div><\/div><\/div><div class=\"dfd-spacer-module\"  data-units=\"px\" data-wide_resolution=\"1280\" data-wide_size=\"25\" data-normal_resolution=\"1024\" data-normal_size=\"25\" data-tablet_resolution=\"800\" data-tablet_size=\"25\" data-mobile_resolution=\"480\" data-mobile_size=\"25\" style=\"height: 25px;\"><\/div>[\/vc_column][vc_column width=\u00bb1\/6&#8243;]<div class=\"dfd-team-member layout-01 \" ><div class=\"image-wrap\"><img decoding=\"async\" src=\"https:\/\/www.academianutricionydietetica.org\/pro\/uploads\/2019\/06\/72-100x100.jpg\" alt=\"Image\"  class=\"team-member-photo \" style=\"border-radius:150px\" \/><a class=\"image-custom-link both-title-and-image\" href=\"https:\/\/www.academianutricionydietetica.org\/pro\/la-academia\/organos-de-gobierno\/iris-iglesia-altaba\/\" title=\"Iris Iglesia Altaba\" ><\/a><\/div><div class=\"content-wrap\"><div class=\"title-wrap\"><div class=\"team-member-title feature-title\" style=\"font-size: 14px; line-height: 14px; \"><a href=\"https:\/\/www.academianutricionydietetica.org\/pro\/la-academia\/organos-de-gobierno\/iris-iglesia-altaba\/\" title=\"Iris Iglesia Altaba\" >Iris Iglesia Altaba<\/a><\/div><\/div><div class=\"team-member-description\" style=\"\"><\/div><\/div><\/div><div class=\"dfd-spacer-module\"  data-units=\"px\" data-wide_resolution=\"1280\" data-wide_size=\"25\" data-normal_resolution=\"1024\" data-normal_size=\"25\" data-tablet_resolution=\"800\" data-tablet_size=\"25\" data-mobile_resolution=\"480\" data-mobile_size=\"25\" style=\"height: 25px;\"><\/div>[\/vc_column][vc_column width=\u00bb1\/6&#8243; offset=\u00bbvc_col-xs-6&#8243;]<div class=\"dfd-team-member layout-01 \" ><div class=\"image-wrap\"><img decoding=\"async\" src=\"https:\/\/www.academianutricionydietetica.org\/pro\/uploads\/2019\/06\/69-100x100.jpg\" alt=\"Image\"  class=\"team-member-photo \" style=\"border-radius:150px\" \/><a class=\"image-custom-link both-title-and-image\" href=\"https:\/\/www.academianutricionydietetica.org\/pro\/la-academia\/organos-de-gobierno\/cristina-julian-almarcegui\/\" title=\"Cristina Julian Almarcegui\" ><\/a><\/div><div class=\"content-wrap\"><div class=\"title-wrap\"><div class=\"team-member-title feature-title\" style=\"font-size: 14px; line-height: 14px; \"><a href=\"https:\/\/www.academianutricionydietetica.org\/pro\/la-academia\/organos-de-gobierno\/cristina-julian-almarcegui\/\" title=\"Cristina Julian Almarcegui\" >Cristina Juli\u00e1n Alm\u00e1rcegui<\/a><\/div><\/div><div class=\"team-member-description\" style=\"\"><\/div><\/div><\/div><div class=\"dfd-spacer-module\"  data-units=\"px\" data-wide_resolution=\"1280\" data-wide_size=\"25\" data-normal_resolution=\"1024\" data-normal_size=\"25\" data-tablet_resolution=\"800\" data-tablet_size=\"25\" data-mobile_resolution=\"480\" data-mobile_size=\"25\" style=\"height: 25px;\"><\/div>[\/vc_column][vc_column width=\u00bb1\/6&#8243;]<div class=\"dfd-team-member layout-01 \" ><div class=\"image-wrap\"><img decoding=\"async\" src=\"https:\/\/www.academianutricionydietetica.org\/pro\/uploads\/2019\/06\/16-100x100.jpg\" alt=\"Image\"  class=\"team-member-photo \" style=\"border-radius:150px\" \/><a class=\"image-custom-link both-title-and-image\" href=\"https:\/\/www.academianutricionydietetica.org\/pro\/la-academia\/organos-de-gobierno\/juan-a-latorre-catala\/\" title=\"Juan A. Latorre Catal\u00e1\" ><\/a><\/div><div class=\"content-wrap\"><div class=\"title-wrap\"><div class=\"team-member-title feature-title\" style=\"font-size: 14px; line-height: 14px; \"><a href=\"https:\/\/www.academianutricionydietetica.org\/pro\/la-academia\/organos-de-gobierno\/juan-a-latorre-catala\/\" title=\"Juan A. Latorre Catal\u00e1\" >Juan A. Latorre Catal\u00e1<\/a><\/div><\/div><div class=\"team-member-description\" style=\"\"><\/div><\/div><\/div><div class=\"dfd-spacer-module\"  data-units=\"px\" data-wide_resolution=\"1280\" data-wide_size=\"25\" data-normal_resolution=\"1024\" data-normal_size=\"25\" data-tablet_resolution=\"800\" data-tablet_size=\"25\" data-mobile_resolution=\"480\" data-mobile_size=\"25\" style=\"height: 25px;\"><\/div>[\/vc_column][\/vc_row][vc_row dfd_row_config=\u00bbdefault_row_small_paddings\u00bb el_class=\u00bbmembers-4&#8243;][vc_column width=\u00bb1\/6&#8243; offset=\u00bbvc_col-xs-6&#8243;]<div class=\"dfd-team-member layout-01 \" ><div class=\"image-wrap\"><img decoding=\"async\" src=\"https:\/\/www.academianutricionydietetica.org\/pro\/uploads\/2019\/06\/33-100x100.jpg\" alt=\"Image\"  class=\"team-member-photo \" style=\"border-radius:150px\" \/><a class=\"image-custom-link both-title-and-image\" href=\"https:\/\/www.academianutricionydietetica.org\/pro\/la-academia\/organos-de-gobierno\/raul-lopez-grueso\/\" title=\"Raul L\u00f3pez Grueso\" ><\/a><\/div><div class=\"content-wrap\"><div class=\"title-wrap\"><div class=\"team-member-title feature-title\" style=\"font-size: 14px; line-height: 14px; \"><a href=\"https:\/\/www.academianutricionydietetica.org\/pro\/la-academia\/organos-de-gobierno\/raul-lopez-grueso\/\" title=\"Raul L\u00f3pez Grueso\" >Raul L\u00f3pez Grueso<\/a><\/div><\/div><div class=\"team-member-description\" style=\"\"><\/div><\/div><\/div><div class=\"dfd-spacer-module\"  data-units=\"px\" data-wide_resolution=\"1280\" data-wide_size=\"25\" data-normal_resolution=\"1024\" data-normal_size=\"25\" data-tablet_resolution=\"800\" data-tablet_size=\"25\" data-mobile_resolution=\"480\" data-mobile_size=\"25\" style=\"height: 25px;\"><\/div>[\/vc_column][vc_column width=\u00bb1\/6&#8243; offset=\u00bbvc_col-xs-6&#8243;]<div class=\"dfd-team-member layout-01 \" ><div class=\"image-wrap\"><img decoding=\"async\" src=\"https:\/\/www.academianutricionydietetica.org\/pro\/uploads\/2019\/06\/73-100x100.jpg\" alt=\"Image\"  class=\"team-member-photo \" style=\"border-radius:150px\" \/><a class=\"image-custom-link both-title-and-image\" href=\"https:\/\/www.academianutricionydietetica.org\/pro\/la-academia\/organos-de-gobierno\/javier-marhuenda-hernandez\/\" title=\"Javier Marhuenda Hernandez\" ><\/a><\/div><div class=\"content-wrap\"><div class=\"title-wrap\"><div class=\"team-member-title feature-title\" style=\"font-size: 14px; line-height: 14px; \"><a href=\"https:\/\/www.academianutricionydietetica.org\/pro\/la-academia\/organos-de-gobierno\/javier-marhuenda-hernandez\/\" title=\"Javier Marhuenda Hernandez\" >Javier Marhuenda Hern\u00e1ndez<\/a><\/div><\/div><div class=\"team-member-description\" style=\"\"><\/div><\/div><\/div><div class=\"dfd-spacer-module\"  data-units=\"px\" data-wide_resolution=\"1280\" data-wide_size=\"25\" data-normal_resolution=\"1024\" data-normal_size=\"25\" data-tablet_resolution=\"800\" data-tablet_size=\"25\" data-mobile_resolution=\"480\" data-mobile_size=\"25\" style=\"height: 25px;\"><\/div>[\/vc_column][vc_column width=\u00bb1\/6&#8243;]<div class=\"dfd-team-member layout-01 \" ><div class=\"image-wrap\"><img decoding=\"async\" src=\"https:\/\/www.academianutricionydietetica.org\/pro\/uploads\/2019\/06\/65-100x100.jpg\" alt=\"Image\"  class=\"team-member-photo \"  \/><a class=\"image-custom-link both-title-and-image\" href=\"https:\/\/www.academianutricionydietetica.org\/pro\/la-academia\/organos-de-gobierno\/francisco-javier-martin-almena\/\" title=\"Francisco Javier Mart\u00edn Almena\" ><\/a><\/div><div class=\"content-wrap\"><div class=\"title-wrap\"><div class=\"team-member-title feature-title\" style=\"font-size: 14px; line-height: 14px; \"><a href=\"https:\/\/www.academianutricionydietetica.org\/pro\/la-academia\/organos-de-gobierno\/francisco-javier-martin-almena\/\" title=\"Francisco Javier Mart\u00edn Almena\" >Francisco Javier Mart\u00edn Almena<\/a><\/div><\/div><div class=\"team-member-description\" style=\"\"><\/div><\/div><\/div><div class=\"dfd-spacer-module\"  data-units=\"px\" data-wide_resolution=\"1280\" data-wide_size=\"25\" data-normal_resolution=\"1024\" data-normal_size=\"25\" data-tablet_resolution=\"800\" data-tablet_size=\"25\" data-mobile_resolution=\"480\" data-mobile_size=\"25\" style=\"height: 25px;\"><\/div>[\/vc_column][vc_column width=\u00bb1\/6&#8243; offset=\u00bbvc_col-xs-6&#8243;]<div class=\"dfd-team-member layout-01 \" ><div class=\"image-wrap\"><img decoding=\"async\" src=\"https:\/\/www.academianutricionydietetica.org\/pro\/uploads\/2023\/11\/Foto-Alba-Martinez-1-100x100.jpg\" alt=\"Image\"  class=\"team-member-photo \" style=\"border-radius:150px\" \/><a class=\"image-custom-link both-title-and-image\" href=\"https:\/\/www.academianutricionydietetica.org\/pro\/la-academia\/organos-de-gobierno\/alba-martinez-garcia\/\" title=\"Alba Mart\u00ednez Garc\u00eda\" ><\/a><\/div><div class=\"content-wrap\"><div class=\"title-wrap\"><div class=\"team-member-title feature-title\" style=\"font-size: 14px; line-height: 14px; \"><a href=\"https:\/\/www.academianutricionydietetica.org\/pro\/la-academia\/organos-de-gobierno\/alba-martinez-garcia\/\" title=\"Alba Mart\u00ednez Garc\u00eda\" >Alba Mart\u00ednez Garc\u00eda<\/a><\/div><\/div><div class=\"team-member-description\" style=\"\"><\/div><\/div><\/div><div class=\"dfd-spacer-module\"  data-units=\"px\" data-wide_resolution=\"1280\" data-wide_size=\"25\" data-normal_resolution=\"1024\" data-normal_size=\"25\" data-tablet_resolution=\"800\" data-tablet_size=\"25\" data-mobile_resolution=\"480\" data-mobile_size=\"25\" style=\"height: 25px;\"><\/div>[\/vc_column][vc_column width=\u00bb1\/6&#8243;]<div class=\"dfd-team-member layout-01 \" ><div class=\"image-wrap\"><img decoding=\"async\" src=\"https:\/\/www.academianutricionydietetica.org\/pro\/uploads\/2018\/12\/user-default-100x100.jpg\" alt=\"Image\"  class=\"team-member-photo \" style=\"border-radius:150px\" \/><\/div><div class=\"content-wrap\"><div class=\"title-wrap\"><div class=\"team-member-title feature-title\" style=\"font-size: 14px; line-height: 14px; \">Montserrat Mart\u00ednez Pineda<\/div><\/div><div class=\"team-member-description\" style=\"\"><\/div><\/div><\/div><div class=\"dfd-spacer-module\"  data-units=\"px\" data-wide_resolution=\"1280\" data-wide_size=\"25\" data-normal_resolution=\"1024\" data-normal_size=\"25\" data-tablet_resolution=\"800\" data-tablet_size=\"25\" data-mobile_resolution=\"480\" data-mobile_size=\"25\" style=\"height: 25px;\"><\/div>[\/vc_column][vc_column width=\u00bb1\/6&#8243; offset=\u00bbvc_col-xs-6&#8243;]<div class=\"dfd-team-member layout-01 \" ><div class=\"image-wrap\"><img decoding=\"async\" src=\"https:\/\/www.academianutricionydietetica.org\/pro\/uploads\/2023\/07\/Foto-Alejandro-Martinez-Rodriguez-100x100.jpg\" alt=\"Image\"  class=\"team-member-photo \" style=\"border-radius:150px\" \/><\/div><div class=\"content-wrap\"><div class=\"title-wrap\"><div class=\"team-member-title feature-title\" style=\"font-size: 14px; line-height: 14px; \">Alejandro Mart\u00ednez Rodr\u00edguez<\/div><\/div><div class=\"team-member-description\" style=\"\"><\/div><\/div><\/div><div class=\"dfd-spacer-module\"  data-units=\"px\" data-wide_resolution=\"1280\" data-wide_size=\"25\" data-normal_resolution=\"1024\" data-normal_size=\"25\" data-tablet_resolution=\"800\" data-tablet_size=\"25\" data-mobile_resolution=\"480\" data-mobile_size=\"25\" style=\"height: 25px;\"><\/div>[\/vc_column][\/vc_row][vc_row dfd_row_config=\u00bbdefault_row_small_paddings\u00bb el_class=\u00bbmembers-4&#8243;][vc_column width=\u00bb1\/6&#8243;]<div class=\"dfd-team-member layout-01 \" ><div class=\"image-wrap\"><img decoding=\"async\" src=\"https:\/\/www.academianutricionydietetica.org\/pro\/uploads\/2019\/06\/59-100x100.jpg\" alt=\"Image\"  class=\"team-member-photo \" style=\"border-radius:150px\" \/><a class=\"image-custom-link both-title-and-image\" href=\"https:\/\/www.academianutricionydietetica.org\/pro\/la-academia\/organos-de-gobierno\/jose-miguel-martinez-sanz\/\" title=\"Jos\u00e9 Miguel Mart\u00ednez Sanz\" ><\/a><\/div><div class=\"content-wrap\"><div class=\"title-wrap\"><div class=\"team-member-title feature-title\" style=\"font-size: 14px; line-height: 14px; \"><a href=\"https:\/\/www.academianutricionydietetica.org\/pro\/la-academia\/organos-de-gobierno\/jose-miguel-martinez-sanz\/\" title=\"Jos\u00e9 Miguel Mart\u00ednez Sanz\" >Jos\u00e9 Miguel Mart\u00ednez Sanz<\/a><\/div><\/div><div class=\"team-member-description\" style=\"\"><\/div><\/div><\/div><div class=\"dfd-spacer-module\"  data-units=\"px\" data-wide_resolution=\"1280\" data-wide_size=\"25\" data-normal_resolution=\"1024\" data-normal_size=\"25\" data-tablet_resolution=\"800\" data-tablet_size=\"25\" data-mobile_resolution=\"480\" data-mobile_size=\"25\" style=\"height: 25px;\"><\/div>[\/vc_column][vc_column width=\u00bb1\/6&#8243; offset=\u00bbvc_col-xs-6&#8243;]<div class=\"dfd-team-member layout-01 \" ><div class=\"image-wrap\"><img decoding=\"async\" src=\"https:\/\/www.academianutricionydietetica.org\/pro\/uploads\/2019\/06\/21-100x100.jpg\" alt=\"Image\"  class=\"team-member-photo \" style=\"border-radius:150px\" \/><a class=\"image-custom-link both-title-and-image\" href=\"https:\/\/www.academianutricionydietetica.org\/pro\/la-academia\/organos-de-gobierno\/rocio-mateo-gallego\/\" title=\"Roc\u00edo Mateo Gallego\" ><\/a><\/div><div class=\"content-wrap\"><div class=\"title-wrap\"><div class=\"team-member-title feature-title\" style=\"font-size: 14px; line-height: 14px; \"><a href=\"https:\/\/www.academianutricionydietetica.org\/pro\/la-academia\/organos-de-gobierno\/rocio-mateo-gallego\/\" title=\"Roc\u00edo Mateo Gallego\" >Roc\u00edo Mateo Gallego<\/a><\/div><\/div><div class=\"team-member-description\" style=\"\"><\/div><\/div><\/div><div class=\"dfd-spacer-module\"  data-units=\"px\" data-wide_resolution=\"1280\" data-wide_size=\"25\" data-normal_resolution=\"1024\" data-normal_size=\"25\" data-tablet_resolution=\"800\" data-tablet_size=\"25\" data-mobile_resolution=\"480\" data-mobile_size=\"25\" style=\"height: 25px;\"><\/div>[\/vc_column][vc_column width=\u00bb1\/6&#8243;]<div class=\"dfd-team-member layout-01 \" ><div class=\"image-wrap\"><img decoding=\"async\" src=\"https:\/\/www.academianutricionydietetica.org\/pro\/uploads\/2023\/11\/Foto-Inaki-Milton-1-1024x1002-100x100.jpg\" alt=\"Image\"  class=\"team-member-photo \" style=\"border-radius:150px\" \/><a class=\"image-custom-link both-title-and-image\" href=\"https:\/\/www.academianutricionydietetica.org\/pro\/la-academia\/organos-de-gobierno\/inaki-milton-laskibar\/\" title=\"I\u00f1aki Milton Laskibar\" ><\/a><\/div><div class=\"content-wrap\"><div class=\"title-wrap\"><div class=\"team-member-title feature-title\" style=\"font-size: 14px; line-height: 14px; \"><a href=\"https:\/\/www.academianutricionydietetica.org\/pro\/la-academia\/organos-de-gobierno\/inaki-milton-laskibar\/\" title=\"I\u00f1aki Milton Laskibar\" >I\u00f1aki Milton Laskibar<\/a><\/div><\/div><div class=\"team-member-description\" style=\"\"><\/div><\/div><\/div><div class=\"dfd-spacer-module\"  data-units=\"px\" data-wide_resolution=\"1280\" data-wide_size=\"25\" data-normal_resolution=\"1024\" data-normal_size=\"25\" data-tablet_resolution=\"800\" data-tablet_size=\"25\" data-mobile_resolution=\"480\" data-mobile_size=\"25\" style=\"height: 25px;\"><\/div>[\/vc_column][vc_column width=\u00bb1\/6&#8243; offset=\u00bbvc_col-xs-6&#8243;]<div class=\"dfd-team-member layout-01 \" ><div class=\"image-wrap\"><img decoding=\"async\" src=\"https:\/\/www.academianutricionydietetica.org\/pro\/uploads\/2019\/06\/93-100x100.jpg\" alt=\"Image\"  class=\"team-member-photo \" style=\"border-radius:150px\" \/><a class=\"image-custom-link both-title-and-image\" href=\"https:\/\/www.academianutricionydietetica.org\/pro\/la-academia\/organos-de-gobierno\/laura-monje-pardo\/\" title=\"Laura Monje Pardo\" ><\/a><\/div><div class=\"content-wrap\"><div class=\"title-wrap\"><div class=\"team-member-title feature-title\" style=\"font-size: 14px; line-height: 14px; \"><a href=\"https:\/\/www.academianutricionydietetica.org\/pro\/la-academia\/organos-de-gobierno\/laura-monje-pardo\/\" title=\"Laura Monje Pardo\" >Laura Monje Pardo<\/a><\/div><\/div><div class=\"team-member-description\" style=\"\"><\/div><\/div><\/div><div class=\"dfd-spacer-module\"  data-units=\"px\" data-wide_resolution=\"1280\" data-wide_size=\"25\" data-normal_resolution=\"1024\" data-normal_size=\"25\" data-tablet_resolution=\"800\" data-tablet_size=\"25\" data-mobile_resolution=\"480\" data-mobile_size=\"25\" style=\"height: 25px;\"><\/div>[\/vc_column][vc_column width=\u00bb1\/6&#8243; offset=\u00bbvc_col-xs-6&#8243;]<div class=\"dfd-team-member layout-01 \" ><div class=\"image-wrap\"><img decoding=\"async\" src=\"https:\/\/www.academianutricionydietetica.org\/pro\/uploads\/2019\/06\/68-100x100.jpg\" alt=\"Image\"  class=\"team-member-photo \" style=\"border-radius:150px\" \/><a class=\"image-custom-link both-title-and-image\" href=\"https:\/\/www.academianutricionydietetica.org\/pro\/la-academia\/organos-de-gobierno\/aurora-isabel-norte-navarro\/\" title=\"Aurora Isabel Norte Navarro\" ><\/a><\/div><div class=\"content-wrap\"><div class=\"title-wrap\"><div class=\"team-member-title feature-title\" style=\"font-size: 14px; line-height: 14px; \"><a href=\"https:\/\/www.academianutricionydietetica.org\/pro\/la-academia\/organos-de-gobierno\/aurora-isabel-norte-navarro\/\" title=\"Aurora Isabel Norte Navarro\" >Aurora Isabel Norte Navarro<\/a><\/div><\/div><div class=\"team-member-description\" style=\"\"><\/div><\/div><\/div><div class=\"dfd-spacer-module\"  data-units=\"px\" data-wide_resolution=\"1280\" data-wide_size=\"25\" data-normal_resolution=\"1024\" data-normal_size=\"25\" data-tablet_resolution=\"800\" data-tablet_size=\"25\" data-mobile_resolution=\"480\" data-mobile_size=\"25\" style=\"height: 25px;\"><\/div>[\/vc_column][vc_column width=\u00bb1\/6&#8243;]<div class=\"dfd-team-member layout-01 \" ><div class=\"image-wrap\"><img decoding=\"async\" src=\"https:\/\/www.academianutricionydietetica.org\/pro\/uploads\/2023\/11\/Foto_Perez_Armijo-2-100x100.jpg\" alt=\"Image\"  class=\"team-member-photo \" style=\"border-radius:150px\" \/><a class=\"image-custom-link both-title-and-image\" href=\"https:\/\/www.academianutricionydietetica.org\/pro\/la-academia\/organos-de-gobierno\/patricio-perez-armijo\/\" title=\"Patricio P\u00e9rez Armijo\" ><\/a><\/div><div class=\"content-wrap\"><div class=\"title-wrap\"><div class=\"team-member-title feature-title\" style=\"font-size: 14px; line-height: 14px; \"><a href=\"https:\/\/www.academianutricionydietetica.org\/pro\/la-academia\/organos-de-gobierno\/patricio-perez-armijo\/\" title=\"Patricio P\u00e9rez Armijo\" >Patricio P\u00e9rez Armijo<\/a><\/div><\/div><div class=\"team-member-description\" style=\"\"><\/div><\/div><\/div><div class=\"dfd-spacer-module\"  data-units=\"px\" data-wide_resolution=\"1280\" data-wide_size=\"25\" data-normal_resolution=\"1024\" data-normal_size=\"25\" data-tablet_resolution=\"800\" data-tablet_size=\"25\" data-mobile_resolution=\"480\" data-mobile_size=\"25\" style=\"height: 25px;\"><\/div>[\/vc_column][\/vc_row][vc_row dfd_row_config=\u00bbdefault_row_small_paddings\u00bb el_class=\u00bbmembers-4&#8243;][vc_column width=\u00bb1\/6&#8243; offset=\u00bbvc_col-xs-6&#8243;]<div class=\"dfd-team-member layout-01 \" ><div class=\"image-wrap\"><img decoding=\"async\" src=\"https:\/\/www.academianutricionydietetica.org\/pro\/uploads\/2024\/04\/Prieto-HontoriaBCC-1024x682-100x100.jpg\" alt=\"Image\"  class=\"team-member-photo \" style=\"border-radius:150px\" \/><a class=\"image-custom-link both-title-and-image\" href=\"https:\/\/www.academianutricionydietetica.org\/pro\/la-academia\/organos-de-gobierno\/pedro-luis-prieto-hontoria\/\"  ><\/a><\/div><div class=\"content-wrap\"><div class=\"title-wrap\"><div class=\"team-member-title feature-title\" style=\"font-size: 14px; line-height: 14px; \"><a href=\"https:\/\/www.academianutricionydietetica.org\/pro\/la-academia\/organos-de-gobierno\/pedro-luis-prieto-hontoria\/\"  >Pedro Luis Prieto-Hontoria<\/a><\/div><\/div><div class=\"team-member-description\" style=\"\"><\/div><\/div><\/div><div class=\"dfd-spacer-module\"  data-units=\"px\" data-wide_resolution=\"1280\" data-wide_size=\"25\" data-normal_resolution=\"1024\" data-normal_size=\"25\" data-tablet_resolution=\"800\" data-tablet_size=\"25\" data-mobile_resolution=\"480\" data-mobile_size=\"25\" style=\"height: 25px;\"><\/div>[\/vc_column][vc_column width=\u00bb1\/6&#8243; offset=\u00bbvc_col-xs-6&#8243;]<div class=\"dfd-team-member layout-01 \" ><div class=\"image-wrap\"><img decoding=\"async\" src=\"https:\/\/www.academianutricionydietetica.org\/pro\/uploads\/2023\/11\/Catalina-Ramirez-731x1024-100x100.jpg\" alt=\"Image\"  class=\"team-member-photo \" style=\"border-radius:150px\" \/><a class=\"image-custom-link both-title-and-image\" href=\"https:\/\/www.academianutricionydietetica.org\/pro\/la-academia\/organos-de-gobierno\/catalina-ramirez-contreras\/\" title=\"Catalina Ram\u00edrez Contreras\" ><\/a><\/div><div class=\"content-wrap\"><div class=\"title-wrap\"><div class=\"team-member-title feature-title\" style=\"font-size: 14px; line-height: 14px; \"><a href=\"https:\/\/www.academianutricionydietetica.org\/pro\/la-academia\/organos-de-gobierno\/catalina-ramirez-contreras\/\" title=\"Catalina Ram\u00edrez Contreras\" >Catalina Ram\u00edrez Contreras<\/a><\/div><\/div><div class=\"team-member-description\" style=\"\"><\/div><\/div><\/div><div class=\"dfd-spacer-module\"  data-units=\"px\" data-wide_resolution=\"1280\" data-wide_size=\"25\" data-normal_resolution=\"1024\" data-normal_size=\"25\" data-tablet_resolution=\"800\" data-tablet_size=\"25\" data-mobile_resolution=\"480\" data-mobile_size=\"25\" style=\"height: 25px;\"><\/div>[\/vc_column][vc_column width=\u00bb1\/6&#8243;]<div class=\"dfd-team-member layout-01 \" ><div class=\"image-wrap\"><img decoding=\"async\" src=\"https:\/\/www.academianutricionydietetica.org\/pro\/uploads\/2019\/06\/24-100x100.jpg\" alt=\"Image\"  class=\"team-member-photo \" style=\"border-radius:150px\" \/><a class=\"image-custom-link both-title-and-image\" href=\"https:\/\/www.academianutricionydietetica.org\/pro\/la-academia\/organos-de-gobierno\/tara-rendo-urteaga\/\" title=\"Tara Rendo Urteaga\" ><\/a><\/div><div class=\"content-wrap\"><div class=\"title-wrap\"><div class=\"team-member-title feature-title\" style=\"font-size: 14px; line-height: 14px; \"><a href=\"https:\/\/www.academianutricionydietetica.org\/pro\/la-academia\/organos-de-gobierno\/tara-rendo-urteaga\/\" title=\"Tara Rendo Urteaga\" >Tara Rendo Urteaga<\/a><\/div><\/div><div class=\"team-member-description\" style=\"\"><\/div><\/div><\/div><div class=\"dfd-spacer-module\"  data-units=\"px\" data-wide_resolution=\"1280\" data-wide_size=\"25\" data-normal_resolution=\"1024\" data-normal_size=\"25\" data-tablet_resolution=\"800\" data-tablet_size=\"25\" data-mobile_resolution=\"480\" data-mobile_size=\"25\" style=\"height: 25px;\"><\/div>[\/vc_column][vc_column width=\u00bb1\/6&#8243; offset=\u00bbvc_col-xs-6&#8243;]<div class=\"dfd-team-member layout-01 \" ><div class=\"image-wrap\"><img decoding=\"async\" src=\"https:\/\/www.academianutricionydietetica.org\/pro\/uploads\/2023\/01\/33.-Foto-de-academico-100x100.jpg\" alt=\"Image\"  class=\"team-member-photo \" style=\"border-radius:150px\" \/><a class=\"image-custom-link both-title-and-image\" href=\"https:\/\/www.academianutricionydietetica.org\/pro\/la-academia\/organos-de-gobierno\/manuel-reig-garcia-galbis\/\" title=\"Manuel Reig Garc\u00eda-Galbis\" ><\/a><\/div><div class=\"content-wrap\"><div class=\"title-wrap\"><div class=\"team-member-title feature-title\" style=\"font-size: 14px; line-height: 14px; \"><a href=\"https:\/\/www.academianutricionydietetica.org\/pro\/la-academia\/organos-de-gobierno\/manuel-reig-garcia-galbis\/\" title=\"Manuel Reig Garc\u00eda-Galbis\" >Manuel Reig Garc\u00eda-Galbis<\/a><\/div><\/div><div class=\"team-member-description\" style=\"\"><\/div><\/div><\/div><div class=\"dfd-spacer-module\"  data-units=\"px\" data-wide_resolution=\"1280\" data-wide_size=\"25\" data-normal_resolution=\"1024\" data-normal_size=\"25\" data-tablet_resolution=\"800\" data-tablet_size=\"25\" data-mobile_resolution=\"480\" data-mobile_size=\"25\" style=\"height: 25px;\"><\/div>[\/vc_column][vc_column width=\u00bb1\/6&#8243;]<div class=\"dfd-team-member layout-01 \" ><div class=\"image-wrap\"><img decoding=\"async\" src=\"https:\/\/www.academianutricionydietetica.org\/pro\/uploads\/2023\/11\/FOTOGRAFIA-Margarida-RIbo-100x100.png\" alt=\"Image\"  class=\"team-member-photo \" style=\"border-radius:150px\" \/><a class=\"image-custom-link both-title-and-image\" href=\"https:\/\/www.academianutricionydietetica.org\/pro\/la-academia\/organos-de-gobierno\/margarida-ribo-coll\/\" title=\"Margarida Rib\u00f3 Coll\" ><\/a><\/div><div class=\"content-wrap\"><div class=\"title-wrap\"><div class=\"team-member-title feature-title\" style=\"font-size: 14px; line-height: 14px; \"><a href=\"https:\/\/www.academianutricionydietetica.org\/pro\/la-academia\/organos-de-gobierno\/margarida-ribo-coll\/\" title=\"Margarida Rib\u00f3 Coll\" >Margarida Rib\u00f3 Coll<\/a><\/div><\/div><div class=\"team-member-description\" style=\"\"><\/div><\/div><\/div><div class=\"dfd-spacer-module\"  data-units=\"px\" data-wide_resolution=\"1280\" data-wide_size=\"25\" data-normal_resolution=\"1024\" data-normal_size=\"25\" data-tablet_resolution=\"800\" data-tablet_size=\"25\" data-mobile_resolution=\"480\" data-mobile_size=\"25\" style=\"height: 25px;\"><\/div>[\/vc_column][vc_column width=\u00bb1\/6&#8243; offset=\u00bbvc_col-xs-6&#8243;]<div class=\"dfd-team-member layout-01 \" ><div class=\"image-wrap\"><img decoding=\"async\" src=\"https:\/\/www.academianutricionydietetica.org\/pro\/uploads\/2019\/06\/12-100x100.jpg\" alt=\"Image\"  class=\"team-member-photo \" style=\"border-radius:150px\" \/><a class=\"image-custom-link both-title-and-image\" href=\"https:\/\/www.academianutricionydietetica.org\/pro\/la-academia\/organos-de-gobierno\/belen-rodriguez-donate\/\" title=\"Bel\u00e9n Rodr\u00edguez Do\u00f1ate\" ><\/a><\/div><div class=\"content-wrap\"><div class=\"title-wrap\"><div class=\"team-member-title feature-title\" style=\"font-size: 14px; line-height: 14px; \"><a href=\"https:\/\/www.academianutricionydietetica.org\/pro\/la-academia\/organos-de-gobierno\/belen-rodriguez-donate\/\" title=\"Bel\u00e9n Rodr\u00edguez Do\u00f1ate\" >Bel\u00e9n Rodr\u00edguez Do\u00f1ate<\/a><\/div><\/div><div class=\"team-member-description\" style=\"\"><\/div><\/div><\/div><div class=\"dfd-spacer-module\"  data-units=\"px\" data-wide_resolution=\"1280\" data-wide_size=\"25\" data-normal_resolution=\"1024\" data-normal_size=\"25\" data-tablet_resolution=\"800\" data-tablet_size=\"25\" data-mobile_resolution=\"480\" data-mobile_size=\"25\" style=\"height: 25px;\"><\/div>[\/vc_column][\/vc_row][vc_row][vc_column width=\u00bb1\/6&#8243;]<div class=\"dfd-team-member layout-01 \" ><div class=\"image-wrap\"><img decoding=\"async\" src=\"https:\/\/www.academianutricionydietetica.org\/pro\/uploads\/2024\/03\/unnamed-100x100.png\" alt=\"Image\"  class=\"team-member-photo \" style=\"border-radius:150px\" \/><a class=\"image-custom-link both-title-and-image\" href=\"https:\/\/www.academianutricionydietetica.org\/pro\/la-academia\/organos-de-gobierno\/irene-roth-perez\/\" title=\"Irene Roth P\u00e9rez\" ><\/a><\/div><div class=\"content-wrap\"><div class=\"title-wrap\"><div class=\"team-member-title feature-title\" style=\"font-size: 14px; line-height: 14px; \"><a href=\"https:\/\/www.academianutricionydietetica.org\/pro\/la-academia\/organos-de-gobierno\/irene-roth-perez\/\" title=\"Irene Roth P\u00e9rez\" >Irene Roth P\u00e9rez<\/a><\/div><\/div><div class=\"team-member-description\" style=\"\"><\/div><\/div><\/div><div class=\"dfd-spacer-module\"  data-units=\"px\" data-wide_resolution=\"1280\" data-wide_size=\"25\" data-normal_resolution=\"1024\" data-normal_size=\"25\" data-tablet_resolution=\"800\" data-tablet_size=\"25\" data-mobile_resolution=\"480\" data-mobile_size=\"25\" style=\"height: 25px;\"><\/div>[\/vc_column][vc_column width=\u00bb1\/6&#8243;]<div class=\"dfd-team-member layout-01 \" ><div class=\"image-wrap\"><img decoding=\"async\" src=\"https:\/\/www.academianutricionydietetica.org\/pro\/uploads\/2019\/06\/57-100x100.jpg\" alt=\"Image\"  class=\"team-member-photo \" style=\"border-radius:150px\" \/><a class=\"image-custom-link both-title-and-image\" href=\"https:\/\/www.academianutricionydietetica.org\/pro\/la-academia\/organos-de-gobierno\/maria-del-mar-ruperto-lopez\/\" title=\"Mar\u00eda Del Mar Ruperto L\u00f3pez\" ><\/a><\/div><div class=\"content-wrap\"><div class=\"title-wrap\"><div class=\"team-member-title feature-title\" style=\"font-size: 14px; line-height: 14px; \"><a href=\"https:\/\/www.academianutricionydietetica.org\/pro\/la-academia\/organos-de-gobierno\/maria-del-mar-ruperto-lopez\/\" title=\"Mar\u00eda Del Mar Ruperto L\u00f3pez\" >M\u00aa del Mar Ruperto L\u00f3pez<\/a><\/div><\/div><div class=\"team-member-description\" style=\"\"><\/div><\/div><\/div><div class=\"dfd-spacer-module\"  data-units=\"px\" data-wide_resolution=\"1280\" data-wide_size=\"25\" data-normal_resolution=\"1024\" data-normal_size=\"25\" data-tablet_resolution=\"800\" data-tablet_size=\"25\" data-mobile_resolution=\"480\" data-mobile_size=\"25\" style=\"height: 25px;\"><\/div>[\/vc_column][vc_column width=\u00bb1\/6&#8243;]<div class=\"dfd-team-member layout-01 \" ><div class=\"image-wrap\"><img decoding=\"async\" src=\"https:\/\/www.academianutricionydietetica.org\/pro\/uploads\/2023\/11\/Blanca-Salinas-100x100.png\" alt=\"Image\"  class=\"team-member-photo \" style=\"border-radius:150px\" \/><a class=\"image-custom-link both-title-and-image\" href=\"https:\/\/www.academianutricionydietetica.org\/pro\/la-academia\/organos-de-gobierno\/blanca-salinas-rocas\/\" title=\"Blanca Salinas Rocas\" ><\/a><\/div><div class=\"content-wrap\"><div class=\"title-wrap\"><div class=\"team-member-title feature-title\" style=\"font-size: 14px; line-height: 14px; \"><a href=\"https:\/\/www.academianutricionydietetica.org\/pro\/la-academia\/organos-de-gobierno\/blanca-salinas-rocas\/\" title=\"Blanca Salinas Rocas\" >Blanca Salinas Rocas<\/a><\/div><\/div><div class=\"team-member-description\" style=\"\"><\/div><\/div><\/div><div class=\"dfd-spacer-module\"  data-units=\"px\" data-wide_resolution=\"1280\" data-wide_size=\"25\" data-normal_resolution=\"1024\" data-normal_size=\"25\" data-tablet_resolution=\"800\" data-tablet_size=\"25\" data-mobile_resolution=\"480\" data-mobile_size=\"25\" style=\"height: 25px;\"><\/div>[\/vc_column][vc_column width=\u00bb1\/6&#8243;]<div class=\"dfd-team-member layout-01 \" ><div class=\"image-wrap\"><img decoding=\"async\" src=\"https:\/\/www.academianutricionydietetica.org\/pro\/uploads\/2019\/06\/15-100x100.jpg\" alt=\"Image\"  class=\"team-member-photo \" style=\"border-radius:150px\" \/><a class=\"image-custom-link both-title-and-image\" href=\"https:\/\/www.academianutricionydietetica.org\/pro\/la-academia\/organos-de-gobierno\/ismael-san-mauro-martin\/\" title=\"Ismael San Mauro Mart\u00edn\" ><\/a><\/div><div class=\"content-wrap\"><div class=\"title-wrap\"><div class=\"team-member-title feature-title\" style=\"font-size: 14px; line-height: 14px; \"><a href=\"https:\/\/www.academianutricionydietetica.org\/pro\/la-academia\/organos-de-gobierno\/ismael-san-mauro-martin\/\" title=\"Ismael San Mauro Mart\u00edn\" >Ismael San Mauro Mart\u00edn<\/a><\/div><\/div><div class=\"team-member-description\" style=\"\"><\/div><\/div><\/div><div class=\"dfd-spacer-module\"  data-units=\"px\" data-wide_resolution=\"1280\" data-wide_size=\"25\" data-normal_resolution=\"1024\" data-normal_size=\"25\" data-tablet_resolution=\"800\" data-tablet_size=\"25\" data-mobile_resolution=\"480\" data-mobile_size=\"25\" style=\"height: 25px;\"><\/div>[\/vc_column][vc_column width=\u00bb1\/6&#8243;]<div class=\"dfd-team-member layout-01 \" ><div class=\"image-wrap\"><img decoding=\"async\" src=\"https:\/\/www.academianutricionydietetica.org\/pro\/uploads\/2019\/06\/29-100x100.jpg\" alt=\"Image\"  class=\"team-member-photo \" style=\"border-radius:150px\" \/><a class=\"image-custom-link both-title-and-image\" href=\"https:\/\/www.academianutricionydietetica.org\/pro\/la-academia\/organos-de-gobierno\/isabel-sospedra-lopez\/\" title=\"Isabel Sospedra L\u00f3pez\" ><\/a><\/div><div class=\"content-wrap\"><div class=\"title-wrap\"><div class=\"team-member-title feature-title\" style=\"font-size: 14px; line-height: 14px; \"><a href=\"https:\/\/www.academianutricionydietetica.org\/pro\/la-academia\/organos-de-gobierno\/isabel-sospedra-lopez\/\" title=\"Isabel Sospedra L\u00f3pez\" >Isabel Sospedra L\u00f3pez<\/a><\/div><\/div><div class=\"team-member-description\" style=\"\"><\/div><\/div><\/div><div class=\"dfd-spacer-module\"  data-units=\"px\" data-wide_resolution=\"1280\" data-wide_size=\"25\" data-normal_resolution=\"1024\" data-normal_size=\"25\" data-tablet_resolution=\"800\" data-tablet_size=\"25\" data-mobile_resolution=\"480\" data-mobile_size=\"25\" style=\"height: 25px;\"><\/div>[\/vc_column][vc_column width=\u00bb1\/6&#8243;]<div class=\"dfd-team-member layout-01 \" ><div class=\"image-wrap\"><img decoding=\"async\" src=\"https:\/\/www.academianutricionydietetica.org\/pro\/uploads\/2019\/06\/95-100x100.png\" alt=\"Image\"  class=\"team-member-photo \" style=\"border-radius:150px\" \/><a class=\"image-custom-link both-title-and-image\" href=\"https:\/\/www.academianutricionydietetica.org\/pro\/la-academia\/organos-de-gobierno\/maria-soto-celix\/\" title=\"Mar\u00eda Soto-C\u00e9lix\" ><\/a><\/div><div class=\"content-wrap\"><div class=\"title-wrap\"><div class=\"team-member-title feature-title\" style=\"font-size: 14px; line-height: 14px; \"><a href=\"https:\/\/www.academianutricionydietetica.org\/pro\/la-academia\/organos-de-gobierno\/maria-soto-celix\/\" title=\"Mar\u00eda Soto-C\u00e9lix\" >Mar\u00eda Soto-C\u00e9lix<\/a><\/div><\/div><div class=\"team-member-description\" style=\"\"><\/div><\/div><\/div><div class=\"dfd-spacer-module\"  data-units=\"px\" data-wide_resolution=\"1280\" data-wide_size=\"25\" data-normal_resolution=\"1024\" data-normal_size=\"25\" data-tablet_resolution=\"800\" data-tablet_size=\"25\" data-mobile_resolution=\"480\" data-mobile_size=\"25\" style=\"height: 25px;\"><\/div>[\/vc_column][\/vc_row][vc_row][vc_column width=\u00bb1\/6&#8243;]<div class=\"dfd-team-member layout-01 \" ><div class=\"image-wrap\"><img decoding=\"async\" src=\"https:\/\/www.academianutricionydietetica.org\/pro\/uploads\/2019\/06\/75-100x100.jpg\" alt=\"Image\"  class=\"team-member-photo \" style=\"border-radius:150px\" \/><a class=\"image-custom-link both-title-and-image\" href=\"https:\/\/www.academianutricionydietetica.org\/pro\/la-academia\/organos-de-gobierno\/mercedes-sotos-prieto\/\" title=\"Mercedes Sotos Prieto\" ><\/a><\/div><div class=\"content-wrap\"><div class=\"title-wrap\"><div class=\"team-member-title feature-title\" style=\"font-size: 14px; line-height: 14px; \"><a href=\"https:\/\/www.academianutricionydietetica.org\/pro\/la-academia\/organos-de-gobierno\/mercedes-sotos-prieto\/\" title=\"Mercedes Sotos Prieto\" >Mercedes Sotos Prieto<\/a><\/div><\/div><div class=\"team-member-description\" style=\"\"><\/div><\/div><\/div><div class=\"dfd-spacer-module\"  data-units=\"px\" data-wide_resolution=\"1280\" data-wide_size=\"25\" data-normal_resolution=\"1024\" data-normal_size=\"25\" data-tablet_resolution=\"800\" data-tablet_size=\"25\" data-mobile_resolution=\"480\" data-mobile_size=\"25\" style=\"height: 25px;\"><\/div>[\/vc_column][vc_column width=\u00bb1\/6&#8243;]<div class=\"dfd-team-member layout-01 \" ><div class=\"image-wrap\"><img decoding=\"async\" src=\"https:\/\/www.academianutricionydietetica.org\/pro\/uploads\/2024\/03\/Javier-Tenas-Foto-1024x683-100x100.jpg\" alt=\"Image\"  class=\"team-member-photo \" style=\"border-radius:150px\" \/><a class=\"image-custom-link both-title-and-image\" href=\"https:\/\/www.academianutricionydietetica.org\/pro\/la-academia\/organos-de-gobierno\/javier-tenas-gonzalvo\/\" title=\"Javier Tenas Gonzalvo\" ><\/a><\/div><div class=\"content-wrap\"><div class=\"title-wrap\"><div class=\"team-member-title feature-title\" style=\"font-size: 14px; line-height: 14px; \"><a href=\"https:\/\/www.academianutricionydietetica.org\/pro\/la-academia\/organos-de-gobierno\/javier-tenas-gonzalvo\/\" title=\"Javier Tenas Gonzalvo\" >Javier Tenas Gonzalvo<\/a><\/div><\/div><div class=\"team-member-description\" style=\"\"><\/div><\/div><\/div><div class=\"dfd-spacer-module\"  data-units=\"px\" data-wide_resolution=\"1280\" data-wide_size=\"25\" data-normal_resolution=\"1024\" data-normal_size=\"25\" data-tablet_resolution=\"800\" data-tablet_size=\"25\" data-mobile_resolution=\"480\" data-mobile_size=\"25\" style=\"height: 25px;\"><\/div>[\/vc_column][vc_column width=\u00bb1\/6&#8243;]<div class=\"dfd-team-member layout-01 \" ><div class=\"image-wrap\"><img decoding=\"async\" src=\"https:\/\/www.academianutricionydietetica.org\/pro\/uploads\/2018\/12\/user-default-100x100.jpg\" alt=\"Image\"  class=\"team-member-photo \" style=\"border-radius:150px\" \/><\/div><div class=\"content-wrap\"><div class=\"title-wrap\"><div class=\"team-member-title feature-title\" style=\"font-size: 14px; line-height: 14px; \">Mar\u00eda Tormo Santamar\u00eda<\/div><\/div><div class=\"team-member-description\" style=\"\"><\/div><\/div><\/div><div class=\"dfd-spacer-module\"  data-units=\"px\" data-wide_resolution=\"1280\" data-wide_size=\"25\" data-normal_resolution=\"1024\" data-normal_size=\"25\" data-tablet_resolution=\"800\" data-tablet_size=\"25\" data-mobile_resolution=\"480\" data-mobile_size=\"25\" style=\"height: 25px;\"><\/div>[\/vc_column][vc_column width=\u00bb1\/6&#8243;]<div class=\"dfd-team-member layout-01 \" ><div class=\"image-wrap\"><img decoding=\"async\" src=\"https:\/\/www.academianutricionydietetica.org\/pro\/uploads\/2024\/04\/Ramon-Tormo-100x100.jpg\" alt=\"Image\"  class=\"team-member-photo \" style=\"border-radius:150px\" \/><a class=\"image-custom-link both-title-and-image\" href=\"https:\/\/www.academianutricionydietetica.org\/pro\/la-academia\/organos-de-gobierno\/ramon-tormo-carnice\/\" title=\"Ram\u00f3n Tormo Carnic\u00e9\" ><\/a><\/div><div class=\"content-wrap\"><div class=\"title-wrap\"><div class=\"team-member-title feature-title\" style=\"font-size: 14px; line-height: 14px; \"><a href=\"https:\/\/www.academianutricionydietetica.org\/pro\/la-academia\/organos-de-gobierno\/ramon-tormo-carnice\/\" title=\"Ram\u00f3n Tormo Carnic\u00e9\" >Ram\u00f3n Tormo Carnic\u00e9<\/a><\/div><\/div><div class=\"team-member-description\" style=\"\"><\/div><\/div><\/div><div class=\"dfd-spacer-module\"  data-units=\"px\" data-wide_resolution=\"1280\" data-wide_size=\"25\" data-normal_resolution=\"1024\" data-normal_size=\"25\" data-tablet_resolution=\"800\" data-tablet_size=\"25\" data-mobile_resolution=\"480\" data-mobile_size=\"25\" style=\"height: 25px;\"><\/div>[\/vc_column][vc_column width=\u00bb1\/6&#8243;]<div class=\"dfd-team-member layout-01 \" ><div class=\"image-wrap\"><img decoding=\"async\" src=\"https:\/\/www.academianutricionydietetica.org\/pro\/uploads\/2024\/04\/Natalia-Toro-576x1024-100x100.png\" alt=\"Image\"  class=\"team-member-photo \" style=\"border-radius:150px\" \/><a class=\"image-custom-link both-title-and-image\" href=\"https:\/\/www.academianutricionydietetica.org\/pro\/la-academia\/organos-de-gobierno\/natalia-toro-funes\/\" title=\"Natalia Toro Funes\" ><\/a><\/div><div class=\"content-wrap\"><div class=\"title-wrap\"><div class=\"team-member-title feature-title\" style=\"font-size: 14px; line-height: 14px; \"><a href=\"https:\/\/www.academianutricionydietetica.org\/pro\/la-academia\/organos-de-gobierno\/natalia-toro-funes\/\" title=\"Natalia Toro Funes\" >Natalia Toro Funes<\/a><\/div><\/div><div class=\"team-member-description\" style=\"\"><\/div><\/div><\/div><div class=\"dfd-spacer-module\"  data-units=\"px\" data-wide_resolution=\"1280\" data-wide_size=\"25\" data-normal_resolution=\"1024\" data-normal_size=\"25\" data-tablet_resolution=\"800\" data-tablet_size=\"25\" data-mobile_resolution=\"480\" data-mobile_size=\"25\" style=\"height: 25px;\"><\/div>[\/vc_column][vc_column width=\u00bb1\/6&#8243;]<div class=\"dfd-team-member layout-01 \" ><div class=\"image-wrap\"><img decoding=\"async\" src=\"https:\/\/www.academianutricionydietetica.org\/pro\/uploads\/2019\/06\/58-100x100.jpg\" alt=\"Image\"  class=\"team-member-photo \" style=\"border-radius:150px\" \/><a class=\"image-custom-link both-title-and-image\" href=\"https:\/\/www.academianutricionydietetica.org\/pro\/la-academia\/organos-de-gobierno\/miriam-torres-moreno\/\" title=\"Miriam Torres Moreno\" ><\/a><\/div><div class=\"content-wrap\"><div class=\"title-wrap\"><div class=\"team-member-title feature-title\" style=\"font-size: 14px; line-height: 14px; \"><a href=\"https:\/\/www.academianutricionydietetica.org\/pro\/la-academia\/organos-de-gobierno\/miriam-torres-moreno\/\" title=\"Miriam Torres Moreno\" >Miriam Torres Moreno<\/a><\/div><\/div><div class=\"team-member-description\" style=\"\"><\/div><\/div><\/div><div class=\"dfd-spacer-module\"  data-units=\"px\" data-wide_resolution=\"1280\" data-wide_size=\"25\" data-normal_resolution=\"1024\" data-normal_size=\"25\" data-tablet_resolution=\"800\" data-tablet_size=\"25\" data-mobile_resolution=\"480\" data-mobile_size=\"25\" style=\"height: 25px;\"><\/div>[\/vc_column][\/vc_row][vc_row][vc_column width=\u00bb1\/6&#8243;]<div class=\"dfd-team-member layout-01 \" ><div class=\"image-wrap\"><img decoding=\"async\" src=\"https:\/\/www.academianutricionydietetica.org\/pro\/uploads\/2019\/06\/9-100x100.jpg\" alt=\"Image\"  class=\"team-member-photo \" style=\"border-radius:150px\" \/><a class=\"image-custom-link both-title-and-image\" href=\"https:\/\/www.academianutricionydietetica.org\/pro\/la-academia\/organos-de-gobierno\/eva-ma-trescastro-lopez\/\" title=\"Eva M\u00aa Trescastro Lopez\" ><\/a><\/div><div class=\"content-wrap\"><div class=\"title-wrap\"><div class=\"team-member-title feature-title\" style=\"font-size: 14px; line-height: 14px; \"><a href=\"https:\/\/www.academianutricionydietetica.org\/pro\/la-academia\/organos-de-gobierno\/eva-ma-trescastro-lopez\/\" title=\"Eva M\u00aa Trescastro Lopez\" >Eva M\u00aa Trescastro L\u00f3pez<\/a><\/div><\/div><div class=\"team-member-description\" style=\"\"><\/div><\/div><\/div><div class=\"dfd-spacer-module\"  data-units=\"px\" data-wide_resolution=\"1280\" data-wide_size=\"25\" data-normal_resolution=\"1024\" data-normal_size=\"25\" data-tablet_resolution=\"800\" data-tablet_size=\"25\" data-mobile_resolution=\"480\" data-mobile_size=\"25\" style=\"height: 25px;\"><\/div>[\/vc_column][vc_column width=\u00bb1\/6&#8243;]<div class=\"dfd-team-member layout-01 \" ><div class=\"image-wrap\"><img decoding=\"async\" src=\"https:\/\/www.academianutricionydietetica.org\/pro\/uploads\/2019\/06\/60-100x100.jpg\" alt=\"Image\"  class=\"team-member-photo \" style=\"border-radius:150px\" \/><a class=\"image-custom-link both-title-and-image\" href=\"https:\/\/www.academianutricionydietetica.org\/pro\/la-academia\/organos-de-gobierno\/cristina-vaque-crusellas\/\" title=\"Cristina Vaqu\u00e9 Crusellas\" ><\/a><\/div><div class=\"content-wrap\"><div class=\"title-wrap\"><div class=\"team-member-title feature-title\" style=\"font-size: 14px; line-height: 14px; \"><a href=\"https:\/\/www.academianutricionydietetica.org\/pro\/la-academia\/organos-de-gobierno\/cristina-vaque-crusellas\/\" title=\"Cristina Vaqu\u00e9 Crusellas\" >Cristina Vaqu\u00e9 Crusellas<\/a><\/div><\/div><div class=\"team-member-description\" style=\"\"><\/div><\/div><\/div><div class=\"dfd-spacer-module\"  data-units=\"px\" data-wide_resolution=\"1280\" data-wide_size=\"25\" data-normal_resolution=\"1024\" data-normal_size=\"25\" data-tablet_resolution=\"800\" data-tablet_size=\"25\" data-mobile_resolution=\"480\" data-mobile_size=\"25\" style=\"height: 25px;\"><\/div>[\/vc_column][vc_column width=\u00bb1\/6&#8243;]<div class=\"dfd-team-member layout-01 \" ><div class=\"image-wrap\"><img decoding=\"async\" src=\"https:\/\/www.academianutricionydietetica.org\/pro\/uploads\/2019\/06\/61-100x100.jpg\" alt=\"Image\"  class=\"team-member-photo \" style=\"border-radius:150px\" \/><a class=\"image-custom-link both-title-and-image\" href=\"https:\/\/www.academianutricionydietetica.org\/pro\/la-academia\/organos-de-gobierno\/anna-vila-marti\/\" title=\"Anna Vila Mart\u00ed\" ><\/a><\/div><div class=\"content-wrap\"><div class=\"title-wrap\"><div class=\"team-member-title feature-title\" style=\"font-size: 14px; line-height: 14px; \"><a href=\"https:\/\/www.academianutricionydietetica.org\/pro\/la-academia\/organos-de-gobierno\/anna-vila-marti\/\" title=\"Anna Vila Mart\u00ed\" >Anna Vila Mart\u00ed<\/a><\/div><\/div><div class=\"team-member-description\" style=\"\"><\/div><\/div><\/div><div class=\"dfd-spacer-module\"  data-units=\"px\" data-wide_resolution=\"1280\" data-wide_size=\"25\" data-normal_resolution=\"1024\" data-normal_size=\"25\" data-tablet_resolution=\"800\" data-tablet_size=\"25\" data-mobile_resolution=\"480\" data-mobile_size=\"25\" style=\"height: 25px;\"><\/div>[\/vc_column][vc_column width=\u00bb1\/6&#8243;]<div class=\"dfd-team-member layout-01 \" ><div class=\"image-wrap\"><img decoding=\"async\" src=\"https:\/\/www.academianutricionydietetica.org\/pro\/uploads\/2024\/03\/IMG-3296-768x1024-100x100.jpg\" alt=\"Image\"  class=\"team-member-photo \" style=\"border-radius:150px\" \/><a class=\"image-custom-link both-title-and-image\" href=\"https:\/\/www.academianutricionydietetica.org\/pro\/la-academia\/organos-de-gobierno\/fabiola-pamela-vilugron-aravena\/\" title=\"Fabiola Vilugr\u00f3n Aravena\" ><\/a><\/div><div class=\"content-wrap\"><div class=\"title-wrap\"><div class=\"team-member-title feature-title\" style=\"font-size: 14px; line-height: 14px; \"><a href=\"https:\/\/www.academianutricionydietetica.org\/pro\/la-academia\/organos-de-gobierno\/fabiola-pamela-vilugron-aravena\/\" title=\"Fabiola Vilugr\u00f3n Aravena\" >Fabiola Vilugr\u00f3n Aravena<\/a><\/div><\/div><div class=\"team-member-description\" style=\"\"><\/div><\/div><\/div><div class=\"dfd-spacer-module\"  data-units=\"px\" data-wide_resolution=\"1280\" data-wide_size=\"25\" data-normal_resolution=\"1024\" data-normal_size=\"25\" data-tablet_resolution=\"800\" data-tablet_size=\"25\" data-mobile_resolution=\"480\" data-mobile_size=\"25\" style=\"height: 25px;\"><\/div>[\/vc_column][vc_column width=\u00bb1\/6&#8243;]<div class=\"dfd-team-member layout-01 \" ><div class=\"image-wrap\"><img decoding=\"async\" src=\"https:\/\/www.academianutricionydietetica.org\/pro\/uploads\/2019\/06\/77-100x100.jpg\" alt=\"Image\"  class=\"team-member-photo \" style=\"border-radius:150px\" \/><a class=\"image-custom-link both-title-and-image\" href=\"https:\/\/www.academianutricionydietetica.org\/pro\/la-academia\/organos-de-gobierno\/raul-zamora-ros\/\" title=\"Raul Zamora Ros\" ><\/a><\/div><div class=\"content-wrap\"><div class=\"title-wrap\"><div class=\"team-member-title feature-title\" style=\"font-size: 14px; line-height: 14px; \"><a href=\"https:\/\/www.academianutricionydietetica.org\/pro\/la-academia\/organos-de-gobierno\/raul-zamora-ros\/\" title=\"Raul Zamora Ros\" >Raul Zamora Ros<\/a><\/div><\/div><div class=\"team-member-description\" style=\"\"><\/div><\/div><\/div><div class=\"dfd-spacer-module\"  data-units=\"px\" data-wide_resolution=\"1280\" data-wide_size=\"25\" data-normal_resolution=\"1024\" data-normal_size=\"25\" data-tablet_resolution=\"800\" data-tablet_size=\"25\" data-mobile_resolution=\"480\" data-mobile_size=\"25\" style=\"height: 25px;\"><\/div>[\/vc_column][vc_column width=\u00bb1\/6&#8243;]<div class=\"dfd-team-member layout-01 \" ><div class=\"image-wrap\"><img decoding=\"async\" src=\"https:\/\/www.academianutricionydietetica.org\/pro\/uploads\/2024\/03\/FOTO-IDOIA-100x100.png\" alt=\"Image\"  class=\"team-member-photo \" style=\"border-radius:150px\" \/><a class=\"image-custom-link both-title-and-image\" href=\"https:\/\/www.academianutricionydietetica.org\/pro\/la-academia\/organos-de-gobierno\/idoia-zarrazquin-arizaga\/\" title=\"Idoia Zarrazquin Arizaga\" ><\/a><\/div><div class=\"content-wrap\"><div class=\"title-wrap\"><div class=\"team-member-title feature-title\" style=\"font-size: 14px; line-height: 14px; \"><a href=\"https:\/\/www.academianutricionydietetica.org\/pro\/la-academia\/organos-de-gobierno\/idoia-zarrazquin-arizaga\/\" title=\"Idoia Zarrazquin Arizaga\" >Idoia Zarrazquin Arizaga<\/a><\/div><\/div><div class=\"team-member-description\" style=\"\"><\/div><\/div><\/div><div class=\"dfd-spacer-module\"  data-units=\"px\" data-wide_resolution=\"1280\" data-wide_size=\"25\" data-normal_resolution=\"1024\" data-normal_size=\"25\" data-tablet_resolution=\"800\" data-tablet_size=\"25\" data-mobile_resolution=\"480\" data-mobile_size=\"25\" style=\"height: 25px;\"><\/div>[\/vc_column][\/vc_row][vc_row][vc_column width=\u00bb1\/2&#8243;]<div class=\"dfd-team-member layout-01 \" ><div class=\"image-wrap\"><img decoding=\"async\" src=\"https:\/\/www.academianutricionydietetica.org\/pro\/uploads\/2024\/03\/Foto-FZ-2-819x1024-100x100.jpg\" alt=\"Image\"  class=\"team-member-photo \" style=\"border-radius:150px\" \/><a class=\"image-custom-link both-title-and-image\" href=\"https:\/\/www.academianutricionydietetica.org\/pro\/la-academia\/organos-de-gobierno\/fernanda-zeron-rugerio\/\" title=\"Fernanda Zer\u00f3n Rugerio\" ><\/a><\/div><div class=\"content-wrap\"><div class=\"title-wrap\"><div class=\"team-member-title feature-title\" style=\"font-size: 14px; line-height: 14px; \"><a href=\"https:\/\/www.academianutricionydietetica.org\/pro\/la-academia\/organos-de-gobierno\/fernanda-zeron-rugerio\/\" title=\"Fernanda Zer\u00f3n Rugerio\" >Fernanda Zer\u00f3n Rugerio<\/a><\/div><\/div><div class=\"team-member-description\" style=\"\"><\/div><\/div><\/div><div class=\"dfd-spacer-module\"  data-units=\"px\" data-wide_resolution=\"1280\" data-wide_size=\"25\" data-normal_resolution=\"1024\" data-normal_size=\"25\" data-tablet_resolution=\"800\" data-tablet_size=\"25\" data-mobile_resolution=\"480\" data-mobile_size=\"25\" style=\"height: 25px;\"><\/div>[\/vc_column][vc_column width=\u00bb1\/2&#8243;]<div class=\"dfd-team-member layout-01 \" ><div class=\"image-wrap\"><img decoding=\"async\" src=\"https:\/\/www.academianutricionydietetica.org\/pro\/uploads\/2023\/11\/Foto_carnet_Dolores_Zomeno-738x1024-100x100.jpg\" alt=\"Image\"  class=\"team-member-photo \" style=\"border-radius:150px\" \/><a class=\"image-custom-link both-title-and-image\" href=\"https:\/\/www.academianutricionydietetica.org\/pro\/la-academia\/organos-de-gobierno\/ma-dolores-zomeno-fajardo\/\" title=\"M\u00aa Dolores Zome\u00f1o Fajardo\" ><\/a><\/div><div class=\"content-wrap\"><div class=\"title-wrap\"><div class=\"team-member-title feature-title\" style=\"font-size: 14px; line-height: 14px; \"><a href=\"https:\/\/www.academianutricionydietetica.org\/pro\/la-academia\/organos-de-gobierno\/ma-dolores-zomeno-fajardo\/\" title=\"M\u00aa Dolores Zome\u00f1o Fajardo\" >M\u00aa Dolores Zome\u00f1o Fajardo<\/a><\/div><\/div><div class=\"team-member-description\" style=\"\"><\/div><\/div><\/div><div class=\"dfd-spacer-module\"  data-units=\"px\" data-wide_resolution=\"1280\" data-wide_size=\"25\" data-normal_resolution=\"1024\" data-normal_size=\"25\" data-tablet_resolution=\"800\" data-tablet_size=\"25\" data-mobile_resolution=\"480\" data-mobile_size=\"25\" style=\"height: 25px;\"><\/div>[\/vc_column][\/vc_row][vc_row dfd_enable_overlay=\u00bb\u00bb dfd_row_config=\u00bbfull_width_content\u00bb dfd_row_responsive_enable=\u00bbdfd-row-responsive-enable\u00bb css=\u00bb.vc_custom_1521212764013{padding-right: 12% !important;padding-left: 12% !important;}\u00bb responsive_styles=\u00bbpadding_left_desktop:20|padding_right_desktop:20|padding_left_tablet:20|padding_right_tablet:20|padding_left_mobile:20|padding_right_mobile:20&#8243;][vc_column]<div class=\"dfd-spacer-module\"  data-units=\"px\" data-wide_resolution=\"1280\" data-wide_size=\"25\" data-normal_resolution=\"1024\" data-normal_size=\"25\" data-tablet_resolution=\"800\" data-tablet_size=\"25\" data-mobile_resolution=\"480\" data-mobile_size=\"25\" style=\"height: 25px;\"><\/div><div class=\"dfd-spacer-module\"  data-units=\"px\" data-wide_resolution=\"1280\" data-wide_size=\"15\" data-normal_resolution=\"1024\" data-normal_size=\"15\" data-tablet_resolution=\"800\" data-tablet_size=\"15\" data-mobile_resolution=\"480\" data-mobile_size=\"15\" style=\"height: 15px;\"><\/div><div class=\"dfd-spacer-module\"  data-units=\"px\" data-wide_resolution=\"1280\" data-wide_size=\"15\" data-normal_resolution=\"1024\" data-normal_size=\"15\" data-tablet_resolution=\"800\" data-tablet_size=\"15\" data-mobile_resolution=\"480\" data-mobile_size=\"15\" style=\"height: 15px;\"><\/div><div class=\"dfd-spacer-module\"  data-units=\"px\" data-wide_resolution=\"1280\" data-wide_size=\"15\" data-normal_resolution=\"1024\" data-normal_size=\"15\" data-tablet_resolution=\"800\" data-tablet_size=\"15\" data-mobile_resolution=\"480\" data-mobile_size=\"15\" style=\"height: 15px;\"><\/div><div class=\"dfd-heading-shortcode\"><div class=\"dfd-heading-module-wrap  text-center style_01 dfd-heading-69f37eee9ce5a dfd-disable-resposive-headings\" id=\"dfd-heading-69f37eee9ce5a\" ><div class=\"inline-block\"><div class=\"dfd-heading-module\"><h3 class=\"widget-title dfd-title \" style=\"font-size: 18px; line-height: 22.4px; letter-spacing: 5px; \">ACAD\u00c9MICOS DE HONOR<\/h3><\/div><\/div><\/div><script type=\"text\/javascript\">\n\t\t\t\t\t\t\t\t\t(function($) {\n\t\t\t\t\t\t\t\t\t\t$(\"head\").append(\"<style>.dfd-heading-69f37eee9ce5a .dfd-heading-module .widget-title {margin-bottom:25px;}.dfd-heading-69f37eee9ce5a.dfd-heading-module-wrap .dfd-heading-module .dfd-heading-delimiter {margin-top:10px;margin-bottom:10px;}@media (max-width: 799px){.dfd-heading-69f37eee9ce5a .dfd-title{font-size: 16px !important;line-height: 20px !important;}}<\/style>\");\n\t\t\t\t\t\t\t\t\t})(jQuery);\n\t\t\t\t\t\t\t\t<\/script><\/div><div class=\"dfd-spacer-module\"  data-units=\"px\" data-wide_resolution=\"1280\" data-wide_size=\"15\" data-normal_resolution=\"1024\" data-normal_size=\"15\" data-tablet_resolution=\"800\" data-tablet_size=\"15\" data-mobile_resolution=\"480\" data-mobile_size=\"15\" style=\"height: 15px;\"><\/div>[\/vc_column][\/vc_row][vc_row dfd_row_config=\u00bbdefault_row_small_paddings\u00bb el_class=\u00bbmembers-4&#8243;][vc_column width=\u00bb1\/6&#8243;]<div class=\"dfd-team-member layout-01 \" ><div class=\"image-wrap\"><img decoding=\"async\" src=\"https:\/\/www.academianutricionydietetica.org\/pro\/uploads\/2024\/03\/LAURA-ALVAREZ-100x100.png\" alt=\"Image\"  class=\"team-member-photo \" style=\"border-radius:150px\" \/><a class=\"image-custom-link both-title-and-image\" href=\"https:\/\/www.academianutricionydietetica.org\/pro\/la-academia\/organos-de-gobierno\/laura-alvarez-vidal\/\" title=\"Laura \u00c1lvarez Vidal\" ><\/a><\/div><div class=\"content-wrap\"><div class=\"title-wrap\"><div class=\"team-member-title feature-title\" style=\"font-size: 14px; line-height: 14px; \"><a href=\"https:\/\/www.academianutricionydietetica.org\/pro\/la-academia\/organos-de-gobierno\/laura-alvarez-vidal\/\" title=\"Laura \u00c1lvarez Vidal\" >Laura \u00c1lvarez Vidal<\/a><\/div><\/div><div class=\"team-member-description\" style=\"\"><\/div><\/div><\/div><div class=\"dfd-spacer-module\"  data-units=\"px\" data-wide_resolution=\"1280\" data-wide_size=\"25\" data-normal_resolution=\"1024\" data-normal_size=\"25\" data-tablet_resolution=\"800\" data-tablet_size=\"25\" data-mobile_resolution=\"480\" data-mobile_size=\"25\" style=\"height: 25px;\"><\/div>[\/vc_column][vc_column width=\u00bb1\/6&#8243;]<div class=\"dfd-team-member layout-01 \" ><div class=\"image-wrap\"><img decoding=\"async\" src=\"https:\/\/www.academianutricionydietetica.org\/pro\/uploads\/2024\/03\/20170926-032--683x1024-100x100.jpg\" alt=\"Image\"  class=\"team-member-photo \" style=\"border-radius:150px\" \/><a class=\"image-custom-link both-title-and-image\" href=\"https:\/\/www.academianutricionydietetica.org\/pro\/la-academia\/organos-de-gobierno\/iciar-astiasaran-anchia\/\" title=\"Ic\u00edar Astiasar\u00e1n Anch\u00eda\" ><\/a><\/div><div class=\"content-wrap\"><div class=\"title-wrap\"><div class=\"team-member-title feature-title\" style=\"font-size: 14px; line-height: 14px; \"><a href=\"https:\/\/www.academianutricionydietetica.org\/pro\/la-academia\/organos-de-gobierno\/iciar-astiasaran-anchia\/\" title=\"Ic\u00edar Astiasar\u00e1n Anch\u00eda\" >Ic\u00edar Astiasar\u00e1n Anch\u00eda<\/a><\/div><\/div><div class=\"team-member-description\" style=\"\"><\/div><\/div><\/div><div class=\"dfd-spacer-module\"  data-units=\"px\" data-wide_resolution=\"1280\" data-wide_size=\"25\" data-normal_resolution=\"1024\" data-normal_size=\"25\" data-tablet_resolution=\"800\" data-tablet_size=\"25\" data-mobile_resolution=\"480\" data-mobile_size=\"25\" style=\"height: 25px;\"><\/div>[\/vc_column][vc_column width=\u00bb1\/6&#8243; offset=\u00bbvc_col-xs-6&#8243;]<div class=\"dfd-team-member layout-01 \" ><div class=\"image-wrap\"><img decoding=\"async\" src=\"https:\/\/www.academianutricionydietetica.org\/pro\/uploads\/2019\/06\/101-100x100.jpg\" alt=\"Image\"  class=\"team-member-photo \" style=\"border-radius:150px\" \/><a class=\"image-custom-link both-title-and-image\" href=\"https:\/\/www.academianutricionydietetica.org\/pro\/la-academia\/organos-de-gobierno\/guillermina-barril-caudrado\/\" title=\"Guillermina Barril Caudrado\" ><\/a><\/div><div class=\"content-wrap\"><div class=\"title-wrap\"><div class=\"team-member-title feature-title\" style=\"font-size: 14px; line-height: 14px; \"><a href=\"https:\/\/www.academianutricionydietetica.org\/pro\/la-academia\/organos-de-gobierno\/guillermina-barril-caudrado\/\" title=\"Guillermina Barril Caudrado\" >Guillermina Barril Caudrado<\/a><\/div><\/div><div class=\"team-member-description\" style=\"\"><\/div><\/div><\/div><div class=\"dfd-spacer-module\"  data-units=\"px\" data-wide_resolution=\"1280\" data-wide_size=\"25\" data-normal_resolution=\"1024\" data-normal_size=\"25\" data-tablet_resolution=\"800\" data-tablet_size=\"25\" data-mobile_resolution=\"480\" data-mobile_size=\"25\" style=\"height: 25px;\"><\/div>[\/vc_column][vc_column width=\u00bb1\/6&#8243; offset=\u00bbvc_col-xs-6&#8243;]<div class=\"dfd-team-member layout-01 \" ><div class=\"image-wrap\"><img decoding=\"async\" src=\"https:\/\/www.academianutricionydietetica.org\/pro\/uploads\/2019\/06\/99-100x100.jpg\" alt=\"Image\"  class=\"team-member-photo \" style=\"border-radius:150px\" \/><a class=\"image-custom-link both-title-and-image\" href=\"https:\/\/www.academianutricionydietetica.org\/pro\/la-academia\/organos-de-gobierno\/beatriz-beltran-de-miguel\/\" title=\"Beatr\u00edz Beltr\u00e1n De Miguel\" ><\/a><\/div><div class=\"content-wrap\"><div class=\"title-wrap\"><div class=\"team-member-title feature-title\" style=\"font-size: 14px; line-height: 14px; \"><a href=\"https:\/\/www.academianutricionydietetica.org\/pro\/la-academia\/organos-de-gobierno\/beatriz-beltran-de-miguel\/\" title=\"Beatr\u00edz Beltr\u00e1n De Miguel\" >Beatr\u00edz Beltr\u00e1n De Miguel<\/a><\/div><\/div><div class=\"team-member-description\" style=\"\"><\/div><\/div><\/div><div class=\"dfd-spacer-module\"  data-units=\"px\" data-wide_resolution=\"1280\" data-wide_size=\"25\" data-normal_resolution=\"1024\" data-normal_size=\"25\" data-tablet_resolution=\"800\" data-tablet_size=\"25\" data-mobile_resolution=\"480\" data-mobile_size=\"25\" style=\"height: 25px;\"><\/div>[\/vc_column][vc_column width=\u00bb1\/6&#8243; offset=\u00bbvc_col-xs-6&#8243;]<div class=\"dfd-team-member layout-01 \" ><div class=\"image-wrap\"><img decoding=\"async\" src=\"https:\/\/www.academianutricionydietetica.org\/pro\/uploads\/2019\/06\/45-100x100.jpg\" alt=\"Image\"  class=\"team-member-photo \" style=\"border-radius:150px\" \/><a class=\"image-custom-link both-title-and-image\" href=\"https:\/\/www.academianutricionydietetica.org\/pro\/la-academia\/organos-de-gobierno\/josep-bernabeu-mestre\/\" title=\"Josep Bernabeu Mestre\" ><\/a><\/div><div class=\"content-wrap\"><div class=\"title-wrap\"><div class=\"team-member-title feature-title\" style=\"font-size: 14px; line-height: 14px; \"><a href=\"https:\/\/www.academianutricionydietetica.org\/pro\/la-academia\/organos-de-gobierno\/josep-bernabeu-mestre\/\" title=\"Josep Bernabeu Mestre\" >Josep Bernabeu Mestre<\/a><\/div><\/div><div class=\"team-member-description\" style=\"\"><\/div><\/div><\/div><div class=\"dfd-spacer-module\"  data-units=\"px\" data-wide_resolution=\"1280\" data-wide_size=\"25\" data-normal_resolution=\"1024\" data-normal_size=\"25\" data-tablet_resolution=\"800\" data-tablet_size=\"25\" data-mobile_resolution=\"480\" data-mobile_size=\"25\" style=\"height: 25px;\"><\/div>[\/vc_column][vc_column width=\u00bb1\/6&#8243; offset=\u00bbvc_col-xs-6&#8243;]<div class=\"dfd-team-member layout-01 \" ><div class=\"image-wrap\"><img decoding=\"async\" src=\"https:\/\/www.academianutricionydietetica.org\/pro\/uploads\/2019\/06\/110-100x100.jpg\" alt=\"Image\"  class=\"team-member-photo \" style=\"border-radius:150px\" \/><a class=\"image-custom-link both-title-and-image\" href=\"https:\/\/www.academianutricionydietetica.org\/pro\/la-academia\/organos-de-gobierno\/lucia-bulto-sagnier\/\" title=\"Luc\u00eda Bult\u00f3 Sagnier\" ><\/a><\/div><div class=\"content-wrap\"><div class=\"title-wrap\"><div class=\"team-member-title feature-title\" style=\"font-size: 14px; line-height: 14px; \"><a href=\"https:\/\/www.academianutricionydietetica.org\/pro\/la-academia\/organos-de-gobierno\/lucia-bulto-sagnier\/\" title=\"Luc\u00eda Bult\u00f3 Sagnier\" >Luc\u00eda Bult\u00f3 Sagnier<\/a><\/div><\/div><div class=\"team-member-description\" style=\"\"><\/div><\/div><\/div><div class=\"dfd-spacer-module\"  data-units=\"px\" data-wide_resolution=\"1280\" data-wide_size=\"25\" data-normal_resolution=\"1024\" data-normal_size=\"25\" data-tablet_resolution=\"800\" data-tablet_size=\"25\" data-mobile_resolution=\"480\" data-mobile_size=\"25\" style=\"height: 25px;\"><\/div>[\/vc_column][\/vc_row][vc_row dfd_row_config=\u00bbdefault_row_small_paddings\u00bb el_class=\u00bbmembers-4&#8243;][vc_column width=\u00bb1\/6&#8243; offset=\u00bbvc_col-xs-6&#8243;]<div class=\"dfd-team-member layout-01 \" ><div class=\"image-wrap\"><img decoding=\"async\" src=\"https:\/\/www.academianutricionydietetica.org\/pro\/uploads\/2022\/08\/perfil-maria-casadevall-100x100.jpg\" alt=\"Image\"  class=\"team-member-photo \" style=\"border-radius:150px\" \/><a class=\"image-custom-link both-title-and-image\" href=\"https:\/\/www.academianutricionydietetica.org\/pro\/la-academia\/organos-de-gobierno\/maria-casadevall-moliner\/\" title=\"Mar\u00eda Casadevall Moliner\" ><\/a><\/div><div class=\"content-wrap\"><div class=\"title-wrap\"><div class=\"team-member-title feature-title\" style=\"font-size: 14px; line-height: 14px; \"><a href=\"https:\/\/www.academianutricionydietetica.org\/pro\/la-academia\/organos-de-gobierno\/maria-casadevall-moliner\/\" title=\"Mar\u00eda Casadevall Moliner\" >Mar\u00eda Casadevall<\/a><\/div><\/div><div class=\"team-member-description\" style=\"\"><\/div><\/div><\/div><div class=\"dfd-spacer-module\"  data-units=\"px\" data-wide_resolution=\"1280\" data-wide_size=\"25\" data-normal_resolution=\"1024\" data-normal_size=\"25\" data-tablet_resolution=\"800\" data-tablet_size=\"25\" data-mobile_resolution=\"480\" data-mobile_size=\"25\" style=\"height: 25px;\"><\/div>[\/vc_column][vc_column width=\u00bb1\/6&#8243; offset=\u00bbvc_col-xs-6&#8243;]<div class=\"dfd-team-member layout-01 \" ><div class=\"image-wrap\"><img decoding=\"async\" src=\"https:\/\/www.academianutricionydietetica.org\/pro\/uploads\/2024\/04\/Sebastian-Celaya-100x100.jpg\" alt=\"Image\"  class=\"team-member-photo \" style=\"border-radius:150px\" \/><a class=\"image-custom-link both-title-and-image\" href=\"https:\/\/www.academianutricionydietetica.org\/pro\/la-academia\/organos-de-gobierno\/sebastian-celaya-perez\/\" title=\"Sebasti\u00e1n Celaya P\u00e9rez\" ><\/a><\/div><div class=\"content-wrap\"><div class=\"title-wrap\"><div class=\"team-member-title feature-title\" style=\"font-size: 14px; line-height: 14px; \"><a href=\"https:\/\/www.academianutricionydietetica.org\/pro\/la-academia\/organos-de-gobierno\/sebastian-celaya-perez\/\" title=\"Sebasti\u00e1n Celaya P\u00e9rez\" >Sebasti\u00e1n Celaya P\u00e9rez<\/a><\/div><\/div><div class=\"team-member-description\" style=\"\"><\/div><\/div><\/div><div class=\"dfd-spacer-module\"  data-units=\"px\" data-wide_resolution=\"1280\" data-wide_size=\"25\" data-normal_resolution=\"1024\" data-normal_size=\"25\" data-tablet_resolution=\"800\" data-tablet_size=\"25\" data-mobile_resolution=\"480\" data-mobile_size=\"25\" style=\"height: 25px;\"><\/div>[\/vc_column][vc_column width=\u00bb1\/6&#8243; offset=\u00bbvc_col-xs-6&#8243;]<div class=\"dfd-team-member layout-01 \" ><div class=\"image-wrap\"><img decoding=\"async\" src=\"https:\/\/www.academianutricionydietetica.org\/pro\/uploads\/2024\/03\/MARIA-COLOMER-100x100.jpg\" alt=\"Image\"  class=\"team-member-photo \" style=\"border-radius:150px\" \/><a class=\"image-custom-link both-title-and-image\" href=\"https:\/\/www.academianutricionydietetica.org\/pro\/la-academia\/organos-de-gobierno\/maria-colomer-valiente\/\" title=\"Mar\u00eda Colomer Valiente\" ><\/a><\/div><div class=\"content-wrap\"><div class=\"title-wrap\"><div class=\"team-member-title feature-title\" style=\"font-size: 14px; line-height: 14px; \"><a href=\"https:\/\/www.academianutricionydietetica.org\/pro\/la-academia\/organos-de-gobierno\/maria-colomer-valiente\/\" title=\"Mar\u00eda Colomer Valiente\" >Mar\u00eda Colomer Valiente<\/a><\/div><\/div><div class=\"team-member-description\" style=\"\"><\/div><\/div><\/div><div class=\"dfd-spacer-module\"  data-units=\"px\" data-wide_resolution=\"1280\" data-wide_size=\"25\" data-normal_resolution=\"1024\" data-normal_size=\"25\" data-tablet_resolution=\"800\" data-tablet_size=\"25\" data-mobile_resolution=\"480\" data-mobile_size=\"25\" style=\"height: 25px;\"><\/div>[\/vc_column][vc_column width=\u00bb1\/6&#8243;]<div class=\"dfd-team-member layout-01 \" ><div class=\"image-wrap\"><img decoding=\"async\" src=\"https:\/\/www.academianutricionydietetica.org\/pro\/uploads\/2019\/06\/108-100x100.jpg\" alt=\"Image\"  class=\"team-member-photo \" style=\"border-radius:150px\" \/><a class=\"image-custom-link both-title-and-image\" href=\"https:\/\/www.academianutricionydietetica.org\/pro\/la-academia\/organos-de-gobierno\/ma-carmen-cuadrado-vives\/\" title=\"M\u00aa Carmen Cuadrado Vives\" ><\/a><\/div><div class=\"content-wrap\"><div class=\"title-wrap\"><div class=\"team-member-title feature-title\" style=\"font-size: 14px; line-height: 14px; \"><a href=\"https:\/\/www.academianutricionydietetica.org\/pro\/la-academia\/organos-de-gobierno\/ma-carmen-cuadrado-vives\/\" title=\"M\u00aa Carmen Cuadrado Vives\" >M\u00aa Carmen Cuadrado Vives<\/a><\/div><\/div><div class=\"team-member-description\" style=\"\"><\/div><\/div><\/div><div class=\"dfd-spacer-module\"  data-units=\"px\" data-wide_resolution=\"1280\" data-wide_size=\"25\" data-normal_resolution=\"1024\" data-normal_size=\"25\" data-tablet_resolution=\"800\" data-tablet_size=\"25\" data-mobile_resolution=\"480\" data-mobile_size=\"25\" style=\"height: 25px;\"><\/div>[\/vc_column][vc_column width=\u00bb1\/6&#8243; offset=\u00bbvc_col-xs-6&#8243;]<div class=\"dfd-team-member layout-01 \" ><div class=\"image-wrap\"><img decoding=\"async\" src=\"https:\/\/www.academianutricionydietetica.org\/pro\/uploads\/2026\/01\/revista-987x1024-100x100.jpg\" alt=\"Image\"  class=\"team-member-photo \" style=\"border-radius:150px\" \/><a class=\"image-custom-link both-title-and-image\" href=\"https:\/\/www.academianutricionydietetica.org\/pro\/la-academia\/organos-de-gobierno\/chayo-ezcurra-irure\/\"  ><\/a><\/div><div class=\"content-wrap\"><div class=\"title-wrap\"><div class=\"team-member-title feature-title\" style=\"font-size: 14px; line-height: 14px; \"><a href=\"https:\/\/www.academianutricionydietetica.org\/pro\/la-academia\/organos-de-gobierno\/chayo-ezcurra-irure\/\"  >Chayo Ezcurra Irure<\/a><\/div><\/div><div class=\"team-member-description\" style=\"\"><\/div><\/div><\/div><div class=\"dfd-spacer-module\"  data-units=\"px\" data-wide_resolution=\"1280\" data-wide_size=\"25\" data-normal_resolution=\"1024\" data-normal_size=\"25\" data-tablet_resolution=\"800\" data-tablet_size=\"25\" data-mobile_resolution=\"480\" data-mobile_size=\"25\" style=\"height: 25px;\"><\/div>[\/vc_column][vc_column width=\u00bb1\/6&#8243;]<div class=\"dfd-team-member layout-01 \" ><div class=\"image-wrap\"><img decoding=\"async\" src=\"https:\/\/www.academianutricionydietetica.org\/pro\/uploads\/2019\/06\/40-100x100.png\" alt=\"Image\"  class=\"team-member-photo \" style=\"border-radius:150px\" \/><a class=\"image-custom-link both-title-and-image\" href=\"https:\/\/www.academianutricionydietetica.org\/pro\/la-academia\/organos-de-gobierno\/andreu-farran-codina\/\" title=\"Andreu Farr\u00e1n Codina\" ><\/a><\/div><div class=\"content-wrap\"><div class=\"title-wrap\"><div class=\"team-member-title feature-title\" style=\"font-size: 14px; line-height: 14px; \"><a href=\"https:\/\/www.academianutricionydietetica.org\/pro\/la-academia\/organos-de-gobierno\/andreu-farran-codina\/\" title=\"Andreu Farr\u00e1n Codina\" >Andreu Farr\u00e1n Codina<\/a><\/div><\/div><div class=\"team-member-description\" style=\"\"><\/div><\/div><\/div><div class=\"dfd-spacer-module\"  data-units=\"px\" data-wide_resolution=\"1280\" data-wide_size=\"25\" data-normal_resolution=\"1024\" data-normal_size=\"25\" data-tablet_resolution=\"800\" data-tablet_size=\"25\" data-mobile_resolution=\"480\" data-mobile_size=\"25\" style=\"height: 25px;\"><\/div>[\/vc_column][\/vc_row][vc_row dfd_row_config=\u00bbdefault_row_small_paddings\u00bb el_class=\u00bbmembers-4&#8243;][vc_column width=\u00bb1\/6&#8243;]<div class=\"dfd-team-member layout-01 \" ><div class=\"image-wrap\"><img decoding=\"async\" src=\"https:\/\/www.academianutricionydietetica.org\/pro\/uploads\/2024\/12\/Foto-Roncesvalles-Garayoa-1004x1024-100x100.jpg\" alt=\"Image\"  class=\"team-member-photo \" style=\"border-radius:150px\" \/><a class=\"image-custom-link both-title-and-image\" href=\"https:\/\/www.academianutricionydietetica.org\/pro\/la-academia\/organos-de-gobierno\/roncesvalles-garayoa-poyo\/\" title=\"Roncesvalles Garayoa Poyo\" ><\/a><\/div><div class=\"content-wrap\"><div class=\"title-wrap\"><div class=\"team-member-title feature-title\" style=\"font-size: 14px; line-height: 14px; \"><a href=\"https:\/\/www.academianutricionydietetica.org\/pro\/la-academia\/organos-de-gobierno\/roncesvalles-garayoa-poyo\/\" title=\"Roncesvalles Garayoa Poyo\" >Roncesvalles Garayoa Poyo<\/a><\/div><\/div><div class=\"team-member-description\" style=\"\"><\/div><\/div><\/div><div class=\"dfd-spacer-module\"  data-units=\"px\" data-wide_resolution=\"1280\" data-wide_size=\"25\" data-normal_resolution=\"1024\" data-normal_size=\"25\" data-tablet_resolution=\"800\" data-tablet_size=\"25\" data-mobile_resolution=\"480\" data-mobile_size=\"25\" style=\"height: 25px;\"><\/div>[\/vc_column][vc_column width=\u00bb1\/6&#8243; offset=\u00bbvc_col-xs-6&#8243;]<div class=\"dfd-team-member layout-01 \" ><div class=\"image-wrap\"><img decoding=\"async\" src=\"https:\/\/www.academianutricionydietetica.org\/pro\/uploads\/2026\/02\/Marta-Garcia-Diaz-699x1024-100x100.jpg\" alt=\"Marta Garc\u00eda D\u00edaz\"  class=\"team-member-photo \" style=\"border-radius:150px\" \/><a class=\"image-custom-link both-title-and-image\" href=\"https:\/\/www.academianutricionydietetica.org\/pro\/la-academia\/organos-de-gobierno\/marta-garcia-diaz-2\/\" title=\"Marta Garc\u00eda D\u00edaz\" ><\/a><\/div><div class=\"content-wrap\"><div class=\"title-wrap\"><div class=\"team-member-title feature-title\" style=\"font-size: 14px; line-height: 14px; \"><a href=\"https:\/\/www.academianutricionydietetica.org\/pro\/la-academia\/organos-de-gobierno\/marta-garcia-diaz-2\/\" title=\"Marta Garc\u00eda D\u00edaz\" >Marta Garc\u00eda D\u00edaz<\/a><\/div><\/div><div class=\"team-member-description\" style=\"\"><\/div><\/div><\/div><div class=\"dfd-spacer-module\"  data-units=\"px\" data-wide_resolution=\"1280\" data-wide_size=\"25\" data-normal_resolution=\"1024\" data-normal_size=\"25\" data-tablet_resolution=\"800\" data-tablet_size=\"25\" data-mobile_resolution=\"480\" data-mobile_size=\"25\" style=\"height: 25px;\"><\/div>[\/vc_column][vc_column width=\u00bb1\/6&#8243; offset=\u00bbvc_col-xs-6&#8243;]<div class=\"dfd-team-member layout-01 \" ><div class=\"image-wrap\"><img decoding=\"async\" src=\"https:\/\/www.academianutricionydietetica.org\/pro\/uploads\/2025\/10\/Angela-GArcia-Gonzalez-768x1024-100x100.jpg\" alt=\"Image\"  class=\"team-member-photo \" style=\"border-radius:150px\" \/><a class=\"image-custom-link both-title-and-image\" href=\"https:\/\/www.academianutricionydietetica.org\/pro\/la-academia\/organos-de-gobierno\/angela-garcia-gonzalez\/\" title=\"Aquilino Joaqu\u00edn Garc\u00eda Perea\" ><\/a><\/div><div class=\"content-wrap\"><div class=\"title-wrap\"><div class=\"team-member-title feature-title\" style=\"font-size: 14px; line-height: 14px; \"><a href=\"https:\/\/www.academianutricionydietetica.org\/pro\/la-academia\/organos-de-gobierno\/angela-garcia-gonzalez\/\" title=\"Aquilino Joaqu\u00edn Garc\u00eda Perea\" >\u00c1ngela Garc\u00eda Gonz\u00e1lez<\/a><\/div><\/div><div class=\"team-member-description\" style=\"\"><\/div><\/div><\/div><div class=\"dfd-spacer-module\"  data-units=\"px\" data-wide_resolution=\"1280\" data-wide_size=\"25\" data-normal_resolution=\"1024\" data-normal_size=\"25\" data-tablet_resolution=\"800\" data-tablet_size=\"25\" data-mobile_resolution=\"480\" data-mobile_size=\"25\" style=\"height: 25px;\"><\/div>[\/vc_column][vc_column width=\u00bb1\/6&#8243; offset=\u00bbvc_col-xs-6&#8243;]<div class=\"dfd-team-member layout-01 \" ><div class=\"image-wrap\"><img decoding=\"async\" src=\"https:\/\/www.academianutricionydietetica.org\/pro\/uploads\/2019\/06\/97-100x100.jpg\" alt=\"Image\"  class=\"team-member-photo \" style=\"border-radius:150px\" \/><a class=\"image-custom-link both-title-and-image\" href=\"https:\/\/www.academianutricionydietetica.org\/pro\/la-academia\/organos-de-gobierno\/aquilino-joaquin-garcia-perea\/\" title=\"Aquilino Joaqu\u00edn Garc\u00eda Perea\" ><\/a><\/div><div class=\"content-wrap\"><div class=\"title-wrap\"><div class=\"team-member-title feature-title\" style=\"font-size: 14px; line-height: 14px; \"><a href=\"https:\/\/www.academianutricionydietetica.org\/pro\/la-academia\/organos-de-gobierno\/aquilino-joaquin-garcia-perea\/\" title=\"Aquilino Joaqu\u00edn Garc\u00eda Perea\" >Aquilino Joaqu\u00edn Garc\u00eda Perea<\/a><\/div><\/div><div class=\"team-member-description\" style=\"\"><\/div><\/div><\/div><div class=\"dfd-spacer-module\"  data-units=\"px\" data-wide_resolution=\"1280\" data-wide_size=\"25\" data-normal_resolution=\"1024\" data-normal_size=\"25\" data-tablet_resolution=\"800\" data-tablet_size=\"25\" data-mobile_resolution=\"480\" data-mobile_size=\"25\" style=\"height: 25px;\"><\/div>[\/vc_column][vc_column width=\u00bb1\/6&#8243; offset=\u00bbvc_col-xs-6&#8243;]<div class=\"dfd-team-member layout-01 \" ><div class=\"image-wrap\"><img decoding=\"async\" src=\"https:\/\/www.academianutricionydietetica.org\/pro\/uploads\/2024\/03\/Marisol-Garcia-993x1024-100x100.jpg\" alt=\"Image\"  class=\"team-member-photo \" style=\"border-radius:150px\" \/><a class=\"image-custom-link both-title-and-image\" href=\"https:\/\/www.academianutricionydietetica.org\/pro\/la-academia\/organos-de-gobierno\/marisol-garcia-unciti\/\" title=\"Marisol Garc\u00eda Unciti\" ><\/a><\/div><div class=\"content-wrap\"><div class=\"title-wrap\"><div class=\"team-member-title feature-title\" style=\"font-size: 14px; line-height: 14px; \"><a href=\"https:\/\/www.academianutricionydietetica.org\/pro\/la-academia\/organos-de-gobierno\/marisol-garcia-unciti\/\" title=\"Marisol Garc\u00eda Unciti\" >Marisol Garc\u00eda Unciti<\/a><\/div><\/div><div class=\"team-member-description\" style=\"\"><\/div><\/div><\/div><div class=\"dfd-spacer-module\"  data-units=\"px\" data-wide_resolution=\"1280\" data-wide_size=\"25\" data-normal_resolution=\"1024\" data-normal_size=\"25\" data-tablet_resolution=\"800\" data-tablet_size=\"25\" data-mobile_resolution=\"480\" data-mobile_size=\"25\" style=\"height: 25px;\"><\/div>[\/vc_column][vc_column width=\u00bb1\/6&#8243;]<div class=\"dfd-team-member layout-01 \" ><div class=\"image-wrap\"><img decoding=\"async\" src=\"https:\/\/www.academianutricionydietetica.org\/pro\/uploads\/2019\/06\/42-100x100.png\" alt=\"Image\"  class=\"team-member-photo \" style=\"border-radius:150px\" \/><a class=\"image-custom-link both-title-and-image\" href=\"https:\/\/www.academianutricionydietetica.org\/pro\/la-academia\/organos-de-gobierno\/jose-antonio-hurtado-sanchez\/\" title=\"Jos\u00e9 Antonio Hurtado Sanchez\" ><\/a><\/div><div class=\"content-wrap\"><div class=\"title-wrap\"><div class=\"team-member-title feature-title\" style=\"font-size: 14px; line-height: 14px; \"><a href=\"https:\/\/www.academianutricionydietetica.org\/pro\/la-academia\/organos-de-gobierno\/jose-antonio-hurtado-sanchez\/\" title=\"Jos\u00e9 Antonio Hurtado Sanchez\" >Jos\u00e9 Antonio Hurtado S\u00e1nchez<\/a><\/div><\/div><div class=\"team-member-description\" style=\"\"><\/div><\/div><\/div><div class=\"dfd-spacer-module\"  data-units=\"px\" data-wide_resolution=\"1280\" data-wide_size=\"25\" data-normal_resolution=\"1024\" data-normal_size=\"25\" data-tablet_resolution=\"800\" data-tablet_size=\"25\" data-mobile_resolution=\"480\" data-mobile_size=\"25\" style=\"height: 25px;\"><\/div>[\/vc_column][\/vc_row][vc_row dfd_row_config=\u00bbdefault_row_small_paddings\u00bb el_class=\u00bbmembers-4&#8243;][vc_column width=\u00bb1\/6&#8243; offset=\u00bbvc_col-xs-6&#8243;]<div class=\"dfd-team-member layout-01 \" ><div class=\"image-wrap\"><img decoding=\"async\" src=\"https:\/\/www.academianutricionydietetica.org\/pro\/uploads\/2019\/06\/55-100x100.jpg\" alt=\"Image\"  class=\"team-member-photo \" style=\"border-radius:150px\" \/><a class=\"image-custom-link both-title-and-image\" href=\"https:\/\/www.academianutricionydietetica.org\/pro\/la-academia\/organos-de-gobierno\/ma-jose-ibanez-rozas\/\" title=\"M\u00aa Jos\u00e9 Iba\u00f1ez Rozas\" ><\/a><\/div><div class=\"content-wrap\"><div class=\"title-wrap\"><div class=\"team-member-title feature-title\" style=\"font-size: 14px; line-height: 14px; \"><a href=\"https:\/\/www.academianutricionydietetica.org\/pro\/la-academia\/organos-de-gobierno\/ma-jose-ibanez-rozas\/\" title=\"M\u00aa Jos\u00e9 Iba\u00f1ez Rozas\" >M\u00aa Jos\u00e9 Ib\u00e1\u00f1ez Rozas<\/a><\/div><\/div><div class=\"team-member-description\" style=\"\"><\/div><\/div><\/div><div class=\"dfd-spacer-module\"  data-units=\"px\" data-wide_resolution=\"1280\" data-wide_size=\"25\" data-normal_resolution=\"1024\" data-normal_size=\"25\" data-tablet_resolution=\"800\" data-tablet_size=\"25\" data-mobile_resolution=\"480\" data-mobile_size=\"25\" style=\"height: 25px;\"><\/div>[\/vc_column][vc_column width=\u00bb1\/6&#8243; offset=\u00bbvc_col-xs-6&#8243;]<div class=\"dfd-team-member layout-01 \" ><div class=\"image-wrap\"><img decoding=\"async\" src=\"https:\/\/www.academianutricionydietetica.org\/pro\/uploads\/2024\/03\/Maria-izquierdo-100x100.png\" alt=\"Image\"  class=\"team-member-photo \" style=\"border-radius:150px\" \/><a class=\"image-custom-link both-title-and-image\" href=\"https:\/\/www.academianutricionydietetica.org\/pro\/la-academia\/organos-de-gobierno\/maria-izquierdo-pulido\/\" title=\"Mar\u00eda Izquierdo Pulido\" ><\/a><\/div><div class=\"content-wrap\"><div class=\"title-wrap\"><div class=\"team-member-title feature-title\" style=\"font-size: 14px; line-height: 14px; \"><a href=\"https:\/\/www.academianutricionydietetica.org\/pro\/la-academia\/organos-de-gobierno\/maria-izquierdo-pulido\/\" title=\"Mar\u00eda Izquierdo Pulido\" >Mar\u00eda Izquierdo Pulido<\/a><\/div><\/div><div class=\"team-member-description\" style=\"\"><\/div><\/div><\/div><div class=\"dfd-spacer-module\"  data-units=\"px\" data-wide_resolution=\"1280\" data-wide_size=\"25\" data-normal_resolution=\"1024\" data-normal_size=\"25\" data-tablet_resolution=\"800\" data-tablet_size=\"25\" data-mobile_resolution=\"480\" data-mobile_size=\"25\" style=\"height: 25px;\"><\/div>[\/vc_column][vc_column width=\u00bb1\/6&#8243;]<div class=\"dfd-team-member layout-01 \" ><div class=\"image-wrap\"><img decoding=\"async\" src=\"https:\/\/www.academianutricionydietetica.org\/pro\/uploads\/2024\/03\/Ma-ANTONIA-LIZARRAGA-100x100.jpg\" alt=\"Image\"  class=\"team-member-photo \" style=\"border-radius:150px\" \/><a class=\"image-custom-link both-title-and-image\" href=\"https:\/\/www.academianutricionydietetica.org\/pro\/la-academia\/organos-de-gobierno\/m-antonia-lizarraga-dallo\/\" title=\"M\u00aa Antonia Lizarraga Dallo\" ><\/a><\/div><div class=\"content-wrap\"><div class=\"title-wrap\"><div class=\"team-member-title feature-title\" style=\"font-size: 14px; line-height: 14px; \"><a href=\"https:\/\/www.academianutricionydietetica.org\/pro\/la-academia\/organos-de-gobierno\/m-antonia-lizarraga-dallo\/\" title=\"M\u00aa Antonia Lizarraga Dallo\" >M\u00aa Antonia Lizarraga Dallo<\/a><\/div><\/div><div class=\"team-member-description\" style=\"\"><\/div><\/div><\/div><div class=\"dfd-spacer-module\"  data-units=\"px\" data-wide_resolution=\"1280\" data-wide_size=\"25\" data-normal_resolution=\"1024\" data-normal_size=\"25\" data-tablet_resolution=\"800\" data-tablet_size=\"25\" data-mobile_resolution=\"480\" data-mobile_size=\"25\" style=\"height: 25px;\"><\/div>[\/vc_column][vc_column width=\u00bb1\/6&#8243;]<div class=\"dfd-team-member layout-01 \" ><div class=\"image-wrap\"><img decoding=\"async\" src=\"https:\/\/www.academianutricionydietetica.org\/pro\/uploads\/2019\/06\/104-100x100.png\" alt=\"Image\"  class=\"team-member-photo \" style=\"border-radius:150px\" \/><a class=\"image-custom-link both-title-and-image\" href=\"https:\/\/www.academianutricionydietetica.org\/pro\/la-academia\/organos-de-gobierno\/manuel-lopez-cabanillas-lomeli\/\" title=\"Manuel L\u00f3pez Cabanillas Lomel\u00ed\" ><\/a><\/div><div class=\"content-wrap\"><div class=\"title-wrap\"><div class=\"team-member-title feature-title\" style=\"font-size: 14px; line-height: 14px; \"><a href=\"https:\/\/www.academianutricionydietetica.org\/pro\/la-academia\/organos-de-gobierno\/manuel-lopez-cabanillas-lomeli\/\" title=\"Manuel L\u00f3pez Cabanillas Lomel\u00ed\" >Manuel L\u00f3pez Cabanillas Lomel\u00ed<\/a><\/div><\/div><div class=\"team-member-description\" style=\"\"><\/div><\/div><\/div><div class=\"dfd-spacer-module\"  data-units=\"px\" data-wide_resolution=\"1280\" data-wide_size=\"25\" data-normal_resolution=\"1024\" data-normal_size=\"25\" data-tablet_resolution=\"800\" data-tablet_size=\"25\" data-mobile_resolution=\"480\" data-mobile_size=\"25\" style=\"height: 25px;\"><\/div>[\/vc_column][vc_column width=\u00bb1\/6&#8243; offset=\u00bbvc_col-xs-6&#8243;]<div class=\"dfd-team-member layout-01 \" ><div class=\"image-wrap\"><img decoding=\"async\" src=\"https:\/\/www.academianutricionydietetica.org\/pro\/uploads\/2018\/12\/user-default-100x100.jpg\" alt=\"Image\"  class=\"team-member-photo \" style=\"border-radius:150px\" \/><\/div><div class=\"content-wrap\"><div class=\"title-wrap\"><div class=\"team-member-title feature-title\" style=\"font-size: 14px; line-height: 14px; \">Jos\u00e9 Antonio L\u00f3pez G\u00f3mez<\/div><\/div><div class=\"team-member-description\" style=\"\"><\/div><\/div><\/div><div class=\"dfd-spacer-module\"  data-units=\"px\" data-wide_resolution=\"1280\" data-wide_size=\"25\" data-normal_resolution=\"1024\" data-normal_size=\"25\" data-tablet_resolution=\"800\" data-tablet_size=\"25\" data-mobile_resolution=\"480\" data-mobile_size=\"25\" style=\"height: 25px;\"><\/div>[\/vc_column][vc_column width=\u00bb1\/6&#8243; offset=\u00bbvc_col-xs-6&#8243;]<div class=\"dfd-team-member layout-01 \" ><div class=\"image-wrap\"><img decoding=\"async\" src=\"https:\/\/www.academianutricionydietetica.org\/pro\/uploads\/2026\/01\/Foto-100x100.jpg\" alt=\"Image\"  class=\"team-member-photo \" style=\"border-radius:150px\" \/><a class=\"image-custom-link both-title-and-image\" href=\"https:\/\/www.academianutricionydietetica.org\/pro\/la-academia\/organos-de-gobierno\/maite-maraculla-arenaza\/\" title=\"Maite Maraculla Arenaza\" ><\/a><\/div><div class=\"content-wrap\"><div class=\"title-wrap\"><div class=\"team-member-title feature-title\" style=\"font-size: 14px; line-height: 14px; \"><a href=\"https:\/\/www.academianutricionydietetica.org\/pro\/la-academia\/organos-de-gobierno\/maite-maraculla-arenaza\/\" title=\"Maite Maraculla Arenaza\" >Maite Maraculla Arenaza<\/a><\/div><\/div><div class=\"team-member-description\" style=\"\"><\/div><\/div><\/div><div class=\"dfd-spacer-module\"  data-units=\"px\" data-wide_resolution=\"1280\" data-wide_size=\"25\" data-normal_resolution=\"1024\" data-normal_size=\"25\" data-tablet_resolution=\"800\" data-tablet_size=\"25\" data-mobile_resolution=\"480\" data-mobile_size=\"25\" style=\"height: 25px;\"><\/div>[\/vc_column][\/vc_row][vc_row dfd_row_config=\u00bbdefault_row_small_paddings\u00bb el_class=\u00bbmembers-4&#8243;][vc_column width=\u00bb1\/6&#8243; offset=\u00bbvc_col-xs-6&#8243;]<div class=\"dfd-team-member layout-01 \" ><div class=\"image-wrap\"><img decoding=\"async\" src=\"https:\/\/www.academianutricionydietetica.org\/pro\/uploads\/2024\/03\/AMarcos-copia-100x100.jpg\" alt=\"Image\"  class=\"team-member-photo \" style=\"border-radius:150px\" \/><a class=\"image-custom-link both-title-and-image\" href=\"https:\/\/www.academianutricionydietetica.org\/pro\/la-academia\/organos-de-gobierno\/ascension-marcos\/\" title=\"Ascensi\u00f3n Marcos\" ><\/a><\/div><div class=\"content-wrap\"><div class=\"title-wrap\"><div class=\"team-member-title feature-title\" style=\"font-size: 14px; line-height: 14px; \"><a href=\"https:\/\/www.academianutricionydietetica.org\/pro\/la-academia\/organos-de-gobierno\/ascension-marcos\/\" title=\"Ascensi\u00f3n Marcos\" >Ascensi\u00f3n Marcos<\/a><\/div><\/div><div class=\"team-member-description\" style=\"\"><\/div><\/div><\/div><div class=\"dfd-spacer-module\"  data-units=\"px\" data-wide_resolution=\"1280\" data-wide_size=\"25\" data-normal_resolution=\"1024\" data-normal_size=\"25\" data-tablet_resolution=\"800\" data-tablet_size=\"25\" data-mobile_resolution=\"480\" data-mobile_size=\"25\" style=\"height: 25px;\"><\/div>[\/vc_column][vc_column width=\u00bb1\/6&#8243; offset=\u00bbvc_col-xs-6&#8243;]<div class=\"dfd-team-member layout-01 \" ><div class=\"image-wrap\"><img decoding=\"async\" src=\"https:\/\/www.academianutricionydietetica.org\/pro\/uploads\/2024\/03\/Imagen1-100x100.png\" alt=\"Image\"  class=\"team-member-photo \" style=\"border-radius:150px\" \/><a class=\"image-custom-link both-title-and-image\" href=\"https:\/\/www.academianutricionydietetica.org\/pro\/la-academia\/organos-de-gobierno\/abel-marine-font\/\" title=\"Abel Marin\u00e9 Font\" ><\/a><\/div><div class=\"content-wrap\"><div class=\"title-wrap\"><div class=\"team-member-title feature-title\" style=\"font-size: 14px; line-height: 14px; \"><a href=\"https:\/\/www.academianutricionydietetica.org\/pro\/la-academia\/organos-de-gobierno\/abel-marine-font\/\" title=\"Abel Marin\u00e9 Font\" >Abel Marin\u00e9 Font<\/a><\/div><\/div><div class=\"team-member-description\" style=\"\"><\/div><\/div><\/div><div class=\"dfd-spacer-module\"  data-units=\"px\" data-wide_resolution=\"1280\" data-wide_size=\"25\" data-normal_resolution=\"1024\" data-normal_size=\"25\" data-tablet_resolution=\"800\" data-tablet_size=\"25\" data-mobile_resolution=\"480\" data-mobile_size=\"25\" style=\"height: 25px;\"><\/div>[\/vc_column][vc_column width=\u00bb1\/6&#8243;]<div class=\"dfd-team-member layout-01 \" ><div class=\"image-wrap\"><img decoding=\"async\" src=\"https:\/\/www.academianutricionydietetica.org\/pro\/uploads\/2019\/06\/109-100x100.jpg\" alt=\"Image\"  class=\"team-member-photo \" style=\"border-radius:150px\" \/><a class=\"image-custom-link both-title-and-image\" href=\"https:\/\/www.academianutricionydietetica.org\/pro\/la-academia\/organos-de-gobierno\/violeta-moize\/\" title=\"Violeta Moiz\u00e9\" ><\/a><\/div><div class=\"content-wrap\"><div class=\"title-wrap\"><div class=\"team-member-title feature-title\" style=\"font-size: 14px; line-height: 14px; \"><a href=\"https:\/\/www.academianutricionydietetica.org\/pro\/la-academia\/organos-de-gobierno\/violeta-moize\/\" title=\"Violeta Moiz\u00e9\" >Violeta Moiz\u00e9<\/a><\/div><\/div><div class=\"team-member-description\" style=\"\"><\/div><\/div><\/div><div class=\"dfd-spacer-module\"  data-units=\"px\" data-wide_resolution=\"1280\" data-wide_size=\"25\" data-normal_resolution=\"1024\" data-normal_size=\"25\" data-tablet_resolution=\"800\" data-tablet_size=\"25\" data-mobile_resolution=\"480\" data-mobile_size=\"25\" style=\"height: 25px;\"><\/div>[\/vc_column][vc_column width=\u00bb1\/6&#8243; offset=\u00bbvc_col-xs-6&#8243;]<div class=\"dfd-team-member layout-01 \" ><div class=\"image-wrap\"><img decoding=\"async\" src=\"https:\/\/www.academianutricionydietetica.org\/pro\/uploads\/2022\/08\/Iva-Marques-foto-100x100.jpg\" alt=\"Image\"  class=\"team-member-photo \" style=\"border-radius:200px\" \/><a class=\"image-custom-link both-title-and-image\" href=\"https:\/\/www.academianutricionydietetica.org\/pro\/la-academia\/organos-de-gobierno\/iva-marques-lopes\/\" title=\"Iva Marques Lopes\" ><\/a><\/div><div class=\"content-wrap\"><div class=\"title-wrap\"><h3 class=\"team-member-title \" style=\"font-size: 14px; line-height: 18px; \"><a href=\"https:\/\/www.academianutricionydietetica.org\/pro\/la-academia\/organos-de-gobierno\/iva-marques-lopes\/\" title=\"Iva Marques Lopes\" >Iva Marques Lopes<\/a><\/h3><\/div><div class=\"team-member-description\" style=\"\"><\/div><\/div><\/div><div class=\"dfd-spacer-module\"  data-units=\"px\" data-wide_resolution=\"1280\" data-wide_size=\"25\" data-normal_resolution=\"1024\" data-normal_size=\"25\" data-tablet_resolution=\"800\" data-tablet_size=\"25\" data-mobile_resolution=\"480\" data-mobile_size=\"25\" style=\"height: 25px;\"><\/div>[\/vc_column][vc_column width=\u00bb1\/6&#8243; offset=\u00bbvc_col-xs-6&#8243;]<div class=\"dfd-team-member layout-01 \" ><div class=\"image-wrap\"><img decoding=\"async\" src=\"https:\/\/www.academianutricionydietetica.org\/pro\/uploads\/2019\/06\/38-100x100.jpg\" alt=\"Image\"  class=\"team-member-photo \" style=\"border-radius:150px\" \/><a class=\"image-custom-link both-title-and-image\" href=\"https:\/\/www.academianutricionydietetica.org\/pro\/la-academia\/organos-de-gobierno\/alfredo-martinez-hernandez\/\" title=\"Alfredo Mart\u00ednez Hernandez\" ><\/a><\/div><div class=\"content-wrap\"><div class=\"title-wrap\"><div class=\"team-member-title feature-title\" style=\"font-size: 14px; line-height: 14px; \"><a href=\"https:\/\/www.academianutricionydietetica.org\/pro\/la-academia\/organos-de-gobierno\/alfredo-martinez-hernandez\/\" title=\"Alfredo Mart\u00ednez Hernandez\" >Alfredo Mart\u00ednez Hern\u00e1ndez<\/a><\/div><\/div><div class=\"team-member-description\" style=\"\"><\/div><\/div><\/div><div class=\"dfd-spacer-module\"  data-units=\"px\" data-wide_resolution=\"1280\" data-wide_size=\"25\" data-normal_resolution=\"1024\" data-normal_size=\"25\" data-tablet_resolution=\"800\" data-tablet_size=\"25\" data-mobile_resolution=\"480\" data-mobile_size=\"25\" style=\"height: 25px;\"><\/div>[\/vc_column][vc_column width=\u00bb1\/6&#8243;]<div class=\"dfd-team-member layout-01 max-width-150\" ><div class=\"image-wrap\"><img decoding=\"async\" src=\"https:\/\/www.academianutricionydietetica.org\/pro\/uploads\/2022\/09\/foto-perfil-martina-miserachs-100x100.jpg\" alt=\"Image\"  class=\"team-member-photo \" style=\"border-radius:200px\" \/><a class=\"image-custom-link both-title-and-image\" href=\"https:\/\/www.academianutricionydietetica.org\/pro\/la-academia\/organos-de-gobierno\/martina-miserachs-blasco\/\" title=\"Martina Miserachs Blasco\" ><\/a><\/div><div class=\"content-wrap\"><div class=\"title-wrap\"><h3 class=\"team-member-title \" style=\"font-size: 14px; line-height: 18px; \"><a href=\"https:\/\/www.academianutricionydietetica.org\/pro\/la-academia\/organos-de-gobierno\/martina-miserachs-blasco\/\" title=\"Martina Miserachs Blasco\" >Martina Miserachs<\/a><\/h3><\/div><div class=\"team-member-description\" style=\"\"><\/div><\/div><\/div><div class=\"dfd-spacer-module\"  data-units=\"px\" data-wide_resolution=\"1280\" data-wide_size=\"25\" data-normal_resolution=\"1024\" data-normal_size=\"25\" data-tablet_resolution=\"800\" data-tablet_size=\"25\" data-mobile_resolution=\"480\" data-mobile_size=\"25\" style=\"height: 25px;\"><\/div>[\/vc_column][\/vc_row][vc_row dfd_row_config=\u00bbdefault_row_small_paddings\u00bb el_class=\u00bbmembers-4&#8243;][vc_column width=\u00bb1\/6&#8243; offset=\u00bbvc_col-xs-6&#8243;]<div class=\"dfd-team-member layout-01 \" ><div class=\"image-wrap\"><img decoding=\"async\" src=\"https:\/\/www.academianutricionydietetica.org\/pro\/uploads\/2024\/03\/Foto-JC-Montejo-ANyD-768x1024-100x100.jpg\" alt=\"Image\"  class=\"team-member-photo \" style=\"border-radius:150px\" \/><a class=\"image-custom-link both-title-and-image\" href=\"https:\/\/www.academianutricionydietetica.org\/pro\/la-academia\/organos-de-gobierno\/juan-carlos-montejo-gonzalez\/\" title=\"Juan Carlos Montejo Gonz\u00e1lez\" ><\/a><\/div><div class=\"content-wrap\"><div class=\"title-wrap\"><div class=\"team-member-title feature-title\" style=\"font-size: 14px; line-height: 14px; \"><a href=\"https:\/\/www.academianutricionydietetica.org\/pro\/la-academia\/organos-de-gobierno\/juan-carlos-montejo-gonzalez\/\" title=\"Juan Carlos Montejo Gonz\u00e1lez\" >Juan Carlos Montejo Gonz\u00e1lez<\/a><\/div><\/div><div class=\"team-member-description\" style=\"\"><\/div><\/div><\/div><div class=\"dfd-spacer-module\"  data-units=\"px\" data-wide_resolution=\"1280\" data-wide_size=\"25\" data-normal_resolution=\"1024\" data-normal_size=\"25\" data-tablet_resolution=\"800\" data-tablet_size=\"25\" data-mobile_resolution=\"480\" data-mobile_size=\"25\" style=\"height: 25px;\"><\/div>[\/vc_column][vc_column width=\u00bb1\/6&#8243; offset=\u00bbvc_col-xs-6&#8243;]<div class=\"dfd-team-member layout-01 \" ><div class=\"image-wrap\"><img decoding=\"async\" src=\"https:\/\/www.academianutricionydietetica.org\/pro\/uploads\/2019\/06\/106-100x100.jpg\" alt=\"Image\"  class=\"team-member-photo \" style=\"border-radius:150px\" \/><a class=\"image-custom-link both-title-and-image\" href=\"https:\/\/www.academianutricionydietetica.org\/pro\/la-academia\/organos-de-gobierno\/maria-del-pilar-montero-lopez\/\" title=\"Mar\u00eda Del Pilar Montero L\u00f3pez\" ><\/a><\/div><div class=\"content-wrap\"><div class=\"title-wrap\"><div class=\"team-member-title feature-title\" style=\"font-size: 14px; line-height: 14px; \"><a href=\"https:\/\/www.academianutricionydietetica.org\/pro\/la-academia\/organos-de-gobierno\/maria-del-pilar-montero-lopez\/\" title=\"Mar\u00eda Del Pilar Montero L\u00f3pez\" >M\u00aa Pilar Montero L\u00f3pez<\/a><\/div><\/div><div class=\"team-member-description\" style=\"\"><\/div><\/div><\/div><div class=\"dfd-spacer-module\"  data-units=\"px\" data-wide_resolution=\"1280\" data-wide_size=\"25\" data-normal_resolution=\"1024\" data-normal_size=\"25\" data-tablet_resolution=\"800\" data-tablet_size=\"25\" data-mobile_resolution=\"480\" data-mobile_size=\"25\" style=\"height: 25px;\"><\/div>[\/vc_column][vc_column width=\u00bb1\/6&#8243; offset=\u00bbvc_col-xs-6&#8243;]<div class=\"dfd-team-member layout-01 \" ><div class=\"image-wrap\"><img decoding=\"async\" src=\"https:\/\/www.academianutricionydietetica.org\/pro\/uploads\/2019\/06\/53-100x100.jpg\" alt=\"Image\"  class=\"team-member-photo \" style=\"border-radius:150px\" \/><a class=\"image-custom-link both-title-and-image\" href=\"https:\/\/www.academianutricionydietetica.org\/pro\/la-academia\/organos-de-gobierno\/manuel-monino-gomez\/\" title=\"Manuel Mo\u00f1ino G\u00f3mez\" ><\/a><\/div><div class=\"content-wrap\"><div class=\"title-wrap\"><div class=\"team-member-title feature-title\" style=\"font-size: 14px; line-height: 14px; \"><a href=\"https:\/\/www.academianutricionydietetica.org\/pro\/la-academia\/organos-de-gobierno\/manuel-monino-gomez\/\" title=\"Manuel Mo\u00f1ino G\u00f3mez\" >Manuel Mo\u00f1ino G\u00f3mez<\/a><\/div><\/div><div class=\"team-member-description\" style=\"\"><\/div><\/div><\/div><div class=\"dfd-spacer-module\"  data-units=\"px\" data-wide_resolution=\"1280\" data-wide_size=\"25\" data-normal_resolution=\"1024\" data-normal_size=\"25\" data-tablet_resolution=\"800\" data-tablet_size=\"25\" data-mobile_resolution=\"480\" data-mobile_size=\"25\" style=\"height: 25px;\"><\/div>[\/vc_column][vc_column width=\u00bb1\/6&#8243; offset=\u00bbvc_col-xs-6&#8243;]<div class=\"dfd-team-member layout-01 \" ><div class=\"image-wrap\"><img decoding=\"async\" src=\"https:\/\/www.academianutricionydietetica.org\/pro\/uploads\/2018\/12\/user-default-100x100.jpg\" alt=\"Image\"  class=\"team-member-photo \" style=\"border-radius:150px\" \/><\/div><div class=\"content-wrap\"><div class=\"title-wrap\"><div class=\"team-member-title feature-title\" style=\"font-size: 14px; line-height: 14px; \">Jorge Mu\u00f1oz<\/div><\/div><div class=\"team-member-description\" style=\"\"><\/div><\/div><\/div><div class=\"dfd-spacer-module\"  data-units=\"px\" data-wide_resolution=\"1280\" data-wide_size=\"25\" data-normal_resolution=\"1024\" data-normal_size=\"25\" data-tablet_resolution=\"800\" data-tablet_size=\"25\" data-mobile_resolution=\"480\" data-mobile_size=\"25\" style=\"height: 25px;\"><\/div>[\/vc_column][vc_column width=\u00bb1\/6&#8243;]<div class=\"dfd-team-member layout-01 \" ><div class=\"image-wrap\"><img decoding=\"async\" src=\"https:\/\/www.academianutricionydietetica.org\/pro\/uploads\/2024\/03\/Edna-Judith-Nava-GonzaeIOElez-100x100.jpg\" alt=\"Image\"  class=\"team-member-photo \" style=\"border-radius:150px\" \/><a class=\"image-custom-link both-title-and-image\" href=\"https:\/\/www.academianutricionydietetica.org\/pro\/la-academia\/organos-de-gobierno\/edna-nava-gonzalez\/\" title=\"Edna Nava Gonz\u00e1lez\" ><\/a><\/div><div class=\"content-wrap\"><div class=\"title-wrap\"><div class=\"team-member-title feature-title\" style=\"font-size: 14px; line-height: 14px; \"><a href=\"https:\/\/www.academianutricionydietetica.org\/pro\/la-academia\/organos-de-gobierno\/edna-nava-gonzalez\/\" title=\"Edna Nava Gonz\u00e1lez\" >Edna Nava Gonz\u00e1lez<\/a><\/div><\/div><div class=\"team-member-description\" style=\"\"><\/div><\/div><\/div><div class=\"dfd-spacer-module\"  data-units=\"px\" data-wide_resolution=\"1280\" data-wide_size=\"25\" data-normal_resolution=\"1024\" data-normal_size=\"25\" data-tablet_resolution=\"800\" data-tablet_size=\"25\" data-mobile_resolution=\"480\" data-mobile_size=\"25\" style=\"height: 25px;\"><\/div>[\/vc_column][vc_column width=\u00bb1\/6&#8243;]<div class=\"dfd-team-member layout-01 \" ><div class=\"image-wrap\"><img decoding=\"async\" src=\"https:\/\/www.academianutricionydietetica.org\/pro\/uploads\/2024\/03\/IMG_0946-1024x1012-100x100.jpg\" alt=\"Image\"  class=\"team-member-photo \" style=\"border-radius:150px\" \/><a class=\"image-custom-link both-title-and-image\" href=\"https:\/\/www.academianutricionydietetica.org\/pro\/la-academia\/organos-de-gobierno\/alma-palau-ferre\/\" title=\"Alma Palau Ferre\" ><\/a><\/div><div class=\"content-wrap\"><div class=\"title-wrap\"><div class=\"team-member-title feature-title\" style=\"font-size: 14px; line-height: 14px; \"><a href=\"https:\/\/www.academianutricionydietetica.org\/pro\/la-academia\/organos-de-gobierno\/alma-palau-ferre\/\" title=\"Alma Palau Ferre\" >Alma Palau Ferr\u00e9<\/a><\/div><\/div><div class=\"team-member-description\" style=\"\"><\/div><\/div><\/div><div class=\"dfd-spacer-module\"  data-units=\"px\" data-wide_resolution=\"1280\" data-wide_size=\"25\" data-normal_resolution=\"1024\" data-normal_size=\"25\" data-tablet_resolution=\"800\" data-tablet_size=\"25\" data-mobile_resolution=\"480\" data-mobile_size=\"25\" style=\"height: 25px;\"><\/div>[\/vc_column][\/vc_row][vc_row dfd_row_config=\u00bbdefault_row_small_paddings\u00bb el_class=\u00bbmembers-4&#8243;][vc_column width=\u00bb1\/6&#8243; offset=\u00bbvc_col-xs-6&#8243;]<div class=\"dfd-team-member layout-01 \" ><div class=\"image-wrap\"><img decoding=\"async\" src=\"https:\/\/www.academianutricionydietetica.org\/pro\/uploads\/2019\/06\/56-100x100.jpg\" alt=\"Image\"  class=\"team-member-photo \" style=\"border-radius:150px\" \/><a class=\"image-custom-link both-title-and-image\" href=\"https:\/\/www.academianutricionydietetica.org\/pro\/la-academia\/organos-de-gobierno\/imma-palma-linares\/\" title=\"Imma Palma Linares\" ><\/a><\/div><div class=\"content-wrap\"><div class=\"title-wrap\"><div class=\"team-member-title feature-title\" style=\"font-size: 14px; line-height: 14px; \"><a href=\"https:\/\/www.academianutricionydietetica.org\/pro\/la-academia\/organos-de-gobierno\/imma-palma-linares\/\" title=\"Imma Palma Linares\" >Imma Palma Linares<\/a><\/div><\/div><div class=\"team-member-description\" style=\"\"><\/div><\/div><\/div><div class=\"dfd-spacer-module\"  data-units=\"px\" data-wide_resolution=\"1280\" data-wide_size=\"25\" data-normal_resolution=\"1024\" data-normal_size=\"25\" data-tablet_resolution=\"800\" data-tablet_size=\"25\" data-mobile_resolution=\"480\" data-mobile_size=\"25\" style=\"height: 25px;\"><\/div>[\/vc_column][vc_column width=\u00bb1\/6&#8243; offset=\u00bbvc_col-xs-6&#8243;]<div class=\"dfd-team-member layout-01 \" ><div class=\"image-wrap\"><img decoding=\"async\" src=\"https:\/\/www.academianutricionydietetica.org\/pro\/uploads\/2018\/12\/user-default-100x100.jpg\" alt=\"Image\"  class=\"team-member-photo \" style=\"border-radius:150px\" \/><\/div><div class=\"content-wrap\"><div class=\"title-wrap\"><div class=\"team-member-title feature-title\" style=\"font-size: 14px; line-height: 14px; \">Eva M\u00aa P\u00e9rez Gentico<\/div><\/div><div class=\"team-member-description\" style=\"\"><\/div><\/div><\/div><div class=\"dfd-spacer-module\"  data-units=\"px\" data-wide_resolution=\"1280\" data-wide_size=\"25\" data-normal_resolution=\"1024\" data-normal_size=\"25\" data-tablet_resolution=\"800\" data-tablet_size=\"25\" data-mobile_resolution=\"480\" data-mobile_size=\"25\" style=\"height: 25px;\"><\/div>[\/vc_column][vc_column width=\u00bb1\/6&#8243;]<div class=\"dfd-team-member layout-01 \" ><div class=\"image-wrap\"><img decoding=\"async\" src=\"https:\/\/www.academianutricionydietetica.org\/pro\/uploads\/2024\/04\/maria-puy-02-725x1024-100x100.jpg\" alt=\"Image\"  class=\"team-member-photo \" style=\"border-radius:150px\" \/><a class=\"image-custom-link both-title-and-image\" href=\"https:\/\/www.academianutricionydietetica.org\/pro\/la-academia\/organos-de-gobierno\/ma-puy-portillo-baquedano\/\" title=\"M\u00aa Puy Portillo Baquedano\" ><\/a><\/div><div class=\"content-wrap\"><div class=\"title-wrap\"><div class=\"team-member-title feature-title\" style=\"font-size: 14px; line-height: 14px; \"><a href=\"https:\/\/www.academianutricionydietetica.org\/pro\/la-academia\/organos-de-gobierno\/ma-puy-portillo-baquedano\/\" title=\"M\u00aa Puy Portillo Baquedano\" >M\u00aa Puy Portillo Baquedano<\/a><\/div><\/div><div class=\"team-member-description\" style=\"\"><\/div><\/div><\/div><div class=\"dfd-spacer-module\"  data-units=\"px\" data-wide_resolution=\"1280\" data-wide_size=\"25\" data-normal_resolution=\"1024\" data-normal_size=\"25\" data-tablet_resolution=\"800\" data-tablet_size=\"25\" data-mobile_resolution=\"480\" data-mobile_size=\"25\" style=\"height: 25px;\"><\/div>[\/vc_column][vc_column width=\u00bb1\/6&#8243;]<div class=\"dfd-team-member layout-01 \" ><div class=\"image-wrap\"><img decoding=\"async\" src=\"https:\/\/www.academianutricionydietetica.org\/pro\/uploads\/2024\/03\/Imagen1-1-100x100.png\" alt=\"Image\"  class=\"team-member-photo \" style=\"border-radius:150px\" \/><a class=\"image-custom-link both-title-and-image\" href=\"https:\/\/www.academianutricionydietetica.org\/pro\/la-academia\/organos-de-gobierno\/guillermo-reglero-rada\/\" title=\"Guillermo Reglero Rada\" ><\/a><\/div><div class=\"content-wrap\"><div class=\"title-wrap\"><div class=\"team-member-title feature-title\" style=\"font-size: 14px; line-height: 14px; \"><a href=\"https:\/\/www.academianutricionydietetica.org\/pro\/la-academia\/organos-de-gobierno\/guillermo-reglero-rada\/\" title=\"Guillermo Reglero Rada\" >Guillermo Reglero Rada<\/a><\/div><\/div><div class=\"team-member-description\" style=\"\"><\/div><\/div><\/div><div class=\"dfd-spacer-module\"  data-units=\"px\" data-wide_resolution=\"1280\" data-wide_size=\"25\" data-normal_resolution=\"1024\" data-normal_size=\"25\" data-tablet_resolution=\"800\" data-tablet_size=\"25\" data-mobile_resolution=\"480\" data-mobile_size=\"25\" style=\"height: 25px;\"><\/div>[\/vc_column][vc_column width=\u00bb1\/6&#8243; offset=\u00bbvc_col-xs-6&#8243;]<div class=\"dfd-team-member layout-01 \" ><div class=\"image-wrap\"><img decoding=\"async\" src=\"https:\/\/www.academianutricionydietetica.org\/pro\/uploads\/2024\/03\/Prof.-Rodriguez-Montes-100x100.jpg\" alt=\"Image\"  class=\"team-member-photo \" style=\"border-radius:150px\" \/><a class=\"image-custom-link both-title-and-image\" href=\"https:\/\/www.academianutricionydietetica.org\/pro\/la-academia\/organos-de-gobierno\/jose-antonio-rodriguez-montes\/\" title=\"Jos\u00e9 Antonio Rodr\u00edguez Montes\" ><\/a><\/div><div class=\"content-wrap\"><div class=\"title-wrap\"><div class=\"team-member-title feature-title\" style=\"font-size: 14px; line-height: 14px; \"><a href=\"https:\/\/www.academianutricionydietetica.org\/pro\/la-academia\/organos-de-gobierno\/jose-antonio-rodriguez-montes\/\" title=\"Jos\u00e9 Antonio Rodr\u00edguez Montes\" >Jos\u00e9 Antonio Rodr\u00edguez Montes<\/a><\/div><\/div><div class=\"team-member-description\" style=\"\"><\/div><\/div><\/div><div class=\"dfd-spacer-module\"  data-units=\"px\" data-wide_resolution=\"1280\" data-wide_size=\"25\" data-normal_resolution=\"1024\" data-normal_size=\"25\" data-tablet_resolution=\"800\" data-tablet_size=\"25\" data-mobile_resolution=\"480\" data-mobile_size=\"25\" style=\"height: 25px;\"><\/div>[\/vc_column][vc_column width=\u00bb1\/6&#8243; offset=\u00bbvc_col-xs-6&#8243;]<div class=\"dfd-team-member layout-01 \" ><div class=\"image-wrap\"><img decoding=\"async\" src=\"https:\/\/www.academianutricionydietetica.org\/pro\/uploads\/2024\/03\/Foto-1-100x100.png\" alt=\"Image\"  class=\"team-member-photo \" style=\"border-radius:150px\" \/><a class=\"image-custom-link both-title-and-image\" href=\"https:\/\/www.academianutricionydietetica.org\/pro\/la-academia\/organos-de-gobierno\/jose-angel-rufian-henares\/\" title=\"Jos\u00e9 \u00c1ngel Rufi\u00e1n Henares\" ><\/a><\/div><div class=\"content-wrap\"><div class=\"title-wrap\"><div class=\"team-member-title feature-title\" style=\"font-size: 14px; line-height: 14px; \"><a href=\"https:\/\/www.academianutricionydietetica.org\/pro\/la-academia\/organos-de-gobierno\/jose-angel-rufian-henares\/\" title=\"Jos\u00e9 \u00c1ngel Rufi\u00e1n Henares\" >Jos\u00e9 \u00c1ngel Rufi\u00e1n Henares<\/a><\/div><\/div><div class=\"team-member-description\" style=\"\"><\/div><\/div><\/div><div class=\"dfd-spacer-module\"  data-units=\"px\" data-wide_resolution=\"1280\" data-wide_size=\"25\" data-normal_resolution=\"1024\" data-normal_size=\"25\" data-tablet_resolution=\"800\" data-tablet_size=\"25\" data-mobile_resolution=\"480\" data-mobile_size=\"25\" style=\"height: 25px;\"><\/div>[\/vc_column][\/vc_row][vc_row dfd_row_config=\u00bbdefault_row_small_paddings\u00bb el_class=\u00bbmembers-4&#8243;][vc_column width=\u00bb1\/6&#8243;]<div class=\"dfd-team-member layout-01 \" ><div class=\"image-wrap\"><img decoding=\"async\" src=\"https:\/\/www.academianutricionydietetica.org\/pro\/uploads\/2025\/04\/05252024ICDA_OPENINGCEREMONIES_41-1024x683-100x100.jpg\" alt=\"Image\"  class=\"team-member-photo \" style=\"border-radius:200px\" \/><a class=\"image-custom-link both-title-and-image\" href=\"https:\/\/www.academianutricionydietetica.org\/pro\/la-academia\/organos-de-gobierno\/giuseppe-rusolillo-femenias\/\" title=\"Giuseppe Rusolillo Femen\u00edas\" ><\/a><\/div><div class=\"content-wrap\"><div class=\"title-wrap\"><h3 class=\"team-member-title \" style=\"font-size: 14px; line-height: 18px; \"><a href=\"https:\/\/www.academianutricionydietetica.org\/pro\/la-academia\/organos-de-gobierno\/giuseppe-rusolillo-femenias\/\" title=\"Giuseppe Rusolillo Femen\u00edas\" >Giuseppe Russolillo<\/a><\/h3><\/div><div class=\"team-member-description\" style=\"\"><\/div><\/div><\/div><div class=\"dfd-spacer-module\"  data-units=\"px\" data-wide_resolution=\"1280\" data-wide_size=\"25\" data-normal_resolution=\"1024\" data-normal_size=\"25\" data-tablet_resolution=\"800\" data-tablet_size=\"25\" data-mobile_resolution=\"480\" data-mobile_size=\"25\" style=\"height: 25px;\"><\/div>[\/vc_column][vc_column width=\u00bb1\/6&#8243; offset=\u00bbvc_col-xs-6&#8243;]<div class=\"dfd-team-member layout-01 \" ><div class=\"image-wrap\"><img decoding=\"async\" src=\"https:\/\/www.academianutricionydietetica.org\/pro\/uploads\/2024\/03\/FOTO-100x100.png\" alt=\"Image\"  class=\"team-member-photo \" style=\"border-radius:150px\" \/><a class=\"image-custom-link both-title-and-image\" href=\"https:\/\/www.academianutricionydietetica.org\/pro\/la-academia\/organos-de-gobierno\/alicia-salido-serrano\/\" title=\"Alicia Salido Serrano\" ><\/a><\/div><div class=\"content-wrap\"><div class=\"title-wrap\"><div class=\"team-member-title feature-title\" style=\"font-size: 14px; line-height: 14px; \"><a href=\"https:\/\/www.academianutricionydietetica.org\/pro\/la-academia\/organos-de-gobierno\/alicia-salido-serrano\/\" title=\"Alicia Salido Serrano\" >Alicia Salido Serrano<\/a><\/div><\/div><div class=\"team-member-description\" style=\"\"><\/div><\/div><\/div><div class=\"dfd-spacer-module\"  data-units=\"px\" data-wide_resolution=\"1280\" data-wide_size=\"25\" data-normal_resolution=\"1024\" data-normal_size=\"25\" data-tablet_resolution=\"800\" data-tablet_size=\"25\" data-mobile_resolution=\"480\" data-mobile_size=\"25\" style=\"height: 25px;\"><\/div>[\/vc_column][vc_column width=\u00bb1\/6&#8243; offset=\u00bbvc_col-xs-6&#8243;]<div class=\"dfd-team-member layout-01 \" ><div class=\"image-wrap\"><img decoding=\"async\" src=\"https:\/\/www.academianutricionydietetica.org\/pro\/uploads\/2019\/06\/92-100x100.png\" alt=\"Image\"  class=\"team-member-photo \" style=\"border-radius:150px\" \/><a class=\"image-custom-link both-title-and-image\" href=\"https:\/\/www.academianutricionydietetica.org\/pro\/la-academia\/organos-de-gobierno\/alba-ma-santaliestra-pasias\/\" title=\"Alba M\u00aa Santaliestra Pas\u00edas\" ><\/a><\/div><div class=\"content-wrap\"><div class=\"title-wrap\"><div class=\"team-member-title feature-title\" style=\"font-size: 14px; line-height: 14px; \"><a href=\"https:\/\/www.academianutricionydietetica.org\/pro\/la-academia\/organos-de-gobierno\/alba-ma-santaliestra-pasias\/\" title=\"Alba M\u00aa Santaliestra Pas\u00edas\" >Alba M\u00aa Santaliestra Pas\u00edas<\/a><\/div><\/div><div class=\"team-member-description\" style=\"\"><\/div><\/div><\/div><div class=\"dfd-spacer-module\"  data-units=\"px\" data-wide_resolution=\"1280\" data-wide_size=\"25\" data-normal_resolution=\"1024\" data-normal_size=\"25\" data-tablet_resolution=\"800\" data-tablet_size=\"25\" data-mobile_resolution=\"480\" data-mobile_size=\"25\" style=\"height: 25px;\"><\/div>[\/vc_column][vc_column width=\u00bb1\/6&#8243; offset=\u00bbvc_col-xs-6&#8243;]<div class=\"dfd-team-member layout-01 \" ><div class=\"image-wrap\"><img decoding=\"async\" src=\"https:\/\/www.academianutricionydietetica.org\/pro\/uploads\/2024\/04\/Susana-Santiago-100x100.jpg\" alt=\"Image\"  class=\"team-member-photo \" style=\"border-radius:150px\" \/><a class=\"image-custom-link both-title-and-image\" href=\"https:\/\/www.academianutricionydietetica.org\/pro\/la-academia\/organos-de-gobierno\/susana-santiago-neri\/\" title=\"Susana Santiago Neri\" ><\/a><\/div><div class=\"content-wrap\"><div class=\"title-wrap\"><div class=\"team-member-title feature-title\" style=\"font-size: 14px; line-height: 14px; \"><a href=\"https:\/\/www.academianutricionydietetica.org\/pro\/la-academia\/organos-de-gobierno\/susana-santiago-neri\/\" title=\"Susana Santiago Neri\" >Susana Santiago Neri<\/a><\/div><\/div><div class=\"team-member-description\" style=\"\"><\/div><\/div><\/div><div class=\"dfd-spacer-module\"  data-units=\"px\" data-wide_resolution=\"1280\" data-wide_size=\"25\" data-normal_resolution=\"1024\" data-normal_size=\"25\" data-tablet_resolution=\"800\" data-tablet_size=\"25\" data-mobile_resolution=\"480\" data-mobile_size=\"25\" style=\"height: 25px;\"><\/div>[\/vc_column][vc_column width=\u00bb1\/6&#8243;]<div class=\"dfd-team-member layout-01 \" ><div class=\"image-wrap\"><img decoding=\"async\" src=\"https:\/\/www.academianutricionydietetica.org\/pro\/uploads\/2019\/06\/62-100x100.png\" alt=\"Image\"  class=\"team-member-photo \" style=\"border-radius:150px\" \/><a class=\"image-custom-link both-title-and-image\" href=\"https:\/\/www.academianutricionydietetica.org\/pro\/la-academia\/organos-de-gobierno\/elizabeth-solis-perez\/\" title=\"Elizabeth Solis P\u00e9rez\" ><\/a><\/div><div class=\"content-wrap\"><div class=\"title-wrap\"><div class=\"team-member-title feature-title\" style=\"font-size: 14px; line-height: 14px; \"><a href=\"https:\/\/www.academianutricionydietetica.org\/pro\/la-academia\/organos-de-gobierno\/elizabeth-solis-perez\/\" title=\"Elizabeth Solis P\u00e9rez\" >Elizabeth Sol\u00eds P\u00e9rez<\/a><\/div><\/div><div class=\"team-member-description\" style=\"\"><\/div><\/div><\/div><div class=\"dfd-spacer-module\"  data-units=\"px\" data-wide_resolution=\"1280\" data-wide_size=\"25\" data-normal_resolution=\"1024\" data-normal_size=\"25\" data-tablet_resolution=\"800\" data-tablet_size=\"25\" data-mobile_resolution=\"480\" data-mobile_size=\"25\" style=\"height: 25px;\"><\/div>[\/vc_column][vc_column width=\u00bb1\/6&#8243; offset=\u00bbvc_col-xs-6&#8243;]<div class=\"dfd-team-member layout-01 \" ><div class=\"image-wrap\"><img decoding=\"async\" src=\"https:\/\/www.academianutricionydietetica.org\/pro\/uploads\/2019\/06\/36-100x100.jpg\" alt=\"Image\"  class=\"team-member-photo \" style=\"border-radius:150px\" \/><a class=\"image-custom-link both-title-and-image\" href=\"https:\/\/www.academianutricionydietetica.org\/pro\/la-academia\/organos-de-gobierno\/jose-miguel-soriano-del-castillo\/\" title=\"Jos\u00e9 Miguel Soriano Del Castillo\" ><\/a><\/div><div class=\"content-wrap\"><div class=\"title-wrap\"><div class=\"team-member-title feature-title\" style=\"font-size: 14px; line-height: 14px; \"><a href=\"https:\/\/www.academianutricionydietetica.org\/pro\/la-academia\/organos-de-gobierno\/jose-miguel-soriano-del-castillo\/\" title=\"Jos\u00e9 Miguel Soriano Del Castillo\" >Jos\u00e9 Miguel Soriano Del Castillo<\/a><\/div><\/div><div class=\"team-member-description\" style=\"\"><\/div><\/div><\/div><div class=\"dfd-spacer-module\"  data-units=\"px\" data-wide_resolution=\"1280\" data-wide_size=\"25\" data-normal_resolution=\"1024\" data-normal_size=\"25\" data-tablet_resolution=\"800\" data-tablet_size=\"25\" data-mobile_resolution=\"480\" data-mobile_size=\"25\" style=\"height: 25px;\"><\/div>[\/vc_column][\/vc_row][vc_row dfd_row_config=\u00bbdefault_row_small_paddings\u00bb el_class=\u00bbmembers-4&#8243;][vc_column width=\u00bb1\/6&#8243;]<div class=\"dfd-team-member layout-01 \" ><div class=\"image-wrap\"><img decoding=\"async\" src=\"https:\/\/www.academianutricionydietetica.org\/pro\/uploads\/2024\/04\/Rafael-Urrialde-788x1024-100x100.jpg\" alt=\"Image\"  class=\"team-member-photo \" style=\"border-radius:150px\" \/><a class=\"image-custom-link both-title-and-image\" href=\"https:\/\/www.academianutricionydietetica.org\/pro\/la-academia\/organos-de-gobierno\/rafael-urrialde-de-andres\/\" title=\"Rafael Urrialde De Andr\u00e9s\" ><\/a><\/div><div class=\"content-wrap\"><div class=\"title-wrap\"><div class=\"team-member-title feature-title\" style=\"font-size: 14px; line-height: 14px; \"><a href=\"https:\/\/www.academianutricionydietetica.org\/pro\/la-academia\/organos-de-gobierno\/rafael-urrialde-de-andres\/\" title=\"Rafael Urrialde De Andr\u00e9s\" >Rafael Urrialde De Andr\u00e9s<\/a><\/div><\/div><div class=\"team-member-description\" style=\"\"><\/div><\/div><\/div><div class=\"dfd-spacer-module\"  data-units=\"px\" data-wide_resolution=\"1280\" data-wide_size=\"25\" data-normal_resolution=\"1024\" data-normal_size=\"25\" data-tablet_resolution=\"800\" data-tablet_size=\"25\" data-mobile_resolution=\"480\" data-mobile_size=\"25\" style=\"height: 25px;\"><\/div>[\/vc_column][vc_column width=\u00bb1\/6&#8243;]<div class=\"dfd-team-member layout-01 \" ><div class=\"image-wrap\"><img decoding=\"async\" src=\"https:\/\/www.academianutricionydietetica.org\/pro\/uploads\/2024\/03\/Untitled-100x100.jpg\" alt=\"Image\"  class=\"team-member-photo \" style=\"border-radius:150px\" \/><a class=\"image-custom-link image-link\" href=\"https:\/\/www.academianutricionydietetica.org\/pro\/la-academia\/organos-de-gobierno\/antonio-valls-flores\/\" title=\"Antonio Valls Flores\" ><\/a><\/div><div class=\"content-wrap\"><div class=\"title-wrap\"><div class=\"team-member-title feature-title\" style=\"font-size: 14px; line-height: 14px; \">Antonio Valls Flores<\/div><\/div><div class=\"team-member-description\" style=\"\"><\/div><\/div><\/div><div class=\"dfd-spacer-module\"  data-units=\"px\" data-wide_resolution=\"1280\" data-wide_size=\"25\" data-normal_resolution=\"1024\" data-normal_size=\"25\" data-tablet_resolution=\"800\" data-tablet_size=\"25\" data-mobile_resolution=\"480\" data-mobile_size=\"25\" style=\"height: 25px;\"><\/div>[\/vc_column][vc_column width=\u00bb1\/6&#8243;]<div class=\"dfd-team-member layout-01 \" ><div class=\"image-wrap\"><img decoding=\"async\" src=\"https:\/\/www.academianutricionydietetica.org\/pro\/uploads\/2025\/10\/Gregorio-Varela-2-1024x683-100x100.jpg\" alt=\"Image\"  class=\"team-member-photo \" style=\"border-radius:150px\" \/><a class=\"image-custom-link image-link\" href=\"https:\/\/www.academianutricionydietetica.org\/pro\/la-academia\/organos-de-gobierno\/gregorio-varela-moreiras\/\" title=\"Gregorio Varela\" ><\/a><\/div><div class=\"content-wrap\"><div class=\"title-wrap\"><div class=\"team-member-title feature-title\" style=\"font-size: 14px; line-height: 14px; \">Gregorio Varela<\/div><\/div><div class=\"team-member-description\" style=\"\"><\/div><\/div><\/div><div class=\"dfd-spacer-module\"  data-units=\"px\" data-wide_resolution=\"1280\" data-wide_size=\"25\" data-normal_resolution=\"1024\" data-normal_size=\"25\" data-tablet_resolution=\"800\" data-tablet_size=\"25\" data-mobile_resolution=\"480\" data-mobile_size=\"25\" style=\"height: 25px;\"><\/div>[\/vc_column][vc_column width=\u00bb1\/6&#8243; offset=\u00bbvc_col-xs-6&#8243;]<div class=\"dfd-team-member layout-01 \" ><div class=\"image-wrap\"><img decoding=\"async\" src=\"https:\/\/www.academianutricionydietetica.org\/pro\/uploads\/2024\/03\/Josep-Vidal-100x100.jpg\" alt=\"Image\"  class=\"team-member-photo \" style=\"border-radius:150px\" \/><\/div><div class=\"content-wrap\"><div class=\"title-wrap\"><div class=\"team-member-title feature-title\" style=\"font-size: 14px; line-height: 14px; \">Josep Vidal Cortada<\/div><\/div><div class=\"team-member-description\" style=\"\"><\/div><\/div><\/div><div class=\"dfd-spacer-module\"  data-units=\"px\" data-wide_resolution=\"1280\" data-wide_size=\"25\" data-normal_resolution=\"1024\" data-normal_size=\"25\" data-tablet_resolution=\"800\" data-tablet_size=\"25\" data-mobile_resolution=\"480\" data-mobile_size=\"25\" style=\"height: 25px;\"><\/div>[\/vc_column][vc_column width=\u00bb1\/6&#8243;]<div class=\"dfd-team-member layout-01 \" ><div class=\"image-wrap\"><img decoding=\"async\" src=\"https:\/\/www.academianutricionydietetica.org\/pro\/uploads\/2024\/03\/Ma-CARMEN-VIDAL-100x100.jpg\" alt=\"Image\"  class=\"team-member-photo \" style=\"border-radius:150px\" \/><a class=\"image-custom-link both-title-and-image\" href=\"https:\/\/www.academianutricionydietetica.org\/pro\/la-academia\/organos-de-gobierno\/m-carmen-vidal-carou\/\" title=\"M\u00aa Carmen Vidal Carou\" ><\/a><\/div><div class=\"content-wrap\"><div class=\"title-wrap\"><div class=\"team-member-title feature-title\" style=\"font-size: 14px; line-height: 14px; \"><a href=\"https:\/\/www.academianutricionydietetica.org\/pro\/la-academia\/organos-de-gobierno\/m-carmen-vidal-carou\/\" title=\"M\u00aa Carmen Vidal Carou\" >M\u00aa Carmen Vidal Carou<\/a><\/div><\/div><div class=\"team-member-description\" style=\"\"><\/div><\/div><\/div><div class=\"dfd-spacer-module\"  data-units=\"px\" data-wide_resolution=\"1280\" data-wide_size=\"25\" data-normal_resolution=\"1024\" data-normal_size=\"25\" data-tablet_resolution=\"800\" data-tablet_size=\"25\" data-mobile_resolution=\"480\" data-mobile_size=\"25\" style=\"height: 25px;\"><\/div>[\/vc_column][vc_column width=\u00bb1\/6&#8243;]<div class=\"dfd-team-member layout-01 \" ><div class=\"image-wrap\"><img decoding=\"async\" src=\"https:\/\/www.academianutricionydietetica.org\/pro\/uploads\/2024\/03\/image-100x100.png\" alt=\"Image\"  class=\"team-member-photo \" style=\"border-radius:150px\" \/><a class=\"image-custom-link both-title-and-image\" href=\"https:\/\/www.academianutricionydietetica.org\/pro\/la-academia\/organos-de-gobierno\/itziar-zazpe-garcia\/\" title=\"Itz\u00edar Zazpe Garc\u00eda\" ><\/a><\/div><div class=\"content-wrap\"><div class=\"title-wrap\"><div class=\"team-member-title feature-title\" style=\"font-size: 14px; line-height: 14px; \"><a href=\"https:\/\/www.academianutricionydietetica.org\/pro\/la-academia\/organos-de-gobierno\/itziar-zazpe-garcia\/\" title=\"Itz\u00edar Zazpe Garc\u00eda\" >Itz\u00edar Zazpe Garc\u00eda<\/a><\/div><\/div><div class=\"team-member-description\" style=\"\"><\/div><\/div><\/div><div class=\"dfd-spacer-module\"  data-units=\"px\" data-wide_resolution=\"1280\" data-wide_size=\"25\" data-normal_resolution=\"1024\" data-normal_size=\"25\" data-tablet_resolution=\"800\" data-tablet_size=\"25\" data-mobile_resolution=\"480\" data-mobile_size=\"25\" style=\"height: 25px;\"><\/div>[\/vc_column][\/vc_row][vc_row dfd_row_config=\u00bbdefault_row_small_paddings\u00bb el_class=\u00bbmembers-4&#8243;][vc_column]<div class=\"dfd-team-member layout-01 \" ><div class=\"image-wrap\"><img decoding=\"async\" src=\"https:\/\/www.academianutricionydietetica.org\/pro\/uploads\/2024\/03\/INGOR-687x1024-100x100.jpg\" alt=\"Image\"  class=\"team-member-photo \" style=\"border-radius:150px\" \/><a class=\"image-custom-link both-title-and-image\" href=\"https:\/\/www.academianutricionydietetica.org\/pro\/la-academia\/organos-de-gobierno\/ingorte-zubieta-aurteneche\/\" title=\"Ingortze Zubieta Aurteneche\" ><\/a><\/div><div class=\"content-wrap\"><div class=\"title-wrap\"><div class=\"team-member-title feature-title\" style=\"font-size: 14px; line-height: 14px; \"><a href=\"https:\/\/www.academianutricionydietetica.org\/pro\/la-academia\/organos-de-gobierno\/ingorte-zubieta-aurteneche\/\" title=\"Ingortze Zubieta Aurteneche\" >Ingortze Zubieta Aurteneche<\/a><\/div><\/div><div class=\"team-member-description\" style=\"\"><\/div><\/div><\/div><div class=\"dfd-spacer-module\"  data-units=\"px\" data-wide_resolution=\"1280\" data-wide_size=\"25\" data-normal_resolution=\"1024\" data-normal_size=\"25\" data-tablet_resolution=\"800\" data-tablet_size=\"25\" data-mobile_resolution=\"480\" data-mobile_size=\"25\" style=\"height: 25px;\"><\/div>[\/vc_column][\/vc_row][vc_row dfd_enable_overlay=\u00bb\u00bb dfd_row_config=\u00bbfull_width_content\u00bb dfd_row_responsive_enable=\u00bbdfd-row-responsive-enable\u00bb css=\u00bb.vc_custom_1521212764013{padding-right: 12% !important;padding-left: 12% !important;}\u00bb responsive_styles=\u00bbpadding_left_desktop:20|padding_right_desktop:20|padding_left_tablet:20|padding_right_tablet:20|padding_left_mobile:20|padding_right_mobile:20&#8243;][vc_column]<div class=\"dfd-spacer-module\"  data-units=\"px\" data-wide_resolution=\"1280\" data-wide_size=\"25\" data-normal_resolution=\"1024\" data-normal_size=\"25\" data-tablet_resolution=\"800\" data-tablet_size=\"25\" data-mobile_resolution=\"480\" data-mobile_size=\"25\" style=\"height: 25px;\"><\/div><div class=\"dfd-spacer-module\"  data-units=\"px\" data-wide_resolution=\"1280\" data-wide_size=\"25\" data-normal_resolution=\"1024\" data-normal_size=\"25\" data-tablet_resolution=\"800\" data-tablet_size=\"25\" data-mobile_resolution=\"480\" data-mobile_size=\"25\" style=\"height: 25px;\"><\/div><div class=\"dfd-spacer-module\"  data-units=\"px\" data-wide_resolution=\"1280\" data-wide_size=\"25\" data-normal_resolution=\"1024\" data-normal_size=\"25\" data-tablet_resolution=\"800\" data-tablet_size=\"25\" data-mobile_resolution=\"480\" data-mobile_size=\"25\" style=\"height: 25px;\"><\/div><div class=\"dfd-heading-shortcode\"><div class=\"dfd-heading-module-wrap  text-center style_01 dfd-heading-69f37eeeae129 dfd-disable-resposive-headings\" id=\"dfd-heading-69f37eeeae129\" ><div class=\"inline-block\"><div class=\"dfd-heading-module\"><h3 class=\"widget-title dfd-title \" style=\"font-size: 18px; line-height: 22.4px; letter-spacing: 5px; \">EM\u00c9RITOS<\/h3><\/div><\/div><\/div><script type=\"text\/javascript\">\n\t\t\t\t\t\t\t\t\t(function($) {\n\t\t\t\t\t\t\t\t\t\t$(\"head\").append(\"<style>.dfd-heading-69f37eeeae129 .dfd-heading-module .widget-title {margin-bottom:25px;}.dfd-heading-69f37eeeae129.dfd-heading-module-wrap .dfd-heading-module .dfd-heading-delimiter {margin-top:10px;margin-bottom:10px;}@media (max-width: 799px){.dfd-heading-69f37eeeae129 .dfd-title{font-size: 16px !important;line-height: 20px !important;}}<\/style>\");\n\t\t\t\t\t\t\t\t\t})(jQuery);\n\t\t\t\t\t\t\t\t<\/script><\/div><div class=\"dfd-spacer-module\"  data-units=\"px\" data-wide_resolution=\"1280\" data-wide_size=\"15\" data-normal_resolution=\"1024\" data-normal_size=\"15\" data-tablet_resolution=\"800\" data-tablet_size=\"15\" data-mobile_resolution=\"480\" data-mobile_size=\"15\" style=\"height: 15px;\"><\/div>[\/vc_column][\/vc_row][vc_row dfd_row_config=\u00bbdefault_row_small_paddings\u00bb el_class=\u00bbmembers-4&#8243;][vc_column width=\u00bb1\/6&#8243; offset=\u00bbvc_col-xs-6&#8243;]<div class=\"dfd-team-member layout-01 \" ><div class=\"image-wrap\"><img decoding=\"async\" src=\"https:\/\/www.academianutricionydietetica.org\/pro\/uploads\/2023\/11\/Maria-Alemany-100x100.jpg\" alt=\"Image\"  class=\"team-member-photo \" style=\"border-radius:150px\" \/><a class=\"image-custom-link both-title-and-image\" href=\"https:\/\/www.academianutricionydietetica.org\/pro\/la-academia\/organos-de-gobierno\/maria-alemany-lamana\/\" title=\"Mari\u00e0 Alemany Lamana\" ><\/a><\/div><div class=\"content-wrap\"><div class=\"title-wrap\"><div class=\"team-member-title feature-title\" style=\"font-size: 14px; line-height: 14px; \"><a href=\"https:\/\/www.academianutricionydietetica.org\/pro\/la-academia\/organos-de-gobierno\/maria-alemany-lamana\/\" title=\"Mari\u00e0 Alemany Lamana\" >Mari\u00e0 Alemany Lamana<\/a><\/div><\/div><div class=\"team-member-description\" style=\"\"><\/div><\/div><\/div><div class=\"dfd-spacer-module\"  data-units=\"px\" data-wide_resolution=\"1280\" data-wide_size=\"25\" data-normal_resolution=\"1024\" data-normal_size=\"25\" data-tablet_resolution=\"800\" data-tablet_size=\"25\" data-mobile_resolution=\"480\" data-mobile_size=\"25\" style=\"height: 25px;\"><\/div>[\/vc_column][vc_column width=\u00bb1\/6&#8243; offset=\u00bbvc_col-xs-6&#8243;]<div class=\"dfd-team-member layout-01 \" ><div class=\"image-wrap\"><img decoding=\"async\" src=\"https:\/\/www.academianutricionydietetica.org\/pro\/uploads\/2024\/03\/MARGARITA-ALONSO-100x100.jpg\" alt=\"Image\"  class=\"team-member-photo \" style=\"border-radius:150px\" \/><a class=\"image-custom-link both-title-and-image\" href=\"https:\/\/www.academianutricionydietetica.org\/pro\/la-academia\/organos-de-gobierno\/margarita-alonso-franch\/\" title=\"Margarita Alonso Franch\" ><\/a><\/div><div class=\"content-wrap\"><div class=\"title-wrap\"><div class=\"team-member-title feature-title\" style=\"font-size: 14px; line-height: 14px; \"><a href=\"https:\/\/www.academianutricionydietetica.org\/pro\/la-academia\/organos-de-gobierno\/margarita-alonso-franch\/\" title=\"Margarita Alonso Franch\" >Margarita Alonso Franch<\/a><\/div><\/div><div class=\"team-member-description\" style=\"\"><\/div><\/div><\/div><div class=\"dfd-spacer-module\"  data-units=\"px\" data-wide_resolution=\"1280\" data-wide_size=\"25\" data-normal_resolution=\"1024\" data-normal_size=\"25\" data-tablet_resolution=\"800\" data-tablet_size=\"25\" data-mobile_resolution=\"480\" data-mobile_size=\"25\" style=\"height: 25px;\"><\/div>[\/vc_column][vc_column width=\u00bb1\/6&#8243; offset=\u00bbvc_col-xs-6&#8243;]<div class=\"dfd-team-member layout-01 \" ><div class=\"image-wrap\"><img decoding=\"async\" src=\"https:\/\/www.academianutricionydietetica.org\/pro\/uploads\/2023\/11\/Rosa-Burgos-100x100.jpg\" alt=\"Image\"  class=\"team-member-photo \" style=\"border-radius:200px\" \/><a class=\"image-custom-link both-title-and-image\" href=\"https:\/\/www.academianutricionydietetica.org\/pro\/la-academia\/organos-de-gobierno\/rosa-burgos-pelaez\/\" title=\"Rosa Burgos Pel\u00e1ez\" ><\/a><\/div><div class=\"content-wrap\"><div class=\"title-wrap\"><h3 class=\"team-member-title \" style=\"font-size: 14px; line-height: 18px; \"><a href=\"https:\/\/www.academianutricionydietetica.org\/pro\/la-academia\/organos-de-gobierno\/rosa-burgos-pelaez\/\" title=\"Rosa Burgos Pel\u00e1ez\" >Rosa Burgos Pel\u00e1ez<\/a><\/h3><\/div><div class=\"team-member-description\" style=\"\"><\/div><\/div><\/div><div class=\"dfd-spacer-module\"  data-units=\"px\" data-wide_resolution=\"1280\" data-wide_size=\"25\" data-normal_resolution=\"1024\" data-normal_size=\"25\" data-tablet_resolution=\"800\" data-tablet_size=\"25\" data-mobile_resolution=\"480\" data-mobile_size=\"25\" style=\"height: 25px;\"><\/div>[\/vc_column][vc_column width=\u00bb1\/6&#8243; offset=\u00bbvc_col-xs-6&#8243;]<div class=\"dfd-team-member layout-01 \" ><div class=\"image-wrap\"><img decoding=\"async\" src=\"https:\/\/www.academianutricionydietetica.org\/pro\/uploads\/2018\/12\/user-default-100x100.jpg\" alt=\"Image\"  class=\"team-member-photo \" style=\"border-radius:200px\" \/><\/div><div class=\"content-wrap\"><div class=\"title-wrap\"><h3 class=\"team-member-title \" style=\"font-size: 14px; line-height: 18px; \">Merc\u00e9 Candela Agust\u00ed<\/h3><\/div><div class=\"team-member-description\" style=\"\"><\/div><\/div><\/div><div class=\"dfd-spacer-module\"  data-units=\"px\" data-wide_resolution=\"1280\" data-wide_size=\"25\" data-normal_resolution=\"1024\" data-normal_size=\"25\" data-tablet_resolution=\"800\" data-tablet_size=\"25\" data-mobile_resolution=\"480\" data-mobile_size=\"25\" style=\"height: 25px;\"><\/div>[\/vc_column][vc_column width=\u00bb1\/6&#8243;]<div class=\"dfd-team-member layout-01 \" ><div class=\"image-wrap\"><img decoding=\"async\" src=\"https:\/\/www.academianutricionydietetica.org\/pro\/uploads\/2019\/06\/49-100x100.jpg\" alt=\"Image\"  class=\"team-member-photo \" style=\"border-radius:150px\" \/><a class=\"image-custom-link both-title-and-image\" href=\"https:\/\/www.academianutricionydietetica.org\/pro\/la-academia\/organos-de-gobierno\/pilar-cervera-ral\/\" title=\"Pilar Cervera Ral\" ><\/a><\/div><div class=\"content-wrap\"><div class=\"title-wrap\"><div class=\"team-member-title feature-title\" style=\"font-size: 14px; line-height: 14px; \"><a href=\"https:\/\/www.academianutricionydietetica.org\/pro\/la-academia\/organos-de-gobierno\/pilar-cervera-ral\/\" title=\"Pilar Cervera Ral\" >Pilar Cervera Ral<\/a><\/div><\/div><div class=\"team-member-description\" style=\"\"><\/div><\/div><\/div><div class=\"dfd-spacer-module\"  data-units=\"px\" data-wide_resolution=\"1280\" data-wide_size=\"25\" data-normal_resolution=\"1024\" data-normal_size=\"25\" data-tablet_resolution=\"800\" data-tablet_size=\"25\" data-mobile_resolution=\"480\" data-mobile_size=\"25\" style=\"height: 25px;\"><\/div>[\/vc_column][vc_column width=\u00bb1\/6&#8243;]<div class=\"dfd-team-member layout-01 \" ><div class=\"image-wrap\"><img decoding=\"async\" src=\"https:\/\/www.academianutricionydietetica.org\/pro\/uploads\/2024\/04\/6e99eddf-06f2-4da2-a92a-09eae383806e-100x100.jpeg\" alt=\"Image\"  class=\"team-member-photo \" style=\"border-radius:150px\" \/><a class=\"image-custom-link image-link\" href=\"https:\/\/www.academianutricionydietetica.org\/pro\/la-academia\/organos-de-gobierno\/raimunda-curco-masdeu\/\" title=\"Raimunda Curc\u00f3 Masdeu\" ><\/a><\/div><div class=\"content-wrap\"><div class=\"title-wrap\"><div class=\"team-member-title feature-title\" style=\"font-size: 14px; line-height: 14px; \">Raimunda Curc\u00f3 Masdeu<\/div><\/div><div class=\"team-member-description\" style=\"\"><\/div><\/div><\/div><div class=\"dfd-spacer-module\"  data-units=\"px\" data-wide_resolution=\"1280\" data-wide_size=\"25\" data-normal_resolution=\"1024\" data-normal_size=\"25\" data-tablet_resolution=\"800\" data-tablet_size=\"25\" data-mobile_resolution=\"480\" data-mobile_size=\"25\" style=\"height: 25px;\"><\/div>[\/vc_column][\/vc_row][vc_row dfd_row_config=\u00bbdefault_row_small_paddings\u00bb el_class=\u00bbmembers-4&#8243;][vc_column width=\u00bb1\/6&#8243;]<div class=\"dfd-team-member layout-01 \" ><div class=\"image-wrap\"><img decoding=\"async\" src=\"https:\/\/www.academianutricionydietetica.org\/pro\/uploads\/2024\/04\/Foto-Vicente-Domingo-100x100.jpg\" alt=\"Image\"  class=\"team-member-photo \" style=\"border-radius:150px\" \/><a class=\"image-custom-link both-title-and-image\" href=\"https:\/\/www.academianutricionydietetica.org\/pro\/la-academia\/organos-de-gobierno\/vicente-domingo-gonzalez\/\" title=\"Vicente Domingo Gonz\u00e1lez\" ><\/a><\/div><div class=\"content-wrap\"><div class=\"title-wrap\"><div class=\"team-member-title feature-title\" style=\"font-size: 14px; line-height: 14px; \"><a href=\"https:\/\/www.academianutricionydietetica.org\/pro\/la-academia\/organos-de-gobierno\/vicente-domingo-gonzalez\/\" title=\"Vicente Domingo Gonz\u00e1lez\" >Vicente Domingo Gonz\u00e1lez<\/a><\/div><\/div><div class=\"team-member-description\" style=\"\"><\/div><\/div><\/div><div class=\"dfd-spacer-module\"  data-units=\"px\" data-wide_resolution=\"1280\" data-wide_size=\"25\" data-normal_resolution=\"1024\" data-normal_size=\"25\" data-tablet_resolution=\"800\" data-tablet_size=\"25\" data-mobile_resolution=\"480\" data-mobile_size=\"25\" style=\"height: 25px;\"><\/div>[\/vc_column][vc_column width=\u00bb1\/6&#8243;]<div class=\"dfd-team-member layout-01 \" ><div class=\"image-wrap\"><img decoding=\"async\" src=\"https:\/\/www.academianutricionydietetica.org\/pro\/uploads\/2024\/03\/Marius-DURAN-100x100.jpg\" alt=\"Image\"  class=\"team-member-photo \" style=\"border-radius:150px\" \/><a class=\"image-custom-link both-title-and-image\" href=\"https:\/\/www.academianutricionydietetica.org\/pro\/la-academia\/organos-de-gobierno\/marius-duran-hortola\/\" title=\"M\u00e1rius Dur\u00e1n Hortol\u00e1\" ><\/a><\/div><div class=\"content-wrap\"><div class=\"title-wrap\"><div class=\"team-member-title feature-title\" style=\"font-size: 14px; line-height: 14px; \"><a href=\"https:\/\/www.academianutricionydietetica.org\/pro\/la-academia\/organos-de-gobierno\/marius-duran-hortola\/\" title=\"M\u00e1rius Dur\u00e1n Hortol\u00e1\" >M\u00e1rius Dur\u00e1n Hortol\u00e1<\/a><\/div><\/div><div class=\"team-member-description\" style=\"\"><\/div><\/div><\/div><div class=\"dfd-spacer-module\"  data-units=\"px\" data-wide_resolution=\"1280\" data-wide_size=\"25\" data-normal_resolution=\"1024\" data-normal_size=\"25\" data-tablet_resolution=\"800\" data-tablet_size=\"25\" data-mobile_resolution=\"480\" data-mobile_size=\"25\" style=\"height: 25px;\"><\/div>[\/vc_column][vc_column width=\u00bb1\/6&#8243; offset=\u00bbvc_col-xs-6&#8243; col_shadow=\u00bbbox_shadow_enable:disable|shadow_horizontal:0|shadow_vertical:15|shadow_blur:50|shadow_spread:0|box_shadow_color:rgba(0%2C0%2C0%2C.35)\u00bb col_shadow_hover=\u00bbbox_shadow_enable:disable|shadow_horizontal:0|shadow_vertical:15|shadow_blur:50|shadow_spread:0|box_shadow_color:rgba(0%2C0%2C0%2C.35)\u00bb]<div class=\"dfd-team-member layout-01 \" ><div class=\"image-wrap\"><img decoding=\"async\" src=\"https:\/\/www.academianutricionydietetica.org\/pro\/uploads\/2018\/12\/user-default-100x100.jpg\" alt=\"Image\"  class=\"team-member-photo \" style=\"border-radius:200px\" \/><\/div><div class=\"content-wrap\"><div class=\"title-wrap\"><h3 class=\"team-member-title \" style=\"font-size: 14px; line-height: 18px; \">Maria Teresa Marqu\u00e9s Giroud<\/h3><\/div><div class=\"team-member-description\" style=\"\"><\/div><\/div><\/div><div class=\"dfd-spacer-module\"  data-units=\"px\" data-wide_resolution=\"1280\" data-wide_size=\"25\" data-normal_resolution=\"1024\" data-normal_size=\"25\" data-tablet_resolution=\"800\" data-tablet_size=\"25\" data-mobile_resolution=\"480\" data-mobile_size=\"25\" style=\"height: 25px;\"><\/div>[\/vc_column][vc_column width=\u00bb1\/6&#8243; offset=\u00bbvc_col-xs-6&#8243; col_shadow=\u00bbbox_shadow_enable:disable|shadow_horizontal:0|shadow_vertical:15|shadow_blur:50|shadow_spread:0|box_shadow_color:rgba(0%2C0%2C0%2C.35)\u00bb col_shadow_hover=\u00bbbox_shadow_enable:disable|shadow_horizontal:0|shadow_vertical:15|shadow_blur:50|shadow_spread:0|box_shadow_color:rgba(0%2C0%2C0%2C.35)\u00bb]<div class=\"dfd-team-member layout-01 \" ><div class=\"image-wrap\"><img decoding=\"async\" src=\"https:\/\/www.academianutricionydietetica.org\/pro\/uploads\/2019\/06\/34-100x100.jpg\" alt=\"Image\"  class=\"team-member-photo \" style=\"border-radius:150px\" \/><a class=\"image-custom-link both-title-and-image\" href=\"https:\/\/www.academianutricionydietetica.org\/pro\/la-academia\/organos-de-gobierno\/abelardo-garcia-de-lorenzo-y-mateos\/\" title=\"Abelardo Garc\u00eda De Lorenzo y Mateos\" ><\/a><\/div><div class=\"content-wrap\"><div class=\"title-wrap\"><div class=\"team-member-title feature-title\" style=\"font-size: 14px; line-height: 14px; \"><a href=\"https:\/\/www.academianutricionydietetica.org\/pro\/la-academia\/organos-de-gobierno\/abelardo-garcia-de-lorenzo-y-mateos\/\" title=\"Abelardo Garc\u00eda De Lorenzo y Mateos\" >Abelardo Garc\u00eda De Lorenzo y Mateos<\/a><\/div><\/div><div class=\"team-member-description\" style=\"\"><\/div><\/div><\/div><div class=\"dfd-spacer-module\"  data-units=\"px\" data-wide_resolution=\"1280\" data-wide_size=\"25\" data-normal_resolution=\"1024\" data-normal_size=\"25\" data-tablet_resolution=\"800\" data-tablet_size=\"25\" data-mobile_resolution=\"480\" data-mobile_size=\"25\" style=\"height: 25px;\"><\/div>[\/vc_column][vc_column width=\u00bb1\/6&#8243; offset=\u00bbvc_col-xs-6&#8243; col_shadow=\u00bbbox_shadow_enable:disable|shadow_horizontal:0|shadow_vertical:15|shadow_blur:50|shadow_spread:0|box_shadow_color:rgba(0%2C0%2C0%2C.35)\u00bb col_shadow_hover=\u00bbbox_shadow_enable:disable|shadow_horizontal:0|shadow_vertical:15|shadow_blur:50|shadow_spread:0|box_shadow_color:rgba(0%2C0%2C0%2C.35)\u00bb]<div class=\"dfd-team-member layout-01 \" ><div class=\"image-wrap\"><img decoding=\"async\" src=\"https:\/\/www.academianutricionydietetica.org\/pro\/uploads\/2024\/03\/Julio-J-Herrero-100x100.png\" alt=\"Image\"  class=\"team-member-photo \" style=\"border-radius:150px\" \/><a class=\"image-custom-link both-title-and-image\" href=\"https:\/\/www.academianutricionydietetica.org\/pro\/la-academia\/organos-de-gobierno\/julio-jose-herrero-pons\/\" title=\"Julio Jos\u00e9 Herrero Pons\" ><\/a><\/div><div class=\"content-wrap\"><div class=\"title-wrap\"><div class=\"team-member-title feature-title\" style=\"font-size: 14px; line-height: 14px; \"><a href=\"https:\/\/www.academianutricionydietetica.org\/pro\/la-academia\/organos-de-gobierno\/julio-jose-herrero-pons\/\" title=\"Julio Jos\u00e9 Herrero Pons\" >Julio Jos\u00e9 Herrero Pons<\/a><\/div><\/div><div class=\"team-member-description\" style=\"\"><\/div><\/div><\/div><div class=\"dfd-spacer-module\"  data-units=\"px\" data-wide_resolution=\"1280\" data-wide_size=\"25\" data-normal_resolution=\"1024\" data-normal_size=\"25\" data-tablet_resolution=\"800\" data-tablet_size=\"25\" data-mobile_resolution=\"480\" data-mobile_size=\"25\" style=\"height: 25px;\"><\/div>[\/vc_column][vc_column width=\u00bb1\/6&#8243; col_shadow=\u00bbbox_shadow_enable:disable|shadow_horizontal:0|shadow_vertical:15|shadow_blur:50|shadow_spread:0|box_shadow_color:rgba(0%2C0%2C0%2C.35)\u00bb col_shadow_hover=\u00bbbox_shadow_enable:disable|shadow_horizontal:0|shadow_vertical:15|shadow_blur:50|shadow_spread:0|box_shadow_color:rgba(0%2C0%2C0%2C.35)\u00bb]<div class=\"dfd-team-member layout-01 \" ><div class=\"image-wrap\"><img decoding=\"async\" src=\"https:\/\/www.academianutricionydietetica.org\/pro\/uploads\/2019\/06\/113-100x100.jpg\" alt=\"Image\"  class=\"team-member-photo \" style=\"border-radius:150px\" \/><a class=\"image-custom-link both-title-and-image\" href=\"https:\/\/www.academianutricionydietetica.org\/pro\/la-academia\/organos-de-gobierno\/susan-johnston-hackett\/\" title=\"Susan Johnston Hackett\" ><\/a><\/div><div class=\"content-wrap\"><div class=\"title-wrap\"><div class=\"team-member-title feature-title\" style=\"font-size: 14px; line-height: 14px; \"><a href=\"https:\/\/www.academianutricionydietetica.org\/pro\/la-academia\/organos-de-gobierno\/susan-johnston-hackett\/\" title=\"Susan Johnston Hackett\" >Susan Johnston Hackett<\/a><\/div><\/div><div class=\"team-member-description\" style=\"\"><\/div><\/div><\/div><div class=\"dfd-spacer-module\"  data-units=\"px\" data-wide_resolution=\"1280\" data-wide_size=\"25\" data-normal_resolution=\"1024\" data-normal_size=\"25\" data-tablet_resolution=\"800\" data-tablet_size=\"25\" data-mobile_resolution=\"480\" data-mobile_size=\"25\" style=\"height: 25px;\"><\/div>[\/vc_column][\/vc_row][vc_row dfd_row_config=\u00bbdefault_row_small_paddings\u00bb el_class=\u00bbmembers-4&#8243;][vc_column width=\u00bb1\/6&#8243; offset=\u00bbvc_col-xs-6&#8243; col_shadow=\u00bbbox_shadow_enable:disable|shadow_horizontal:0|shadow_vertical:15|shadow_blur:50|shadow_spread:0|box_shadow_color:rgba(0%2C0%2C0%2C.35)\u00bb col_shadow_hover=\u00bbbox_shadow_enable:disable|shadow_horizontal:0|shadow_vertical:15|shadow_blur:50|shadow_spread:0|box_shadow_color:rgba(0%2C0%2C0%2C.35)\u00bb]<div class=\"dfd-team-member layout-01 \" ><div class=\"image-wrap\"><img decoding=\"async\" src=\"https:\/\/www.academianutricionydietetica.org\/pro\/uploads\/2023\/11\/Ana-MAria-Marti-677x1024-100x100.jpg\" alt=\"Image\"  class=\"team-member-photo \" style=\"border-radius:150px\" \/><a class=\"image-custom-link both-title-and-image\" href=\"https:\/\/www.academianutricionydietetica.org\/pro\/la-academia\/organos-de-gobierno\/ana-maria-martin-de-pablo\/\" title=\"Ana Mar\u00eda Mart\u00edn de Pablo\" ><\/a><\/div><div class=\"content-wrap\"><div class=\"title-wrap\"><div class=\"team-member-title feature-title\" style=\"font-size: 14px; line-height: 14px; \"><a href=\"https:\/\/www.academianutricionydietetica.org\/pro\/la-academia\/organos-de-gobierno\/ana-maria-martin-de-pablo\/\" title=\"Ana Mar\u00eda Mart\u00edn de Pablo\" >Ana Mar\u00eda Mart\u00edn de Pablo<\/a><\/div><\/div><div class=\"team-member-description\" style=\"\"><\/div><\/div><\/div><div class=\"dfd-spacer-module\"  data-units=\"px\" data-wide_resolution=\"1280\" data-wide_size=\"25\" data-normal_resolution=\"1024\" data-normal_size=\"25\" data-tablet_resolution=\"800\" data-tablet_size=\"25\" data-mobile_resolution=\"480\" data-mobile_size=\"25\" style=\"height: 25px;\"><\/div>[\/vc_column][vc_column width=\u00bb1\/6&#8243;]<div class=\"dfd-team-member layout-01 \" ><div class=\"image-wrap\"><img decoding=\"async\" src=\"https:\/\/www.academianutricionydietetica.org\/pro\/uploads\/2024\/03\/Foto-graduacion-100x100.jpeg\" alt=\"Image\"  class=\"team-member-photo \" style=\"border-radius:150px\" \/><a class=\"image-custom-link both-title-and-image\" href=\"https:\/\/www.academianutricionydietetica.org\/pro\/la-academia\/organos-de-gobierno\/mari-olcina-simon\/\" title=\"Mari Olcina Sim\u00f3n\" ><\/a><\/div><div class=\"content-wrap\"><div class=\"title-wrap\"><div class=\"team-member-title feature-title\" style=\"font-size: 14px; line-height: 14px; \"><a href=\"https:\/\/www.academianutricionydietetica.org\/pro\/la-academia\/organos-de-gobierno\/mari-olcina-simon\/\" title=\"Mari Olcina Sim\u00f3n\" >Mari Olcina Sim\u00f3n<\/a><\/div><\/div><div class=\"team-member-description\" style=\"\"><\/div><\/div><\/div><div class=\"dfd-spacer-module\"  data-units=\"px\" data-wide_resolution=\"1280\" data-wide_size=\"25\" data-normal_resolution=\"1024\" data-normal_size=\"25\" data-tablet_resolution=\"800\" data-tablet_size=\"25\" data-mobile_resolution=\"480\" data-mobile_size=\"25\" style=\"height: 25px;\"><\/div>[\/vc_column][vc_column width=\u00bb1\/6&#8243;]<div class=\"dfd-team-member layout-01 \" ><div class=\"image-wrap\"><img decoding=\"async\" src=\"https:\/\/www.academianutricionydietetica.org\/pro\/uploads\/2023\/01\/MFOS-2-1012x1024-100x100.jpg\" alt=\"Image\"  class=\"team-member-photo \" style=\"border-radius:150px\" \/><\/div><div class=\"content-wrap\"><div class=\"title-wrap\"><div class=\"team-member-title feature-title\" style=\"font-size: 14px; line-height: 14px; \">F\u00e1tima Olea<\/div><\/div><div class=\"team-member-description\" style=\"\"><\/div><\/div><\/div><div class=\"dfd-spacer-module\"  data-units=\"px\" data-wide_resolution=\"1280\" data-wide_size=\"25\" data-normal_resolution=\"1024\" data-normal_size=\"25\" data-tablet_resolution=\"800\" data-tablet_size=\"25\" data-mobile_resolution=\"480\" data-mobile_size=\"25\" style=\"height: 25px;\"><\/div>[\/vc_column][vc_column width=\u00bb1\/6&#8243; offset=\u00bbvc_col-xs-6&#8243; col_shadow=\u00bbbox_shadow_enable:disable|shadow_horizontal:0|shadow_vertical:15|shadow_blur:50|shadow_spread:0|box_shadow_color:rgba(0%2C0%2C0%2C.35)\u00bb col_shadow_hover=\u00bbbox_shadow_enable:disable|shadow_horizontal:0|shadow_vertical:15|shadow_blur:50|shadow_spread:0|box_shadow_color:rgba(0%2C0%2C0%2C.35)\u00bb]<div class=\"dfd-team-member layout-01 \" ><div class=\"image-wrap\"><img decoding=\"async\" src=\"https:\/\/www.academianutricionydietetica.org\/pro\/uploads\/2019\/06\/48-100x100.jpg\" alt=\"Image\"  class=\"team-member-photo \" style=\"border-radius:150px\" \/><a class=\"image-custom-link both-title-and-image\" href=\"https:\/\/www.academianutricionydietetica.org\/pro\/la-academia\/organos-de-gobierno\/laura-padro-massaguer\/\" title=\"Laura Padr\u00f3 Massaguer\" ><\/a><\/div><div class=\"content-wrap\"><div class=\"title-wrap\"><div class=\"team-member-title feature-title\" style=\"font-size: 14px; line-height: 14px; \"><a href=\"https:\/\/www.academianutricionydietetica.org\/pro\/la-academia\/organos-de-gobierno\/laura-padro-massaguer\/\" title=\"Laura Padr\u00f3 Massaguer\" >Laura Padr\u00f3 Massaguer<\/a><\/div><\/div><div class=\"team-member-description\" style=\"\"><\/div><\/div><\/div><div class=\"dfd-spacer-module\"  data-units=\"px\" data-wide_resolution=\"1280\" data-wide_size=\"25\" data-normal_resolution=\"1024\" data-normal_size=\"25\" data-tablet_resolution=\"800\" data-tablet_size=\"25\" data-mobile_resolution=\"480\" data-mobile_size=\"25\" style=\"height: 25px;\"><\/div>[\/vc_column][vc_column width=\u00bb1\/6&#8243; offset=\u00bbvc_col-xs-6&#8243; col_shadow=\u00bbbox_shadow_enable:disable|shadow_horizontal:0|shadow_vertical:15|shadow_blur:50|shadow_spread:0|box_shadow_color:rgba(0%2C0%2C0%2C.35)\u00bb col_shadow_hover=\u00bbbox_shadow_enable:disable|shadow_horizontal:0|shadow_vertical:15|shadow_blur:50|shadow_spread:0|box_shadow_color:rgba(0%2C0%2C0%2C.35)\u00bb]<div class=\"dfd-team-member layout-01 \" ><div class=\"image-wrap\"><img decoding=\"async\" src=\"https:\/\/www.academianutricionydietetica.org\/pro\/uploads\/2019\/06\/1-100x100.png\" alt=\"Image\"  class=\"team-member-photo \" style=\"border-radius:200px\" \/><a class=\"image-custom-link both-title-and-image\" href=\"https:\/\/www.academianutricionydietetica.org\/pro\/la-academia\/organos-de-gobierno\/cleofe-perez-portabella\/\" title=\"Cleofe Perez Portabella\" ><\/a><\/div><div class=\"content-wrap\"><div class=\"title-wrap\"><h3 class=\"team-member-title \" style=\"font-size: 14px; line-height: 18px; \"><a href=\"https:\/\/www.academianutricionydietetica.org\/pro\/la-academia\/organos-de-gobierno\/cleofe-perez-portabella\/\" title=\"Cleofe Perez Portabella\" >Cleof\u00e9 P\u00e9rez Portabella<\/a><\/h3><\/div><div class=\"team-member-description\" style=\"\"><\/div><\/div><\/div><div class=\"dfd-spacer-module\"  data-units=\"px\" data-wide_resolution=\"1280\" data-wide_size=\"25\" data-normal_resolution=\"1024\" data-normal_size=\"25\" data-tablet_resolution=\"800\" data-tablet_size=\"25\" data-mobile_resolution=\"480\" data-mobile_size=\"25\" style=\"height: 25px;\"><\/div>[\/vc_column][vc_column width=\u00bb1\/6&#8243; col_shadow=\u00bbbox_shadow_enable:disable|shadow_horizontal:0|shadow_vertical:15|shadow_blur:50|shadow_spread:0|box_shadow_color:rgba(0%2C0%2C0%2C.35)\u00bb col_shadow_hover=\u00bbbox_shadow_enable:disable|shadow_horizontal:0|shadow_vertical:15|shadow_blur:50|shadow_spread:0|box_shadow_color:rgba(0%2C0%2C0%2C.35)\u00bb]<div class=\"dfd-team-member layout-01 \" ><div class=\"image-wrap\"><img decoding=\"async\" src=\"https:\/\/www.academianutricionydietetica.org\/pro\/uploads\/2024\/03\/Judy-Rodriguez-681x1024-100x100.jpg\" alt=\"Image\"  class=\"team-member-photo \" style=\"border-radius:150px\" \/><a class=\"image-custom-link both-title-and-image\" href=\"https:\/\/www.academianutricionydietetica.org\/pro\/la-academia\/organos-de-gobierno\/judy-rodriguez\/\" title=\"Judy Rodr\u00edguez\" ><\/a><\/div><div class=\"content-wrap\"><div class=\"title-wrap\"><div class=\"team-member-title feature-title\" style=\"font-size: 14px; line-height: 14px; \"><a href=\"https:\/\/www.academianutricionydietetica.org\/pro\/la-academia\/organos-de-gobierno\/judy-rodriguez\/\" title=\"Judy Rodr\u00edguez\" >Judy Rodr\u00edguez<\/a><\/div><\/div><div class=\"team-member-description\" style=\"\"><\/div><\/div><\/div><div class=\"dfd-spacer-module\"  data-units=\"px\" data-wide_resolution=\"1280\" data-wide_size=\"25\" data-normal_resolution=\"1024\" data-normal_size=\"25\" data-tablet_resolution=\"800\" data-tablet_size=\"25\" data-mobile_resolution=\"480\" data-mobile_size=\"25\" style=\"height: 25px;\"><\/div>[\/vc_column][\/vc_row][vc_row dfd_row_config=\u00bbdefault_row_small_paddings\u00bb el_class=\u00bbmembers-4&#8243;][vc_column width=\u00bb1\/6&#8243;]<div class=\"dfd-team-member layout-01 \" ><div class=\"image-wrap\"><img decoding=\"async\" src=\"https:\/\/www.academianutricionydietetica.org\/pro\/uploads\/2019\/06\/6-100x100.png\" alt=\"Image\"  class=\"team-member-photo \" style=\"border-radius:200px\" \/><a class=\"image-custom-link both-title-and-image\" href=\"https:\/\/www.academianutricionydietetica.org\/pro\/la-academia\/organos-de-gobierno\/nahyr-schinca-lecocq\/\" title=\"Nahyr Schinca Lecocq\" ><\/a><\/div><div class=\"content-wrap\"><div class=\"title-wrap\"><h3 class=\"team-member-title \" style=\"font-size: 14px; line-height: 18px; \"><a href=\"https:\/\/www.academianutricionydietetica.org\/pro\/la-academia\/organos-de-gobierno\/nahyr-schinca-lecocq\/\" title=\"Nahyr Schinca Lecocq\" >Nahyr Schinca Lecocq<\/a><\/h3><\/div><div class=\"team-member-description\" style=\"\"><\/div><\/div><\/div><div class=\"dfd-spacer-module\"  data-units=\"px\" data-wide_resolution=\"1280\" data-wide_size=\"25\" data-normal_resolution=\"1024\" data-normal_size=\"25\" data-tablet_resolution=\"800\" data-tablet_size=\"25\" data-mobile_resolution=\"480\" data-mobile_size=\"25\" style=\"height: 25px;\"><\/div>[\/vc_column][vc_column width=\u00bb1\/6&#8243;]<div class=\"dfd-team-member layout-01 \" ><div class=\"image-wrap\"><img decoding=\"async\" src=\"https:\/\/www.academianutricionydietetica.org\/pro\/uploads\/2019\/06\/50-100x100.png\" alt=\"Image\"  class=\"team-member-photo \" style=\"border-radius:150px\" \/><a class=\"image-custom-link both-title-and-image\" href=\"https:\/\/www.academianutricionydietetica.org\/pro\/la-academia\/organos-de-gobierno\/rita-rigolfas-torras\/\" title=\"Rita Rigolfas Torras\" ><\/a><\/div><div class=\"content-wrap\"><div class=\"title-wrap\"><div class=\"team-member-title feature-title\" style=\"font-size: 14px; line-height: 14px; \"><a href=\"https:\/\/www.academianutricionydietetica.org\/pro\/la-academia\/organos-de-gobierno\/rita-rigolfas-torras\/\" title=\"Rita Rigolfas Torras\" >Rita Rigolfas Torras<\/a><\/div><\/div><div class=\"team-member-description\" style=\"\"><\/div><\/div><\/div><div class=\"dfd-spacer-module\"  data-units=\"px\" data-wide_resolution=\"1280\" data-wide_size=\"25\" data-normal_resolution=\"1024\" data-normal_size=\"25\" data-tablet_resolution=\"800\" data-tablet_size=\"25\" data-mobile_resolution=\"480\" data-mobile_size=\"25\" style=\"height: 25px;\"><\/div>[\/vc_column][vc_column width=\u00bb1\/6&#8243;]<div class=\"dfd-team-member layout-01 \" ><div class=\"image-wrap\"><img decoding=\"async\" src=\"https:\/\/www.academianutricionydietetica.org\/pro\/uploads\/2022\/08\/perfil-yolanda-100x100.jpg\" alt=\"Image\"  class=\"team-member-photo \" style=\"border-radius:200px\" \/><a class=\"image-custom-link both-title-and-image\" href=\"https:\/\/www.academianutricionydietetica.org\/pro\/la-academia\/organos-de-gobierno\/yolanda-sala-vidal\/\" title=\"Yolanda Sala Vidal\" ><\/a><\/div><div class=\"content-wrap\"><div class=\"title-wrap\"><h3 class=\"team-member-title \" style=\"font-size: 14px; line-height: 18px; \"><a href=\"https:\/\/www.academianutricionydietetica.org\/pro\/la-academia\/organos-de-gobierno\/yolanda-sala-vidal\/\" title=\"Yolanda Sala Vidal\" >Yolanda Sala Vidal<\/a><\/h3><\/div><div class=\"team-member-description\" style=\"\"><\/div><\/div><\/div><div class=\"dfd-spacer-module\"  data-units=\"px\" data-wide_resolution=\"1280\" data-wide_size=\"25\" data-normal_resolution=\"1024\" data-normal_size=\"25\" data-tablet_resolution=\"800\" data-tablet_size=\"25\" data-mobile_resolution=\"480\" data-mobile_size=\"25\" style=\"height: 25px;\"><\/div>[\/vc_column][vc_column width=\u00bb1\/6&#8243;]<div class=\"dfd-team-member layout-01 \" ><div class=\"image-wrap\"><img decoding=\"async\" src=\"https:\/\/www.academianutricionydietetica.org\/pro\/uploads\/2023\/11\/Jordi-Salvany-100x100.jpg\" alt=\"Image\"  class=\"team-member-photo \" style=\"border-radius:200px\" \/><a class=\"image-custom-link both-title-and-image\" href=\"https:\/\/www.academianutricionydietetica.org\/pro\/la-academia\/organos-de-gobierno\/jordy-salvany-guerrero\/\" title=\"Jordy Salvany Guerrero\" ><\/a><\/div><div class=\"content-wrap\"><div class=\"title-wrap\"><h3 class=\"team-member-title \" style=\"font-size: 14px; line-height: 18px; \"><a href=\"https:\/\/www.academianutricionydietetica.org\/pro\/la-academia\/organos-de-gobierno\/jordy-salvany-guerrero\/\" title=\"Jordy Salvany Guerrero\" >Jordi Salvany Guerrero<\/a><\/h3><\/div><div class=\"team-member-description\" style=\"\"><\/div><\/div><\/div><div class=\"dfd-spacer-module\"  data-units=\"px\" data-wide_resolution=\"1280\" data-wide_size=\"25\" data-normal_resolution=\"1024\" data-normal_size=\"25\" data-tablet_resolution=\"800\" data-tablet_size=\"25\" data-mobile_resolution=\"480\" data-mobile_size=\"25\" style=\"height: 25px;\"><\/div>[\/vc_column][vc_column width=\u00bb1\/6&#8243; col_shadow=\u00bbbox_shadow_enable:disable|shadow_horizontal:0|shadow_vertical:15|shadow_blur:50|shadow_spread:0|box_shadow_color:rgba(0%2C0%2C0%2C.35)\u00bb col_shadow_hover=\u00bbbox_shadow_enable:disable|shadow_horizontal:0|shadow_vertical:15|shadow_blur:50|shadow_spread:0|box_shadow_color:rgba(0%2C0%2C0%2C.35)\u00bb]<div class=\"dfd-team-member layout-01 \" ><div class=\"image-wrap\"><img decoding=\"async\" src=\"https:\/\/www.academianutricionydietetica.org\/pro\/uploads\/2023\/11\/Emilia-Tarda-949x1024-100x100.jpg\" alt=\"Image\"  class=\"team-member-photo \" style=\"border-radius:150px\" \/><a class=\"image-custom-link image-link\" href=\"https:\/\/www.academianutricionydietetica.org\/pro\/la-academia\/organos-de-gobierno\/emilia-tarda-jover\/\" title=\"Emilia Tard\u00e0 Jover\" ><\/a><\/div><div class=\"content-wrap\"><div class=\"title-wrap\"><div class=\"team-member-title feature-title\" style=\"font-size: 14px; line-height: 14px; \">Emilia Tard\u00e0 Jover<\/div><\/div><div class=\"team-member-description\" style=\"\"><\/div><\/div><\/div><div class=\"dfd-spacer-module\"  data-units=\"px\" data-wide_resolution=\"1280\" data-wide_size=\"25\" data-normal_resolution=\"1024\" data-normal_size=\"25\" data-tablet_resolution=\"800\" data-tablet_size=\"25\" data-mobile_resolution=\"480\" data-mobile_size=\"25\" style=\"height: 25px;\"><\/div>[\/vc_column][vc_column width=\u00bb1\/6&#8243;]<div class=\"dfd-team-member layout-01 \" ><div class=\"image-wrap\"><img decoding=\"async\" src=\"https:\/\/www.academianutricionydietetica.org\/pro\/uploads\/2018\/12\/user-default-100x100.jpg\" alt=\"Image\"  class=\"team-member-photo \" style=\"border-radius:150px\" \/><\/div><div class=\"content-wrap\"><div class=\"title-wrap\"><div class=\"team-member-title feature-title\" style=\"font-size: 14px; line-height: 14px; \">Carme Vila Ormazabal<\/div><\/div><div class=\"team-member-description\" style=\"\"><\/div><\/div><\/div><div class=\"dfd-spacer-module\"  data-units=\"px\" data-wide_resolution=\"1280\" data-wide_size=\"25\" data-normal_resolution=\"1024\" data-normal_size=\"25\" data-tablet_resolution=\"800\" data-tablet_size=\"25\" data-mobile_resolution=\"480\" data-mobile_size=\"25\" style=\"height: 25px;\"><\/div>[\/vc_column][\/vc_row][vc_row dfd_row_config=\u00bbdefault_row_small_paddings\u00bb el_class=\u00bbmembers-4&#8243;][vc_column offset=\u00bbvc_col-xs-6&#8243; col_shadow=\u00bbbox_shadow_enable:disable|shadow_horizontal:0|shadow_vertical:15|shadow_blur:50|shadow_spread:0|box_shadow_color:rgba(0%2C0%2C0%2C.35)\u00bb col_shadow_hover=\u00bbbox_shadow_enable:disable|shadow_horizontal:0|shadow_vertical:15|shadow_blur:50|shadow_spread:0|box_shadow_color:rgba(0%2C0%2C0%2C.35)\u00bb][\/vc_column][\/vc_row][vc_row dfd_row_config=\u00bbdefault_row_small_paddings\u00bb el_class=\u00bbmembers-4&#8243;][vc_column offset=\u00bbvc_col-xs-6&#8243; col_shadow=\u00bbbox_shadow_enable:disable|shadow_horizontal:0|shadow_vertical:15|shadow_blur:50|shadow_spread:0|box_shadow_color:rgba(0%2C0%2C0%2C.35)\u00bb col_shadow_hover=\u00bbbox_shadow_enable:disable|shadow_horizontal:0|shadow_vertical:15|shadow_blur:50|shadow_spread:0|box_shadow_color:rgba(0%2C0%2C0%2C.35)\u00bb]<div class=\"dfd-spacer-module\"  data-units=\"px\" data-wide_resolution=\"1280\" data-wide_size=\"25\" data-normal_resolution=\"1024\" data-normal_size=\"25\" data-tablet_resolution=\"800\" data-tablet_size=\"25\" data-mobile_resolution=\"480\" data-mobile_size=\"25\" style=\"height: 25px;\"><\/div>[\/vc_column][\/vc_row][vc_row dfd_enable_overlay=\u00bb\u00bb dfd_row_config=\u00bbfull_width_content\u00bb dfd_row_responsive_enable=\u00bbdfd-row-responsive-enable\u00bb css=\u00bb.vc_custom_1521212764013{padding-right: 12% !important;padding-left: 12% !important;}\u00bb responsive_styles=\u00bbpadding_left_desktop:20|padding_right_desktop:20|padding_left_tablet:20|padding_right_tablet:20|padding_left_mobile:20|padding_right_mobile:20&#8243;][vc_column]<div class=\"dfd-spacer-module\"  data-units=\"px\" data-wide_resolution=\"1280\" data-wide_size=\"25\" data-normal_resolution=\"1024\" data-normal_size=\"25\" data-tablet_resolution=\"800\" data-tablet_size=\"25\" data-mobile_resolution=\"480\" data-mobile_size=\"25\" style=\"height: 25px;\"><\/div><div class=\"dfd-spacer-module\"  data-units=\"px\" data-wide_resolution=\"1280\" data-wide_size=\"25\" data-normal_resolution=\"1024\" data-normal_size=\"25\" data-tablet_resolution=\"800\" data-tablet_size=\"25\" data-mobile_resolution=\"480\" data-mobile_size=\"25\" style=\"height: 25px;\"><\/div><div class=\"dfd-spacer-module\"  data-units=\"px\" data-wide_resolution=\"1280\" data-wide_size=\"25\" data-normal_resolution=\"1024\" data-normal_size=\"25\" data-tablet_resolution=\"800\" data-tablet_size=\"25\" data-mobile_resolution=\"480\" data-mobile_size=\"25\" style=\"height: 25px;\"><\/div><div class=\"align-icon\" style=\"text-align: center;\">\n<div class=\"aio-icon none  \" style=\"color:#333333;font-size:32px;display:inline-block !important;\" >\n\t<i class=\"dfd-icon-cross2 dfd_icon_set-icon-cross2\"><\/i>\n<\/div><\/div><div class=\"dfd-heading-shortcode\"><div class=\"dfd-heading-module-wrap  text-center style_01 dfd-heading-69f37eeeb4f92 dfd-disable-resposive-headings\" id=\"dfd-heading-69f37eeeb4f92\" ><div class=\"inline-block\"><div class=\"dfd-heading-module\"><h3 class=\"widget-title dfd-title \" style=\"font-size: 18px; line-height: 22.4px; letter-spacing: 5px; \">DESCANSA EN PAZ<\/h3><\/div><\/div><\/div><script type=\"text\/javascript\">\n\t\t\t\t\t\t\t\t\t(function($) {\n\t\t\t\t\t\t\t\t\t\t$(\"head\").append(\"<style>.dfd-heading-69f37eeeb4f92 .dfd-heading-module .widget-title {margin-bottom:25px;}.dfd-heading-69f37eeeb4f92.dfd-heading-module-wrap .dfd-heading-module .dfd-heading-delimiter {margin-top:10px;margin-bottom:10px;}@media (max-width: 799px){.dfd-heading-69f37eeeb4f92 .dfd-title{font-size: 16px !important;line-height: 20px !important;}}<\/style>\");\n\t\t\t\t\t\t\t\t\t})(jQuery);\n\t\t\t\t\t\t\t\t<\/script><\/div><div class=\"dfd-spacer-module\"  data-units=\"px\" data-wide_resolution=\"1280\" data-wide_size=\"15\" data-normal_resolution=\"1024\" data-normal_size=\"15\" data-tablet_resolution=\"800\" data-tablet_size=\"15\" data-mobile_resolution=\"480\" data-mobile_size=\"15\" style=\"height: 15px;\"><\/div>[\/vc_column][\/vc_row][vc_row][vc_column width=\u00bb1\/3&#8243;]<div class=\"dfd-team-member layout-01 \" ><div class=\"image-wrap\"><img decoding=\"async\" src=\"https:\/\/www.academianutricionydietetica.org\/pro\/uploads\/2026\/02\/Cukebras-2-100x100.jpg\" alt=\"Jes\u00fas Culebras Fern\u00e1ndez\"  class=\"team-member-photo \" style=\"border-radius:150px\" \/><\/div><div class=\"content-wrap\"><div class=\"title-wrap\"><div class=\"team-member-title feature-title\" style=\"font-size: 14px; line-height: 14px; \">Jes\u00fas Culebras Fern\u00e1ndez<\/div><\/div><div class=\"team-member-description\" style=\"\"><\/div><\/div><\/div><div class=\"dfd-spacer-module\"  data-units=\"px\" data-wide_resolution=\"1280\" data-wide_size=\"25\" data-normal_resolution=\"1024\" data-normal_size=\"25\" data-tablet_resolution=\"800\" data-tablet_size=\"25\" data-mobile_resolution=\"480\" data-mobile_size=\"25\" style=\"height: 25px;\"><\/div>[\/vc_column][vc_column width=\u00bb1\/3&#8243;]<div class=\"dfd-team-member layout-01 \" ><div class=\"image-wrap\"><img decoding=\"async\" src=\"https:\/\/www.academianutricionydietetica.org\/pro\/uploads\/2018\/12\/user-default-100x100.jpg\" alt=\"Image\"  class=\"team-member-photo \" style=\"border-radius:150px\" \/><\/div><div class=\"content-wrap\"><div class=\"title-wrap\"><div class=\"team-member-title feature-title\" style=\"font-size: 14px; line-height: 14px; \">Marta Corach\u00e1n<\/div><\/div><div class=\"team-member-description\" style=\"\"><\/div><\/div><\/div><div class=\"dfd-spacer-module\"  data-units=\"px\" data-wide_resolution=\"1280\" data-wide_size=\"25\" data-normal_resolution=\"1024\" data-normal_size=\"25\" data-tablet_resolution=\"800\" data-tablet_size=\"25\" data-mobile_resolution=\"480\" data-mobile_size=\"25\" style=\"height: 25px;\"><\/div>[\/vc_column][vc_column width=\u00bb1\/3&#8243;]<div class=\"dfd-team-member layout-01 \" ><div class=\"image-wrap\"><img decoding=\"async\" src=\"https:\/\/www.academianutricionydietetica.org\/pro\/uploads\/2019\/06\/46-100x100.jpg\" alt=\"Image\"  class=\"team-member-photo \" style=\"border-radius:150px\" \/><a class=\"image-custom-link both-title-and-image\" href=\"https:\/\/www.academianutricionydietetica.org\/pro\/la-academia\/organos-de-gobierno\/isabel-garcia-jalon-lama\/\" title=\"Isabel Garc\u00eda-Jal\u00f3n Lama\" ><\/a><\/div><div class=\"content-wrap\"><div class=\"title-wrap\"><div class=\"team-member-title feature-title\" style=\"font-size: 14px; line-height: 14px; \"><a href=\"https:\/\/www.academianutricionydietetica.org\/pro\/la-academia\/organos-de-gobierno\/isabel-garcia-jalon-lama\/\" title=\"Isabel Garc\u00eda-Jal\u00f3n Lama\" >Isabel Garc\u00eda-Jal\u00f3n Lama<\/a><\/div><\/div><div class=\"team-member-description\" style=\"\"><\/div><\/div><\/div><div class=\"dfd-spacer-module\"  data-units=\"px\" data-wide_resolution=\"1280\" data-wide_size=\"25\" data-normal_resolution=\"1024\" data-normal_size=\"25\" data-tablet_resolution=\"800\" data-tablet_size=\"25\" data-mobile_resolution=\"480\" data-mobile_size=\"25\" style=\"height: 25px;\"><\/div>[\/vc_column][\/vc_row][vc_row][vc_column width=\u00bb1\/3&#8243;]<div class=\"dfd-team-member layout-01 \" ><div class=\"image-wrap\"><img decoding=\"async\" src=\"https:\/\/www.academianutricionydietetica.org\/pro\/uploads\/2019\/06\/111-100x100.jpg\" alt=\"Image\"  class=\"team-member-photo \" style=\"border-radius:150px\" \/><a class=\"image-custom-link both-title-and-image\" href=\"https:\/\/www.academianutricionydietetica.org\/pro\/la-academia\/organos-de-gobierno\/ana-sastre-gallego\/\" title=\"Ana Sastre Gallego\" ><\/a><\/div><div class=\"content-wrap\"><div class=\"title-wrap\"><div class=\"team-member-title feature-title\" style=\"font-size: 14px; line-height: 14px; \"><a href=\"https:\/\/www.academianutricionydietetica.org\/pro\/la-academia\/organos-de-gobierno\/ana-sastre-gallego\/\" title=\"Ana Sastre Gallego\" >Ana Sastre Gallego<\/a><\/div><\/div><div class=\"team-member-description\" style=\"\"><\/div><\/div><\/div><div class=\"dfd-spacer-module\"  data-units=\"px\" data-wide_resolution=\"1280\" data-wide_size=\"25\" data-normal_resolution=\"1024\" data-normal_size=\"25\" data-tablet_resolution=\"800\" data-tablet_size=\"25\" data-mobile_resolution=\"480\" data-mobile_size=\"25\" style=\"height: 25px;\"><\/div>[\/vc_column][vc_column width=\u00bb1\/3&#8243;]<div class=\"dfd-team-member layout-01 \" ><div class=\"image-wrap\"><img decoding=\"async\" src=\"https:\/\/www.academianutricionydietetica.org\/pro\/uploads\/2019\/06\/112-100x100.jpg\" alt=\"Image\"  class=\"team-member-photo \" style=\"border-radius:150px\" \/><a class=\"image-custom-link both-title-and-image\" href=\"https:\/\/www.academianutricionydietetica.org\/pro\/la-academia\/organos-de-gobierno\/ma-mercedes-munoz-hornillos\/\" title=\"M\u00aa Mercedes Mu\u00f1oz Hornillos\" ><\/a><\/div><div class=\"content-wrap\"><div class=\"title-wrap\"><div class=\"team-member-title feature-title\" style=\"font-size: 14px; line-height: 14px; \"><a href=\"https:\/\/www.academianutricionydietetica.org\/pro\/la-academia\/organos-de-gobierno\/ma-mercedes-munoz-hornillos\/\" title=\"M\u00aa Mercedes Mu\u00f1oz Hornillos\" >M\u00aa Mercedes Mu\u00f1oz Hornillos<\/a><\/div><\/div><div class=\"team-member-description\" style=\"\"><\/div><\/div><\/div><div class=\"dfd-spacer-module\"  data-units=\"px\" data-wide_resolution=\"1280\" data-wide_size=\"25\" data-normal_resolution=\"1024\" data-normal_size=\"25\" data-tablet_resolution=\"800\" data-tablet_size=\"25\" data-mobile_resolution=\"480\" data-mobile_size=\"25\" style=\"height: 25px;\"><\/div>[\/vc_column][vc_column width=\u00bb1\/3&#8243;]<div class=\"dfd-team-member layout-01 \" ><div class=\"image-wrap\"><img decoding=\"async\" src=\"https:\/\/www.academianutricionydietetica.org\/pro\/uploads\/2019\/06\/31-100x100.jpg\" alt=\"Image\"  class=\"team-member-photo \" style=\"border-radius:150px\" \/><a class=\"image-custom-link both-title-and-image\" href=\"https:\/\/www.academianutricionydietetica.org\/pro\/la-academia\/organos-de-gobierno\/merce-planas-vila\/\" title=\"Merc\u00e9 Planas Vila\" ><\/a><\/div><div class=\"content-wrap\"><div class=\"title-wrap\"><div class=\"team-member-title feature-title\" style=\"font-size: 14px; line-height: 14px; \"><a href=\"https:\/\/www.academianutricionydietetica.org\/pro\/la-academia\/organos-de-gobierno\/merce-planas-vila\/\" title=\"Merc\u00e9 Planas Vila\" >Merc\u00e9 Planas Vila<\/a><\/div><\/div><div class=\"team-member-description\" style=\"\"><\/div><\/div><\/div><div class=\"dfd-spacer-module\"  data-units=\"px\" data-wide_resolution=\"1280\" data-wide_size=\"25\" data-normal_resolution=\"1024\" data-normal_size=\"25\" data-tablet_resolution=\"800\" data-tablet_size=\"25\" data-mobile_resolution=\"480\" data-mobile_size=\"25\" style=\"height: 25px;\"><\/div>[\/vc_column][\/vc_row][vc_row][vc_column]<div class=\"dfd-spacer-module\"  data-units=\"px\" data-wide_resolution=\"1280\" data-wide_size=\"80\" data-normal_resolution=\"1024\" data-normal_size=\"60\" data-tablet_resolution=\"800\" data-tablet_size=\"40\" data-mobile_resolution=\"480\" data-mobile_size=\"40\" style=\"height: 80px;\"><\/div>[\/vc_column][\/vc_row]<\/p>\n","protected":false},"excerpt":{"rendered":"<p>[vc_row dfd_enable_overlay=\u00bb\u00bb dfd_row_responsive_enable=\u00bbdfd-row-responsive-enable\u00bb responsive_styles=\u00bbpadding_left_desktop:20|padding_right_desktop:20|padding_left_tablet:20|padding_right_tablet:20|padding_left_mobile:20|padding_right_mobile:20&#8243;][vc_column][vc_column_text] La Academia contar\u00e1 con 3 \u00f3rganos de Gobierno: el Consejo Directivo, el Cuerpo de Acad\u00e9micos y el Comit\u00e9 Cient\u00edfico. [\/vc_column_text][\/vc_column][vc_column col_shadow=\u00bbbox_shadow_enable:disable|shadow_horizontal:0|shadow_vertical:15|shadow_blur:50|shadow_spread:0|box_shadow_color:rgba(0%2C0%2C0%2C.35)\u00bb col_shadow_hover=\u00bbbox_shadow_enable:disable|shadow_horizontal:0|shadow_vertical:15|shadow_blur:50|shadow_spread:0|box_shadow_color:rgba(0%2C0%2C0%2C.35)\u00bb][vc_row_inner][vc_column_inner width=\u00bb1\/4&#8243;][\/vc_column_inner][vc_column_inner width=\u00bb1\/4&#8243;][\/vc_column_inner][vc_column_inner width=\u00bb1\/4&#8243;][\/vc_column_inner][vc_column_inner width=\u00bb1\/4&#8243;][\/vc_column_inner][\/vc_row_inner][vc_row_inner][vc_column_inner<\/p>\n","protected":false},"author":4,"featured_media":0,"parent":18113,"menu_order":4,"comment_status":"closed","ping_status":"closed","template":"page-custom-with-header.php","meta":{"_acf_changed":false,"_monsterinsights_skip_tracking":false,"_monsterinsights_sitenote_active":false,"_monsterinsights_sitenote_note":"","_monsterinsights_sitenote_category":0,"footnotes":""},"class_list":["post-16188","page","type-page","status-publish","hentry"],"acf":[],"yoast_head":"<!-- This site is optimized with the Yoast SEO plugin v26.7 - https:\/\/yoast.com\/wordpress\/plugins\/seo\/ -->\n<title>\u00d3rganos de Gobierno - Academia Espa\u00f1ola de Nutrici\u00f3n y Diet\u00e9tica<\/title>\n<meta name=\"robots\" content=\"index, follow, max-snippet:-1, max-image-preview:large, max-video-preview:-1\" \/>\n<link rel=\"canonical\" href=\"https:\/\/www.academianutricionydietetica.org\/pro\/la-academia\/organos-de-gobierno\/\" \/>\n<meta property=\"og:locale\" content=\"es_ES\" \/>\n<meta property=\"og:type\" content=\"article\" \/>\n<meta property=\"og:title\" content=\"\u00d3rganos de Gobierno - Academia Espa\u00f1ola de Nutrici\u00f3n y Diet\u00e9tica\" \/>\n<meta property=\"og:description\" content=\"[vc_row dfd_enable_overlay=\u00bb\u00bb dfd_row_responsive_enable=\u00bbdfd-row-responsive-enable\u00bb responsive_styles=\u00bbpadding_left_desktop:20|padding_right_desktop:20|padding_left_tablet:20|padding_right_tablet:20|padding_left_mobile:20|padding_right_mobile:20&#8243;][vc_column][vc_column_text] La Academia contar\u00e1 con 3 \u00f3rganos de Gobierno: el Consejo Directivo, el Cuerpo de Acad\u00e9micos y el Comit\u00e9 Cient\u00edfico. [\/vc_column_text][\/vc_column][vc_column col_shadow=\u00bbbox_shadow_enable:disable|shadow_horizontal:0|shadow_vertical:15|shadow_blur:50|shadow_spread:0|box_shadow_color:rgba(0%2C0%2C0%2C.35)\u00bb col_shadow_hover=\u00bbbox_shadow_enable:disable|shadow_horizontal:0|shadow_vertical:15|shadow_blur:50|shadow_spread:0|box_shadow_color:rgba(0%2C0%2C0%2C.35)\u00bb][vc_row_inner][vc_column_inner width=\u00bb1\/4&#8243;][\/vc_column_inner][vc_column_inner width=\u00bb1\/4&#8243;][\/vc_column_inner][vc_column_inner width=\u00bb1\/4&#8243;][\/vc_column_inner][vc_column_inner width=\u00bb1\/4&#8243;][\/vc_column_inner][\/vc_row_inner][vc_row_inner][vc_column_inner\" \/>\n<meta property=\"og:url\" content=\"https:\/\/www.academianutricionydietetica.org\/pro\/la-academia\/organos-de-gobierno\/\" \/>\n<meta property=\"og:site_name\" content=\"Academia Espa\u00f1ola de Nutrici\u00f3n y Diet\u00e9tica\" \/>\n<meta property=\"article:modified_time\" content=\"2026-03-27T12:42:13+00:00\" \/>\n<meta name=\"twitter:card\" content=\"summary_large_image\" \/>\n<meta name=\"twitter:label1\" content=\"Tiempo de lectura\" \/>\n\t<meta name=\"twitter:data1\" content=\"24 minutos\" \/>\n<script type=\"application\/ld+json\" class=\"yoast-schema-graph\">{\"@context\":\"https:\/\/schema.org\",\"@graph\":[{\"@type\":\"WebPage\",\"@id\":\"https:\/\/www.academianutricionydietetica.org\/pro\/la-academia\/organos-de-gobierno\/\",\"url\":\"https:\/\/www.academianutricionydietetica.org\/pro\/la-academia\/organos-de-gobierno\/\",\"name\":\"\u00d3rganos de Gobierno - Academia Espa\u00f1ola de Nutrici\u00f3n y Diet\u00e9tica\",\"isPartOf\":{\"@id\":\"https:\/\/www.academianutricionydietetica.org\/pro\/#website\"},\"datePublished\":\"2016-04-07T06:20:03+00:00\",\"dateModified\":\"2026-03-27T12:42:13+00:00\",\"breadcrumb\":{\"@id\":\"https:\/\/www.academianutricionydietetica.org\/pro\/la-academia\/organos-de-gobierno\/#breadcrumb\"},\"inLanguage\":\"es\",\"potentialAction\":[{\"@type\":\"ReadAction\",\"target\":[\"https:\/\/www.academianutricionydietetica.org\/pro\/la-academia\/organos-de-gobierno\/\"]}]},{\"@type\":\"BreadcrumbList\",\"@id\":\"https:\/\/www.academianutricionydietetica.org\/pro\/la-academia\/organos-de-gobierno\/#breadcrumb\",\"itemListElement\":[{\"@type\":\"ListItem\",\"position\":1,\"name\":\"Inicio\",\"item\":\"https:\/\/www.academianutricionydietetica.org\/pro\/\"},{\"@type\":\"ListItem\",\"position\":2,\"name\":\"La academia\",\"item\":\"https:\/\/www.academianutricionydietetica.org\/pro\/la-academia\/\"},{\"@type\":\"ListItem\",\"position\":3,\"name\":\"\u00d3rganos de Gobierno\"}]},{\"@type\":\"WebSite\",\"@id\":\"https:\/\/www.academianutricionydietetica.org\/pro\/#website\",\"url\":\"https:\/\/www.academianutricionydietetica.org\/pro\/\",\"name\":\"Academia Espa\u00f1ola de Nutrici\u00f3n y Diet\u00e9tica\",\"description\":\"Formaci\u00f3n, noticias, jornadas y eventos\",\"potentialAction\":[{\"@type\":\"SearchAction\",\"target\":{\"@type\":\"EntryPoint\",\"urlTemplate\":\"https:\/\/www.academianutricionydietetica.org\/pro\/?s={search_term_string}\"},\"query-input\":{\"@type\":\"PropertyValueSpecification\",\"valueRequired\":true,\"valueName\":\"search_term_string\"}}],\"inLanguage\":\"es\"}]}<\/script>\n<!-- \/ Yoast SEO plugin. -->","yoast_head_json":{"title":"\u00d3rganos de Gobierno - Academia Espa\u00f1ola de Nutrici\u00f3n y Diet\u00e9tica","robots":{"index":"index","follow":"follow","max-snippet":"max-snippet:-1","max-image-preview":"max-image-preview:large","max-video-preview":"max-video-preview:-1"},"canonical":"https:\/\/www.academianutricionydietetica.org\/pro\/la-academia\/organos-de-gobierno\/","og_locale":"es_ES","og_type":"article","og_title":"\u00d3rganos de Gobierno - Academia Espa\u00f1ola de Nutrici\u00f3n y Diet\u00e9tica","og_description":"[vc_row dfd_enable_overlay=\u00bb\u00bb dfd_row_responsive_enable=\u00bbdfd-row-responsive-enable\u00bb responsive_styles=\u00bbpadding_left_desktop:20|padding_right_desktop:20|padding_left_tablet:20|padding_right_tablet:20|padding_left_mobile:20|padding_right_mobile:20&#8243;][vc_column][vc_column_text] La Academia contar\u00e1 con 3 \u00f3rganos de Gobierno: el Consejo Directivo, el Cuerpo de Acad\u00e9micos y el Comit\u00e9 Cient\u00edfico. [\/vc_column_text][\/vc_column][vc_column col_shadow=\u00bbbox_shadow_enable:disable|shadow_horizontal:0|shadow_vertical:15|shadow_blur:50|shadow_spread:0|box_shadow_color:rgba(0%2C0%2C0%2C.35)\u00bb col_shadow_hover=\u00bbbox_shadow_enable:disable|shadow_horizontal:0|shadow_vertical:15|shadow_blur:50|shadow_spread:0|box_shadow_color:rgba(0%2C0%2C0%2C.35)\u00bb][vc_row_inner][vc_column_inner width=\u00bb1\/4&#8243;][\/vc_column_inner][vc_column_inner width=\u00bb1\/4&#8243;][\/vc_column_inner][vc_column_inner width=\u00bb1\/4&#8243;][\/vc_column_inner][vc_column_inner width=\u00bb1\/4&#8243;][\/vc_column_inner][\/vc_row_inner][vc_row_inner][vc_column_inner","og_url":"https:\/\/www.academianutricionydietetica.org\/pro\/la-academia\/organos-de-gobierno\/","og_site_name":"Academia Espa\u00f1ola de Nutrici\u00f3n y Diet\u00e9tica","article_modified_time":"2026-03-27T12:42:13+00:00","twitter_card":"summary_large_image","twitter_misc":{"Tiempo de lectura":"24 minutos"},"schema":{"@context":"https:\/\/schema.org","@graph":[{"@type":"WebPage","@id":"https:\/\/www.academianutricionydietetica.org\/pro\/la-academia\/organos-de-gobierno\/","url":"https:\/\/www.academianutricionydietetica.org\/pro\/la-academia\/organos-de-gobierno\/","name":"\u00d3rganos de Gobierno - Academia Espa\u00f1ola de Nutrici\u00f3n y Diet\u00e9tica","isPartOf":{"@id":"https:\/\/www.academianutricionydietetica.org\/pro\/#website"},"datePublished":"2016-04-07T06:20:03+00:00","dateModified":"2026-03-27T12:42:13+00:00","breadcrumb":{"@id":"https:\/\/www.academianutricionydietetica.org\/pro\/la-academia\/organos-de-gobierno\/#breadcrumb"},"inLanguage":"es","potentialAction":[{"@type":"ReadAction","target":["https:\/\/www.academianutricionydietetica.org\/pro\/la-academia\/organos-de-gobierno\/"]}]},{"@type":"BreadcrumbList","@id":"https:\/\/www.academianutricionydietetica.org\/pro\/la-academia\/organos-de-gobierno\/#breadcrumb","itemListElement":[{"@type":"ListItem","position":1,"name":"Inicio","item":"https:\/\/www.academianutricionydietetica.org\/pro\/"},{"@type":"ListItem","position":2,"name":"La academia","item":"https:\/\/www.academianutricionydietetica.org\/pro\/la-academia\/"},{"@type":"ListItem","position":3,"name":"\u00d3rganos de Gobierno"}]},{"@type":"WebSite","@id":"https:\/\/www.academianutricionydietetica.org\/pro\/#website","url":"https:\/\/www.academianutricionydietetica.org\/pro\/","name":"Academia Espa\u00f1ola de Nutrici\u00f3n y Diet\u00e9tica","description":"Formaci\u00f3n, noticias, jornadas y eventos","potentialAction":[{"@type":"SearchAction","target":{"@type":"EntryPoint","urlTemplate":"https:\/\/www.academianutricionydietetica.org\/pro\/?s={search_term_string}"},"query-input":{"@type":"PropertyValueSpecification","valueRequired":true,"valueName":"search_term_string"}}],"inLanguage":"es"}]}},"_links":{"self":[{"href":"https:\/\/www.academianutricionydietetica.org\/pro\/wp-json\/wp\/v2\/pages\/16188","targetHints":{"allow":["GET"]}}],"collection":[{"href":"https:\/\/www.academianutricionydietetica.org\/pro\/wp-json\/wp\/v2\/pages"}],"about":[{"href":"https:\/\/www.academianutricionydietetica.org\/pro\/wp-json\/wp\/v2\/types\/page"}],"author":[{"embeddable":true,"href":"https:\/\/www.academianutricionydietetica.org\/pro\/wp-json\/wp\/v2\/users\/4"}],"replies":[{"embeddable":true,"href":"https:\/\/www.academianutricionydietetica.org\/pro\/wp-json\/wp\/v2\/comments?post=16188"}],"version-history":[{"count":316,"href":"https:\/\/www.academianutricionydietetica.org\/pro\/wp-json\/wp\/v2\/pages\/16188\/revisions"}],"predecessor-version":[{"id":24643,"href":"https:\/\/www.academianutricionydietetica.org\/pro\/wp-json\/wp\/v2\/pages\/16188\/revisions\/24643"}],"up":[{"embeddable":true,"href":"https:\/\/www.academianutricionydietetica.org\/pro\/wp-json\/wp\/v2\/pages\/18113"}],"wp:attachment":[{"href":"https:\/\/www.academianutricionydietetica.org\/pro\/wp-json\/wp\/v2\/media?parent=16188"}],"curies":[{"name":"wp","href":"https:\/\/api.w.org\/{rel}","templated":true}]}}