{"id":18528,"date":"2019-06-07T10:25:27","date_gmt":"2019-06-07T10:25:27","guid":{"rendered":"http:\/\/websites1234.com\/academia-nutricion\/?page_id=18528"},"modified":"2026-03-16T11:05:32","modified_gmt":"2026-03-16T11:05:32","slug":"giuseppe-rusolillo-femenias","status":"publish","type":"page","link":"https:\/\/www.academianutricionydietetica.org\/pro\/la-academia\/organos-de-gobierno\/giuseppe-rusolillo-femenias\/","title":{"rendered":"Giuseppe Rusolillo Femen\u00edas"},"content":{"rendered":"<p>[vc_row dfd_row_responsive_enable=\u00bbdfd-row-responsive-enable\u00bb responsive_styles=\u00bbpadding_left_mobile:20|padding_right_mobile:20&#8243;][vc_column]<div class=\"dfd-spacer-module\"  data-units=\"px\" data-wide_resolution=\"1280\" data-wide_size=\"80\" data-normal_resolution=\"1024\" data-normal_size=\"60\" data-tablet_resolution=\"800\" data-tablet_size=\"40\" data-mobile_resolution=\"480\" data-mobile_size=\"40\" style=\"height: 80px;\"><\/div><div class=\"dfd-info-banner style-05 responsive-team-members text-center\" ><div class=\"image-cover \"><img loading=\"lazy\" decoding=\"async\" src=\"https:\/\/www.academianutricionydietetica.org\/pro\/uploads\/2025\/04\/05252024ICDA_OPENINGCEREMONIES_41-150x150.jpg\" alt=\"Image\"  width=\"150\" height=\"150\" class=\"info-banner-image \" \/><\/div><div class=\"content-wrap\"><h2 class=\"info-box-title \" style=\"font-size: 22px; line-height: 26.4px; letter-spacing: 1px; \">Giuseppe Rusolillo Femen\u00edas<\/h2><h3 class=\"info-box-subtitle widget-sub-title \" style=\"\">Consejo Directivo <\/h3><div class=\"wrap-delimiter\"><div class=\"delimiter\" ><\/div><\/div><div class=\"description\" style=\"\">Dr. Giuseppe Russolillo Femen\u00edas, es presidente de la Conferencia Mundial de Dietistas-Nutricionistas (International Confederation of Dietetic Associations) y de la Academia Espa\u00f1ola de Nutrici\u00f3n y Diet\u00e9tica. Profesor de Alimentaci\u00f3n Hospitalaria en la Facultad de Enfermer\u00eda y de Alimentaci\u00f3n y Cultura, Deontolog\u00eda Profesional, Habilidades Culinarias, Diet\u00e9tica y Dietoterapia en la Facultad de Nutrici\u00f3n de la Universidad de las Islas Baleares.<br \/>\nDietista-nutricionista y doctor por la Universidad de Navarra, natural de Palma de Mallorca, curs\u00f3 estudios en la Facultad de Ciencias de la Universidad de Navarra, M\u00e1ster Europeo en Nutrici\u00f3n y Metabolismo por la Facultad de Farmacia de la Universidad de Navarra en Pamplona, donde actualmente reside y trabaja.<\/p>\n<p>En 1998 impulsa la Asociaci\u00f3n Profesional de Dietistas-Nutricionistas de Navarra que da lugar en 2005 al primer colegio profesional en Espa\u00f1a. El trabajo consisti\u00f3 en acreditar ante los poderes legislativos el inter\u00e9s p\u00fablico de la profesi\u00f3n mediante la revisi\u00f3n de estudios cient\u00edficos que demostraban que la intervenci\u00f3n del dietista-nutricionista contribuye a una disminuci\u00f3n del coste sanitario y mejora de la salud de los ciudadanos.<\/p>\n<p>Entre 2004 y 2013, asume la presidencia de la Asociaci\u00f3n Espa\u00f1ola de Dietistas-Nutricionistas, trabajando en la promoci\u00f3n de colegios profesionales en otras autonom\u00edas y en el desarrollo de la profesi\u00f3n a nivel nacional. Merece la pena destacar su comparecencia ante el Senado en 2005 y 2010 para presentar las nuevas necesidades de recursos humanos y la incorporaci\u00f3n del dietista-nutricionista en el Sistema Sanitario, adem\u00e1s de la creaci\u00f3n de la ley del Consejo General en 2014.<\/p>\n<p>En 2012, entra en la Junta Directiva de la International Confederation of Dietetic Associations (ICDA) y en 2019 crea junto a otras compa\u00f1eras la Alianza Iberoamericana de Nutricionistas.<\/p>\n<p>En el \u00e1mbito cient\u00edfico y acad\u00e9mico, es autor de libros de internes cient\u00edfico y divulgativo y ha impartido m\u00e1s de 100 conferencias. Hay que destacar su participaci\u00f3n en la redacci\u00f3n de las competencias profesionales del dietista-nutricionista en el marco de la primera Conferencia de Decanos. Asimismo, entre 2005 y 2008 trabaj\u00f3 en el desarrollo del grado universitario en la regulaci\u00f3n del marco europeo de educaci\u00f3n superior.<\/p>\n<p>En 2008 curs\u00f3 estudios de m\u00e1ster en la Universidad de Navarra, donde se doctor\u00f3 en 2016. En ese mismo a\u00f1o, llev\u00f3 a cabo una investigaci\u00f3n sobre alimentaci\u00f3n y sostenibilidad que dio lugar a la producci\u00f3n cinematogr\u00e1fica de un documental sobre alimentaci\u00f3n sostenible que se present\u00f3 en el XVII International Congress of Dietetics, congreso que tuvo el honor de presidir. Dicho trabajo le dio la oportunidad de intervenir ante las Naciones Unidas (2017) y en la Cumbre Social por el Clima (2019).<\/p>\n<p>En 2017 fund\u00f3 con otras compa\u00f1eras la Academia Espa\u00f1ola de Nutrici\u00f3n y Diet\u00e9tica, constituyendo un cuerpo de acad\u00e9micos formado 139 doctores y catedr\u00e1ticos. Desde entonces, ha venido trabajando en la m\u00e1xima cualificaci\u00f3n acad\u00e9mica a trav\u00e9s de formaci\u00f3n a lo largo de la vida, as\u00ed como en el avance de la nutrici\u00f3n y diet\u00e9tica basada en la evidencia, la deontolog\u00eda profesional y libre de conflictos intereses.<\/p>\n<p>En 2017 inici\u00f3 su labor docente en la Universidad de las Islas Baleares (UIB) hasta la actualidad. En 2024, y por votaci\u00f3n de todos los pa\u00edses, asume la presidencia mundial de ICDA, cargo que ostenta en la actualidad.<\/p>\n<p>Enlaces de inter\u00e9s:<br \/>\n<a href=\"http:\/\/www.academianutricionydietetica.org\/academia.php\" target=\"_blank\" rel=\"noopener\">http:\/\/www.academianutricionydietetica.org\/academia.php<\/a><br \/>\n<a href=\"http:\/\/www.intercambiodealimentos.com\">www.intercambiodealimentos.com<\/a><br \/>\nSustainablEating Film: <a href=\"https:\/\/youtu.be\/JhWmREbkYW4\" target=\"_blank\" rel=\"noopener\">https:\/\/youtu.be\/JhWmREbkYW4<\/a><br \/>\n<a href=\"http:\/\/www.internationaldietetics.org\/\" target=\"_blank\" rel=\"noopener\">http:\/\/www.internationaldietetics.org\/<\/a><\/div><div class=\"dfd-module-readmore\"><a href=\"https:\/\/www.academianutricionydietetica.org\/pro\/wp-content\/uploads\/2022\/08\/CV_Academia_2022_Giuseppe_Russolillo.docx\" target=\"_blank\" rel=\"nofollow\" class=\"read-more-01\">Ver documento de conflicto de intereses<\/a><\/div><\/div><\/div><div class=\"dfd-spacer-module\"  data-units=\"px\" data-wide_resolution=\"1280\" data-wide_size=\"80\" data-normal_resolution=\"1024\" data-normal_size=\"60\" data-tablet_resolution=\"800\" data-tablet_size=\"40\" data-mobile_resolution=\"480\" data-mobile_size=\"40\" style=\"height: 80px;\"><\/div>[\/vc_column][\/vc_row]<\/p>\n","protected":false},"excerpt":{"rendered":"<p>[vc_row dfd_row_responsive_enable=\u00bbdfd-row-responsive-enable\u00bb responsive_styles=\u00bbpadding_left_mobile:20|padding_right_mobile:20&#8243;][vc_column][\/vc_column][\/vc_row]<\/p>\n","protected":false},"author":4,"featured_media":0,"parent":16188,"menu_order":0,"comment_status":"closed","ping_status":"closed","template":"","meta":{"_acf_changed":false,"_monsterinsights_skip_tracking":false,"_monsterinsights_sitenote_active":false,"_monsterinsights_sitenote_note":"","_monsterinsights_sitenote_category":0,"footnotes":""},"class_list":["post-18528","page","type-page","status-publish","hentry"],"acf":[],"yoast_head":"<!-- This site is optimized with the Yoast SEO plugin v26.7 - https:\/\/yoast.com\/wordpress\/plugins\/seo\/ -->\n<title>Giuseppe Rusolillo Femen\u00edas - Academia Espa\u00f1ola de Nutrici\u00f3n y Diet\u00e9tica<\/title>\n<meta name=\"robots\" content=\"index, follow, max-snippet:-1, max-image-preview:large, max-video-preview:-1\" \/>\n<link rel=\"canonical\" href=\"https:\/\/www.academianutricionydietetica.org\/pro\/la-academia\/organos-de-gobierno\/giuseppe-rusolillo-femenias\/\" \/>\n<meta property=\"og:locale\" content=\"es_ES\" \/>\n<meta property=\"og:type\" content=\"article\" \/>\n<meta property=\"og:title\" content=\"Giuseppe Rusolillo Femen\u00edas - Academia Espa\u00f1ola de Nutrici\u00f3n y Diet\u00e9tica\" \/>\n<meta property=\"og:description\" content=\"[vc_row dfd_row_responsive_enable=\u00bbdfd-row-responsive-enable\u00bb responsive_styles=\u00bbpadding_left_mobile:20|padding_right_mobile:20&#8243;][vc_column][\/vc_column][\/vc_row]\" \/>\n<meta property=\"og:url\" content=\"https:\/\/www.academianutricionydietetica.org\/pro\/la-academia\/organos-de-gobierno\/giuseppe-rusolillo-femenias\/\" \/>\n<meta property=\"og:site_name\" content=\"Academia Espa\u00f1ola de Nutrici\u00f3n y Diet\u00e9tica\" \/>\n<meta property=\"article:modified_time\" content=\"2026-03-16T11:05:32+00:00\" \/>\n<meta name=\"twitter:card\" content=\"summary_large_image\" \/>\n<meta name=\"twitter:label1\" content=\"Tiempo de lectura\" \/>\n\t<meta name=\"twitter:data1\" content=\"3 minutos\" \/>\n<script type=\"application\/ld+json\" class=\"yoast-schema-graph\">{\"@context\":\"https:\/\/schema.org\",\"@graph\":[{\"@type\":\"WebPage\",\"@id\":\"https:\/\/www.academianutricionydietetica.org\/pro\/la-academia\/organos-de-gobierno\/giuseppe-rusolillo-femenias\/\",\"url\":\"https:\/\/www.academianutricionydietetica.org\/pro\/la-academia\/organos-de-gobierno\/giuseppe-rusolillo-femenias\/\",\"name\":\"Giuseppe Rusolillo Femen\u00edas - Academia Espa\u00f1ola de Nutrici\u00f3n y Diet\u00e9tica\",\"isPartOf\":{\"@id\":\"https:\/\/www.academianutricionydietetica.org\/pro\/#website\"},\"datePublished\":\"2019-06-07T10:25:27+00:00\",\"dateModified\":\"2026-03-16T11:05:32+00:00\",\"breadcrumb\":{\"@id\":\"https:\/\/www.academianutricionydietetica.org\/pro\/la-academia\/organos-de-gobierno\/giuseppe-rusolillo-femenias\/#breadcrumb\"},\"inLanguage\":\"es\",\"potentialAction\":[{\"@type\":\"ReadAction\",\"target\":[\"https:\/\/www.academianutricionydietetica.org\/pro\/la-academia\/organos-de-gobierno\/giuseppe-rusolillo-femenias\/\"]}]},{\"@type\":\"BreadcrumbList\",\"@id\":\"https:\/\/www.academianutricionydietetica.org\/pro\/la-academia\/organos-de-gobierno\/giuseppe-rusolillo-femenias\/#breadcrumb\",\"itemListElement\":[{\"@type\":\"ListItem\",\"position\":1,\"name\":\"Inicio\",\"item\":\"https:\/\/www.academianutricionydietetica.org\/pro\/\"},{\"@type\":\"ListItem\",\"position\":2,\"name\":\"La academia\",\"item\":\"https:\/\/www.academianutricionydietetica.org\/pro\/la-academia\/\"},{\"@type\":\"ListItem\",\"position\":3,\"name\":\"\u00d3rganos de Gobierno\",\"item\":\"https:\/\/www.academianutricionydietetica.org\/pro\/la-academia\/organos-de-gobierno\/\"},{\"@type\":\"ListItem\",\"position\":4,\"name\":\"Giuseppe Rusolillo Femen\u00edas\"}]},{\"@type\":\"WebSite\",\"@id\":\"https:\/\/www.academianutricionydietetica.org\/pro\/#website\",\"url\":\"https:\/\/www.academianutricionydietetica.org\/pro\/\",\"name\":\"Academia Espa\u00f1ola de Nutrici\u00f3n y Diet\u00e9tica\",\"description\":\"Formaci\u00f3n, noticias, jornadas y eventos\",\"potentialAction\":[{\"@type\":\"SearchAction\",\"target\":{\"@type\":\"EntryPoint\",\"urlTemplate\":\"https:\/\/www.academianutricionydietetica.org\/pro\/?s={search_term_string}\"},\"query-input\":{\"@type\":\"PropertyValueSpecification\",\"valueRequired\":true,\"valueName\":\"search_term_string\"}}],\"inLanguage\":\"es\"}]}<\/script>\n<!-- \/ Yoast SEO plugin. -->","yoast_head_json":{"title":"Giuseppe Rusolillo Femen\u00edas - Academia Espa\u00f1ola de Nutrici\u00f3n y Diet\u00e9tica","robots":{"index":"index","follow":"follow","max-snippet":"max-snippet:-1","max-image-preview":"max-image-preview:large","max-video-preview":"max-video-preview:-1"},"canonical":"https:\/\/www.academianutricionydietetica.org\/pro\/la-academia\/organos-de-gobierno\/giuseppe-rusolillo-femenias\/","og_locale":"es_ES","og_type":"article","og_title":"Giuseppe Rusolillo Femen\u00edas - Academia Espa\u00f1ola de Nutrici\u00f3n y Diet\u00e9tica","og_description":"[vc_row dfd_row_responsive_enable=\u00bbdfd-row-responsive-enable\u00bb responsive_styles=\u00bbpadding_left_mobile:20|padding_right_mobile:20&#8243;][vc_column][\/vc_column][\/vc_row]","og_url":"https:\/\/www.academianutricionydietetica.org\/pro\/la-academia\/organos-de-gobierno\/giuseppe-rusolillo-femenias\/","og_site_name":"Academia Espa\u00f1ola de Nutrici\u00f3n y Diet\u00e9tica","article_modified_time":"2026-03-16T11:05:32+00:00","twitter_card":"summary_large_image","twitter_misc":{"Tiempo de lectura":"3 minutos"},"schema":{"@context":"https:\/\/schema.org","@graph":[{"@type":"WebPage","@id":"https:\/\/www.academianutricionydietetica.org\/pro\/la-academia\/organos-de-gobierno\/giuseppe-rusolillo-femenias\/","url":"https:\/\/www.academianutricionydietetica.org\/pro\/la-academia\/organos-de-gobierno\/giuseppe-rusolillo-femenias\/","name":"Giuseppe Rusolillo Femen\u00edas - Academia Espa\u00f1ola de Nutrici\u00f3n y Diet\u00e9tica","isPartOf":{"@id":"https:\/\/www.academianutricionydietetica.org\/pro\/#website"},"datePublished":"2019-06-07T10:25:27+00:00","dateModified":"2026-03-16T11:05:32+00:00","breadcrumb":{"@id":"https:\/\/www.academianutricionydietetica.org\/pro\/la-academia\/organos-de-gobierno\/giuseppe-rusolillo-femenias\/#breadcrumb"},"inLanguage":"es","potentialAction":[{"@type":"ReadAction","target":["https:\/\/www.academianutricionydietetica.org\/pro\/la-academia\/organos-de-gobierno\/giuseppe-rusolillo-femenias\/"]}]},{"@type":"BreadcrumbList","@id":"https:\/\/www.academianutricionydietetica.org\/pro\/la-academia\/organos-de-gobierno\/giuseppe-rusolillo-femenias\/#breadcrumb","itemListElement":[{"@type":"ListItem","position":1,"name":"Inicio","item":"https:\/\/www.academianutricionydietetica.org\/pro\/"},{"@type":"ListItem","position":2,"name":"La academia","item":"https:\/\/www.academianutricionydietetica.org\/pro\/la-academia\/"},{"@type":"ListItem","position":3,"name":"\u00d3rganos de Gobierno","item":"https:\/\/www.academianutricionydietetica.org\/pro\/la-academia\/organos-de-gobierno\/"},{"@type":"ListItem","position":4,"name":"Giuseppe Rusolillo Femen\u00edas"}]},{"@type":"WebSite","@id":"https:\/\/www.academianutricionydietetica.org\/pro\/#website","url":"https:\/\/www.academianutricionydietetica.org\/pro\/","name":"Academia Espa\u00f1ola de Nutrici\u00f3n y Diet\u00e9tica","description":"Formaci\u00f3n, noticias, jornadas y eventos","potentialAction":[{"@type":"SearchAction","target":{"@type":"EntryPoint","urlTemplate":"https:\/\/www.academianutricionydietetica.org\/pro\/?s={search_term_string}"},"query-input":{"@type":"PropertyValueSpecification","valueRequired":true,"valueName":"search_term_string"}}],"inLanguage":"es"}]}},"_links":{"self":[{"href":"https:\/\/www.academianutricionydietetica.org\/pro\/wp-json\/wp\/v2\/pages\/18528","targetHints":{"allow":["GET"]}}],"collection":[{"href":"https:\/\/www.academianutricionydietetica.org\/pro\/wp-json\/wp\/v2\/pages"}],"about":[{"href":"https:\/\/www.academianutricionydietetica.org\/pro\/wp-json\/wp\/v2\/types\/page"}],"author":[{"embeddable":true,"href":"https:\/\/www.academianutricionydietetica.org\/pro\/wp-json\/wp\/v2\/users\/4"}],"replies":[{"embeddable":true,"href":"https:\/\/www.academianutricionydietetica.org\/pro\/wp-json\/wp\/v2\/comments?post=18528"}],"version-history":[{"count":12,"href":"https:\/\/www.academianutricionydietetica.org\/pro\/wp-json\/wp\/v2\/pages\/18528\/revisions"}],"predecessor-version":[{"id":24608,"href":"https:\/\/www.academianutricionydietetica.org\/pro\/wp-json\/wp\/v2\/pages\/18528\/revisions\/24608"}],"up":[{"embeddable":true,"href":"https:\/\/www.academianutricionydietetica.org\/pro\/wp-json\/wp\/v2\/pages\/16188"}],"wp:attachment":[{"href":"https:\/\/www.academianutricionydietetica.org\/pro\/wp-json\/wp\/v2\/media?parent=18528"}],"curies":[{"name":"wp","href":"https:\/\/api.w.org\/{rel}","templated":true}]}}