{"id":18595,"date":"2019-06-10T09:32:59","date_gmt":"2019-06-10T09:32:59","guid":{"rendered":"http:\/\/websites1234.com\/academia-nutricion\/?page_id=18595"},"modified":"2022-07-12T15:08:24","modified_gmt":"2022-07-12T15:08:24","slug":"jose-miguel-martinez-sanz","status":"publish","type":"page","link":"https:\/\/www.academianutricionydietetica.org\/pro\/la-academia\/organos-de-gobierno\/jose-miguel-martinez-sanz\/","title":{"rendered":"Jos\u00e9 Miguel Mart\u00ednez Sanz"},"content":{"rendered":"<p>[vc_row dfd_row_responsive_enable=\u00bbdfd-row-responsive-enable\u00bb responsive_styles=\u00bbpadding_left_mobile:20|padding_right_mobile:20&#8243;][vc_column]<div class=\"dfd-spacer-module\"  data-units=\"px\" data-wide_resolution=\"1280\" data-wide_size=\"80\" data-normal_resolution=\"1024\" data-normal_size=\"60\" data-tablet_resolution=\"800\" data-tablet_size=\"40\" data-mobile_resolution=\"480\" data-mobile_size=\"40\" style=\"height: 80px;\"><\/div><div class=\"dfd-info-banner style-05 responsive-team-members text-center\" ><div class=\"image-cover \"><img loading=\"lazy\" decoding=\"async\" src=\"https:\/\/www.academianutricionydietetica.org\/pro\/uploads\/2019\/06\/59-150x150.jpg\" alt=\"Image\"  width=\"150\" height=\"150\" class=\"info-banner-image \" \/><\/div><div class=\"content-wrap\"><h2 class=\"info-box-title \" style=\"font-size: 22px; line-height: 26.4px; letter-spacing: 1px; \">Jos\u00e9 Miguel Mart\u00ednez Sanz<\/h2><h3 class=\"info-box-subtitle widget-sub-title \" style=\"\">Acad\u00e9micos de n\u00famero<\/h3><div class=\"wrap-delimiter\"><div class=\"delimiter\" ><\/div><\/div><div class=\"description\" style=\"\">Realic\u00e9 la diplomatura en nutrici\u00f3n humana y diet\u00e9tica en la Universidad de Alicante, continuando mis estudios con el master de salud p\u00fablica (Universidad Miguel Hern\u00e1ndez), y en nutrici\u00f3n humana y calidad de los alimentos (Universidad de las Islas Baleares), para formarme en el campo de la investigaci\u00f3n. Ello me dio la oportunidad de trabajar en un equipo interdisciplinar en el \u00e1rea de Medicina Preventiva y Salud P\u00fablica de la Universidad de Alicante, en el proyecto Europeo sobre las pol\u00edticas de publicidad de alimentos y bebidas dirigidas a ni\u00f1os (PolMark), y otro con la Agencia Espa\u00f1ola de Seguridad Alimentaria y Nutrici\u00f3n (AESAN) sobre la Epidemiologia de la Obesidad y sus las Pol\u00edticas P\u00fablicas para su Prevenci\u00f3n.<\/p>\n<p>Al mismo tiempo comenc\u00e9 a colaborar en el programa de tecnificaci\u00f3n de triatl\u00f3n de la Universidad de Alicante, llevando el asesoramiento diet\u00e9tico y valoraci\u00f3n antropom\u00e9trica de los triatletas, adem\u00e1s de en otros colectivos deportivos. Junto al director del programa y el centro CEBAS de la Universidad de Murcia, se desarroll\u00f3 el estudio metabol\u00f3mico en deportistas profesionales tras la ingesta de zumos funcionales ricos en polifenoles.<\/p>\n<p>Mi inquietud por seguir form\u00e1ndome, as\u00ed como mi af\u00e1n de superaci\u00f3n y superar nuevos retos, me ha llevado a desarrollar cursos en materia de nutrici\u00f3n, antropometr\u00eda, deporte, y participar en la organizaci\u00f3n de congresos a nivel nacional e internacional. Todo ello, me fue fortaleciendo, adquiriendo dotes de coordinaci\u00f3n, creatividad y esp\u00edritu de equipo.<\/p>\n<p>Actualmente soy profesor asociado al Departamento de Enfermer\u00eda de la Universidad de Alicante, dietista-nutricionista del Gabinete de Alimentaci\u00f3n y Nutrici\u00f3n de la Universidad de Alicante-Alinua y colaborador de redacci\u00f3n de la revista Sport Training. Junto a otros compa\u00f1eros de profesi\u00f3n hemos ido desarrollando diferentes l\u00edneas de investigaci\u00f3n en el campo de la nutrici\u00f3n, antropometr\u00eda y salud p\u00fablica en el deporte.<\/p>\n<p>En los \u00faltimos a\u00f1os hemos creado la l\u00ednea de investigaci\u00f3n sobre nutrici\u00f3n, actividad f\u00edsica y deporte, dentro del grupo de investigaci\u00f3n en alimentaci\u00f3n y nutrici\u00f3n (ALINUT) de la Universidad de Alicante. Tambi\u00e9n se ha creado la l\u00ednea de trabajo final de grado (TFG) sobre an\u00e1lisis y planificaci\u00f3n diet\u00e9tico-nutricional en el contexto deportivo para los grados de Nutrici\u00f3n Humana y Diet\u00e9tica, Enfermer\u00eda y Ciencias de la Actividad F\u00edsica y el Deporte.<\/div><\/div><\/div><div class=\"dfd-spacer-module\"  data-units=\"px\" data-wide_resolution=\"1280\" data-wide_size=\"80\" data-normal_resolution=\"1024\" data-normal_size=\"60\" data-tablet_resolution=\"800\" data-tablet_size=\"40\" data-mobile_resolution=\"480\" data-mobile_size=\"40\" style=\"height: 80px;\"><\/div>[\/vc_column][\/vc_row]<\/p>\n","protected":false},"excerpt":{"rendered":"<p>[vc_row dfd_row_responsive_enable=\u00bbdfd-row-responsive-enable\u00bb responsive_styles=\u00bbpadding_left_mobile:20|padding_right_mobile:20&#8243;][vc_column][\/vc_column][\/vc_row]<\/p>\n","protected":false},"author":4,"featured_media":0,"parent":16188,"menu_order":0,"comment_status":"closed","ping_status":"closed","template":"page-custom-with-header.php","meta":{"_acf_changed":false,"_monsterinsights_skip_tracking":false,"_monsterinsights_sitenote_active":false,"_monsterinsights_sitenote_note":"","_monsterinsights_sitenote_category":0,"footnotes":""},"class_list":["post-18595","page","type-page","status-publish","hentry"],"acf":[],"yoast_head":"<!-- This site is optimized with the Yoast SEO plugin v26.7 - https:\/\/yoast.com\/wordpress\/plugins\/seo\/ -->\n<title>Jos\u00e9 Miguel Mart\u00ednez Sanz - Academia Espa\u00f1ola de Nutrici\u00f3n y Diet\u00e9tica<\/title>\n<meta name=\"robots\" content=\"index, follow, max-snippet:-1, max-image-preview:large, max-video-preview:-1\" \/>\n<link rel=\"canonical\" href=\"https:\/\/www.academianutricionydietetica.org\/pro\/la-academia\/organos-de-gobierno\/jose-miguel-martinez-sanz\/\" \/>\n<meta property=\"og:locale\" content=\"es_ES\" \/>\n<meta property=\"og:type\" content=\"article\" \/>\n<meta property=\"og:title\" content=\"Jos\u00e9 Miguel Mart\u00ednez Sanz - Academia Espa\u00f1ola de Nutrici\u00f3n y Diet\u00e9tica\" \/>\n<meta property=\"og:description\" content=\"[vc_row dfd_row_responsive_enable=\u00bbdfd-row-responsive-enable\u00bb responsive_styles=\u00bbpadding_left_mobile:20|padding_right_mobile:20&#8243;][vc_column][\/vc_column][\/vc_row]\" \/>\n<meta property=\"og:url\" content=\"https:\/\/www.academianutricionydietetica.org\/pro\/la-academia\/organos-de-gobierno\/jose-miguel-martinez-sanz\/\" \/>\n<meta property=\"og:site_name\" content=\"Academia Espa\u00f1ola de Nutrici\u00f3n y Diet\u00e9tica\" \/>\n<meta property=\"article:modified_time\" content=\"2022-07-12T15:08:24+00:00\" \/>\n<meta name=\"twitter:card\" content=\"summary_large_image\" \/>\n<meta name=\"twitter:label1\" content=\"Tiempo de lectura\" \/>\n\t<meta name=\"twitter:data1\" content=\"3 minutos\" \/>\n<script type=\"application\/ld+json\" class=\"yoast-schema-graph\">{\"@context\":\"https:\/\/schema.org\",\"@graph\":[{\"@type\":\"WebPage\",\"@id\":\"https:\/\/www.academianutricionydietetica.org\/pro\/la-academia\/organos-de-gobierno\/jose-miguel-martinez-sanz\/\",\"url\":\"https:\/\/www.academianutricionydietetica.org\/pro\/la-academia\/organos-de-gobierno\/jose-miguel-martinez-sanz\/\",\"name\":\"Jos\u00e9 Miguel Mart\u00ednez Sanz - Academia Espa\u00f1ola de Nutrici\u00f3n y Diet\u00e9tica\",\"isPartOf\":{\"@id\":\"https:\/\/www.academianutricionydietetica.org\/pro\/#website\"},\"datePublished\":\"2019-06-10T09:32:59+00:00\",\"dateModified\":\"2022-07-12T15:08:24+00:00\",\"breadcrumb\":{\"@id\":\"https:\/\/www.academianutricionydietetica.org\/pro\/la-academia\/organos-de-gobierno\/jose-miguel-martinez-sanz\/#breadcrumb\"},\"inLanguage\":\"es\",\"potentialAction\":[{\"@type\":\"ReadAction\",\"target\":[\"https:\/\/www.academianutricionydietetica.org\/pro\/la-academia\/organos-de-gobierno\/jose-miguel-martinez-sanz\/\"]}]},{\"@type\":\"BreadcrumbList\",\"@id\":\"https:\/\/www.academianutricionydietetica.org\/pro\/la-academia\/organos-de-gobierno\/jose-miguel-martinez-sanz\/#breadcrumb\",\"itemListElement\":[{\"@type\":\"ListItem\",\"position\":1,\"name\":\"Inicio\",\"item\":\"https:\/\/www.academianutricionydietetica.org\/pro\/\"},{\"@type\":\"ListItem\",\"position\":2,\"name\":\"La academia\",\"item\":\"https:\/\/www.academianutricionydietetica.org\/pro\/la-academia\/\"},{\"@type\":\"ListItem\",\"position\":3,\"name\":\"\u00d3rganos de Gobierno\",\"item\":\"https:\/\/www.academianutricionydietetica.org\/pro\/la-academia\/organos-de-gobierno\/\"},{\"@type\":\"ListItem\",\"position\":4,\"name\":\"Jos\u00e9 Miguel Mart\u00ednez Sanz\"}]},{\"@type\":\"WebSite\",\"@id\":\"https:\/\/www.academianutricionydietetica.org\/pro\/#website\",\"url\":\"https:\/\/www.academianutricionydietetica.org\/pro\/\",\"name\":\"Academia Espa\u00f1ola de Nutrici\u00f3n y Diet\u00e9tica\",\"description\":\"Formaci\u00f3n, noticias, jornadas y eventos\",\"potentialAction\":[{\"@type\":\"SearchAction\",\"target\":{\"@type\":\"EntryPoint\",\"urlTemplate\":\"https:\/\/www.academianutricionydietetica.org\/pro\/?s={search_term_string}\"},\"query-input\":{\"@type\":\"PropertyValueSpecification\",\"valueRequired\":true,\"valueName\":\"search_term_string\"}}],\"inLanguage\":\"es\"}]}<\/script>\n<!-- \/ Yoast SEO plugin. -->","yoast_head_json":{"title":"Jos\u00e9 Miguel Mart\u00ednez Sanz - Academia Espa\u00f1ola de Nutrici\u00f3n y Diet\u00e9tica","robots":{"index":"index","follow":"follow","max-snippet":"max-snippet:-1","max-image-preview":"max-image-preview:large","max-video-preview":"max-video-preview:-1"},"canonical":"https:\/\/www.academianutricionydietetica.org\/pro\/la-academia\/organos-de-gobierno\/jose-miguel-martinez-sanz\/","og_locale":"es_ES","og_type":"article","og_title":"Jos\u00e9 Miguel Mart\u00ednez Sanz - Academia Espa\u00f1ola de Nutrici\u00f3n y Diet\u00e9tica","og_description":"[vc_row dfd_row_responsive_enable=\u00bbdfd-row-responsive-enable\u00bb responsive_styles=\u00bbpadding_left_mobile:20|padding_right_mobile:20&#8243;][vc_column][\/vc_column][\/vc_row]","og_url":"https:\/\/www.academianutricionydietetica.org\/pro\/la-academia\/organos-de-gobierno\/jose-miguel-martinez-sanz\/","og_site_name":"Academia Espa\u00f1ola de Nutrici\u00f3n y Diet\u00e9tica","article_modified_time":"2022-07-12T15:08:24+00:00","twitter_card":"summary_large_image","twitter_misc":{"Tiempo de lectura":"3 minutos"},"schema":{"@context":"https:\/\/schema.org","@graph":[{"@type":"WebPage","@id":"https:\/\/www.academianutricionydietetica.org\/pro\/la-academia\/organos-de-gobierno\/jose-miguel-martinez-sanz\/","url":"https:\/\/www.academianutricionydietetica.org\/pro\/la-academia\/organos-de-gobierno\/jose-miguel-martinez-sanz\/","name":"Jos\u00e9 Miguel Mart\u00ednez Sanz - Academia Espa\u00f1ola de Nutrici\u00f3n y Diet\u00e9tica","isPartOf":{"@id":"https:\/\/www.academianutricionydietetica.org\/pro\/#website"},"datePublished":"2019-06-10T09:32:59+00:00","dateModified":"2022-07-12T15:08:24+00:00","breadcrumb":{"@id":"https:\/\/www.academianutricionydietetica.org\/pro\/la-academia\/organos-de-gobierno\/jose-miguel-martinez-sanz\/#breadcrumb"},"inLanguage":"es","potentialAction":[{"@type":"ReadAction","target":["https:\/\/www.academianutricionydietetica.org\/pro\/la-academia\/organos-de-gobierno\/jose-miguel-martinez-sanz\/"]}]},{"@type":"BreadcrumbList","@id":"https:\/\/www.academianutricionydietetica.org\/pro\/la-academia\/organos-de-gobierno\/jose-miguel-martinez-sanz\/#breadcrumb","itemListElement":[{"@type":"ListItem","position":1,"name":"Inicio","item":"https:\/\/www.academianutricionydietetica.org\/pro\/"},{"@type":"ListItem","position":2,"name":"La academia","item":"https:\/\/www.academianutricionydietetica.org\/pro\/la-academia\/"},{"@type":"ListItem","position":3,"name":"\u00d3rganos de Gobierno","item":"https:\/\/www.academianutricionydietetica.org\/pro\/la-academia\/organos-de-gobierno\/"},{"@type":"ListItem","position":4,"name":"Jos\u00e9 Miguel Mart\u00ednez Sanz"}]},{"@type":"WebSite","@id":"https:\/\/www.academianutricionydietetica.org\/pro\/#website","url":"https:\/\/www.academianutricionydietetica.org\/pro\/","name":"Academia Espa\u00f1ola de Nutrici\u00f3n y Diet\u00e9tica","description":"Formaci\u00f3n, noticias, jornadas y eventos","potentialAction":[{"@type":"SearchAction","target":{"@type":"EntryPoint","urlTemplate":"https:\/\/www.academianutricionydietetica.org\/pro\/?s={search_term_string}"},"query-input":{"@type":"PropertyValueSpecification","valueRequired":true,"valueName":"search_term_string"}}],"inLanguage":"es"}]}},"_links":{"self":[{"href":"https:\/\/www.academianutricionydietetica.org\/pro\/wp-json\/wp\/v2\/pages\/18595","targetHints":{"allow":["GET"]}}],"collection":[{"href":"https:\/\/www.academianutricionydietetica.org\/pro\/wp-json\/wp\/v2\/pages"}],"about":[{"href":"https:\/\/www.academianutricionydietetica.org\/pro\/wp-json\/wp\/v2\/types\/page"}],"author":[{"embeddable":true,"href":"https:\/\/www.academianutricionydietetica.org\/pro\/wp-json\/wp\/v2\/users\/4"}],"replies":[{"embeddable":true,"href":"https:\/\/www.academianutricionydietetica.org\/pro\/wp-json\/wp\/v2\/comments?post=18595"}],"version-history":[{"count":3,"href":"https:\/\/www.academianutricionydietetica.org\/pro\/wp-json\/wp\/v2\/pages\/18595\/revisions"}],"predecessor-version":[{"id":19467,"href":"https:\/\/www.academianutricionydietetica.org\/pro\/wp-json\/wp\/v2\/pages\/18595\/revisions\/19467"}],"up":[{"embeddable":true,"href":"https:\/\/www.academianutricionydietetica.org\/pro\/wp-json\/wp\/v2\/pages\/16188"}],"wp:attachment":[{"href":"https:\/\/www.academianutricionydietetica.org\/pro\/wp-json\/wp\/v2\/media?parent=18595"}],"curies":[{"name":"wp","href":"https:\/\/api.w.org\/{rel}","templated":true}]}}