{"id":18604,"date":"2019-06-10T09:53:46","date_gmt":"2019-06-10T09:53:46","guid":{"rendered":"http:\/\/websites1234.com\/academia-nutricion\/?page_id=18604"},"modified":"2022-07-12T15:10:44","modified_gmt":"2022-07-12T15:10:44","slug":"juan-a-latorre-catala","status":"publish","type":"page","link":"https:\/\/www.academianutricionydietetica.org\/pro\/la-academia\/organos-de-gobierno\/juan-a-latorre-catala\/","title":{"rendered":"Juan A. Latorre Catal\u00e1"},"content":{"rendered":"<p>[vc_row dfd_row_responsive_enable=\u00bbdfd-row-responsive-enable\u00bb responsive_styles=\u00bbpadding_left_mobile:20|padding_right_mobile:20&#8243;][vc_column]<div class=\"dfd-spacer-module\"  data-units=\"px\" data-wide_resolution=\"1280\" data-wide_size=\"80\" data-normal_resolution=\"1024\" data-normal_size=\"60\" data-tablet_resolution=\"800\" data-tablet_size=\"40\" data-mobile_resolution=\"480\" data-mobile_size=\"40\" style=\"height: 80px;\"><\/div><div class=\"dfd-info-banner style-05 responsive-team-members text-center\" ><div class=\"image-cover \"><img loading=\"lazy\" decoding=\"async\" src=\"https:\/\/www.academianutricionydietetica.org\/pro\/uploads\/2019\/06\/16-150x150.jpg\" alt=\"Image\"  width=\"150\" height=\"150\" class=\"info-banner-image \" \/><\/div><div class=\"content-wrap\"><h2 class=\"info-box-title \" style=\"font-size: 22px; line-height: 26.4px; letter-spacing: 1px; \">Juan A. Latorre Catal\u00e1<\/h2><h3 class=\"info-box-subtitle widget-sub-title \" style=\"\">Acad\u00e9micos de n\u00famero<\/h3><div class=\"wrap-delimiter\"><div class=\"delimiter\" ><\/div><\/div><div class=\"description\" style=\"\">FORMACI\u00d3N UNIVERSITARIA<br \/>\nGRADO EN NUTRICI\u00d3N HUMANA Y DIET\u00c9TICA. Universidad San Pablo- CEU. Diplomatura 2005-2008. Grado 2011-2012.<br \/>\nDOCTOR EN FARMACIA. \u201cCum Laude\u201d por la Universidad de Valencia. 2009<br \/>\nMASTER EN CIENCIA E INGENIERIA DE LOS ALIMENTOS. Universidad Polit\u00e9cnica de Valencia. 143.5 cr\u00e9ditos. 1993<br \/>\nPUBLICACIONES<br \/>\nNutrici\u00f3n y diet\u00e9tica cl\u00ednica. Jordi Salas-Salvad\u00f3. Editorial Elsevier Masson. 3\u00aa Edici\u00f3n 2014. ISBN 978-84-458-2377-4. Coautor del capitulo 24 \u201c Manejo nutricional en la enfermedad renal cr\u00f3nica\u201d p\u00e1ginas 249-262.<br \/>\nPONENCIAS RECIENTES<br \/>\n\u201cMalnutrici\u00f3n en hemodi\u00e1lisis (HD) y sus consecuencias\u201d. Fundaci\u00f3n Jim\u00e9nez D\u00edaz.12 y 13 de mayo 2016.<br \/>\n\u201cLa consulta de Consejo diet\u00e9tico. Un nuevo reto para las unidades ERC\u201d, durante 6\u00ba Taller de Nutrici\u00f3n en Pacientes con ERC. Del 1 al 3 de abril de 2016.<br \/>\n\u201cPapel de los simbi\u00f3ticos en la microbiota del paciente con ERC\u201d. 5\u00ba Taller de Nutrici\u00f3n en Pacientes con ERC. Del 10 al 12 de abril de 2015.<br \/>\nCOMUNICACIONES A CONGRESOS RECIENTES<\/p>\n<p>\u201cRiesgo de fracturas (FRAX) mas all\u00e1 de par\u00e1metros bioqu\u00edmicos. Papel de la sarcopenia\u201d. XII Reuni\u00f3n de la Sociedad Madrile\u00f1a de Nefrolog\u00eda, Segovia, del 10 al 11 de junio de 2016.<br \/>\n\u201c Global longitudinal strain (GLS) y volumen de aur\u00edcula izquierda en la detecci\u00f3n precoz de la disfunci\u00f3n subcl\u00ednica del miocardio del Ventr\u00edculo izquierdo (VI) en pacientes trasplantados renales (TXR)\u201d. En la XI Reuni\u00f3n de la Sociedad Madrile\u00f1a de Nefrolog\u00eda, Alcal\u00e1 de Henares, Madrid, 12 y 13 de Junio 2015.<br \/>\nACTIVIDAD DOCENTE Y FORMATIVA<\/p>\n<p>Profesor Adjunto en la Universidad Isabel I en el Grado de Nutrici\u00f3n Humana y Diet\u00e9tica. Desde Abril 2016 a la Actualidad.<br \/>\nMiembro del comit\u00e9 organizador en la III Jornada Presencial del Grado en Nutrici\u00f3n y Diet\u00e9tica del curso acad\u00e9mico 2015-2016 celebrado el 7 de mayo de 2016.en el \u201cTaller pr\u00e1ctico de Dietoterapia.\u201d<br \/>\nACTIVIDAD CONSULTA NUTRICIONAL<\/p>\n<p>Consulta en centro privado de Nutrici\u00f3n desde 2008 a la actualidad en A Coru\u00f1a.<br \/>\nColaborador en la consulta multidisciplinar de Consello Diet\u00e9tico en el Servicio de Nefrolog\u00eda del Hospital da Costa de Burela, desde el 2013 a la actualidad.<br \/>\nOTROS<\/p>\n<p>Miembro de la Sociedad Gallega de Nefrolog\u00eda (SGAN).<br \/>\nMiembro del comit\u00e9 cient\u00edfico de la AEDN desde Diciembre 2012, hasta la actualidad.<br \/>\nRevisor de art\u00edculos de la revista Espa\u00f1ola de Nutrici\u00f3n Humana y Diet\u00e9tica durante el a\u00f1o 2015.<\/div><\/div><\/div><div class=\"dfd-spacer-module\"  data-units=\"px\" data-wide_resolution=\"1280\" data-wide_size=\"80\" data-normal_resolution=\"1024\" data-normal_size=\"60\" data-tablet_resolution=\"800\" data-tablet_size=\"40\" data-mobile_resolution=\"480\" data-mobile_size=\"40\" style=\"height: 80px;\"><\/div>[\/vc_column][\/vc_row]<\/p>\n","protected":false},"excerpt":{"rendered":"<p>[vc_row dfd_row_responsive_enable=\u00bbdfd-row-responsive-enable\u00bb responsive_styles=\u00bbpadding_left_mobile:20|padding_right_mobile:20&#8243;][vc_column][\/vc_column][\/vc_row]<\/p>\n","protected":false},"author":4,"featured_media":0,"parent":16188,"menu_order":0,"comment_status":"closed","ping_status":"closed","template":"page-custom-with-header.php","meta":{"_acf_changed":false,"_monsterinsights_skip_tracking":false,"_monsterinsights_sitenote_active":false,"_monsterinsights_sitenote_note":"","_monsterinsights_sitenote_category":0,"footnotes":""},"class_list":["post-18604","page","type-page","status-publish","hentry"],"acf":[],"yoast_head":"<!-- This site is optimized with the Yoast SEO plugin v26.7 - https:\/\/yoast.com\/wordpress\/plugins\/seo\/ -->\n<title>Juan A. Latorre Catal\u00e1 - Academia Espa\u00f1ola de Nutrici\u00f3n y Diet\u00e9tica<\/title>\n<meta name=\"robots\" content=\"index, follow, max-snippet:-1, max-image-preview:large, max-video-preview:-1\" \/>\n<link rel=\"canonical\" href=\"https:\/\/www.academianutricionydietetica.org\/pro\/la-academia\/organos-de-gobierno\/juan-a-latorre-catala\/\" \/>\n<meta property=\"og:locale\" content=\"es_ES\" \/>\n<meta property=\"og:type\" content=\"article\" \/>\n<meta property=\"og:title\" content=\"Juan A. Latorre Catal\u00e1 - Academia Espa\u00f1ola de Nutrici\u00f3n y Diet\u00e9tica\" \/>\n<meta property=\"og:description\" content=\"[vc_row dfd_row_responsive_enable=\u00bbdfd-row-responsive-enable\u00bb responsive_styles=\u00bbpadding_left_mobile:20|padding_right_mobile:20&#8243;][vc_column][\/vc_column][\/vc_row]\" \/>\n<meta property=\"og:url\" content=\"https:\/\/www.academianutricionydietetica.org\/pro\/la-academia\/organos-de-gobierno\/juan-a-latorre-catala\/\" \/>\n<meta property=\"og:site_name\" content=\"Academia Espa\u00f1ola de Nutrici\u00f3n y Diet\u00e9tica\" \/>\n<meta property=\"article:modified_time\" content=\"2022-07-12T15:10:44+00:00\" \/>\n<meta name=\"twitter:card\" content=\"summary_large_image\" \/>\n<meta name=\"twitter:label1\" content=\"Tiempo de lectura\" \/>\n\t<meta name=\"twitter:data1\" content=\"3 minutos\" \/>\n<script type=\"application\/ld+json\" class=\"yoast-schema-graph\">{\"@context\":\"https:\/\/schema.org\",\"@graph\":[{\"@type\":\"WebPage\",\"@id\":\"https:\/\/www.academianutricionydietetica.org\/pro\/la-academia\/organos-de-gobierno\/juan-a-latorre-catala\/\",\"url\":\"https:\/\/www.academianutricionydietetica.org\/pro\/la-academia\/organos-de-gobierno\/juan-a-latorre-catala\/\",\"name\":\"Juan A. Latorre Catal\u00e1 - Academia Espa\u00f1ola de Nutrici\u00f3n y Diet\u00e9tica\",\"isPartOf\":{\"@id\":\"https:\/\/www.academianutricionydietetica.org\/pro\/#website\"},\"datePublished\":\"2019-06-10T09:53:46+00:00\",\"dateModified\":\"2022-07-12T15:10:44+00:00\",\"breadcrumb\":{\"@id\":\"https:\/\/www.academianutricionydietetica.org\/pro\/la-academia\/organos-de-gobierno\/juan-a-latorre-catala\/#breadcrumb\"},\"inLanguage\":\"es\",\"potentialAction\":[{\"@type\":\"ReadAction\",\"target\":[\"https:\/\/www.academianutricionydietetica.org\/pro\/la-academia\/organos-de-gobierno\/juan-a-latorre-catala\/\"]}]},{\"@type\":\"BreadcrumbList\",\"@id\":\"https:\/\/www.academianutricionydietetica.org\/pro\/la-academia\/organos-de-gobierno\/juan-a-latorre-catala\/#breadcrumb\",\"itemListElement\":[{\"@type\":\"ListItem\",\"position\":1,\"name\":\"Inicio\",\"item\":\"https:\/\/www.academianutricionydietetica.org\/pro\/\"},{\"@type\":\"ListItem\",\"position\":2,\"name\":\"La academia\",\"item\":\"https:\/\/www.academianutricionydietetica.org\/pro\/la-academia\/\"},{\"@type\":\"ListItem\",\"position\":3,\"name\":\"\u00d3rganos de Gobierno\",\"item\":\"https:\/\/www.academianutricionydietetica.org\/pro\/la-academia\/organos-de-gobierno\/\"},{\"@type\":\"ListItem\",\"position\":4,\"name\":\"Juan A. Latorre Catal\u00e1\"}]},{\"@type\":\"WebSite\",\"@id\":\"https:\/\/www.academianutricionydietetica.org\/pro\/#website\",\"url\":\"https:\/\/www.academianutricionydietetica.org\/pro\/\",\"name\":\"Academia Espa\u00f1ola de Nutrici\u00f3n y Diet\u00e9tica\",\"description\":\"Formaci\u00f3n, noticias, jornadas y eventos\",\"potentialAction\":[{\"@type\":\"SearchAction\",\"target\":{\"@type\":\"EntryPoint\",\"urlTemplate\":\"https:\/\/www.academianutricionydietetica.org\/pro\/?s={search_term_string}\"},\"query-input\":{\"@type\":\"PropertyValueSpecification\",\"valueRequired\":true,\"valueName\":\"search_term_string\"}}],\"inLanguage\":\"es\"}]}<\/script>\n<!-- \/ Yoast SEO plugin. -->","yoast_head_json":{"title":"Juan A. Latorre Catal\u00e1 - Academia Espa\u00f1ola de Nutrici\u00f3n y Diet\u00e9tica","robots":{"index":"index","follow":"follow","max-snippet":"max-snippet:-1","max-image-preview":"max-image-preview:large","max-video-preview":"max-video-preview:-1"},"canonical":"https:\/\/www.academianutricionydietetica.org\/pro\/la-academia\/organos-de-gobierno\/juan-a-latorre-catala\/","og_locale":"es_ES","og_type":"article","og_title":"Juan A. Latorre Catal\u00e1 - Academia Espa\u00f1ola de Nutrici\u00f3n y Diet\u00e9tica","og_description":"[vc_row dfd_row_responsive_enable=\u00bbdfd-row-responsive-enable\u00bb responsive_styles=\u00bbpadding_left_mobile:20|padding_right_mobile:20&#8243;][vc_column][\/vc_column][\/vc_row]","og_url":"https:\/\/www.academianutricionydietetica.org\/pro\/la-academia\/organos-de-gobierno\/juan-a-latorre-catala\/","og_site_name":"Academia Espa\u00f1ola de Nutrici\u00f3n y Diet\u00e9tica","article_modified_time":"2022-07-12T15:10:44+00:00","twitter_card":"summary_large_image","twitter_misc":{"Tiempo de lectura":"3 minutos"},"schema":{"@context":"https:\/\/schema.org","@graph":[{"@type":"WebPage","@id":"https:\/\/www.academianutricionydietetica.org\/pro\/la-academia\/organos-de-gobierno\/juan-a-latorre-catala\/","url":"https:\/\/www.academianutricionydietetica.org\/pro\/la-academia\/organos-de-gobierno\/juan-a-latorre-catala\/","name":"Juan A. Latorre Catal\u00e1 - Academia Espa\u00f1ola de Nutrici\u00f3n y Diet\u00e9tica","isPartOf":{"@id":"https:\/\/www.academianutricionydietetica.org\/pro\/#website"},"datePublished":"2019-06-10T09:53:46+00:00","dateModified":"2022-07-12T15:10:44+00:00","breadcrumb":{"@id":"https:\/\/www.academianutricionydietetica.org\/pro\/la-academia\/organos-de-gobierno\/juan-a-latorre-catala\/#breadcrumb"},"inLanguage":"es","potentialAction":[{"@type":"ReadAction","target":["https:\/\/www.academianutricionydietetica.org\/pro\/la-academia\/organos-de-gobierno\/juan-a-latorre-catala\/"]}]},{"@type":"BreadcrumbList","@id":"https:\/\/www.academianutricionydietetica.org\/pro\/la-academia\/organos-de-gobierno\/juan-a-latorre-catala\/#breadcrumb","itemListElement":[{"@type":"ListItem","position":1,"name":"Inicio","item":"https:\/\/www.academianutricionydietetica.org\/pro\/"},{"@type":"ListItem","position":2,"name":"La academia","item":"https:\/\/www.academianutricionydietetica.org\/pro\/la-academia\/"},{"@type":"ListItem","position":3,"name":"\u00d3rganos de Gobierno","item":"https:\/\/www.academianutricionydietetica.org\/pro\/la-academia\/organos-de-gobierno\/"},{"@type":"ListItem","position":4,"name":"Juan A. Latorre Catal\u00e1"}]},{"@type":"WebSite","@id":"https:\/\/www.academianutricionydietetica.org\/pro\/#website","url":"https:\/\/www.academianutricionydietetica.org\/pro\/","name":"Academia Espa\u00f1ola de Nutrici\u00f3n y Diet\u00e9tica","description":"Formaci\u00f3n, noticias, jornadas y eventos","potentialAction":[{"@type":"SearchAction","target":{"@type":"EntryPoint","urlTemplate":"https:\/\/www.academianutricionydietetica.org\/pro\/?s={search_term_string}"},"query-input":{"@type":"PropertyValueSpecification","valueRequired":true,"valueName":"search_term_string"}}],"inLanguage":"es"}]}},"_links":{"self":[{"href":"https:\/\/www.academianutricionydietetica.org\/pro\/wp-json\/wp\/v2\/pages\/18604","targetHints":{"allow":["GET"]}}],"collection":[{"href":"https:\/\/www.academianutricionydietetica.org\/pro\/wp-json\/wp\/v2\/pages"}],"about":[{"href":"https:\/\/www.academianutricionydietetica.org\/pro\/wp-json\/wp\/v2\/types\/page"}],"author":[{"embeddable":true,"href":"https:\/\/www.academianutricionydietetica.org\/pro\/wp-json\/wp\/v2\/users\/4"}],"replies":[{"embeddable":true,"href":"https:\/\/www.academianutricionydietetica.org\/pro\/wp-json\/wp\/v2\/comments?post=18604"}],"version-history":[{"count":3,"href":"https:\/\/www.academianutricionydietetica.org\/pro\/wp-json\/wp\/v2\/pages\/18604\/revisions"}],"predecessor-version":[{"id":19472,"href":"https:\/\/www.academianutricionydietetica.org\/pro\/wp-json\/wp\/v2\/pages\/18604\/revisions\/19472"}],"up":[{"embeddable":true,"href":"https:\/\/www.academianutricionydietetica.org\/pro\/wp-json\/wp\/v2\/pages\/16188"}],"wp:attachment":[{"href":"https:\/\/www.academianutricionydietetica.org\/pro\/wp-json\/wp\/v2\/media?parent=18604"}],"curies":[{"name":"wp","href":"https:\/\/api.w.org\/{rel}","templated":true}]}}