{"id":18607,"date":"2019-06-10T10:09:50","date_gmt":"2019-06-10T10:09:50","guid":{"rendered":"http:\/\/websites1234.com\/academia-nutricion\/?page_id=18607"},"modified":"2022-07-12T15:11:12","modified_gmt":"2022-07-12T15:11:12","slug":"francisco-javier-martin-almena","status":"publish","type":"page","link":"https:\/\/www.academianutricionydietetica.org\/pro\/la-academia\/organos-de-gobierno\/francisco-javier-martin-almena\/","title":{"rendered":"Francisco Javier Mart\u00edn Almena"},"content":{"rendered":"<p>[vc_row dfd_row_responsive_enable=\u00bbdfd-row-responsive-enable\u00bb responsive_styles=\u00bbpadding_left_mobile:20|padding_right_mobile:20&#8243;][vc_column]<div class=\"dfd-spacer-module\"  data-units=\"px\" data-wide_resolution=\"1280\" data-wide_size=\"80\" data-normal_resolution=\"1024\" data-normal_size=\"60\" data-tablet_resolution=\"800\" data-tablet_size=\"40\" data-mobile_resolution=\"480\" data-mobile_size=\"40\" style=\"height: 80px;\"><\/div><div class=\"dfd-info-banner style-05 responsive-team-members text-center\" ><div class=\"image-cover \"><img loading=\"lazy\" decoding=\"async\" src=\"https:\/\/www.academianutricionydietetica.org\/pro\/uploads\/2019\/06\/65-150x150.jpg\" alt=\"Image\"  width=\"150\" height=\"150\" class=\"info-banner-image \" \/><\/div><div class=\"content-wrap\"><h2 class=\"info-box-title \" style=\"font-size: 22px; line-height: 26.4px; letter-spacing: 1px; \">Francisco Javier Mart\u00edn Almena<\/h2><h3 class=\"info-box-subtitle widget-sub-title \" style=\"\">Acad\u00e9micos de n\u00famero<\/h3><div class=\"wrap-delimiter\"><div class=\"delimiter\" ><\/div><\/div><div class=\"description\" style=\"\">Diplomado en Nutrici\u00f3n Humana y Diet\u00e9tica y licenciado en Ciencia y Tecnolog\u00eda de los Alimentos por la Universidad Aut\u00f3noma de Madrid. Ampli\u00f3 su formaci\u00f3n con el M\u00e1ster en Antropolog\u00eda F\u00edsica: Evoluci\u00f3n y Biodiversidad Humanas, impartido por la Universidad Aut\u00f3noma de Madrid, Universidad Complutense y Universidad de Alcal\u00e1 de Henares, en el que obtuvo la calificaci\u00f3n m\u00e1xima de Matr\u00edcula de Honor en su proyecto de fin de m\u00e1ster titulado \u201cH\u00e1bitos alimentarios y estilos de vida durante el embarazo de mujeres espa\u00f1olas y latinoamericanas residentes en la Comunidad de Madrid: Influencia sobre la salud del reci\u00e9n nacido\u201d. Tambi\u00e9n complet\u00f3 su formaci\u00f3n investigadora estudiando el T\u00edtulo Propio de M\u00e1ster en Ensayos Cl\u00ednicos, impartido por la Universidad de Sevilla. Obtuvo el t\u00edtulo de Doctor en Antropolog\u00eda F\u00edsica por la Universidad Aut\u00f3noma de Madrid tras la defensa de su Tesis Doctoral titulada \u201cValoraci\u00f3n del estado nutricional de deportistas paral\u00edmpicos espa\u00f1oles\u201d con la que obtuvo la calificaci\u00f3n m\u00e1xima de Sobresaliente Cum Laude. Tambi\u00e9n ha estudiado cursos de nutrici\u00f3n, calidad y seguridad alimentaria y relacionados con la docencia con los que completar y actualizar su formaci\u00f3n.<br \/>\nParalelamente, ha ejercido su actividad profesional como dietista-nutricionista desde 2008 en empresas de colectividades, en consulta privada y colaborando con empresas de formaci\u00f3n. Actualmente, es parte del cuerpo docente del Grado en Nutrici\u00f3n Humana y Diet\u00e9tica en la Facultad de Ciencias de la Salud de la Universidad Isabel I.<br \/>\nHa asistido a multitud de jornadas, seminarios y congresos de car\u00e1cter nacional e internacional en los que en muchos de ellos ha colaborado con comunicaciones tanto en formato oral como p\u00f3sters.<\/div><\/div><\/div><div class=\"dfd-spacer-module\"  data-units=\"px\" data-wide_resolution=\"1280\" data-wide_size=\"80\" data-normal_resolution=\"1024\" data-normal_size=\"60\" data-tablet_resolution=\"800\" data-tablet_size=\"40\" data-mobile_resolution=\"480\" data-mobile_size=\"40\" style=\"height: 80px;\"><\/div>[\/vc_column][\/vc_row]<\/p>\n","protected":false},"excerpt":{"rendered":"<p>[vc_row dfd_row_responsive_enable=\u00bbdfd-row-responsive-enable\u00bb responsive_styles=\u00bbpadding_left_mobile:20|padding_right_mobile:20&#8243;][vc_column][\/vc_column][\/vc_row]<\/p>\n","protected":false},"author":4,"featured_media":0,"parent":16188,"menu_order":0,"comment_status":"closed","ping_status":"closed","template":"page-custom-with-header.php","meta":{"_acf_changed":false,"_monsterinsights_skip_tracking":false,"_monsterinsights_sitenote_active":false,"_monsterinsights_sitenote_note":"","_monsterinsights_sitenote_category":0,"footnotes":""},"class_list":["post-18607","page","type-page","status-publish","hentry"],"acf":[],"yoast_head":"<!-- This site is optimized with the Yoast SEO plugin v26.7 - https:\/\/yoast.com\/wordpress\/plugins\/seo\/ -->\n<title>Francisco Javier Mart\u00edn Almena - Academia Espa\u00f1ola de Nutrici\u00f3n y Diet\u00e9tica<\/title>\n<meta name=\"robots\" content=\"index, follow, max-snippet:-1, max-image-preview:large, max-video-preview:-1\" \/>\n<link rel=\"canonical\" href=\"https:\/\/www.academianutricionydietetica.org\/pro\/la-academia\/organos-de-gobierno\/francisco-javier-martin-almena\/\" \/>\n<meta property=\"og:locale\" content=\"es_ES\" \/>\n<meta property=\"og:type\" content=\"article\" \/>\n<meta property=\"og:title\" content=\"Francisco Javier Mart\u00edn Almena - Academia Espa\u00f1ola de Nutrici\u00f3n y Diet\u00e9tica\" \/>\n<meta property=\"og:description\" content=\"[vc_row dfd_row_responsive_enable=\u00bbdfd-row-responsive-enable\u00bb responsive_styles=\u00bbpadding_left_mobile:20|padding_right_mobile:20&#8243;][vc_column][\/vc_column][\/vc_row]\" \/>\n<meta property=\"og:url\" content=\"https:\/\/www.academianutricionydietetica.org\/pro\/la-academia\/organos-de-gobierno\/francisco-javier-martin-almena\/\" \/>\n<meta property=\"og:site_name\" content=\"Academia Espa\u00f1ola de Nutrici\u00f3n y Diet\u00e9tica\" \/>\n<meta property=\"article:modified_time\" content=\"2022-07-12T15:11:12+00:00\" \/>\n<meta name=\"twitter:card\" content=\"summary_large_image\" \/>\n<meta name=\"twitter:label1\" content=\"Tiempo de lectura\" \/>\n\t<meta name=\"twitter:data1\" content=\"2 minutos\" \/>\n<script type=\"application\/ld+json\" class=\"yoast-schema-graph\">{\"@context\":\"https:\/\/schema.org\",\"@graph\":[{\"@type\":\"WebPage\",\"@id\":\"https:\/\/www.academianutricionydietetica.org\/pro\/la-academia\/organos-de-gobierno\/francisco-javier-martin-almena\/\",\"url\":\"https:\/\/www.academianutricionydietetica.org\/pro\/la-academia\/organos-de-gobierno\/francisco-javier-martin-almena\/\",\"name\":\"Francisco Javier Mart\u00edn Almena - Academia Espa\u00f1ola de Nutrici\u00f3n y Diet\u00e9tica\",\"isPartOf\":{\"@id\":\"https:\/\/www.academianutricionydietetica.org\/pro\/#website\"},\"datePublished\":\"2019-06-10T10:09:50+00:00\",\"dateModified\":\"2022-07-12T15:11:12+00:00\",\"breadcrumb\":{\"@id\":\"https:\/\/www.academianutricionydietetica.org\/pro\/la-academia\/organos-de-gobierno\/francisco-javier-martin-almena\/#breadcrumb\"},\"inLanguage\":\"es\",\"potentialAction\":[{\"@type\":\"ReadAction\",\"target\":[\"https:\/\/www.academianutricionydietetica.org\/pro\/la-academia\/organos-de-gobierno\/francisco-javier-martin-almena\/\"]}]},{\"@type\":\"BreadcrumbList\",\"@id\":\"https:\/\/www.academianutricionydietetica.org\/pro\/la-academia\/organos-de-gobierno\/francisco-javier-martin-almena\/#breadcrumb\",\"itemListElement\":[{\"@type\":\"ListItem\",\"position\":1,\"name\":\"Inicio\",\"item\":\"https:\/\/www.academianutricionydietetica.org\/pro\/\"},{\"@type\":\"ListItem\",\"position\":2,\"name\":\"La academia\",\"item\":\"https:\/\/www.academianutricionydietetica.org\/pro\/la-academia\/\"},{\"@type\":\"ListItem\",\"position\":3,\"name\":\"\u00d3rganos de Gobierno\",\"item\":\"https:\/\/www.academianutricionydietetica.org\/pro\/la-academia\/organos-de-gobierno\/\"},{\"@type\":\"ListItem\",\"position\":4,\"name\":\"Francisco Javier Mart\u00edn Almena\"}]},{\"@type\":\"WebSite\",\"@id\":\"https:\/\/www.academianutricionydietetica.org\/pro\/#website\",\"url\":\"https:\/\/www.academianutricionydietetica.org\/pro\/\",\"name\":\"Academia Espa\u00f1ola de Nutrici\u00f3n y Diet\u00e9tica\",\"description\":\"Formaci\u00f3n, noticias, jornadas y eventos\",\"potentialAction\":[{\"@type\":\"SearchAction\",\"target\":{\"@type\":\"EntryPoint\",\"urlTemplate\":\"https:\/\/www.academianutricionydietetica.org\/pro\/?s={search_term_string}\"},\"query-input\":{\"@type\":\"PropertyValueSpecification\",\"valueRequired\":true,\"valueName\":\"search_term_string\"}}],\"inLanguage\":\"es\"}]}<\/script>\n<!-- \/ Yoast SEO plugin. -->","yoast_head_json":{"title":"Francisco Javier Mart\u00edn Almena - Academia Espa\u00f1ola de Nutrici\u00f3n y Diet\u00e9tica","robots":{"index":"index","follow":"follow","max-snippet":"max-snippet:-1","max-image-preview":"max-image-preview:large","max-video-preview":"max-video-preview:-1"},"canonical":"https:\/\/www.academianutricionydietetica.org\/pro\/la-academia\/organos-de-gobierno\/francisco-javier-martin-almena\/","og_locale":"es_ES","og_type":"article","og_title":"Francisco Javier Mart\u00edn Almena - Academia Espa\u00f1ola de Nutrici\u00f3n y Diet\u00e9tica","og_description":"[vc_row dfd_row_responsive_enable=\u00bbdfd-row-responsive-enable\u00bb responsive_styles=\u00bbpadding_left_mobile:20|padding_right_mobile:20&#8243;][vc_column][\/vc_column][\/vc_row]","og_url":"https:\/\/www.academianutricionydietetica.org\/pro\/la-academia\/organos-de-gobierno\/francisco-javier-martin-almena\/","og_site_name":"Academia Espa\u00f1ola de Nutrici\u00f3n y Diet\u00e9tica","article_modified_time":"2022-07-12T15:11:12+00:00","twitter_card":"summary_large_image","twitter_misc":{"Tiempo de lectura":"2 minutos"},"schema":{"@context":"https:\/\/schema.org","@graph":[{"@type":"WebPage","@id":"https:\/\/www.academianutricionydietetica.org\/pro\/la-academia\/organos-de-gobierno\/francisco-javier-martin-almena\/","url":"https:\/\/www.academianutricionydietetica.org\/pro\/la-academia\/organos-de-gobierno\/francisco-javier-martin-almena\/","name":"Francisco Javier Mart\u00edn Almena - Academia Espa\u00f1ola de Nutrici\u00f3n y Diet\u00e9tica","isPartOf":{"@id":"https:\/\/www.academianutricionydietetica.org\/pro\/#website"},"datePublished":"2019-06-10T10:09:50+00:00","dateModified":"2022-07-12T15:11:12+00:00","breadcrumb":{"@id":"https:\/\/www.academianutricionydietetica.org\/pro\/la-academia\/organos-de-gobierno\/francisco-javier-martin-almena\/#breadcrumb"},"inLanguage":"es","potentialAction":[{"@type":"ReadAction","target":["https:\/\/www.academianutricionydietetica.org\/pro\/la-academia\/organos-de-gobierno\/francisco-javier-martin-almena\/"]}]},{"@type":"BreadcrumbList","@id":"https:\/\/www.academianutricionydietetica.org\/pro\/la-academia\/organos-de-gobierno\/francisco-javier-martin-almena\/#breadcrumb","itemListElement":[{"@type":"ListItem","position":1,"name":"Inicio","item":"https:\/\/www.academianutricionydietetica.org\/pro\/"},{"@type":"ListItem","position":2,"name":"La academia","item":"https:\/\/www.academianutricionydietetica.org\/pro\/la-academia\/"},{"@type":"ListItem","position":3,"name":"\u00d3rganos de Gobierno","item":"https:\/\/www.academianutricionydietetica.org\/pro\/la-academia\/organos-de-gobierno\/"},{"@type":"ListItem","position":4,"name":"Francisco Javier Mart\u00edn Almena"}]},{"@type":"WebSite","@id":"https:\/\/www.academianutricionydietetica.org\/pro\/#website","url":"https:\/\/www.academianutricionydietetica.org\/pro\/","name":"Academia Espa\u00f1ola de Nutrici\u00f3n y Diet\u00e9tica","description":"Formaci\u00f3n, noticias, jornadas y eventos","potentialAction":[{"@type":"SearchAction","target":{"@type":"EntryPoint","urlTemplate":"https:\/\/www.academianutricionydietetica.org\/pro\/?s={search_term_string}"},"query-input":{"@type":"PropertyValueSpecification","valueRequired":true,"valueName":"search_term_string"}}],"inLanguage":"es"}]}},"_links":{"self":[{"href":"https:\/\/www.academianutricionydietetica.org\/pro\/wp-json\/wp\/v2\/pages\/18607","targetHints":{"allow":["GET"]}}],"collection":[{"href":"https:\/\/www.academianutricionydietetica.org\/pro\/wp-json\/wp\/v2\/pages"}],"about":[{"href":"https:\/\/www.academianutricionydietetica.org\/pro\/wp-json\/wp\/v2\/types\/page"}],"author":[{"embeddable":true,"href":"https:\/\/www.academianutricionydietetica.org\/pro\/wp-json\/wp\/v2\/users\/4"}],"replies":[{"embeddable":true,"href":"https:\/\/www.academianutricionydietetica.org\/pro\/wp-json\/wp\/v2\/comments?post=18607"}],"version-history":[{"count":3,"href":"https:\/\/www.academianutricionydietetica.org\/pro\/wp-json\/wp\/v2\/pages\/18607\/revisions"}],"predecessor-version":[{"id":19474,"href":"https:\/\/www.academianutricionydietetica.org\/pro\/wp-json\/wp\/v2\/pages\/18607\/revisions\/19474"}],"up":[{"embeddable":true,"href":"https:\/\/www.academianutricionydietetica.org\/pro\/wp-json\/wp\/v2\/pages\/16188"}],"wp:attachment":[{"href":"https:\/\/www.academianutricionydietetica.org\/pro\/wp-json\/wp\/v2\/media?parent=18607"}],"curies":[{"name":"wp","href":"https:\/\/api.w.org\/{rel}","templated":true}]}}