{"id":18656,"date":"2019-06-10T10:58:54","date_gmt":"2019-06-10T10:58:54","guid":{"rendered":"http:\/\/websites1234.com\/academia-nutricion\/?page_id=18656"},"modified":"2025-11-20T09:43:37","modified_gmt":"2025-11-20T09:43:37","slug":"cristina-vaque-crusellas","status":"publish","type":"page","link":"https:\/\/www.academianutricionydietetica.org\/pro\/la-academia\/organos-de-gobierno\/cristina-vaque-crusellas\/","title":{"rendered":"Cristina Vaqu\u00e9 Crusellas"},"content":{"rendered":"<p>[vc_row dfd_row_responsive_enable=\u00bbdfd-row-responsive-enable\u00bb responsive_styles=\u00bbpadding_left_mobile:20|padding_right_mobile:20&#8243;][vc_column]<div class=\"dfd-spacer-module\"  data-units=\"px\" data-wide_resolution=\"1280\" data-wide_size=\"80\" data-normal_resolution=\"1024\" data-normal_size=\"60\" data-tablet_resolution=\"800\" data-tablet_size=\"40\" data-mobile_resolution=\"480\" data-mobile_size=\"40\" style=\"height: 80px;\"><\/div><div class=\"dfd-info-banner style-05 responsive-team-members text-center\" ><div class=\"image-cover \"><img loading=\"lazy\" decoding=\"async\" src=\"https:\/\/www.academianutricionydietetica.org\/pro\/uploads\/2019\/06\/60-150x150.jpg\" alt=\"Image\"  width=\"150\" height=\"150\" class=\"info-banner-image \" \/><\/div><div class=\"content-wrap\"><h2 class=\"info-box-title \" style=\"font-size: 22px; line-height: 26.4px; letter-spacing: 1px; \">Cristina Vaqu\u00e9 Crusellas<\/h2><h3 class=\"info-box-subtitle widget-sub-title \" style=\"\">Acad\u00e9micos de n\u00famero<\/h3><div class=\"wrap-delimiter\"><div class=\"delimiter\" ><\/div><\/div><div class=\"description\" style=\"\">Cristina Vaqu\u00e9 Crusellas es actualmente profesora en el grado de Nutrici\u00f3n Humana y Diet\u00e9tica de la Universidad de Vic- Universidad Central de Catalunya (Espa\u00f1a).<\/p>\n<p>Recibi\u00f3 su doctorado en Psicolog\u00eda y Alimentaci\u00f3n en 2012 en la Universidad de Girona (Espa\u00f1a). Previo al doctorado curs\u00f3 el Grado en Nutrici\u00f3n Humana y Diet\u00e9tica (2002), y realiz\u00f3 un m\u00e1ster universitario en Promoci\u00f3n de la Salud para tener una visi\u00f3n hol\u00edstica de la salud y el comportamiento de las personas (2009).<\/p>\n<p>Comenz\u00f3 a trabajar como dietista cl\u00ednica en una Unidad de Nutrici\u00f3n Cl\u00ednica del Hospital Vall d&#8217;Hebron de Barcelona (Espa\u00f1a) y despu\u00e9s de unos a\u00f1os comenz\u00f3 a trabajar como profesora en el Departamento de Nutrici\u00f3n de la Universidad de Vic-UCC, en la Facultad de Ciencias de la Salud y el Bienestar.<\/p>\n<p>Participa en varios proyectos cient\u00edficos, congresos y instituciones relacionadas con la alimentaci\u00f3n y la nutrici\u00f3n humana (Colegio Dietistas-Nutricionistas Catalunya, Asociaci\u00f3n Espa\u00f1ola de Nutrici\u00f3n Comunitaria, Conferencia DIETS: Dietistas Trabajando con Otros o Congreso Internacional de Dieta Mediterr\u00e1nea \u2026 ), y tambi\u00e9n relacionado con la calidad de vida y el bienestar de las personas ( World Conference of International Society of Quality of Life Studies).<\/p>\n<p>Es autora de algunas publicaciones cient\u00edficas. Ella tiene tres publicaciones en Enciclopedia de Investigaci\u00f3n de Calidad de Vida, art\u00edculos en una revista de Child Indicators Research; Revista Europea de Gastroenterolog\u00eda y Hepatolog\u00eda; Revista ROL de enfermer\u00eda; Revista Atenci\u00f3n Primaria; Nutrici\u00f3n Cl\u00ednica y Diet\u00e9tica Hospitalaria; Revista Espa\u00f1ola de Nutrici\u00f3n Comunitaria, entre otros.Ha realizado investigaciones en torno a una variedad de temas relacionados principalmente con la forma en que la acci\u00f3n socioeducativa puede mejorar las desigualdades de salud y educaci\u00f3n. M\u00e1s espec\u00edficamente, desarrolla su investigaci\u00f3n en torno a la alimentaci\u00f3n saludable y la prevenci\u00f3n de la obesidad juvenil usando un enfoque ecol\u00f3gico, y de redes de gobernanza, que conectan organizaciones sociales, sanitarias y educativas para que las comunidades puedan tener \u00e9xito frente a los desaf\u00edos integrales de hoy en d\u00eda. Cuenta con diversas publicaciones en revistas de impacto como Public Health Nutricion, Sociology of Health and Illness o Gaceta Sanitaria, entre otras. Adem\u00e1s participa en diversas redes internacionales de promoci\u00f3n de la salud.<br \/>\nHa obtenido varias becas y reconocimientos, incluyendo subvenciones del Ministerio de Educaci\u00f3n y Ciencia del Gobierno Espa\u00f1ol, premios a varias presentaciones realizadas en conferencias nacionales internacionales y tambi\u00e9n a la elaboraci\u00f3n de material did\u00e1ctico para promover h\u00e1bitos alimentarios saludables en los adolescentes. Recientemente ha recibido el Premio Extraordinario de Doctorado de la Universidad Ramon Llull y el Acc\u00e9sit del Premio del Plan Integral para la promoci\u00f3n de la salud mediante la actividad f\u00edsica y la alimentaci\u00f3n saludable (PAAS), de la Generalitat de Catalunya por el trabajo de su tesis doctoral, titulada \u00abAproximaci\u00f3n emp\u00edrica al efecto del capital social en el estilo de vida, los h\u00e1bitos alimentarios y el estatus ponderal de una muestra de adolescentes catalanes.\u00bb<\/div><\/div><\/div><div class=\"dfd-spacer-module\"  data-units=\"px\" data-wide_resolution=\"1280\" data-wide_size=\"80\" data-normal_resolution=\"1024\" data-normal_size=\"60\" data-tablet_resolution=\"800\" data-tablet_size=\"40\" data-mobile_resolution=\"480\" data-mobile_size=\"40\" style=\"height: 80px;\"><\/div>[\/vc_column][\/vc_row]<\/p>\n","protected":false},"excerpt":{"rendered":"<p>[vc_row dfd_row_responsive_enable=\u00bbdfd-row-responsive-enable\u00bb responsive_styles=\u00bbpadding_left_mobile:20|padding_right_mobile:20&#8243;][vc_column][\/vc_column][\/vc_row]<\/p>\n","protected":false},"author":4,"featured_media":0,"parent":16188,"menu_order":0,"comment_status":"closed","ping_status":"closed","template":"page-custom-with-header.php","meta":{"_acf_changed":false,"_monsterinsights_skip_tracking":false,"_monsterinsights_sitenote_active":false,"_monsterinsights_sitenote_note":"","_monsterinsights_sitenote_category":0,"footnotes":""},"class_list":["post-18656","page","type-page","status-publish","hentry"],"acf":[],"yoast_head":"<!-- This site is optimized with the Yoast SEO plugin v26.7 - https:\/\/yoast.com\/wordpress\/plugins\/seo\/ -->\n<title>Cristina Vaqu\u00e9 Crusellas - Academia Espa\u00f1ola de Nutrici\u00f3n y Diet\u00e9tica<\/title>\n<meta name=\"robots\" content=\"index, follow, max-snippet:-1, max-image-preview:large, max-video-preview:-1\" \/>\n<link rel=\"canonical\" href=\"https:\/\/www.academianutricionydietetica.org\/pro\/la-academia\/organos-de-gobierno\/cristina-vaque-crusellas\/\" \/>\n<meta property=\"og:locale\" content=\"es_ES\" \/>\n<meta property=\"og:type\" content=\"article\" \/>\n<meta property=\"og:title\" content=\"Cristina Vaqu\u00e9 Crusellas - Academia Espa\u00f1ola de Nutrici\u00f3n y Diet\u00e9tica\" \/>\n<meta property=\"og:description\" content=\"[vc_row dfd_row_responsive_enable=\u00bbdfd-row-responsive-enable\u00bb responsive_styles=\u00bbpadding_left_mobile:20|padding_right_mobile:20&#8243;][vc_column][\/vc_column][\/vc_row]\" \/>\n<meta property=\"og:url\" content=\"https:\/\/www.academianutricionydietetica.org\/pro\/la-academia\/organos-de-gobierno\/cristina-vaque-crusellas\/\" \/>\n<meta property=\"og:site_name\" content=\"Academia Espa\u00f1ola de Nutrici\u00f3n y Diet\u00e9tica\" \/>\n<meta property=\"article:modified_time\" content=\"2025-11-20T09:43:37+00:00\" \/>\n<meta name=\"twitter:card\" content=\"summary_large_image\" \/>\n<meta name=\"twitter:label1\" content=\"Tiempo de lectura\" \/>\n\t<meta name=\"twitter:data1\" content=\"3 minutos\" \/>\n<script type=\"application\/ld+json\" class=\"yoast-schema-graph\">{\"@context\":\"https:\/\/schema.org\",\"@graph\":[{\"@type\":\"WebPage\",\"@id\":\"https:\/\/www.academianutricionydietetica.org\/pro\/la-academia\/organos-de-gobierno\/cristina-vaque-crusellas\/\",\"url\":\"https:\/\/www.academianutricionydietetica.org\/pro\/la-academia\/organos-de-gobierno\/cristina-vaque-crusellas\/\",\"name\":\"Cristina Vaqu\u00e9 Crusellas - Academia Espa\u00f1ola de Nutrici\u00f3n y Diet\u00e9tica\",\"isPartOf\":{\"@id\":\"https:\/\/www.academianutricionydietetica.org\/pro\/#website\"},\"datePublished\":\"2019-06-10T10:58:54+00:00\",\"dateModified\":\"2025-11-20T09:43:37+00:00\",\"breadcrumb\":{\"@id\":\"https:\/\/www.academianutricionydietetica.org\/pro\/la-academia\/organos-de-gobierno\/cristina-vaque-crusellas\/#breadcrumb\"},\"inLanguage\":\"es\",\"potentialAction\":[{\"@type\":\"ReadAction\",\"target\":[\"https:\/\/www.academianutricionydietetica.org\/pro\/la-academia\/organos-de-gobierno\/cristina-vaque-crusellas\/\"]}]},{\"@type\":\"BreadcrumbList\",\"@id\":\"https:\/\/www.academianutricionydietetica.org\/pro\/la-academia\/organos-de-gobierno\/cristina-vaque-crusellas\/#breadcrumb\",\"itemListElement\":[{\"@type\":\"ListItem\",\"position\":1,\"name\":\"Inicio\",\"item\":\"https:\/\/www.academianutricionydietetica.org\/pro\/\"},{\"@type\":\"ListItem\",\"position\":2,\"name\":\"La academia\",\"item\":\"https:\/\/www.academianutricionydietetica.org\/pro\/la-academia\/\"},{\"@type\":\"ListItem\",\"position\":3,\"name\":\"\u00d3rganos de Gobierno\",\"item\":\"https:\/\/www.academianutricionydietetica.org\/pro\/la-academia\/organos-de-gobierno\/\"},{\"@type\":\"ListItem\",\"position\":4,\"name\":\"Cristina Vaqu\u00e9 Crusellas\"}]},{\"@type\":\"WebSite\",\"@id\":\"https:\/\/www.academianutricionydietetica.org\/pro\/#website\",\"url\":\"https:\/\/www.academianutricionydietetica.org\/pro\/\",\"name\":\"Academia Espa\u00f1ola de Nutrici\u00f3n y Diet\u00e9tica\",\"description\":\"Formaci\u00f3n, noticias, jornadas y eventos\",\"potentialAction\":[{\"@type\":\"SearchAction\",\"target\":{\"@type\":\"EntryPoint\",\"urlTemplate\":\"https:\/\/www.academianutricionydietetica.org\/pro\/?s={search_term_string}\"},\"query-input\":{\"@type\":\"PropertyValueSpecification\",\"valueRequired\":true,\"valueName\":\"search_term_string\"}}],\"inLanguage\":\"es\"}]}<\/script>\n<!-- \/ Yoast SEO plugin. -->","yoast_head_json":{"title":"Cristina Vaqu\u00e9 Crusellas - Academia Espa\u00f1ola de Nutrici\u00f3n y Diet\u00e9tica","robots":{"index":"index","follow":"follow","max-snippet":"max-snippet:-1","max-image-preview":"max-image-preview:large","max-video-preview":"max-video-preview:-1"},"canonical":"https:\/\/www.academianutricionydietetica.org\/pro\/la-academia\/organos-de-gobierno\/cristina-vaque-crusellas\/","og_locale":"es_ES","og_type":"article","og_title":"Cristina Vaqu\u00e9 Crusellas - Academia Espa\u00f1ola de Nutrici\u00f3n y Diet\u00e9tica","og_description":"[vc_row dfd_row_responsive_enable=\u00bbdfd-row-responsive-enable\u00bb responsive_styles=\u00bbpadding_left_mobile:20|padding_right_mobile:20&#8243;][vc_column][\/vc_column][\/vc_row]","og_url":"https:\/\/www.academianutricionydietetica.org\/pro\/la-academia\/organos-de-gobierno\/cristina-vaque-crusellas\/","og_site_name":"Academia Espa\u00f1ola de Nutrici\u00f3n y Diet\u00e9tica","article_modified_time":"2025-11-20T09:43:37+00:00","twitter_card":"summary_large_image","twitter_misc":{"Tiempo de lectura":"3 minutos"},"schema":{"@context":"https:\/\/schema.org","@graph":[{"@type":"WebPage","@id":"https:\/\/www.academianutricionydietetica.org\/pro\/la-academia\/organos-de-gobierno\/cristina-vaque-crusellas\/","url":"https:\/\/www.academianutricionydietetica.org\/pro\/la-academia\/organos-de-gobierno\/cristina-vaque-crusellas\/","name":"Cristina Vaqu\u00e9 Crusellas - Academia Espa\u00f1ola de Nutrici\u00f3n y Diet\u00e9tica","isPartOf":{"@id":"https:\/\/www.academianutricionydietetica.org\/pro\/#website"},"datePublished":"2019-06-10T10:58:54+00:00","dateModified":"2025-11-20T09:43:37+00:00","breadcrumb":{"@id":"https:\/\/www.academianutricionydietetica.org\/pro\/la-academia\/organos-de-gobierno\/cristina-vaque-crusellas\/#breadcrumb"},"inLanguage":"es","potentialAction":[{"@type":"ReadAction","target":["https:\/\/www.academianutricionydietetica.org\/pro\/la-academia\/organos-de-gobierno\/cristina-vaque-crusellas\/"]}]},{"@type":"BreadcrumbList","@id":"https:\/\/www.academianutricionydietetica.org\/pro\/la-academia\/organos-de-gobierno\/cristina-vaque-crusellas\/#breadcrumb","itemListElement":[{"@type":"ListItem","position":1,"name":"Inicio","item":"https:\/\/www.academianutricionydietetica.org\/pro\/"},{"@type":"ListItem","position":2,"name":"La academia","item":"https:\/\/www.academianutricionydietetica.org\/pro\/la-academia\/"},{"@type":"ListItem","position":3,"name":"\u00d3rganos de Gobierno","item":"https:\/\/www.academianutricionydietetica.org\/pro\/la-academia\/organos-de-gobierno\/"},{"@type":"ListItem","position":4,"name":"Cristina Vaqu\u00e9 Crusellas"}]},{"@type":"WebSite","@id":"https:\/\/www.academianutricionydietetica.org\/pro\/#website","url":"https:\/\/www.academianutricionydietetica.org\/pro\/","name":"Academia Espa\u00f1ola de Nutrici\u00f3n y Diet\u00e9tica","description":"Formaci\u00f3n, noticias, jornadas y eventos","potentialAction":[{"@type":"SearchAction","target":{"@type":"EntryPoint","urlTemplate":"https:\/\/www.academianutricionydietetica.org\/pro\/?s={search_term_string}"},"query-input":{"@type":"PropertyValueSpecification","valueRequired":true,"valueName":"search_term_string"}}],"inLanguage":"es"}]}},"_links":{"self":[{"href":"https:\/\/www.academianutricionydietetica.org\/pro\/wp-json\/wp\/v2\/pages\/18656","targetHints":{"allow":["GET"]}}],"collection":[{"href":"https:\/\/www.academianutricionydietetica.org\/pro\/wp-json\/wp\/v2\/pages"}],"about":[{"href":"https:\/\/www.academianutricionydietetica.org\/pro\/wp-json\/wp\/v2\/types\/page"}],"author":[{"embeddable":true,"href":"https:\/\/www.academianutricionydietetica.org\/pro\/wp-json\/wp\/v2\/users\/4"}],"replies":[{"embeddable":true,"href":"https:\/\/www.academianutricionydietetica.org\/pro\/wp-json\/wp\/v2\/comments?post=18656"}],"version-history":[{"count":4,"href":"https:\/\/www.academianutricionydietetica.org\/pro\/wp-json\/wp\/v2\/pages\/18656\/revisions"}],"predecessor-version":[{"id":24282,"href":"https:\/\/www.academianutricionydietetica.org\/pro\/wp-json\/wp\/v2\/pages\/18656\/revisions\/24282"}],"up":[{"embeddable":true,"href":"https:\/\/www.academianutricionydietetica.org\/pro\/wp-json\/wp\/v2\/pages\/16188"}],"wp:attachment":[{"href":"https:\/\/www.academianutricionydietetica.org\/pro\/wp-json\/wp\/v2\/media?parent=18656"}],"curies":[{"name":"wp","href":"https:\/\/api.w.org\/{rel}","templated":true}]}}