{"id":18705,"date":"2019-06-13T09:20:18","date_gmt":"2019-06-13T09:20:18","guid":{"rendered":"http:\/\/websites1234.com\/academia-nutricion\/?page_id=18705"},"modified":"2022-07-12T15:32:41","modified_gmt":"2022-07-12T15:32:41","slug":"manuel-lopez-cabanillas-lomeli","status":"publish","type":"page","link":"https:\/\/www.academianutricionydietetica.org\/pro\/la-academia\/organos-de-gobierno\/manuel-lopez-cabanillas-lomeli\/","title":{"rendered":"Manuel L\u00f3pez Cabanillas Lomel\u00ed"},"content":{"rendered":"<p>[vc_row dfd_row_responsive_enable=\u00bbdfd-row-responsive-enable\u00bb responsive_styles=\u00bbpadding_left_mobile:20|padding_right_mobile:20&#8243;][vc_column]<div class=\"dfd-spacer-module\"  data-units=\"px\" data-wide_resolution=\"1280\" data-wide_size=\"80\" data-normal_resolution=\"1024\" data-normal_size=\"60\" data-tablet_resolution=\"800\" data-tablet_size=\"40\" data-mobile_resolution=\"480\" data-mobile_size=\"40\" style=\"height: 80px;\"><\/div><div class=\"dfd-info-banner style-05 responsive-team-members text-center\" ><div class=\"image-cover \"><img loading=\"lazy\" decoding=\"async\" src=\"https:\/\/www.academianutricionydietetica.org\/pro\/uploads\/2019\/06\/104-150x150.png\" alt=\"Image\"  width=\"150\" height=\"150\" class=\"info-banner-image \" \/><\/div><div class=\"content-wrap\"><h2 class=\"info-box-title \" style=\"font-size: 22px; line-height: 26.4px; letter-spacing: 1px; \">Manuel L\u00f3pez Cabanillas Lomel\u00ed<\/h2><h3 class=\"info-box-subtitle widget-sub-title \" style=\"\">Miembros de honor y em\u00e9ritos<\/h3><div class=\"wrap-delimiter\"><div class=\"delimiter\" ><\/div><\/div><div class=\"description\" style=\"\">Licenciado en Nutrici\u00f3n egresado de la Universidad Aut\u00f3noma de Nuevo Le\u00f3n, Maestr\u00eda en Biotecnolog\u00eda Alimentaria egresado de la Universidad Polit\u00e9cnica de Catalunya. Maestr\u00eda en Ciencia de los Alimentos y Doctorado en Ciencia de los Alimentos de la Universitat Aut\u00f3noma de Barcelona, en Barcelona, Espa\u00f1a. Tiene 30 a\u00f1os de experiencia en docencia e investigaci\u00f3n en la UANL. Actualmente es Profesor Asociado C de Tiempo Completo, Director de la Facultad de Salud P\u00fablica y Nutrici\u00f3n en la UANL y Presidente del Consejo Nacional para la Calidad de Programas Educativos en Nutriolog\u00eda, A.C. (CONCAPREN). Imparte la c\u00e1tedra de Innovaci\u00f3n en la Producci\u00f3n de Alimentos en la Licenciatura en Nutrici\u00f3n; Estrategias de Intervenciones en Nutrici\u00f3n, Alimentos Funcionales y Salud, Laboratorio de An\u00e1lisis de Alimentos, Laboratorio de Dise\u00f1o de Dietas Experimentales, Tesis I y Tesis II en la Maestr\u00eda en Ciencias en Nutrici\u00f3n.<\/p>\n<p>Ha contribuido con diferentes asociaciones nacionales e internacionales como el Colegio Mexicano de Nutri\u00f3logos A.C., la Asociaci\u00f3n Mexicana de Miembros de Facultades y Escuelas de Nutrici\u00f3n, A.C. (AMMFEN), adem\u00e1s de pertenecer a la Sociedad Mexicana de Nutrici\u00f3n y Endocrinolog\u00eda Cap\u00edtulo Noreste.<\/p>\n<p>Ha sido distinguido con reconocimientos y premios a nivel local, nacional e internacional, por su desempe\u00f1o acad\u00e9mico y profesional.<\/p>\n<p>Ha participado como expositor de trabajos de investigaci\u00f3n en congresos locales, nacionales e internacionales. Ha colaborado en 44 proyectos de otros grupos de trabajos locales, nacionales e internacionales, 133 productos del Cuerpo Acad\u00e9mico, 12 cap\u00edtulos de libros, 5 art\u00edculos cient\u00edficos en revistas nacionales e internacionales con factor de impacto en JCR y 10 art\u00edculos de divulgaci\u00f3n. Ha colaborado como director, codirector y asesor de tesis de Licenciatura en Nutrici\u00f3n, Maestr\u00eda en Salud P\u00fablica y Maestr\u00eda en Ciencias en Nutrici\u00f3n.<\/p>\n<p>Particip\u00f3 integrante del Comit\u00e9 T\u00e9cnico Operativo para la Encuesta Estatal de Salud y Nutrici\u00f3n del 2014-2015.<\/p>\n<p>Del 2010 al 2015 trabaj\u00f3 para el Gobierno del estado de Nuevo Le\u00f3n en el Comit\u00e9 T\u00e9cnico Cient\u00edfico del Programa Salud para Aprender (SPA) implementando el Programa Salud para Aprender en el que se han beneficiado m\u00e1s de un mill\u00f3n de alumnos de nivel b\u00e1sico y sus familias; lo cual se traducir\u00e1 en bienestar y desarrollo social para la poblaci\u00f3n del estado.<\/div><\/div><\/div><div class=\"dfd-spacer-module\"  data-units=\"px\" data-wide_resolution=\"1280\" data-wide_size=\"80\" data-normal_resolution=\"1024\" data-normal_size=\"60\" data-tablet_resolution=\"800\" data-tablet_size=\"40\" data-mobile_resolution=\"480\" data-mobile_size=\"40\" style=\"height: 80px;\"><\/div>[\/vc_column][\/vc_row]<\/p>\n","protected":false},"excerpt":{"rendered":"<p>[vc_row dfd_row_responsive_enable=\u00bbdfd-row-responsive-enable\u00bb responsive_styles=\u00bbpadding_left_mobile:20|padding_right_mobile:20&#8243;][vc_column][\/vc_column][\/vc_row]<\/p>\n","protected":false},"author":4,"featured_media":0,"parent":16188,"menu_order":0,"comment_status":"closed","ping_status":"closed","template":"page-custom-with-header.php","meta":{"_acf_changed":false,"_monsterinsights_skip_tracking":false,"_monsterinsights_sitenote_active":false,"_monsterinsights_sitenote_note":"","_monsterinsights_sitenote_category":0,"footnotes":""},"class_list":["post-18705","page","type-page","status-publish","hentry"],"acf":[],"yoast_head":"<!-- This site is optimized with the Yoast SEO plugin v26.7 - https:\/\/yoast.com\/wordpress\/plugins\/seo\/ -->\n<title>Manuel L\u00f3pez Cabanillas Lomel\u00ed - Academia Espa\u00f1ola de Nutrici\u00f3n y Diet\u00e9tica<\/title>\n<meta name=\"robots\" content=\"index, follow, max-snippet:-1, max-image-preview:large, max-video-preview:-1\" \/>\n<link rel=\"canonical\" href=\"https:\/\/www.academianutricionydietetica.org\/pro\/la-academia\/organos-de-gobierno\/manuel-lopez-cabanillas-lomeli\/\" \/>\n<meta property=\"og:locale\" content=\"es_ES\" \/>\n<meta property=\"og:type\" content=\"article\" \/>\n<meta property=\"og:title\" content=\"Manuel L\u00f3pez Cabanillas Lomel\u00ed - Academia Espa\u00f1ola de Nutrici\u00f3n y Diet\u00e9tica\" \/>\n<meta property=\"og:description\" content=\"[vc_row dfd_row_responsive_enable=\u00bbdfd-row-responsive-enable\u00bb responsive_styles=\u00bbpadding_left_mobile:20|padding_right_mobile:20&#8243;][vc_column][\/vc_column][\/vc_row]\" \/>\n<meta property=\"og:url\" content=\"https:\/\/www.academianutricionydietetica.org\/pro\/la-academia\/organos-de-gobierno\/manuel-lopez-cabanillas-lomeli\/\" \/>\n<meta property=\"og:site_name\" content=\"Academia Espa\u00f1ola de Nutrici\u00f3n y Diet\u00e9tica\" \/>\n<meta property=\"article:modified_time\" content=\"2022-07-12T15:32:41+00:00\" \/>\n<meta name=\"twitter:card\" content=\"summary_large_image\" \/>\n<meta name=\"twitter:label1\" content=\"Tiempo de lectura\" \/>\n\t<meta name=\"twitter:data1\" content=\"3 minutos\" \/>\n<script type=\"application\/ld+json\" class=\"yoast-schema-graph\">{\"@context\":\"https:\/\/schema.org\",\"@graph\":[{\"@type\":\"WebPage\",\"@id\":\"https:\/\/www.academianutricionydietetica.org\/pro\/la-academia\/organos-de-gobierno\/manuel-lopez-cabanillas-lomeli\/\",\"url\":\"https:\/\/www.academianutricionydietetica.org\/pro\/la-academia\/organos-de-gobierno\/manuel-lopez-cabanillas-lomeli\/\",\"name\":\"Manuel L\u00f3pez Cabanillas Lomel\u00ed - Academia Espa\u00f1ola de Nutrici\u00f3n y Diet\u00e9tica\",\"isPartOf\":{\"@id\":\"https:\/\/www.academianutricionydietetica.org\/pro\/#website\"},\"datePublished\":\"2019-06-13T09:20:18+00:00\",\"dateModified\":\"2022-07-12T15:32:41+00:00\",\"breadcrumb\":{\"@id\":\"https:\/\/www.academianutricionydietetica.org\/pro\/la-academia\/organos-de-gobierno\/manuel-lopez-cabanillas-lomeli\/#breadcrumb\"},\"inLanguage\":\"es\",\"potentialAction\":[{\"@type\":\"ReadAction\",\"target\":[\"https:\/\/www.academianutricionydietetica.org\/pro\/la-academia\/organos-de-gobierno\/manuel-lopez-cabanillas-lomeli\/\"]}]},{\"@type\":\"BreadcrumbList\",\"@id\":\"https:\/\/www.academianutricionydietetica.org\/pro\/la-academia\/organos-de-gobierno\/manuel-lopez-cabanillas-lomeli\/#breadcrumb\",\"itemListElement\":[{\"@type\":\"ListItem\",\"position\":1,\"name\":\"Inicio\",\"item\":\"https:\/\/www.academianutricionydietetica.org\/pro\/\"},{\"@type\":\"ListItem\",\"position\":2,\"name\":\"La academia\",\"item\":\"https:\/\/www.academianutricionydietetica.org\/pro\/la-academia\/\"},{\"@type\":\"ListItem\",\"position\":3,\"name\":\"\u00d3rganos de Gobierno\",\"item\":\"https:\/\/www.academianutricionydietetica.org\/pro\/la-academia\/organos-de-gobierno\/\"},{\"@type\":\"ListItem\",\"position\":4,\"name\":\"Manuel L\u00f3pez Cabanillas Lomel\u00ed\"}]},{\"@type\":\"WebSite\",\"@id\":\"https:\/\/www.academianutricionydietetica.org\/pro\/#website\",\"url\":\"https:\/\/www.academianutricionydietetica.org\/pro\/\",\"name\":\"Academia Espa\u00f1ola de Nutrici\u00f3n y Diet\u00e9tica\",\"description\":\"Formaci\u00f3n, noticias, jornadas y eventos\",\"potentialAction\":[{\"@type\":\"SearchAction\",\"target\":{\"@type\":\"EntryPoint\",\"urlTemplate\":\"https:\/\/www.academianutricionydietetica.org\/pro\/?s={search_term_string}\"},\"query-input\":{\"@type\":\"PropertyValueSpecification\",\"valueRequired\":true,\"valueName\":\"search_term_string\"}}],\"inLanguage\":\"es\"}]}<\/script>\n<!-- \/ Yoast SEO plugin. -->","yoast_head_json":{"title":"Manuel L\u00f3pez Cabanillas Lomel\u00ed - Academia Espa\u00f1ola de Nutrici\u00f3n y Diet\u00e9tica","robots":{"index":"index","follow":"follow","max-snippet":"max-snippet:-1","max-image-preview":"max-image-preview:large","max-video-preview":"max-video-preview:-1"},"canonical":"https:\/\/www.academianutricionydietetica.org\/pro\/la-academia\/organos-de-gobierno\/manuel-lopez-cabanillas-lomeli\/","og_locale":"es_ES","og_type":"article","og_title":"Manuel L\u00f3pez Cabanillas Lomel\u00ed - Academia Espa\u00f1ola de Nutrici\u00f3n y Diet\u00e9tica","og_description":"[vc_row dfd_row_responsive_enable=\u00bbdfd-row-responsive-enable\u00bb responsive_styles=\u00bbpadding_left_mobile:20|padding_right_mobile:20&#8243;][vc_column][\/vc_column][\/vc_row]","og_url":"https:\/\/www.academianutricionydietetica.org\/pro\/la-academia\/organos-de-gobierno\/manuel-lopez-cabanillas-lomeli\/","og_site_name":"Academia Espa\u00f1ola de Nutrici\u00f3n y Diet\u00e9tica","article_modified_time":"2022-07-12T15:32:41+00:00","twitter_card":"summary_large_image","twitter_misc":{"Tiempo de lectura":"3 minutos"},"schema":{"@context":"https:\/\/schema.org","@graph":[{"@type":"WebPage","@id":"https:\/\/www.academianutricionydietetica.org\/pro\/la-academia\/organos-de-gobierno\/manuel-lopez-cabanillas-lomeli\/","url":"https:\/\/www.academianutricionydietetica.org\/pro\/la-academia\/organos-de-gobierno\/manuel-lopez-cabanillas-lomeli\/","name":"Manuel L\u00f3pez Cabanillas Lomel\u00ed - Academia Espa\u00f1ola de Nutrici\u00f3n y Diet\u00e9tica","isPartOf":{"@id":"https:\/\/www.academianutricionydietetica.org\/pro\/#website"},"datePublished":"2019-06-13T09:20:18+00:00","dateModified":"2022-07-12T15:32:41+00:00","breadcrumb":{"@id":"https:\/\/www.academianutricionydietetica.org\/pro\/la-academia\/organos-de-gobierno\/manuel-lopez-cabanillas-lomeli\/#breadcrumb"},"inLanguage":"es","potentialAction":[{"@type":"ReadAction","target":["https:\/\/www.academianutricionydietetica.org\/pro\/la-academia\/organos-de-gobierno\/manuel-lopez-cabanillas-lomeli\/"]}]},{"@type":"BreadcrumbList","@id":"https:\/\/www.academianutricionydietetica.org\/pro\/la-academia\/organos-de-gobierno\/manuel-lopez-cabanillas-lomeli\/#breadcrumb","itemListElement":[{"@type":"ListItem","position":1,"name":"Inicio","item":"https:\/\/www.academianutricionydietetica.org\/pro\/"},{"@type":"ListItem","position":2,"name":"La academia","item":"https:\/\/www.academianutricionydietetica.org\/pro\/la-academia\/"},{"@type":"ListItem","position":3,"name":"\u00d3rganos de Gobierno","item":"https:\/\/www.academianutricionydietetica.org\/pro\/la-academia\/organos-de-gobierno\/"},{"@type":"ListItem","position":4,"name":"Manuel L\u00f3pez Cabanillas Lomel\u00ed"}]},{"@type":"WebSite","@id":"https:\/\/www.academianutricionydietetica.org\/pro\/#website","url":"https:\/\/www.academianutricionydietetica.org\/pro\/","name":"Academia Espa\u00f1ola de Nutrici\u00f3n y Diet\u00e9tica","description":"Formaci\u00f3n, noticias, jornadas y eventos","potentialAction":[{"@type":"SearchAction","target":{"@type":"EntryPoint","urlTemplate":"https:\/\/www.academianutricionydietetica.org\/pro\/?s={search_term_string}"},"query-input":{"@type":"PropertyValueSpecification","valueRequired":true,"valueName":"search_term_string"}}],"inLanguage":"es"}]}},"_links":{"self":[{"href":"https:\/\/www.academianutricionydietetica.org\/pro\/wp-json\/wp\/v2\/pages\/18705","targetHints":{"allow":["GET"]}}],"collection":[{"href":"https:\/\/www.academianutricionydietetica.org\/pro\/wp-json\/wp\/v2\/pages"}],"about":[{"href":"https:\/\/www.academianutricionydietetica.org\/pro\/wp-json\/wp\/v2\/types\/page"}],"author":[{"embeddable":true,"href":"https:\/\/www.academianutricionydietetica.org\/pro\/wp-json\/wp\/v2\/users\/4"}],"replies":[{"embeddable":true,"href":"https:\/\/www.academianutricionydietetica.org\/pro\/wp-json\/wp\/v2\/comments?post=18705"}],"version-history":[{"count":3,"href":"https:\/\/www.academianutricionydietetica.org\/pro\/wp-json\/wp\/v2\/pages\/18705\/revisions"}],"predecessor-version":[{"id":19527,"href":"https:\/\/www.academianutricionydietetica.org\/pro\/wp-json\/wp\/v2\/pages\/18705\/revisions\/19527"}],"up":[{"embeddable":true,"href":"https:\/\/www.academianutricionydietetica.org\/pro\/wp-json\/wp\/v2\/pages\/16188"}],"wp:attachment":[{"href":"https:\/\/www.academianutricionydietetica.org\/pro\/wp-json\/wp\/v2\/media?parent=18705"}],"curies":[{"name":"wp","href":"https:\/\/api.w.org\/{rel}","templated":true}]}}