{"id":18721,"date":"2019-06-13T09:33:31","date_gmt":"2019-06-13T09:33:31","guid":{"rendered":"http:\/\/websites1234.com\/academia-nutricion\/?page_id=18721"},"modified":"2022-07-12T15:34:28","modified_gmt":"2022-07-12T15:34:28","slug":"ma-mercedes-munoz-hornillos","status":"publish","type":"page","link":"https:\/\/www.academianutricionydietetica.org\/pro\/la-academia\/organos-de-gobierno\/ma-mercedes-munoz-hornillos\/","title":{"rendered":"M\u00aa Mercedes Mu\u00f1oz Hornillos"},"content":{"rendered":"<p>[vc_row dfd_row_responsive_enable=\u00bbdfd-row-responsive-enable\u00bb responsive_styles=\u00bbpadding_left_mobile:20|padding_right_mobile:20&#8243;][vc_column]<div class=\"dfd-spacer-module\"  data-units=\"px\" data-wide_resolution=\"1280\" data-wide_size=\"80\" data-normal_resolution=\"1024\" data-normal_size=\"60\" data-tablet_resolution=\"800\" data-tablet_size=\"40\" data-mobile_resolution=\"480\" data-mobile_size=\"40\" style=\"height: 80px;\"><\/div><div class=\"dfd-info-banner style-05 responsive-team-members text-center\" ><div class=\"image-cover \"><img loading=\"lazy\" decoding=\"async\" src=\"https:\/\/www.academianutricionydietetica.org\/pro\/uploads\/2019\/06\/112-150x150.jpg\" alt=\"Image\"  width=\"150\" height=\"150\" class=\"info-banner-image \" \/><\/div><div class=\"content-wrap\"><h2 class=\"info-box-title \" style=\"font-size: 22px; line-height: 26.4px; letter-spacing: 1px; \">M\u00aa Mercedes Mu\u00f1oz Hornillos<\/h2><h3 class=\"info-box-subtitle widget-sub-title \" style=\"\">Miembros de honor y em\u00e9ritos<\/h3><div class=\"wrap-delimiter\"><div class=\"delimiter\" ><\/div><\/div><div class=\"description\" style=\"\">Formaci\u00f3n Acad\u00e9mica<\/p>\n<p>Licenciada en Ciencias Qu\u00edmicas. Universidad de Santiago de Compostela 1965<\/p>\n<p>Especialista en Ciencias de la Alimentaci\u00f3n. Universidad \u201cLa Sapienza\u201d. ROMA 1970<\/p>\n<p>Doctora en Farmacia. Universidad de Navarra 1993<\/p>\n<p>Actividades de car\u00e1cter cient\u00edfico profesional y de gobierno<\/p>\n<p>Prof. de Diet\u00e9tica y Dietoterapia. CEICID. Madrid 1971-88<\/p>\n<p>En la Universidad de Navarra:<\/p>\n<p>Prof. de Diet\u00e9tica. 1989-1999<\/p>\n<p>Prof. de Deontolog\u00eda Profesional. 1992-1999<\/p>\n<p>Prof. de Estancias Tuteladas 1992-1998<\/p>\n<p>Directora de Estudios de la Diplomatura de Nutrici\u00f3n Humana y Diet\u00e9tica 1989-97<\/p>\n<p>Vocal Comit\u00e9 cient\u00edfico del ICAUN 2004-2008<\/p>\n<p>Comit\u00e9 Nutrici\u00f3n humana y Diet\u00e9tica 2005-2008<\/p>\n<p>Subdirectora de Dpto. de Ciencias de la Alimentaci\u00f3n Fisiolog\u00eda y Toxicolog\u00eda Facultad de Farmacia. 2006-2009<\/p>\n<p>L\u00edneas de investigaci\u00f3n<\/p>\n<p>&#8211; Nutrici\u00f3n dieta y salud en la edad escolar y universitaria.<\/p>\n<p>&#8211; Alimentaci\u00f3n en el anciano institucionalizado.<\/p>\n<p>&#8211; Tradiciones culinarias alimentaci\u00f3n y salud.<\/p>\n<p>&#8211; Evoluci\u00f3n de h\u00e1bitos alimentarios de la poblaci\u00f3n de Pamplona<\/p>\n<p>Publicaciones<\/p>\n<p>Libros<\/p>\n<p>Dietas Terape\u00faticas 2\u00aa Ed. 1983. CEICID. Madrid.<\/p>\n<p>Nutrici\u00f3n Aplicada y Dietoterapia. 2\u00aa ed. Mu\u00f1oz M, Aranceta J, y Garc\u00eda-Jal\u00f3n I, editores. Ed. Eunsa, 2004<\/p>\n<p>Libro Blanco de la Alimentaci\u00f3n de los Mayores. Mu\u00f1oz M, Aranceta J, Guijarro Jl. Editores. Panamericana. 2004<\/p>\n<p>Programa Calidiet de calibraci\u00f3n nutricional de dietas y platos<\/p>\n<p>Cap\u00edtulos de libros: 45<\/p>\n<p>Art\u00edculos en revistas: 10<\/p>\n<p>Participaci\u00f3n en Proyectos I+D 6<\/p>\n<p>Cursos de especializaci\u00f3n impartidos: 7<\/p>\n<p>Comit\u00e9 editorial de revistas<\/p>\n<p>Comit\u00e9 de expertos de la Revista Espa\u00f1ola de Nutrici\u00f3n Comunitaria<\/p>\n<p>Censor de art\u00edculos de la revista \u00abArchivos Latinoamericanos de Nutrici\u00f3n\u00bb<\/p>\n<p>Evaluadora de Actividades Formativas de la Comisi\u00f3n de Formaci\u00f3n Continuada de las profesiones Sanitarias de Navarra.<\/p>\n<p>Sociedades cient\u00edficas<\/p>\n<p>Socio ordinario de la SENC, 1995.<\/p>\n<p>Socio ordinario de la SEN, 2000.<\/p>\n<p>Miembro fundador de la Sociedad de Estudios Gastron\u00f3micos de Navarra,1996<\/p>\n<p>Respecto a la promoci\u00f3n y desarrollo de los estudios de Nutrici\u00f3n humana y Diet\u00e9tica<\/p>\n<p>Como primera directora de estudios con la Dra. Garc\u00eda Jal\u00f3n como directora:<\/p>\n<p>Inicia el camino para su implantaci\u00f3n como estudios de rango universitario: en primer lugar como Diplomatura con t\u00edtulo propio de la Universidad de Navarra (1989) y consecutivamente como Diplomatura con reconocimiento oficial (1998), y finalmente como Grado de Nutrici\u00f3n humana y diet\u00e9tica que se inicia en 2007.<\/p>\n<p>Dise\u00f1a en su Plan de estudios Estancias Tuteladas, que en 1990 no estaban desarrolladas en Espa\u00f1a. Desde el principio se consiguieron convenios con Universidades, empresas de Alimentaci\u00f3n, restauraci\u00f3n social, centros comunitarios de ni\u00f1os y ancianos, departamentos de Nutrici\u00f3n de hospitales, etc. que los alumnos realizaban no solo en Espa\u00f1a sino tambi\u00e9n en pa\u00edses de Europa y Latinoam\u00e9rica.<\/div><\/div><\/div><div class=\"dfd-spacer-module\"  data-units=\"px\" data-wide_resolution=\"1280\" data-wide_size=\"80\" data-normal_resolution=\"1024\" data-normal_size=\"60\" data-tablet_resolution=\"800\" data-tablet_size=\"40\" data-mobile_resolution=\"480\" data-mobile_size=\"40\" style=\"height: 80px;\"><\/div>[\/vc_column][\/vc_row]<\/p>\n","protected":false},"excerpt":{"rendered":"<p>[vc_row dfd_row_responsive_enable=\u00bbdfd-row-responsive-enable\u00bb responsive_styles=\u00bbpadding_left_mobile:20|padding_right_mobile:20&#8243;][vc_column][\/vc_column][\/vc_row]<\/p>\n","protected":false},"author":4,"featured_media":0,"parent":16188,"menu_order":0,"comment_status":"closed","ping_status":"closed","template":"page-custom-with-header.php","meta":{"_acf_changed":false,"_monsterinsights_skip_tracking":false,"_monsterinsights_sitenote_active":false,"_monsterinsights_sitenote_note":"","_monsterinsights_sitenote_category":0,"footnotes":""},"class_list":["post-18721","page","type-page","status-publish","hentry"],"acf":[],"yoast_head":"<!-- This site is optimized with the Yoast SEO plugin v26.7 - https:\/\/yoast.com\/wordpress\/plugins\/seo\/ -->\n<title>M\u00aa Mercedes Mu\u00f1oz Hornillos - Academia Espa\u00f1ola de Nutrici\u00f3n y Diet\u00e9tica<\/title>\n<meta name=\"robots\" content=\"index, follow, max-snippet:-1, max-image-preview:large, max-video-preview:-1\" \/>\n<link rel=\"canonical\" href=\"https:\/\/www.academianutricionydietetica.org\/pro\/la-academia\/organos-de-gobierno\/ma-mercedes-munoz-hornillos\/\" \/>\n<meta property=\"og:locale\" content=\"es_ES\" \/>\n<meta property=\"og:type\" content=\"article\" \/>\n<meta property=\"og:title\" content=\"M\u00aa Mercedes Mu\u00f1oz Hornillos - Academia Espa\u00f1ola de Nutrici\u00f3n y Diet\u00e9tica\" \/>\n<meta property=\"og:description\" content=\"[vc_row dfd_row_responsive_enable=\u00bbdfd-row-responsive-enable\u00bb responsive_styles=\u00bbpadding_left_mobile:20|padding_right_mobile:20&#8243;][vc_column][\/vc_column][\/vc_row]\" \/>\n<meta property=\"og:url\" content=\"https:\/\/www.academianutricionydietetica.org\/pro\/la-academia\/organos-de-gobierno\/ma-mercedes-munoz-hornillos\/\" \/>\n<meta property=\"og:site_name\" content=\"Academia Espa\u00f1ola de Nutrici\u00f3n y Diet\u00e9tica\" \/>\n<meta property=\"article:modified_time\" content=\"2022-07-12T15:34:28+00:00\" \/>\n<meta name=\"twitter:card\" content=\"summary_large_image\" \/>\n<meta name=\"twitter:label1\" content=\"Tiempo de lectura\" \/>\n\t<meta name=\"twitter:data1\" content=\"3 minutos\" \/>\n<script type=\"application\/ld+json\" class=\"yoast-schema-graph\">{\"@context\":\"https:\/\/schema.org\",\"@graph\":[{\"@type\":\"WebPage\",\"@id\":\"https:\/\/www.academianutricionydietetica.org\/pro\/la-academia\/organos-de-gobierno\/ma-mercedes-munoz-hornillos\/\",\"url\":\"https:\/\/www.academianutricionydietetica.org\/pro\/la-academia\/organos-de-gobierno\/ma-mercedes-munoz-hornillos\/\",\"name\":\"M\u00aa Mercedes Mu\u00f1oz Hornillos - Academia Espa\u00f1ola de Nutrici\u00f3n y Diet\u00e9tica\",\"isPartOf\":{\"@id\":\"https:\/\/www.academianutricionydietetica.org\/pro\/#website\"},\"datePublished\":\"2019-06-13T09:33:31+00:00\",\"dateModified\":\"2022-07-12T15:34:28+00:00\",\"breadcrumb\":{\"@id\":\"https:\/\/www.academianutricionydietetica.org\/pro\/la-academia\/organos-de-gobierno\/ma-mercedes-munoz-hornillos\/#breadcrumb\"},\"inLanguage\":\"es\",\"potentialAction\":[{\"@type\":\"ReadAction\",\"target\":[\"https:\/\/www.academianutricionydietetica.org\/pro\/la-academia\/organos-de-gobierno\/ma-mercedes-munoz-hornillos\/\"]}]},{\"@type\":\"BreadcrumbList\",\"@id\":\"https:\/\/www.academianutricionydietetica.org\/pro\/la-academia\/organos-de-gobierno\/ma-mercedes-munoz-hornillos\/#breadcrumb\",\"itemListElement\":[{\"@type\":\"ListItem\",\"position\":1,\"name\":\"Inicio\",\"item\":\"https:\/\/www.academianutricionydietetica.org\/pro\/\"},{\"@type\":\"ListItem\",\"position\":2,\"name\":\"La academia\",\"item\":\"https:\/\/www.academianutricionydietetica.org\/pro\/la-academia\/\"},{\"@type\":\"ListItem\",\"position\":3,\"name\":\"\u00d3rganos de Gobierno\",\"item\":\"https:\/\/www.academianutricionydietetica.org\/pro\/la-academia\/organos-de-gobierno\/\"},{\"@type\":\"ListItem\",\"position\":4,\"name\":\"M\u00aa Mercedes Mu\u00f1oz Hornillos\"}]},{\"@type\":\"WebSite\",\"@id\":\"https:\/\/www.academianutricionydietetica.org\/pro\/#website\",\"url\":\"https:\/\/www.academianutricionydietetica.org\/pro\/\",\"name\":\"Academia Espa\u00f1ola de Nutrici\u00f3n y Diet\u00e9tica\",\"description\":\"Formaci\u00f3n, noticias, jornadas y eventos\",\"potentialAction\":[{\"@type\":\"SearchAction\",\"target\":{\"@type\":\"EntryPoint\",\"urlTemplate\":\"https:\/\/www.academianutricionydietetica.org\/pro\/?s={search_term_string}\"},\"query-input\":{\"@type\":\"PropertyValueSpecification\",\"valueRequired\":true,\"valueName\":\"search_term_string\"}}],\"inLanguage\":\"es\"}]}<\/script>\n<!-- \/ Yoast SEO plugin. -->","yoast_head_json":{"title":"M\u00aa Mercedes Mu\u00f1oz Hornillos - Academia Espa\u00f1ola de Nutrici\u00f3n y Diet\u00e9tica","robots":{"index":"index","follow":"follow","max-snippet":"max-snippet:-1","max-image-preview":"max-image-preview:large","max-video-preview":"max-video-preview:-1"},"canonical":"https:\/\/www.academianutricionydietetica.org\/pro\/la-academia\/organos-de-gobierno\/ma-mercedes-munoz-hornillos\/","og_locale":"es_ES","og_type":"article","og_title":"M\u00aa Mercedes Mu\u00f1oz Hornillos - Academia Espa\u00f1ola de Nutrici\u00f3n y Diet\u00e9tica","og_description":"[vc_row dfd_row_responsive_enable=\u00bbdfd-row-responsive-enable\u00bb responsive_styles=\u00bbpadding_left_mobile:20|padding_right_mobile:20&#8243;][vc_column][\/vc_column][\/vc_row]","og_url":"https:\/\/www.academianutricionydietetica.org\/pro\/la-academia\/organos-de-gobierno\/ma-mercedes-munoz-hornillos\/","og_site_name":"Academia Espa\u00f1ola de Nutrici\u00f3n y Diet\u00e9tica","article_modified_time":"2022-07-12T15:34:28+00:00","twitter_card":"summary_large_image","twitter_misc":{"Tiempo de lectura":"3 minutos"},"schema":{"@context":"https:\/\/schema.org","@graph":[{"@type":"WebPage","@id":"https:\/\/www.academianutricionydietetica.org\/pro\/la-academia\/organos-de-gobierno\/ma-mercedes-munoz-hornillos\/","url":"https:\/\/www.academianutricionydietetica.org\/pro\/la-academia\/organos-de-gobierno\/ma-mercedes-munoz-hornillos\/","name":"M\u00aa Mercedes Mu\u00f1oz Hornillos - Academia Espa\u00f1ola de Nutrici\u00f3n y Diet\u00e9tica","isPartOf":{"@id":"https:\/\/www.academianutricionydietetica.org\/pro\/#website"},"datePublished":"2019-06-13T09:33:31+00:00","dateModified":"2022-07-12T15:34:28+00:00","breadcrumb":{"@id":"https:\/\/www.academianutricionydietetica.org\/pro\/la-academia\/organos-de-gobierno\/ma-mercedes-munoz-hornillos\/#breadcrumb"},"inLanguage":"es","potentialAction":[{"@type":"ReadAction","target":["https:\/\/www.academianutricionydietetica.org\/pro\/la-academia\/organos-de-gobierno\/ma-mercedes-munoz-hornillos\/"]}]},{"@type":"BreadcrumbList","@id":"https:\/\/www.academianutricionydietetica.org\/pro\/la-academia\/organos-de-gobierno\/ma-mercedes-munoz-hornillos\/#breadcrumb","itemListElement":[{"@type":"ListItem","position":1,"name":"Inicio","item":"https:\/\/www.academianutricionydietetica.org\/pro\/"},{"@type":"ListItem","position":2,"name":"La academia","item":"https:\/\/www.academianutricionydietetica.org\/pro\/la-academia\/"},{"@type":"ListItem","position":3,"name":"\u00d3rganos de Gobierno","item":"https:\/\/www.academianutricionydietetica.org\/pro\/la-academia\/organos-de-gobierno\/"},{"@type":"ListItem","position":4,"name":"M\u00aa Mercedes Mu\u00f1oz Hornillos"}]},{"@type":"WebSite","@id":"https:\/\/www.academianutricionydietetica.org\/pro\/#website","url":"https:\/\/www.academianutricionydietetica.org\/pro\/","name":"Academia Espa\u00f1ola de Nutrici\u00f3n y Diet\u00e9tica","description":"Formaci\u00f3n, noticias, jornadas y eventos","potentialAction":[{"@type":"SearchAction","target":{"@type":"EntryPoint","urlTemplate":"https:\/\/www.academianutricionydietetica.org\/pro\/?s={search_term_string}"},"query-input":{"@type":"PropertyValueSpecification","valueRequired":true,"valueName":"search_term_string"}}],"inLanguage":"es"}]}},"_links":{"self":[{"href":"https:\/\/www.academianutricionydietetica.org\/pro\/wp-json\/wp\/v2\/pages\/18721","targetHints":{"allow":["GET"]}}],"collection":[{"href":"https:\/\/www.academianutricionydietetica.org\/pro\/wp-json\/wp\/v2\/pages"}],"about":[{"href":"https:\/\/www.academianutricionydietetica.org\/pro\/wp-json\/wp\/v2\/types\/page"}],"author":[{"embeddable":true,"href":"https:\/\/www.academianutricionydietetica.org\/pro\/wp-json\/wp\/v2\/users\/4"}],"replies":[{"embeddable":true,"href":"https:\/\/www.academianutricionydietetica.org\/pro\/wp-json\/wp\/v2\/comments?post=18721"}],"version-history":[{"count":3,"href":"https:\/\/www.academianutricionydietetica.org\/pro\/wp-json\/wp\/v2\/pages\/18721\/revisions"}],"predecessor-version":[{"id":19530,"href":"https:\/\/www.academianutricionydietetica.org\/pro\/wp-json\/wp\/v2\/pages\/18721\/revisions\/19530"}],"up":[{"embeddable":true,"href":"https:\/\/www.academianutricionydietetica.org\/pro\/wp-json\/wp\/v2\/pages\/16188"}],"wp:attachment":[{"href":"https:\/\/www.academianutricionydietetica.org\/pro\/wp-json\/wp\/v2\/media?parent=18721"}],"curies":[{"name":"wp","href":"https:\/\/api.w.org\/{rel}","templated":true}]}}