{"id":22462,"date":"2024-03-25T15:26:41","date_gmt":"2024-03-25T15:26:41","guid":{"rendered":"https:\/\/www.academianutricionydietetica.org\/pro\/?page_id=22462"},"modified":"2024-03-25T15:26:41","modified_gmt":"2024-03-25T15:26:41","slug":"itziar-zazpe-garcia","status":"publish","type":"page","link":"https:\/\/www.academianutricionydietetica.org\/pro\/la-academia\/organos-de-gobierno\/itziar-zazpe-garcia\/","title":{"rendered":"Itz\u00edar Zazpe Garc\u00eda"},"content":{"rendered":"<p>[vc_row dfd_row_responsive_enable=\u00bbdfd-row-responsive-enable\u00bb responsive_styles=\u00bbpadding_left_mobile:20|padding_right_mobile:20&#8243;][vc_column]<div class=\"dfd-spacer-module\"  data-units=\"px\" data-wide_resolution=\"1280\" data-wide_size=\"80\" data-normal_resolution=\"1024\" data-normal_size=\"60\" data-tablet_resolution=\"800\" data-tablet_size=\"40\" data-mobile_resolution=\"480\" data-mobile_size=\"40\" style=\"height: 80px;\"><\/div><div class=\"dfd-info-banner style-05 responsive-team-members text-center\" ><div class=\"image-cover \"><img loading=\"lazy\" decoding=\"async\" src=\"https:\/\/www.academianutricionydietetica.org\/pro\/uploads\/2024\/03\/image-150x150.png\" alt=\"Image\"  width=\"150\" height=\"150\" class=\"info-banner-image \" \/><\/div><div class=\"content-wrap\"><h2 class=\"info-box-title \" style=\"font-size: 22px; line-height: 26.4px; letter-spacing: 1px; \">Itz\u00edar Zazpe Garc\u00eda<\/h2><h3 class=\"info-box-subtitle widget-sub-title \" style=\"\">Miembros de honor y em\u00e9ritos<\/h3><div class=\"wrap-delimiter\"><div class=\"delimiter\" ><\/div><\/div><div class=\"description\" style=\"\">Formaci\u00f3n acad\u00e9mica<br \/>\nDiplomada en Nutrici\u00f3n Humana y Diet\u00e9tica (NHD) (1999). Universidad de Navarra<br \/>\nLicenciada en Pedagog\u00eda (2004). Universidad de Navarra<br \/>\nDoctora por la Universidad de Navarra (Programa \u00abAlimentaci\u00f3n, Fisiolog\u00eda y Salud\u00bb) (2008). Universidad de Navarra<\/p>\n<p>Situaci\u00f3n profesional actual<br \/>\nProfesora Titular en Nutrici\u00f3n y Bromatolog\u00eda desde 2015 en la Facultad de Farmacia y Nutrici\u00f3n de la Universidad de Navarra, desempe\u00f1ando los siguientes cargos:<br \/>\nSecretaria del Departamento de Ciencias de la Alimentaci\u00f3n y Fisiolog\u00eda (2011-2020)<br \/>\nSubdirectora del Departamento de Ciencias de la Alimentaci\u00f3n y Fisiolog\u00eda (2020-2021)<br \/>\nSubdirectora del M\u00e1ster Europeo en Alimentaci\u00f3n, Nutrici\u00f3n y Metabolismo (2021-)<\/p>\n<p>Actividad docente e investigadora<br \/>\nDocencia universitaria desde 1995 en ense\u00f1anzas oficiales en Grado,  fundamentalmente en Grado de Nutrici\u00f3n Humana y Diet\u00e9tica, y M\u00e1ster<br \/>\nDirecci\u00f3n de 2 tesis doctorales (1 con menci\u00f3n internacional y Premio Extraordinario)<br \/>\n2 Sexenios de investigaci\u00f3n (2006-2011 y 2012-2017. Pendiente de evaluar 2018-2023)<br \/>\nCo-autora de m\u00e1s de 90 publicaciones cient\u00edficas con un \u00edndice H de 35 (Febrero 2024)<br \/>\nInvestigadora del Centro de Investigaci\u00f3n Biom\u00e9dica en Red, Fisiopatolog\u00eda de la Obesidad y Nutrici\u00f3n (CIBEROBN) del Instituto Carlos III.<br \/>\nInvestigadora del Grupo \u00abDieta y Estilos de vida\u00bb del Instituto de Investigaci\u00f3n Sanitaria de Navarra (IdiSNA)<br \/>\nInvestigadora del Grupo \u00abEpidemiolog\u00eda y Salud P\u00fablica\u00bb de la Universidad de Navarra<\/p>\n<p>Otros m\u00e9ritos<br \/>\nPremio al Dietista del a\u00f1o (SPRIM Espa\u00f1a) al equipo de Dietistas del PREDIMED (2010)<br \/>\nAcc\u00e9sit (2013) y Primer Premio (2014) de la Estrategia NAOS en el \u00e1mbito laboral<br \/>\nPremio a la mejor comunicaci\u00f3n oral en las I Jornadas Nacionales sobre profesorado del Grado en NHD.<br \/>\nMiembro de la Agencia de Calidad del Sistema Universitario Vasco (UNIBASQ)<br \/>\nMiembro de la Comisi\u00f3n de Evaluaci\u00f3n de Formaci\u00f3n Continuada de Navarra del Sistema de Acreditaci\u00f3n de la Formaci\u00f3n Continuada de las profesiones sanitarias en el Sistema Nacional de Salud (Desde 2009)<br \/>\nMiembro de honor de la Academia Espa\u00f1ola de Nutrici\u00f3n y Diet\u00e9tica.<\/div><\/div><\/div><div class=\"dfd-spacer-module\"  data-units=\"px\" data-wide_resolution=\"1280\" data-wide_size=\"80\" data-normal_resolution=\"1024\" data-normal_size=\"60\" data-tablet_resolution=\"800\" data-tablet_size=\"40\" data-mobile_resolution=\"480\" data-mobile_size=\"40\" style=\"height: 80px;\"><\/div>[\/vc_column][\/vc_row]<\/p>\n","protected":false},"excerpt":{"rendered":"<p>[vc_row dfd_row_responsive_enable=\u00bbdfd-row-responsive-enable\u00bb responsive_styles=\u00bbpadding_left_mobile:20|padding_right_mobile:20&#8243;][vc_column][\/vc_column][\/vc_row]<\/p>\n","protected":false},"author":4,"featured_media":0,"parent":16188,"menu_order":0,"comment_status":"closed","ping_status":"closed","template":"page-custom-with-header.php","meta":{"_acf_changed":false,"_monsterinsights_skip_tracking":false,"_monsterinsights_sitenote_active":false,"_monsterinsights_sitenote_note":"","_monsterinsights_sitenote_category":0,"footnotes":""},"class_list":["post-22462","page","type-page","status-publish","hentry"],"acf":[],"yoast_head":"<!-- This site is optimized with the Yoast SEO plugin v26.7 - https:\/\/yoast.com\/wordpress\/plugins\/seo\/ -->\n<title>Itz\u00edar Zazpe Garc\u00eda - Academia Espa\u00f1ola de Nutrici\u00f3n y Diet\u00e9tica<\/title>\n<meta name=\"robots\" content=\"index, follow, max-snippet:-1, max-image-preview:large, max-video-preview:-1\" \/>\n<link rel=\"canonical\" href=\"https:\/\/www.academianutricionydietetica.org\/pro\/la-academia\/organos-de-gobierno\/itziar-zazpe-garcia\/\" \/>\n<meta property=\"og:locale\" content=\"es_ES\" \/>\n<meta property=\"og:type\" content=\"article\" \/>\n<meta property=\"og:title\" content=\"Itz\u00edar Zazpe Garc\u00eda - Academia Espa\u00f1ola de Nutrici\u00f3n y Diet\u00e9tica\" \/>\n<meta property=\"og:description\" content=\"[vc_row dfd_row_responsive_enable=\u00bbdfd-row-responsive-enable\u00bb responsive_styles=\u00bbpadding_left_mobile:20|padding_right_mobile:20&#8243;][vc_column][\/vc_column][\/vc_row]\" \/>\n<meta property=\"og:url\" content=\"https:\/\/www.academianutricionydietetica.org\/pro\/la-academia\/organos-de-gobierno\/itziar-zazpe-garcia\/\" \/>\n<meta property=\"og:site_name\" content=\"Academia Espa\u00f1ola de Nutrici\u00f3n y Diet\u00e9tica\" \/>\n<meta name=\"twitter:card\" content=\"summary_large_image\" \/>\n<meta name=\"twitter:label1\" content=\"Tiempo de lectura\" \/>\n\t<meta name=\"twitter:data1\" content=\"2 minutos\" \/>\n<script type=\"application\/ld+json\" class=\"yoast-schema-graph\">{\"@context\":\"https:\/\/schema.org\",\"@graph\":[{\"@type\":\"WebPage\",\"@id\":\"https:\/\/www.academianutricionydietetica.org\/pro\/la-academia\/organos-de-gobierno\/itziar-zazpe-garcia\/\",\"url\":\"https:\/\/www.academianutricionydietetica.org\/pro\/la-academia\/organos-de-gobierno\/itziar-zazpe-garcia\/\",\"name\":\"Itz\u00edar Zazpe Garc\u00eda - Academia Espa\u00f1ola de Nutrici\u00f3n y Diet\u00e9tica\",\"isPartOf\":{\"@id\":\"https:\/\/www.academianutricionydietetica.org\/pro\/#website\"},\"datePublished\":\"2024-03-25T15:26:41+00:00\",\"breadcrumb\":{\"@id\":\"https:\/\/www.academianutricionydietetica.org\/pro\/la-academia\/organos-de-gobierno\/itziar-zazpe-garcia\/#breadcrumb\"},\"inLanguage\":\"es\",\"potentialAction\":[{\"@type\":\"ReadAction\",\"target\":[\"https:\/\/www.academianutricionydietetica.org\/pro\/la-academia\/organos-de-gobierno\/itziar-zazpe-garcia\/\"]}]},{\"@type\":\"BreadcrumbList\",\"@id\":\"https:\/\/www.academianutricionydietetica.org\/pro\/la-academia\/organos-de-gobierno\/itziar-zazpe-garcia\/#breadcrumb\",\"itemListElement\":[{\"@type\":\"ListItem\",\"position\":1,\"name\":\"Inicio\",\"item\":\"https:\/\/www.academianutricionydietetica.org\/pro\/\"},{\"@type\":\"ListItem\",\"position\":2,\"name\":\"La academia\",\"item\":\"https:\/\/www.academianutricionydietetica.org\/pro\/la-academia\/\"},{\"@type\":\"ListItem\",\"position\":3,\"name\":\"\u00d3rganos de Gobierno\",\"item\":\"https:\/\/www.academianutricionydietetica.org\/pro\/la-academia\/organos-de-gobierno\/\"},{\"@type\":\"ListItem\",\"position\":4,\"name\":\"Itz\u00edar Zazpe Garc\u00eda\"}]},{\"@type\":\"WebSite\",\"@id\":\"https:\/\/www.academianutricionydietetica.org\/pro\/#website\",\"url\":\"https:\/\/www.academianutricionydietetica.org\/pro\/\",\"name\":\"Academia Espa\u00f1ola de Nutrici\u00f3n y Diet\u00e9tica\",\"description\":\"Formaci\u00f3n, noticias, jornadas y eventos\",\"potentialAction\":[{\"@type\":\"SearchAction\",\"target\":{\"@type\":\"EntryPoint\",\"urlTemplate\":\"https:\/\/www.academianutricionydietetica.org\/pro\/?s={search_term_string}\"},\"query-input\":{\"@type\":\"PropertyValueSpecification\",\"valueRequired\":true,\"valueName\":\"search_term_string\"}}],\"inLanguage\":\"es\"}]}<\/script>\n<!-- \/ Yoast SEO plugin. -->","yoast_head_json":{"title":"Itz\u00edar Zazpe Garc\u00eda - Academia Espa\u00f1ola de Nutrici\u00f3n y Diet\u00e9tica","robots":{"index":"index","follow":"follow","max-snippet":"max-snippet:-1","max-image-preview":"max-image-preview:large","max-video-preview":"max-video-preview:-1"},"canonical":"https:\/\/www.academianutricionydietetica.org\/pro\/la-academia\/organos-de-gobierno\/itziar-zazpe-garcia\/","og_locale":"es_ES","og_type":"article","og_title":"Itz\u00edar Zazpe Garc\u00eda - Academia Espa\u00f1ola de Nutrici\u00f3n y Diet\u00e9tica","og_description":"[vc_row dfd_row_responsive_enable=\u00bbdfd-row-responsive-enable\u00bb responsive_styles=\u00bbpadding_left_mobile:20|padding_right_mobile:20&#8243;][vc_column][\/vc_column][\/vc_row]","og_url":"https:\/\/www.academianutricionydietetica.org\/pro\/la-academia\/organos-de-gobierno\/itziar-zazpe-garcia\/","og_site_name":"Academia Espa\u00f1ola de Nutrici\u00f3n y Diet\u00e9tica","twitter_card":"summary_large_image","twitter_misc":{"Tiempo de lectura":"2 minutos"},"schema":{"@context":"https:\/\/schema.org","@graph":[{"@type":"WebPage","@id":"https:\/\/www.academianutricionydietetica.org\/pro\/la-academia\/organos-de-gobierno\/itziar-zazpe-garcia\/","url":"https:\/\/www.academianutricionydietetica.org\/pro\/la-academia\/organos-de-gobierno\/itziar-zazpe-garcia\/","name":"Itz\u00edar Zazpe Garc\u00eda - Academia Espa\u00f1ola de Nutrici\u00f3n y Diet\u00e9tica","isPartOf":{"@id":"https:\/\/www.academianutricionydietetica.org\/pro\/#website"},"datePublished":"2024-03-25T15:26:41+00:00","breadcrumb":{"@id":"https:\/\/www.academianutricionydietetica.org\/pro\/la-academia\/organos-de-gobierno\/itziar-zazpe-garcia\/#breadcrumb"},"inLanguage":"es","potentialAction":[{"@type":"ReadAction","target":["https:\/\/www.academianutricionydietetica.org\/pro\/la-academia\/organos-de-gobierno\/itziar-zazpe-garcia\/"]}]},{"@type":"BreadcrumbList","@id":"https:\/\/www.academianutricionydietetica.org\/pro\/la-academia\/organos-de-gobierno\/itziar-zazpe-garcia\/#breadcrumb","itemListElement":[{"@type":"ListItem","position":1,"name":"Inicio","item":"https:\/\/www.academianutricionydietetica.org\/pro\/"},{"@type":"ListItem","position":2,"name":"La academia","item":"https:\/\/www.academianutricionydietetica.org\/pro\/la-academia\/"},{"@type":"ListItem","position":3,"name":"\u00d3rganos de Gobierno","item":"https:\/\/www.academianutricionydietetica.org\/pro\/la-academia\/organos-de-gobierno\/"},{"@type":"ListItem","position":4,"name":"Itz\u00edar Zazpe Garc\u00eda"}]},{"@type":"WebSite","@id":"https:\/\/www.academianutricionydietetica.org\/pro\/#website","url":"https:\/\/www.academianutricionydietetica.org\/pro\/","name":"Academia Espa\u00f1ola de Nutrici\u00f3n y Diet\u00e9tica","description":"Formaci\u00f3n, noticias, jornadas y eventos","potentialAction":[{"@type":"SearchAction","target":{"@type":"EntryPoint","urlTemplate":"https:\/\/www.academianutricionydietetica.org\/pro\/?s={search_term_string}"},"query-input":{"@type":"PropertyValueSpecification","valueRequired":true,"valueName":"search_term_string"}}],"inLanguage":"es"}]}},"_links":{"self":[{"href":"https:\/\/www.academianutricionydietetica.org\/pro\/wp-json\/wp\/v2\/pages\/22462","targetHints":{"allow":["GET"]}}],"collection":[{"href":"https:\/\/www.academianutricionydietetica.org\/pro\/wp-json\/wp\/v2\/pages"}],"about":[{"href":"https:\/\/www.academianutricionydietetica.org\/pro\/wp-json\/wp\/v2\/types\/page"}],"author":[{"embeddable":true,"href":"https:\/\/www.academianutricionydietetica.org\/pro\/wp-json\/wp\/v2\/users\/4"}],"replies":[{"embeddable":true,"href":"https:\/\/www.academianutricionydietetica.org\/pro\/wp-json\/wp\/v2\/comments?post=22462"}],"version-history":[{"count":1,"href":"https:\/\/www.academianutricionydietetica.org\/pro\/wp-json\/wp\/v2\/pages\/22462\/revisions"}],"predecessor-version":[{"id":22464,"href":"https:\/\/www.academianutricionydietetica.org\/pro\/wp-json\/wp\/v2\/pages\/22462\/revisions\/22464"}],"up":[{"embeddable":true,"href":"https:\/\/www.academianutricionydietetica.org\/pro\/wp-json\/wp\/v2\/pages\/16188"}],"wp:attachment":[{"href":"https:\/\/www.academianutricionydietetica.org\/pro\/wp-json\/wp\/v2\/media?parent=22462"}],"curies":[{"name":"wp","href":"https:\/\/api.w.org\/{rel}","templated":true}]}}