{"id":22478,"date":"2024-03-26T08:37:45","date_gmt":"2024-03-26T08:37:45","guid":{"rendered":"https:\/\/www.academianutricionydietetica.org\/pro\/?page_id=22478"},"modified":"2024-03-26T08:37:45","modified_gmt":"2024-03-26T08:37:45","slug":"jose-antonio-rodriguez-montes","status":"publish","type":"page","link":"https:\/\/www.academianutricionydietetica.org\/pro\/la-academia\/organos-de-gobierno\/jose-antonio-rodriguez-montes\/","title":{"rendered":"Jos\u00e9 Antonio Rodr\u00edguez Montes"},"content":{"rendered":"<p>[vc_row dfd_row_responsive_enable=\u00bbdfd-row-responsive-enable\u00bb responsive_styles=\u00bbpadding_left_mobile:20|padding_right_mobile:20&#8243;][vc_column]<div class=\"dfd-spacer-module\"  data-units=\"px\" data-wide_resolution=\"1280\" data-wide_size=\"80\" data-normal_resolution=\"1024\" data-normal_size=\"60\" data-tablet_resolution=\"800\" data-tablet_size=\"40\" data-mobile_resolution=\"480\" data-mobile_size=\"40\" style=\"height: 80px;\"><\/div><div class=\"dfd-info-banner style-05 responsive-team-members text-center\" ><div class=\"image-cover \"><img loading=\"lazy\" decoding=\"async\" src=\"https:\/\/www.academianutricionydietetica.org\/pro\/uploads\/2024\/03\/Prof.-Rodriguez-Montes-150x150.jpg\" alt=\"Image\"  width=\"150\" height=\"150\" class=\"info-banner-image \" \/><\/div><div class=\"content-wrap\"><h2 class=\"info-box-title \" style=\"font-size: 22px; line-height: 26.4px; letter-spacing: 1px; \">Jos\u00e9 Antonio Rodr\u00edguez Montes<\/h2><h3 class=\"info-box-subtitle widget-sub-title \" style=\"\">Miembros de honor y em\u00e9ritos<\/h3><div class=\"wrap-delimiter\"><div class=\"delimiter\" ><\/div><\/div><div class=\"description\" style=\"\">Nacido en M\u00e1laga, es Licenciado en Medicina y Cirug\u00eda, Doctor con Premio Extraordinario y Diplomado en Nutrici\u00f3n por la Universidad de Granada. Diplomado en Sanidad. Curs\u00f3 la especialidad de Cirug\u00eda General y del Aparato Digestivo en el Hospital Cl\u00ednico \u00abSan Cecilio\u00bb de la misma Universidad, bajo la direcci\u00f3n del Prof. Ignacio M\u00aa Arcelus, donde ejerci\u00f3 la docencia como Profesor Ayudante durante cinco a\u00f1os. Complet\u00f3 su formaci\u00f3n postdoctoral y especializada con una estancia de un a\u00f1o en el Physiological Laboratory (Prof. Richard Keynes) y de seis meses en el Departamento de Cirug\u00eda del Addenbrooke\u00b4s Hospital (Prof. Sir Roy Calne) de la Universidad de Cambridge (Inglaterra) y posteriormente de un a\u00f1o en el Servicio de Cirug\u00eda Digestiva (Prof. Jean Claude Patel) del H. U. Ambroise Par\u00e9 de Par\u00eds, con estancias de menor duraci\u00f3n en distintos hospitales franceses, becado por el MEC (Plan de Formaci\u00f3n de Personal Investigador en el Extranjero), The British Council, el Coll\u00e8ge de M\u00e9decine des H\u00f4pitaux de Paris, The Wellcome Trust Foundation y el Ministerio de AAEE de Francia. En 1977 se incorpor\u00f3 al H. U. \u00abLa Paz\u00bb, de Madrid, donde ha ejercido sucesivamente como cirujano Jefe de Secci\u00f3n y Jefe del Servicio de Cirug\u00eda General y del Aparato Digestivo hasta su nombramiento como Facultativo Em\u00e9rito del SERMAS.<br \/>\nEs Profesor Em\u00e9rito de la UAM, en cuya Facultad de Medicina ha sido Profesor Titular, Catedr\u00e1tico, Director del Departamento de Cirug\u00eda  y Decano.<br \/>\nEs autor\/coautor de 270 art\u00edculos cient\u00edficos, editor de 29 libros y monograf\u00edas de la especialidad, de 120 cap\u00edtulos en otros libros y tratados y de 560 comunicaciones presentadas en congresos nacionales, internacionales y mundiales, de las que unas 200 han sido rese\u00f1adas como Abstracts en las revistas m\u00e1s relevantes de su \u00e1mbito; ha sido Investigador Principal de 28 proyectos de investigaci\u00f3n financiados por el FISS, el ISCIII, The Wellcome Trust Foundation y la Organizaci\u00f3n Mundial de Gastroenterolog\u00eda, entre otras entidades. Ha dirigido 18 tesinas de licenciatura, 102 DEAs y cien tesis doctorales. Tiene cinco sexenios de investigaci\u00f3n reconocidos por la CNEI.<br \/>\nHa dirigido 120 cursos de doctorado en su Universidad y ha sido profesor en otros 260 cursos y m\u00e1steres celebrados en centros y universidades espa\u00f1olas y europeas. Ha impartido 280 conferencias en instituciones y congresos nacionales e internacionales.<br \/>\nMiembro de diferentes comisiones y organismos nacionales e internacionales de evaluaci\u00f3n y asesor\u00eda en el contexto m\u00e9dico y universitario (UE, MEC, MSyC,  CICYT&#8230;.); entre otras, de la Comisi\u00f3n Nacional de la especialidad \u00abCirug\u00eda General y del Aparato Digestivo\u00bb  y de la Comisi\u00f3n Nacional de Acreditaci\u00f3n de Catedr\u00e1ticos de Universidad en Ciencias de la Salud.<br \/>\nAcad\u00e9mico de N\u00famero de la Real Academia Nacional de Medicina y de la Real Academia de Doctores de Espa\u00f1a. Acad\u00e9mico Correspondiente de la Real Academia Nacional de Farmacia y de distintas Academias de Medicina auton\u00f3micas. Miembro de la European Academy of Sciences and Arts y de la Academy of Surgical Research (EEUU). Representante de Espa\u00f1a en el Comit\u00e9 Ejecutivo de la Association of Medical Schools in Europa (2009-11).<br \/>\nProfesor Visitante invitado por las Universidades de Bolonia, La Habana, la Federale do Rio Grande do Sul (Brasil), el H\u00fcddinge University Hospital del Instituto Karolinska (Suecia), el Hospital Necker-Enfants Malades de Paris y visitas puntuales a servicios quir\u00fargicos de hospitales europeos y americanos.<br \/>\nAsesor para I+D+i del \u00c1rea de Cirug\u00eda de las Universidades de Salerno (Italia), Alicante, Salamanca, Extremadura y Cat\u00f3lica de Valencia.<br \/>\nEs Profesor Honorario de varias Universidades. Entre otras distinciones, est\u00e1 en posesi\u00f3n de la Gran Cruz de la Orden Civil de Alfonso X el Sabio, de la Orden Universidad de Yacamb\u00fa de primera clase (Rep\u00fablica de Venezuela), de la Orden Bernaldo de G\u00e1lvez (Florida), de la Medalla de Oro de la Universidad de Castilla-La Mancha, de la Medalla de Oro de la Real Academia de Medicina del Pa\u00eds Vasco,de  la Medalla \u00abXXV Aniversario\u00bb de la Sociedad Ibero-Latino-Americana de Cirujanos (SILAC) y del M\u00e1ster de Oro del Real Forum de Alta Direcci\u00f3n. Miembro de M\u00e9rito de la Fundaci\u00f3n Carlos III.<br \/>\nPremio Nacional de Investigaci\u00f3n \u00abFundaci\u00f3n C\u00e1ndida Medrano de Merlo\u00bb, Premio \u00abInvestigaci\u00f3n\u00bb de la SEPD, Premio de Investigaci\u00f3n \u00abCaja de Madrid (IV edici\u00f3n), Premio de la Asociaci\u00f3n Espa\u00f1ola de Hepatolog\u00eda, Premio \u00abDr. Pedro Mar\u00eda Rubio\u00bb de la Real Academia Nacional de Medicina y Premios SENPE y \u00abDionisio Daza Chac\u00f3n\u00bb (estos dos \u00faltimos a publicaciones cient\u00edficas), entre otros.<br \/>\nEs Miembro de Honor, entre otras, de la Sociedad Espa\u00f1ola de Investigaciones Quir\u00fargicas, de la que ha sido Presidente, de la SILAC, de la Sociedad Cubana de Cirug\u00eda y del Colegio Brasileiro de Cirurgia Digestiva. Patrono de Honor de la Fundaci\u00f3n docente-humanitaria INCIVI. Consultor Honorario de Cirug\u00eda de la Sociedad Cubana de Cirug\u00eda y de los Hospitales Universitarios \u00abCte. Manuel Fajardo\u00bb, de La Habana, y \u00abDr. Zayas\u00bb de Santiago de Cuba.<br \/>\nEs Acad\u00e9mico de Honor de las Reales Academias de Medicina de Andaluc\u00eda Oriental,  de Castilla-La Mancha, del Pa\u00eds Vasco, de Valladolid y de la Academia de Ciencias Odontol\u00f3gicas de Espa\u00f1a. Es Doctor Honoris Causa por la Universidad Cat\u00f3lica Nueva Espa\u00f1a de Miami. <\/div><\/div><\/div><div class=\"dfd-spacer-module\"  data-units=\"px\" data-wide_resolution=\"1280\" data-wide_size=\"80\" data-normal_resolution=\"1024\" data-normal_size=\"60\" data-tablet_resolution=\"800\" data-tablet_size=\"40\" data-mobile_resolution=\"480\" data-mobile_size=\"40\" style=\"height: 80px;\"><\/div>[\/vc_column][\/vc_row]<\/p>\n","protected":false},"excerpt":{"rendered":"<p>[vc_row dfd_row_responsive_enable=\u00bbdfd-row-responsive-enable\u00bb responsive_styles=\u00bbpadding_left_mobile:20|padding_right_mobile:20&#8243;][vc_column][\/vc_column][\/vc_row]<\/p>\n","protected":false},"author":4,"featured_media":0,"parent":16188,"menu_order":0,"comment_status":"closed","ping_status":"closed","template":"page-custom-with-header.php","meta":{"_acf_changed":false,"_monsterinsights_skip_tracking":false,"_monsterinsights_sitenote_active":false,"_monsterinsights_sitenote_note":"","_monsterinsights_sitenote_category":0,"footnotes":""},"class_list":["post-22478","page","type-page","status-publish","hentry"],"acf":[],"yoast_head":"<!-- This site is optimized with the Yoast SEO plugin v26.7 - https:\/\/yoast.com\/wordpress\/plugins\/seo\/ -->\n<title>Jos\u00e9 Antonio Rodr\u00edguez Montes - Academia Espa\u00f1ola de Nutrici\u00f3n y Diet\u00e9tica<\/title>\n<meta name=\"robots\" content=\"index, follow, max-snippet:-1, max-image-preview:large, max-video-preview:-1\" \/>\n<link rel=\"canonical\" href=\"https:\/\/www.academianutricionydietetica.org\/pro\/la-academia\/organos-de-gobierno\/jose-antonio-rodriguez-montes\/\" \/>\n<meta property=\"og:locale\" content=\"es_ES\" \/>\n<meta property=\"og:type\" content=\"article\" \/>\n<meta property=\"og:title\" content=\"Jos\u00e9 Antonio Rodr\u00edguez Montes - Academia Espa\u00f1ola de Nutrici\u00f3n y Diet\u00e9tica\" \/>\n<meta property=\"og:description\" content=\"[vc_row dfd_row_responsive_enable=\u00bbdfd-row-responsive-enable\u00bb responsive_styles=\u00bbpadding_left_mobile:20|padding_right_mobile:20&#8243;][vc_column][\/vc_column][\/vc_row]\" \/>\n<meta property=\"og:url\" content=\"https:\/\/www.academianutricionydietetica.org\/pro\/la-academia\/organos-de-gobierno\/jose-antonio-rodriguez-montes\/\" \/>\n<meta property=\"og:site_name\" content=\"Academia Espa\u00f1ola de Nutrici\u00f3n y Diet\u00e9tica\" \/>\n<meta name=\"twitter:card\" content=\"summary_large_image\" \/>\n<meta name=\"twitter:label1\" content=\"Tiempo de lectura\" \/>\n\t<meta name=\"twitter:data1\" content=\"2 minutos\" \/>\n<script type=\"application\/ld+json\" class=\"yoast-schema-graph\">{\"@context\":\"https:\/\/schema.org\",\"@graph\":[{\"@type\":\"WebPage\",\"@id\":\"https:\/\/www.academianutricionydietetica.org\/pro\/la-academia\/organos-de-gobierno\/jose-antonio-rodriguez-montes\/\",\"url\":\"https:\/\/www.academianutricionydietetica.org\/pro\/la-academia\/organos-de-gobierno\/jose-antonio-rodriguez-montes\/\",\"name\":\"Jos\u00e9 Antonio Rodr\u00edguez Montes - Academia Espa\u00f1ola de Nutrici\u00f3n y Diet\u00e9tica\",\"isPartOf\":{\"@id\":\"https:\/\/www.academianutricionydietetica.org\/pro\/#website\"},\"datePublished\":\"2024-03-26T08:37:45+00:00\",\"breadcrumb\":{\"@id\":\"https:\/\/www.academianutricionydietetica.org\/pro\/la-academia\/organos-de-gobierno\/jose-antonio-rodriguez-montes\/#breadcrumb\"},\"inLanguage\":\"es\",\"potentialAction\":[{\"@type\":\"ReadAction\",\"target\":[\"https:\/\/www.academianutricionydietetica.org\/pro\/la-academia\/organos-de-gobierno\/jose-antonio-rodriguez-montes\/\"]}]},{\"@type\":\"BreadcrumbList\",\"@id\":\"https:\/\/www.academianutricionydietetica.org\/pro\/la-academia\/organos-de-gobierno\/jose-antonio-rodriguez-montes\/#breadcrumb\",\"itemListElement\":[{\"@type\":\"ListItem\",\"position\":1,\"name\":\"Inicio\",\"item\":\"https:\/\/www.academianutricionydietetica.org\/pro\/\"},{\"@type\":\"ListItem\",\"position\":2,\"name\":\"La academia\",\"item\":\"https:\/\/www.academianutricionydietetica.org\/pro\/la-academia\/\"},{\"@type\":\"ListItem\",\"position\":3,\"name\":\"\u00d3rganos de Gobierno\",\"item\":\"https:\/\/www.academianutricionydietetica.org\/pro\/la-academia\/organos-de-gobierno\/\"},{\"@type\":\"ListItem\",\"position\":4,\"name\":\"Jos\u00e9 Antonio Rodr\u00edguez Montes\"}]},{\"@type\":\"WebSite\",\"@id\":\"https:\/\/www.academianutricionydietetica.org\/pro\/#website\",\"url\":\"https:\/\/www.academianutricionydietetica.org\/pro\/\",\"name\":\"Academia Espa\u00f1ola de Nutrici\u00f3n y Diet\u00e9tica\",\"description\":\"Formaci\u00f3n, noticias, jornadas y eventos\",\"potentialAction\":[{\"@type\":\"SearchAction\",\"target\":{\"@type\":\"EntryPoint\",\"urlTemplate\":\"https:\/\/www.academianutricionydietetica.org\/pro\/?s={search_term_string}\"},\"query-input\":{\"@type\":\"PropertyValueSpecification\",\"valueRequired\":true,\"valueName\":\"search_term_string\"}}],\"inLanguage\":\"es\"}]}<\/script>\n<!-- \/ Yoast SEO plugin. -->","yoast_head_json":{"title":"Jos\u00e9 Antonio Rodr\u00edguez Montes - Academia Espa\u00f1ola de Nutrici\u00f3n y Diet\u00e9tica","robots":{"index":"index","follow":"follow","max-snippet":"max-snippet:-1","max-image-preview":"max-image-preview:large","max-video-preview":"max-video-preview:-1"},"canonical":"https:\/\/www.academianutricionydietetica.org\/pro\/la-academia\/organos-de-gobierno\/jose-antonio-rodriguez-montes\/","og_locale":"es_ES","og_type":"article","og_title":"Jos\u00e9 Antonio Rodr\u00edguez Montes - Academia Espa\u00f1ola de Nutrici\u00f3n y Diet\u00e9tica","og_description":"[vc_row dfd_row_responsive_enable=\u00bbdfd-row-responsive-enable\u00bb responsive_styles=\u00bbpadding_left_mobile:20|padding_right_mobile:20&#8243;][vc_column][\/vc_column][\/vc_row]","og_url":"https:\/\/www.academianutricionydietetica.org\/pro\/la-academia\/organos-de-gobierno\/jose-antonio-rodriguez-montes\/","og_site_name":"Academia Espa\u00f1ola de Nutrici\u00f3n y Diet\u00e9tica","twitter_card":"summary_large_image","twitter_misc":{"Tiempo de lectura":"2 minutos"},"schema":{"@context":"https:\/\/schema.org","@graph":[{"@type":"WebPage","@id":"https:\/\/www.academianutricionydietetica.org\/pro\/la-academia\/organos-de-gobierno\/jose-antonio-rodriguez-montes\/","url":"https:\/\/www.academianutricionydietetica.org\/pro\/la-academia\/organos-de-gobierno\/jose-antonio-rodriguez-montes\/","name":"Jos\u00e9 Antonio Rodr\u00edguez Montes - Academia Espa\u00f1ola de Nutrici\u00f3n y Diet\u00e9tica","isPartOf":{"@id":"https:\/\/www.academianutricionydietetica.org\/pro\/#website"},"datePublished":"2024-03-26T08:37:45+00:00","breadcrumb":{"@id":"https:\/\/www.academianutricionydietetica.org\/pro\/la-academia\/organos-de-gobierno\/jose-antonio-rodriguez-montes\/#breadcrumb"},"inLanguage":"es","potentialAction":[{"@type":"ReadAction","target":["https:\/\/www.academianutricionydietetica.org\/pro\/la-academia\/organos-de-gobierno\/jose-antonio-rodriguez-montes\/"]}]},{"@type":"BreadcrumbList","@id":"https:\/\/www.academianutricionydietetica.org\/pro\/la-academia\/organos-de-gobierno\/jose-antonio-rodriguez-montes\/#breadcrumb","itemListElement":[{"@type":"ListItem","position":1,"name":"Inicio","item":"https:\/\/www.academianutricionydietetica.org\/pro\/"},{"@type":"ListItem","position":2,"name":"La academia","item":"https:\/\/www.academianutricionydietetica.org\/pro\/la-academia\/"},{"@type":"ListItem","position":3,"name":"\u00d3rganos de Gobierno","item":"https:\/\/www.academianutricionydietetica.org\/pro\/la-academia\/organos-de-gobierno\/"},{"@type":"ListItem","position":4,"name":"Jos\u00e9 Antonio Rodr\u00edguez Montes"}]},{"@type":"WebSite","@id":"https:\/\/www.academianutricionydietetica.org\/pro\/#website","url":"https:\/\/www.academianutricionydietetica.org\/pro\/","name":"Academia Espa\u00f1ola de Nutrici\u00f3n y Diet\u00e9tica","description":"Formaci\u00f3n, noticias, jornadas y eventos","potentialAction":[{"@type":"SearchAction","target":{"@type":"EntryPoint","urlTemplate":"https:\/\/www.academianutricionydietetica.org\/pro\/?s={search_term_string}"},"query-input":{"@type":"PropertyValueSpecification","valueRequired":true,"valueName":"search_term_string"}}],"inLanguage":"es"}]}},"_links":{"self":[{"href":"https:\/\/www.academianutricionydietetica.org\/pro\/wp-json\/wp\/v2\/pages\/22478","targetHints":{"allow":["GET"]}}],"collection":[{"href":"https:\/\/www.academianutricionydietetica.org\/pro\/wp-json\/wp\/v2\/pages"}],"about":[{"href":"https:\/\/www.academianutricionydietetica.org\/pro\/wp-json\/wp\/v2\/types\/page"}],"author":[{"embeddable":true,"href":"https:\/\/www.academianutricionydietetica.org\/pro\/wp-json\/wp\/v2\/users\/4"}],"replies":[{"embeddable":true,"href":"https:\/\/www.academianutricionydietetica.org\/pro\/wp-json\/wp\/v2\/comments?post=22478"}],"version-history":[{"count":1,"href":"https:\/\/www.academianutricionydietetica.org\/pro\/wp-json\/wp\/v2\/pages\/22478\/revisions"}],"predecessor-version":[{"id":22480,"href":"https:\/\/www.academianutricionydietetica.org\/pro\/wp-json\/wp\/v2\/pages\/22478\/revisions\/22480"}],"up":[{"embeddable":true,"href":"https:\/\/www.academianutricionydietetica.org\/pro\/wp-json\/wp\/v2\/pages\/16188"}],"wp:attachment":[{"href":"https:\/\/www.academianutricionydietetica.org\/pro\/wp-json\/wp\/v2\/media?parent=22478"}],"curies":[{"name":"wp","href":"https:\/\/api.w.org\/{rel}","templated":true}]}}