{"id":22607,"date":"2024-04-01T07:37:21","date_gmt":"2024-04-01T07:37:21","guid":{"rendered":"https:\/\/www.academianutricionydietetica.org\/pro\/?page_id=22607"},"modified":"2024-04-01T07:43:36","modified_gmt":"2024-04-01T07:43:36","slug":"rafael-urrialde-de-andres","status":"publish","type":"page","link":"https:\/\/www.academianutricionydietetica.org\/pro\/la-academia\/organos-de-gobierno\/rafael-urrialde-de-andres\/","title":{"rendered":"Rafael Urrialde De Andr\u00e9s"},"content":{"rendered":"<p>[vc_row dfd_row_responsive_enable=\u00bbdfd-row-responsive-enable\u00bb responsive_styles=\u00bbpadding_left_mobile:20|padding_right_mobile:20&#8243;][vc_column]<div class=\"dfd-spacer-module\"  data-units=\"px\" data-wide_resolution=\"1280\" data-wide_size=\"80\" data-normal_resolution=\"1024\" data-normal_size=\"60\" data-tablet_resolution=\"800\" data-tablet_size=\"40\" data-mobile_resolution=\"480\" data-mobile_size=\"40\" style=\"height: 80px;\"><\/div><div class=\"dfd-info-banner style-05 responsive-team-members text-center\" ><div class=\"image-cover \"><img loading=\"lazy\" decoding=\"async\" src=\"https:\/\/www.academianutricionydietetica.org\/pro\/uploads\/2024\/04\/Rafael-Urrialde-150x150.jpg\" alt=\"Image\"  width=\"150\" height=\"150\" class=\"info-banner-image \" \/><\/div><div class=\"content-wrap\"><h2 class=\"info-box-title \" style=\"font-size: 22px; line-height: 26.4px; letter-spacing: 1px; \">Rafael Urrialde De Andr\u00e9s<\/h2><h3 class=\"info-box-subtitle widget-sub-title \" style=\"\">Miembros de honor y em\u00e9ritos<\/h3><div class=\"wrap-delimiter\"><div class=\"delimiter\" ><\/div><\/div><div class=\"description\" style=\"\">Formaci\u00f3n acad\u00e9mica:<br \/>\n\u2022 Doctor en Ciencias Biol\u00f3gicas por la Universidad Complutense de Madrid. 1992.<br \/>\n\u2022 Especialista Universitario en Ciencias Ambientales por la Universidad Complutense de Madrid. 1991.<br \/>\n\u2022 Diploma en Nutrici\u00f3n, Curso postgraduados de la Escuela de Nutrici\u00f3n de la Universidad de Granada. 2006.<br \/>\n\u2713 En la actualidad es:<br \/>\n\u2022 Especialista en Alimentaci\u00f3n, Seguridad Alimentaria, Nutrici\u00f3n y Sostenibilidad.<br \/>\n\u2022 Profesor Asociado de Fisiolog\u00eda Vegetal del Departamento de Gen\u00e9tica, Fisiolog\u00eda y Microbiolog\u00eda de la Facultad de Ciencias Biol\u00f3gicas de la Universidad Complutense de Madrid.<br \/>\n\u2022 Profesor Asociado del \u00c1rea de Nutrici\u00f3n y Bromatolog\u00eda del Departamento Ciencias Farmac\u00e9uticas y de la Salud de la Facultad de Farmacia Universidad San Pablo CEU.<br \/>\n\u2022 Profesor Colaborador Honor\u00edfico de Nutrici\u00f3n y Diet\u00e9tica de la Facultad de Enfermer\u00eda de la Universidad de Valladolid.<br \/>\n\u2022 Profesor Visitante de la Facultad de Nutrici\u00f3n y Alimentaci\u00f3n, Escuela Profesional de Nutrici\u00f3n y Diet\u00e9tica de la Universidad Femenina del Sagrado Coraz\u00f3n UNIFE. Lima, Per\u00fa.<br \/>\n\u2022 Profesor en diferentes M\u00e1steres de las Universidades Granada, Sevilla, Barcelona, C\u00f3rdoba, Pablo Olavide de Sevilla y Complutense de Madrid.<br \/>\n\u2713 Otros m\u00e9ritos profesionales:<br \/>\n\u2022 Acad\u00e9mico Numerario de la Real Academia Europea de Doctores (RAED).<br \/>\n\u2022 Acad\u00e9mico de Honor de la Academia Espa\u00f1ola de Nutrici\u00f3n y Diet\u00e9tica (AEND)<br \/>\n\u2022 Miembro del Comit\u00e9 Cient\u00edfico de la Fundaci\u00f3n Iberoamericana de la Nutrici\u00f3n (FINUT).<br \/>\n\u2022 Presidente de la Comisi\u00f3n Cient\u00edfica de la Sociedad Espa\u00f1ola de Medicina del Deporte (SEMED).<br \/>\n\u2022 Vocal de la Junta Directiva de la Sociedad Espa\u00f1ola de Nutrici\u00f3n (SE\u00d1)<br \/>\n\u2022 Vocal de Alimentaci\u00f3n Honor\u00edfico del Consejo General de Colegios Oficiales de Farmac\u00e9uticos (CGCOF).<br \/>\n\u2022 Socio de Honor de la Asociaci\u00f3n de Enfermer\u00eda de Nutrici\u00f3n y Diet\u00e9tica (AdENyD).<br \/>\n\u2022 Coordinador del Grupo de Seguridad Alimentaria, Nutrici\u00f3n, Investigaci\u00f3n, Desarrollo e innovaci\u00f3n de la Academia Espa\u00f1ola de Nutrici\u00f3n y Diet\u00e9tica.<br \/>\n\u2022 Pertenece a diferentes sociedades o entidades: cient\u00edficas, instituciones o institutos de investigaci\u00f3n en el \u00e1mbito de la alimentaci\u00f3n, seguridad alimentaria, nutrici\u00f3n y diet\u00e9tica: Sociedad Espa\u00f1ola de Nutrici\u00f3n Comunitaria, SENC; Sociedad Espa\u00f1ola de Nutrici\u00f3n, SE\u00d1; de la Academia Espa\u00f1ola de Nutrici\u00f3n y Diet\u00e9tica, AEND; Sociedad Espa\u00f1ola de Seguridad y Calidad Alimentaria, SESAL; Sociedad Espa\u00f1ola de Medicina del Deporte-Federaci\u00f3n Espa\u00f1ola de Medina del Deporte, AMEDE_FEMEDE; Patronato de la Fundaci\u00f3n Espa\u00f1ola de la Nutrici\u00f3n FEN.<br \/>\n\u2022 Autor de m\u00e1s de 50 publicaciones cient\u00edficas, 10 de cap\u00edtulos en libros de consulta cient\u00edfico-t\u00e9cnicos y varios materiales did\u00e1cticos enfocados a la educaci\u00f3n alimentaria, tanto para profesionales de la salud como a consumidores.<br \/>\n\u2022 M\u00e1s de 200 ponencias en actividades de formaci\u00f3n y comunicaciones a congresos en el<br \/>\n\u00e1mbito de la ciencia y tecnolog\u00eda de los alimentos, seguridad alimentaria y de la nutrici\u00f3n<br \/>\ny de la educaci\u00f3n e informaci\u00f3n nutricional, tanto a nivel nacional como internacional.<br \/>\n\u2022 Colaborador en el desarrollo y lanzamiento de m\u00e1s de 20 productos alimenticios, tambi\u00e9n<br \/>\ntanto a nivel nacional como internacional.<br \/>\n\u2022 Codirector de 2 tesis doctorales en la UCM (1) y en la CEU USP (1), director de 8<br \/>\nTrabajos Fin de M\u00e1ster en la UCM (5) y UGR (3) y 8 Fin de Grado en la UVA (7), CEU<br \/>\nUSP (1) y UGR (1).<\/div><\/div><\/div><div class=\"dfd-spacer-module\"  data-units=\"px\" data-wide_resolution=\"1280\" data-wide_size=\"80\" data-normal_resolution=\"1024\" data-normal_size=\"60\" data-tablet_resolution=\"800\" data-tablet_size=\"40\" data-mobile_resolution=\"480\" data-mobile_size=\"40\" style=\"height: 80px;\"><\/div>[\/vc_column][\/vc_row]<\/p>\n","protected":false},"excerpt":{"rendered":"<p>[vc_row dfd_row_responsive_enable=\u00bbdfd-row-responsive-enable\u00bb responsive_styles=\u00bbpadding_left_mobile:20|padding_right_mobile:20&#8243;][vc_column][\/vc_column][\/vc_row]<\/p>\n","protected":false},"author":4,"featured_media":0,"parent":16188,"menu_order":0,"comment_status":"closed","ping_status":"closed","template":"page-custom-with-header.php","meta":{"_acf_changed":false,"_monsterinsights_skip_tracking":false,"_monsterinsights_sitenote_active":false,"_monsterinsights_sitenote_note":"","_monsterinsights_sitenote_category":0,"footnotes":""},"class_list":["post-22607","page","type-page","status-publish","hentry"],"acf":[],"yoast_head":"<!-- This site is optimized with the Yoast SEO plugin v26.7 - https:\/\/yoast.com\/wordpress\/plugins\/seo\/ -->\n<title>Rafael Urrialde De Andr\u00e9s - Academia Espa\u00f1ola de Nutrici\u00f3n y Diet\u00e9tica<\/title>\n<meta name=\"robots\" content=\"index, follow, max-snippet:-1, max-image-preview:large, max-video-preview:-1\" \/>\n<link rel=\"canonical\" href=\"https:\/\/www.academianutricionydietetica.org\/pro\/la-academia\/organos-de-gobierno\/rafael-urrialde-de-andres\/\" \/>\n<meta property=\"og:locale\" content=\"es_ES\" \/>\n<meta property=\"og:type\" content=\"article\" \/>\n<meta property=\"og:title\" content=\"Rafael Urrialde De Andr\u00e9s - Academia Espa\u00f1ola de Nutrici\u00f3n y Diet\u00e9tica\" \/>\n<meta property=\"og:description\" content=\"[vc_row dfd_row_responsive_enable=\u00bbdfd-row-responsive-enable\u00bb responsive_styles=\u00bbpadding_left_mobile:20|padding_right_mobile:20&#8243;][vc_column][\/vc_column][\/vc_row]\" \/>\n<meta property=\"og:url\" content=\"https:\/\/www.academianutricionydietetica.org\/pro\/la-academia\/organos-de-gobierno\/rafael-urrialde-de-andres\/\" \/>\n<meta property=\"og:site_name\" content=\"Academia Espa\u00f1ola de Nutrici\u00f3n y Diet\u00e9tica\" \/>\n<meta property=\"article:modified_time\" content=\"2024-04-01T07:43:36+00:00\" \/>\n<meta name=\"twitter:card\" content=\"summary_large_image\" \/>\n<meta name=\"twitter:label1\" content=\"Tiempo de lectura\" \/>\n\t<meta name=\"twitter:data1\" content=\"3 minutos\" \/>\n<script type=\"application\/ld+json\" class=\"yoast-schema-graph\">{\"@context\":\"https:\/\/schema.org\",\"@graph\":[{\"@type\":\"WebPage\",\"@id\":\"https:\/\/www.academianutricionydietetica.org\/pro\/la-academia\/organos-de-gobierno\/rafael-urrialde-de-andres\/\",\"url\":\"https:\/\/www.academianutricionydietetica.org\/pro\/la-academia\/organos-de-gobierno\/rafael-urrialde-de-andres\/\",\"name\":\"Rafael Urrialde De Andr\u00e9s - Academia Espa\u00f1ola de Nutrici\u00f3n y Diet\u00e9tica\",\"isPartOf\":{\"@id\":\"https:\/\/www.academianutricionydietetica.org\/pro\/#website\"},\"datePublished\":\"2024-04-01T07:37:21+00:00\",\"dateModified\":\"2024-04-01T07:43:36+00:00\",\"breadcrumb\":{\"@id\":\"https:\/\/www.academianutricionydietetica.org\/pro\/la-academia\/organos-de-gobierno\/rafael-urrialde-de-andres\/#breadcrumb\"},\"inLanguage\":\"es\",\"potentialAction\":[{\"@type\":\"ReadAction\",\"target\":[\"https:\/\/www.academianutricionydietetica.org\/pro\/la-academia\/organos-de-gobierno\/rafael-urrialde-de-andres\/\"]}]},{\"@type\":\"BreadcrumbList\",\"@id\":\"https:\/\/www.academianutricionydietetica.org\/pro\/la-academia\/organos-de-gobierno\/rafael-urrialde-de-andres\/#breadcrumb\",\"itemListElement\":[{\"@type\":\"ListItem\",\"position\":1,\"name\":\"Inicio\",\"item\":\"https:\/\/www.academianutricionydietetica.org\/pro\/\"},{\"@type\":\"ListItem\",\"position\":2,\"name\":\"La academia\",\"item\":\"https:\/\/www.academianutricionydietetica.org\/pro\/la-academia\/\"},{\"@type\":\"ListItem\",\"position\":3,\"name\":\"\u00d3rganos de Gobierno\",\"item\":\"https:\/\/www.academianutricionydietetica.org\/pro\/la-academia\/organos-de-gobierno\/\"},{\"@type\":\"ListItem\",\"position\":4,\"name\":\"Rafael Urrialde De Andr\u00e9s\"}]},{\"@type\":\"WebSite\",\"@id\":\"https:\/\/www.academianutricionydietetica.org\/pro\/#website\",\"url\":\"https:\/\/www.academianutricionydietetica.org\/pro\/\",\"name\":\"Academia Espa\u00f1ola de Nutrici\u00f3n y Diet\u00e9tica\",\"description\":\"Formaci\u00f3n, noticias, jornadas y eventos\",\"potentialAction\":[{\"@type\":\"SearchAction\",\"target\":{\"@type\":\"EntryPoint\",\"urlTemplate\":\"https:\/\/www.academianutricionydietetica.org\/pro\/?s={search_term_string}\"},\"query-input\":{\"@type\":\"PropertyValueSpecification\",\"valueRequired\":true,\"valueName\":\"search_term_string\"}}],\"inLanguage\":\"es\"}]}<\/script>\n<!-- \/ Yoast SEO plugin. -->","yoast_head_json":{"title":"Rafael Urrialde De Andr\u00e9s - Academia Espa\u00f1ola de Nutrici\u00f3n y Diet\u00e9tica","robots":{"index":"index","follow":"follow","max-snippet":"max-snippet:-1","max-image-preview":"max-image-preview:large","max-video-preview":"max-video-preview:-1"},"canonical":"https:\/\/www.academianutricionydietetica.org\/pro\/la-academia\/organos-de-gobierno\/rafael-urrialde-de-andres\/","og_locale":"es_ES","og_type":"article","og_title":"Rafael Urrialde De Andr\u00e9s - Academia Espa\u00f1ola de Nutrici\u00f3n y Diet\u00e9tica","og_description":"[vc_row dfd_row_responsive_enable=\u00bbdfd-row-responsive-enable\u00bb responsive_styles=\u00bbpadding_left_mobile:20|padding_right_mobile:20&#8243;][vc_column][\/vc_column][\/vc_row]","og_url":"https:\/\/www.academianutricionydietetica.org\/pro\/la-academia\/organos-de-gobierno\/rafael-urrialde-de-andres\/","og_site_name":"Academia Espa\u00f1ola de Nutrici\u00f3n y Diet\u00e9tica","article_modified_time":"2024-04-01T07:43:36+00:00","twitter_card":"summary_large_image","twitter_misc":{"Tiempo de lectura":"3 minutos"},"schema":{"@context":"https:\/\/schema.org","@graph":[{"@type":"WebPage","@id":"https:\/\/www.academianutricionydietetica.org\/pro\/la-academia\/organos-de-gobierno\/rafael-urrialde-de-andres\/","url":"https:\/\/www.academianutricionydietetica.org\/pro\/la-academia\/organos-de-gobierno\/rafael-urrialde-de-andres\/","name":"Rafael Urrialde De Andr\u00e9s - Academia Espa\u00f1ola de Nutrici\u00f3n y Diet\u00e9tica","isPartOf":{"@id":"https:\/\/www.academianutricionydietetica.org\/pro\/#website"},"datePublished":"2024-04-01T07:37:21+00:00","dateModified":"2024-04-01T07:43:36+00:00","breadcrumb":{"@id":"https:\/\/www.academianutricionydietetica.org\/pro\/la-academia\/organos-de-gobierno\/rafael-urrialde-de-andres\/#breadcrumb"},"inLanguage":"es","potentialAction":[{"@type":"ReadAction","target":["https:\/\/www.academianutricionydietetica.org\/pro\/la-academia\/organos-de-gobierno\/rafael-urrialde-de-andres\/"]}]},{"@type":"BreadcrumbList","@id":"https:\/\/www.academianutricionydietetica.org\/pro\/la-academia\/organos-de-gobierno\/rafael-urrialde-de-andres\/#breadcrumb","itemListElement":[{"@type":"ListItem","position":1,"name":"Inicio","item":"https:\/\/www.academianutricionydietetica.org\/pro\/"},{"@type":"ListItem","position":2,"name":"La academia","item":"https:\/\/www.academianutricionydietetica.org\/pro\/la-academia\/"},{"@type":"ListItem","position":3,"name":"\u00d3rganos de Gobierno","item":"https:\/\/www.academianutricionydietetica.org\/pro\/la-academia\/organos-de-gobierno\/"},{"@type":"ListItem","position":4,"name":"Rafael Urrialde De Andr\u00e9s"}]},{"@type":"WebSite","@id":"https:\/\/www.academianutricionydietetica.org\/pro\/#website","url":"https:\/\/www.academianutricionydietetica.org\/pro\/","name":"Academia Espa\u00f1ola de Nutrici\u00f3n y Diet\u00e9tica","description":"Formaci\u00f3n, noticias, jornadas y eventos","potentialAction":[{"@type":"SearchAction","target":{"@type":"EntryPoint","urlTemplate":"https:\/\/www.academianutricionydietetica.org\/pro\/?s={search_term_string}"},"query-input":{"@type":"PropertyValueSpecification","valueRequired":true,"valueName":"search_term_string"}}],"inLanguage":"es"}]}},"_links":{"self":[{"href":"https:\/\/www.academianutricionydietetica.org\/pro\/wp-json\/wp\/v2\/pages\/22607","targetHints":{"allow":["GET"]}}],"collection":[{"href":"https:\/\/www.academianutricionydietetica.org\/pro\/wp-json\/wp\/v2\/pages"}],"about":[{"href":"https:\/\/www.academianutricionydietetica.org\/pro\/wp-json\/wp\/v2\/types\/page"}],"author":[{"embeddable":true,"href":"https:\/\/www.academianutricionydietetica.org\/pro\/wp-json\/wp\/v2\/users\/4"}],"replies":[{"embeddable":true,"href":"https:\/\/www.academianutricionydietetica.org\/pro\/wp-json\/wp\/v2\/comments?post=22607"}],"version-history":[{"count":1,"href":"https:\/\/www.academianutricionydietetica.org\/pro\/wp-json\/wp\/v2\/pages\/22607\/revisions"}],"predecessor-version":[{"id":22609,"href":"https:\/\/www.academianutricionydietetica.org\/pro\/wp-json\/wp\/v2\/pages\/22607\/revisions\/22609"}],"up":[{"embeddable":true,"href":"https:\/\/www.academianutricionydietetica.org\/pro\/wp-json\/wp\/v2\/pages\/16188"}],"wp:attachment":[{"href":"https:\/\/www.academianutricionydietetica.org\/pro\/wp-json\/wp\/v2\/media?parent=22607"}],"curies":[{"name":"wp","href":"https:\/\/api.w.org\/{rel}","templated":true}]}}