{"id":23694,"date":"2025-05-05T10:31:11","date_gmt":"2025-05-05T10:31:11","guid":{"rendered":"https:\/\/www.academianutricionydietetica.org\/pro\/?page_id=23694"},"modified":"2025-05-20T09:51:40","modified_gmt":"2025-05-20T09:51:40","slug":"francisco-miguel-celdran-de-haro-5","status":"publish","type":"page","link":"https:\/\/www.academianutricionydietetica.org\/pro\/la-academia\/organos-de-gobierno\/francisco-miguel-celdran-de-haro-5\/","title":{"rendered":"Francisco Miguel Celdr\u00e1n de Haro"},"content":{"rendered":"<p>[vc_row dfd_row_responsive_enable=\u00bbdfd-row-responsive-enable\u00bb responsive_styles=\u00bbpadding_left_mobile:20|padding_right_mobile:20&#8243;][vc_column]<div class=\"dfd-spacer-module\"  data-units=\"px\" data-wide_resolution=\"1280\" data-wide_size=\"80\" data-normal_resolution=\"1024\" data-normal_size=\"60\" data-tablet_resolution=\"800\" data-tablet_size=\"40\" data-mobile_resolution=\"480\" data-mobile_size=\"40\" style=\"height: 80px;\"><\/div><div class=\"dfd-info-banner style-05 responsive-team-members text-center\" ><div class=\"image-cover \"><img loading=\"lazy\" decoding=\"async\" src=\"https:\/\/www.academianutricionydietetica.org\/pro\/uploads\/2025\/05\/Francisco-Miguel-Celdran-de-Haro-2-150x150.jpg\" alt=\"Image\"  width=\"150\" height=\"150\" class=\"info-banner-image \" \/><\/div><div class=\"content-wrap\"><h2 class=\"info-box-title \" style=\"font-size: 34px; line-height: 48px; letter-spacing: 8px; \">Francisco Miguel Celdr\u00e1n de Haro<\/h2><h3 class=\"info-box-subtitle widget-sub-title \" style=\"\">Comit\u00e9 Cient\u00edfico<\/h3><div class=\"wrap-delimiter\"><div class=\"delimiter\" ><\/div><\/div><div class=\"description\" style=\"\">Francisco Miguel Celdr\u00e1n de Haro es Doctor en Nutrici\u00f3n por la Universidad Cat\u00f3lica de Murcia y Miembro Acad\u00e9mico de N\u00famero de la Academia Espa\u00f1ola de Nutrici\u00f3n y Diet\u00e9tica. Con m\u00e1s de 20 a\u00f1os de experiencia, ha destacado en el \u00e1mbito de la nutrici\u00f3n cl\u00ednica, deportiva y docente, especializ\u00e1ndose en Nutrici\u00f3n en la Actividad F\u00edsica y el Deporte, as\u00ed como en Seguridad Alimentaria. Es reconocido por su experiencia en la planificaci\u00f3n diet\u00e9tica aplicada a contextos cl\u00ednicos y deportivos.<\/p>\n<p>Francisco es M\u00e1ster en Nutrici\u00f3n y Seguridad Alimentaria por la Universidad Cat\u00f3lica de Murcia, complementando su formaci\u00f3n con la Diplomatura en Nutrici\u00f3n Humana y Diet\u00e9tica y el t\u00edtulo de T\u00e9cnico Superior en Salud Ambiental. Actualmente, es profesor en la Facultad de Enfermer\u00eda de la Universidad de Alicante, donde imparte asignaturas relacionadas con la planificaci\u00f3n diet\u00e9tica. Tambi\u00e9n es consultor de cl\u00ednicas privadas en Alicante y Murcia y socio fundador de iniciativas como TuNutricionista S.L., GIROSALUDABLE S.L. y la Fundaci\u00f3n Alimenta Tu Salud.<\/p>\n<p>En el \u00e1mbito deportivo, ha trabajado como nutricionista para equipos de alto rendimiento, incluyendo el Etosa Alicante (baloncesto, Liga ACB), Cartagena FS (f\u00fatbol sala, Primera y Segunda Divisi\u00f3n) y el Eldense (f\u00fatbol, temporada 22-23). A nivel internacional, ha colaborado con la selecci\u00f3n dominicana de Taekwondo y Balonmano en campeonatos del mundo y en los Juegos Ol\u00edmpicos de R\u00edo de Janeiro y Tokio. Desde 2006, es consultor externo de la Federaci\u00f3n Dominicana de Medicina en el Deporte, desarrollando estrategias de alimentaci\u00f3n y suplementaci\u00f3n para atletas de \u00e9lite.<\/p>\n<p>En gesti\u00f3n y liderazgo, Francisco ha sido Decano del Colegio Oficial de Dietistas-Nutricionistas de la Regi\u00f3n de Murcia y Tesorero del Consejo General de Dietistas-Nutricionistas de Espa\u00f1a. Fue Gerente de la Fundaci\u00f3n Alimenta Tu Salud y director del M\u00e1ster en Nutrici\u00f3n en la Actividad F\u00edsica y el Deporte de la Universidad Cat\u00f3lica de Murcia.<\/p>\n<p>Su trayectoria investigadora incluye estudios sobre el impacto de p\u00e9ptidos bioactivos del jam\u00f3n curado en marcadores de riesgo cardiovascular, con publicaciones en revistas cient\u00edficas indexadas. Ha participado en la autor\u00eda de libros y cap\u00edtulos, y ha presentado ponencias en congresos nacionales e internacionales. Adem\u00e1s, dirige trabajos de fin de grado y m\u00e1ster, impulsando la formaci\u00f3n de nuevos profesionales en \u00e1reas como la dietoterapia y la nutrici\u00f3n deportiva.<\/p>\n<p>Explora su producci\u00f3n cient\u00edfica en <a href=\"https:\/\/www.webofscience.com\/wos\/author\/record\/EQL-6362-2022\" target=\"_blank\" rel=\"noopener\">Web of Science<\/a><br \/>\n<\/div><\/div><\/div><div class=\"dfd-spacer-module\"  data-units=\"px\" data-wide_resolution=\"1280\" data-wide_size=\"80\" data-normal_resolution=\"1024\" data-normal_size=\"60\" data-tablet_resolution=\"800\" data-tablet_size=\"40\" data-mobile_resolution=\"480\" data-mobile_size=\"40\" style=\"height: 80px;\"><\/div>[\/vc_column][\/vc_row]<\/p>\n","protected":false},"excerpt":{"rendered":"<p>[vc_row dfd_row_responsive_enable=\u00bbdfd-row-responsive-enable\u00bb responsive_styles=\u00bbpadding_left_mobile:20|padding_right_mobile:20&#8243;][vc_column][\/vc_column][\/vc_row]<\/p>\n","protected":false},"author":4,"featured_media":0,"parent":16188,"menu_order":0,"comment_status":"closed","ping_status":"closed","template":"page-custom-with-header.php","meta":{"_acf_changed":false,"_monsterinsights_skip_tracking":false,"_monsterinsights_sitenote_active":false,"_monsterinsights_sitenote_note":"","_monsterinsights_sitenote_category":0,"footnotes":""},"class_list":["post-23694","page","type-page","status-publish","hentry"],"acf":[],"yoast_head":"<!-- This site is optimized with the Yoast SEO plugin v26.7 - https:\/\/yoast.com\/wordpress\/plugins\/seo\/ -->\n<title>Francisco Miguel Celdr\u00e1n de Haro - Academia Espa\u00f1ola de Nutrici\u00f3n y Diet\u00e9tica<\/title>\n<meta name=\"robots\" content=\"index, follow, max-snippet:-1, max-image-preview:large, max-video-preview:-1\" \/>\n<link rel=\"canonical\" href=\"https:\/\/www.academianutricionydietetica.org\/pro\/la-academia\/organos-de-gobierno\/francisco-miguel-celdran-de-haro-5\/\" \/>\n<meta property=\"og:locale\" content=\"es_ES\" \/>\n<meta property=\"og:type\" content=\"article\" \/>\n<meta property=\"og:title\" content=\"Francisco Miguel Celdr\u00e1n de Haro - Academia Espa\u00f1ola de Nutrici\u00f3n y Diet\u00e9tica\" \/>\n<meta property=\"og:description\" content=\"[vc_row dfd_row_responsive_enable=\u00bbdfd-row-responsive-enable\u00bb responsive_styles=\u00bbpadding_left_mobile:20|padding_right_mobile:20&#8243;][vc_column][\/vc_column][\/vc_row]\" \/>\n<meta property=\"og:url\" content=\"https:\/\/www.academianutricionydietetica.org\/pro\/la-academia\/organos-de-gobierno\/francisco-miguel-celdran-de-haro-5\/\" \/>\n<meta property=\"og:site_name\" content=\"Academia Espa\u00f1ola de Nutrici\u00f3n y Diet\u00e9tica\" \/>\n<meta property=\"article:modified_time\" content=\"2025-05-20T09:51:40+00:00\" \/>\n<meta name=\"twitter:card\" content=\"summary_large_image\" \/>\n<meta name=\"twitter:label1\" content=\"Tiempo de lectura\" \/>\n\t<meta name=\"twitter:data1\" content=\"3 minutos\" \/>\n<script type=\"application\/ld+json\" class=\"yoast-schema-graph\">{\"@context\":\"https:\/\/schema.org\",\"@graph\":[{\"@type\":\"WebPage\",\"@id\":\"https:\/\/www.academianutricionydietetica.org\/pro\/la-academia\/organos-de-gobierno\/francisco-miguel-celdran-de-haro-5\/\",\"url\":\"https:\/\/www.academianutricionydietetica.org\/pro\/la-academia\/organos-de-gobierno\/francisco-miguel-celdran-de-haro-5\/\",\"name\":\"Francisco Miguel Celdr\u00e1n de Haro - Academia Espa\u00f1ola de Nutrici\u00f3n y Diet\u00e9tica\",\"isPartOf\":{\"@id\":\"https:\/\/www.academianutricionydietetica.org\/pro\/#website\"},\"datePublished\":\"2025-05-05T10:31:11+00:00\",\"dateModified\":\"2025-05-20T09:51:40+00:00\",\"breadcrumb\":{\"@id\":\"https:\/\/www.academianutricionydietetica.org\/pro\/la-academia\/organos-de-gobierno\/francisco-miguel-celdran-de-haro-5\/#breadcrumb\"},\"inLanguage\":\"es\",\"potentialAction\":[{\"@type\":\"ReadAction\",\"target\":[\"https:\/\/www.academianutricionydietetica.org\/pro\/la-academia\/organos-de-gobierno\/francisco-miguel-celdran-de-haro-5\/\"]}]},{\"@type\":\"BreadcrumbList\",\"@id\":\"https:\/\/www.academianutricionydietetica.org\/pro\/la-academia\/organos-de-gobierno\/francisco-miguel-celdran-de-haro-5\/#breadcrumb\",\"itemListElement\":[{\"@type\":\"ListItem\",\"position\":1,\"name\":\"Inicio\",\"item\":\"https:\/\/www.academianutricionydietetica.org\/pro\/\"},{\"@type\":\"ListItem\",\"position\":2,\"name\":\"La academia\",\"item\":\"https:\/\/www.academianutricionydietetica.org\/pro\/la-academia\/\"},{\"@type\":\"ListItem\",\"position\":3,\"name\":\"\u00d3rganos de Gobierno\",\"item\":\"https:\/\/www.academianutricionydietetica.org\/pro\/la-academia\/organos-de-gobierno\/\"},{\"@type\":\"ListItem\",\"position\":4,\"name\":\"Francisco Miguel Celdr\u00e1n de Haro\"}]},{\"@type\":\"WebSite\",\"@id\":\"https:\/\/www.academianutricionydietetica.org\/pro\/#website\",\"url\":\"https:\/\/www.academianutricionydietetica.org\/pro\/\",\"name\":\"Academia Espa\u00f1ola de Nutrici\u00f3n y Diet\u00e9tica\",\"description\":\"Formaci\u00f3n, noticias, jornadas y eventos\",\"potentialAction\":[{\"@type\":\"SearchAction\",\"target\":{\"@type\":\"EntryPoint\",\"urlTemplate\":\"https:\/\/www.academianutricionydietetica.org\/pro\/?s={search_term_string}\"},\"query-input\":{\"@type\":\"PropertyValueSpecification\",\"valueRequired\":true,\"valueName\":\"search_term_string\"}}],\"inLanguage\":\"es\"}]}<\/script>\n<!-- \/ Yoast SEO plugin. -->","yoast_head_json":{"title":"Francisco Miguel Celdr\u00e1n de Haro - Academia Espa\u00f1ola de Nutrici\u00f3n y Diet\u00e9tica","robots":{"index":"index","follow":"follow","max-snippet":"max-snippet:-1","max-image-preview":"max-image-preview:large","max-video-preview":"max-video-preview:-1"},"canonical":"https:\/\/www.academianutricionydietetica.org\/pro\/la-academia\/organos-de-gobierno\/francisco-miguel-celdran-de-haro-5\/","og_locale":"es_ES","og_type":"article","og_title":"Francisco Miguel Celdr\u00e1n de Haro - Academia Espa\u00f1ola de Nutrici\u00f3n y Diet\u00e9tica","og_description":"[vc_row dfd_row_responsive_enable=\u00bbdfd-row-responsive-enable\u00bb responsive_styles=\u00bbpadding_left_mobile:20|padding_right_mobile:20&#8243;][vc_column][\/vc_column][\/vc_row]","og_url":"https:\/\/www.academianutricionydietetica.org\/pro\/la-academia\/organos-de-gobierno\/francisco-miguel-celdran-de-haro-5\/","og_site_name":"Academia Espa\u00f1ola de Nutrici\u00f3n y Diet\u00e9tica","article_modified_time":"2025-05-20T09:51:40+00:00","twitter_card":"summary_large_image","twitter_misc":{"Tiempo de lectura":"3 minutos"},"schema":{"@context":"https:\/\/schema.org","@graph":[{"@type":"WebPage","@id":"https:\/\/www.academianutricionydietetica.org\/pro\/la-academia\/organos-de-gobierno\/francisco-miguel-celdran-de-haro-5\/","url":"https:\/\/www.academianutricionydietetica.org\/pro\/la-academia\/organos-de-gobierno\/francisco-miguel-celdran-de-haro-5\/","name":"Francisco Miguel Celdr\u00e1n de Haro - Academia Espa\u00f1ola de Nutrici\u00f3n y Diet\u00e9tica","isPartOf":{"@id":"https:\/\/www.academianutricionydietetica.org\/pro\/#website"},"datePublished":"2025-05-05T10:31:11+00:00","dateModified":"2025-05-20T09:51:40+00:00","breadcrumb":{"@id":"https:\/\/www.academianutricionydietetica.org\/pro\/la-academia\/organos-de-gobierno\/francisco-miguel-celdran-de-haro-5\/#breadcrumb"},"inLanguage":"es","potentialAction":[{"@type":"ReadAction","target":["https:\/\/www.academianutricionydietetica.org\/pro\/la-academia\/organos-de-gobierno\/francisco-miguel-celdran-de-haro-5\/"]}]},{"@type":"BreadcrumbList","@id":"https:\/\/www.academianutricionydietetica.org\/pro\/la-academia\/organos-de-gobierno\/francisco-miguel-celdran-de-haro-5\/#breadcrumb","itemListElement":[{"@type":"ListItem","position":1,"name":"Inicio","item":"https:\/\/www.academianutricionydietetica.org\/pro\/"},{"@type":"ListItem","position":2,"name":"La academia","item":"https:\/\/www.academianutricionydietetica.org\/pro\/la-academia\/"},{"@type":"ListItem","position":3,"name":"\u00d3rganos de Gobierno","item":"https:\/\/www.academianutricionydietetica.org\/pro\/la-academia\/organos-de-gobierno\/"},{"@type":"ListItem","position":4,"name":"Francisco Miguel Celdr\u00e1n de Haro"}]},{"@type":"WebSite","@id":"https:\/\/www.academianutricionydietetica.org\/pro\/#website","url":"https:\/\/www.academianutricionydietetica.org\/pro\/","name":"Academia Espa\u00f1ola de Nutrici\u00f3n y Diet\u00e9tica","description":"Formaci\u00f3n, noticias, jornadas y eventos","potentialAction":[{"@type":"SearchAction","target":{"@type":"EntryPoint","urlTemplate":"https:\/\/www.academianutricionydietetica.org\/pro\/?s={search_term_string}"},"query-input":{"@type":"PropertyValueSpecification","valueRequired":true,"valueName":"search_term_string"}}],"inLanguage":"es"}]}},"_links":{"self":[{"href":"https:\/\/www.academianutricionydietetica.org\/pro\/wp-json\/wp\/v2\/pages\/23694","targetHints":{"allow":["GET"]}}],"collection":[{"href":"https:\/\/www.academianutricionydietetica.org\/pro\/wp-json\/wp\/v2\/pages"}],"about":[{"href":"https:\/\/www.academianutricionydietetica.org\/pro\/wp-json\/wp\/v2\/types\/page"}],"author":[{"embeddable":true,"href":"https:\/\/www.academianutricionydietetica.org\/pro\/wp-json\/wp\/v2\/users\/4"}],"replies":[{"embeddable":true,"href":"https:\/\/www.academianutricionydietetica.org\/pro\/wp-json\/wp\/v2\/comments?post=23694"}],"version-history":[{"count":6,"href":"https:\/\/www.academianutricionydietetica.org\/pro\/wp-json\/wp\/v2\/pages\/23694\/revisions"}],"predecessor-version":[{"id":23778,"href":"https:\/\/www.academianutricionydietetica.org\/pro\/wp-json\/wp\/v2\/pages\/23694\/revisions\/23778"}],"up":[{"embeddable":true,"href":"https:\/\/www.academianutricionydietetica.org\/pro\/wp-json\/wp\/v2\/pages\/16188"}],"wp:attachment":[{"href":"https:\/\/www.academianutricionydietetica.org\/pro\/wp-json\/wp\/v2\/media?parent=23694"}],"curies":[{"name":"wp","href":"https:\/\/api.w.org\/{rel}","templated":true}]}}