{"id":23715,"date":"2025-05-05T11:13:42","date_gmt":"2025-05-05T11:13:42","guid":{"rendered":"https:\/\/www.academianutricionydietetica.org\/pro\/?page_id=23715"},"modified":"2025-05-19T10:47:01","modified_gmt":"2025-05-19T10:47:01","slug":"alicia-salido","status":"publish","type":"page","link":"https:\/\/www.academianutricionydietetica.org\/pro\/la-academia\/equipo-y-colaboradores\/alicia-salido\/","title":{"rendered":"Alicia Salido"},"content":{"rendered":"<p>[vc_row dfd_row_responsive_enable=\u00bbdfd-row-responsive-enable\u00bb responsive_styles=\u00bbpadding_left_mobile:20|padding_right_mobile:20&#8243;][vc_column]<div class=\"dfd-spacer-module\"  data-units=\"px\" data-wide_resolution=\"1280\" data-wide_size=\"80\" data-normal_resolution=\"1024\" data-normal_size=\"60\" data-tablet_resolution=\"800\" data-tablet_size=\"40\" data-mobile_resolution=\"480\" data-mobile_size=\"40\" style=\"height: 80px;\"><\/div><div class=\"dfd-info-banner style-05 responsive-team-members text-center\" ><div class=\"image-cover \"><img loading=\"lazy\" decoding=\"async\" src=\"https:\/\/www.academianutricionydietetica.org\/pro\/uploads\/2025\/05\/Alicia-Salido-150x150.jpg\" alt=\"Image\"  width=\"150\" height=\"150\" class=\"info-banner-image \" \/><\/div><div class=\"content-wrap\"><h2 class=\"info-box-title \" style=\"font-size: 22px; line-height: 26.4px; letter-spacing: 1px; \">Alicia Salido<\/h2><h3 class=\"info-box-subtitle widget-sub-title \" style=\"\">Comit\u00e9 Cient\u00edfico<\/h3><div class=\"wrap-delimiter\"><div class=\"delimiter\" ><\/div><\/div><div class=\"description\" style=\"\">Alicia Salido es dietista-nutricionista graduada por la Universidad de Navarra y Miembro de Honor de la Academia Espa\u00f1ola de Nutrici\u00f3n y Diet\u00e9tica. Con una trayectoria de m\u00e1s de 25 a\u00f1os en nutrici\u00f3n cl\u00ednica, est\u00e1 especializada en Trastornos Funcionales Digestivos, Oncolog\u00eda y Lipedema. Ha completado un M\u00e1ster en Obesidad y Metabolismo por la Universidad de Navarra, un M\u00e1ster en Microbiolog\u00eda Cl\u00ednica, as\u00ed como formaci\u00f3n avanzada en Nutrici\u00f3n Oncol\u00f3gica, Nutrici\u00f3n Digesto-Absortiva y Gastroenterolog\u00eda Nutricional, y manejo psicoemocional en patolog\u00edas digestivas. Adem\u00e1s, es experta en el tratamiento del D\u00e9ficit de DAO y forma parte de una red internacional de especialistas en este \u00e1mbito.<\/p>\n<p>En reconocimiento a su labor, ha recibido el premio al \u00abMejor Servicio de Espa\u00f1a valorado por los pacientes\u00bb (Bupa Sanitas). Tambi\u00e9n forma parte del Comit\u00e9 Directivo de NutriExpo y desempe\u00f1a roles como Responsable de Restauraci\u00f3n Social y Tesorera del Consejo General de Colegios Oficiales de Dietistas-Nutricionistas.<\/p>\n<p>Actualmente lidera el equipo de nutricionistas de los Centros Milenium Sanitas Andaluc\u00eda, con presencia en C\u00f3rdoba, Sevilla y M\u00e1laga. Es cofundadora de la Unidad Andaluza de Trastornos Funcionales Digestivos y cofundadora de la Unidad Andaluza de Lipedema ademas es responsable de la unidad de nutricon de Oncoavanze, una unidad de asistencia oncol\u00f3gica integral, alli tiene su consulta privada y trabaja cada dia en la mejora de los abordajes cl\u00ednicos y el trabajo interdisciplinar.<\/p>\n<p>En el \u00e1mbito formativo, Alicia dirige e imparte cursos especializados, como el Workshop sobre Nutrici\u00f3n y Trastornos Digestivos y Nutrici\u00f3n Oncol\u00f3gica. Ha sido ponente en cursos de especializaci\u00f3n acreditados sobre Trastornos Funcionales Digestivos en pr\u00e1ctica cl\u00ednica, organizados por los Colegios Profesionales de Euskadi, Navarra y Baleares, y sobre Nutrici\u00f3n Oncol\u00f3gica en pr\u00e1ctica cl\u00ednica, en colaboraci\u00f3n con los Colegios Profesionales de Arag\u00f3n y Euskadi. Es Directora Acad\u00e9mica de cursos online de referencia, como el Abordaje Interdisciplinar para Pacientes con Trastornos Funcionales Digestivos: Pr\u00e1ctica Cl\u00ednica (102 horas), organizado por la Academia Espa\u00f1ola de Nutrici\u00f3n y Diet\u00e9tica, y el curso Lipedema: \u00bfQu\u00e9 Sabemos de la Enfermedad? Dietoterapia en Pr\u00e1ctica Cl\u00ednica y Trabajo Interdisciplinar (100 horas), que se ofrecer\u00e1 a partir de 2025 bajo la organizaci\u00f3n de Norte Salud.<\/p>\n<p>Alicia combina su labor cl\u00ednica con una intensa actividad formativa y de divulgaci\u00f3n, consolid\u00e1ndose como una de las principales expertas en nutrici\u00f3n cl\u00ednica aplicada a \u00e1reas de alta especializaci\u00f3n.<br \/>\n<\/div><div class=\"dfd-module-readmore\"><a href=\"#\" target=\"_blank\" rel=\"nofollow\" class=\"read-more-01\"><\/a><\/div><\/div><\/div><div class=\"dfd-spacer-module\"  data-units=\"px\" data-wide_resolution=\"1280\" data-wide_size=\"80\" data-normal_resolution=\"1024\" data-normal_size=\"60\" data-tablet_resolution=\"800\" data-tablet_size=\"40\" data-mobile_resolution=\"480\" data-mobile_size=\"40\" style=\"height: 80px;\"><\/div>[\/vc_column][\/vc_row]<\/p>\n","protected":false},"excerpt":{"rendered":"<p>[vc_row dfd_row_responsive_enable=\u00bbdfd-row-responsive-enable\u00bb responsive_styles=\u00bbpadding_left_mobile:20|padding_right_mobile:20&#8243;][vc_column][\/vc_column][\/vc_row]<\/p>\n","protected":false},"author":4,"featured_media":0,"parent":18871,"menu_order":0,"comment_status":"closed","ping_status":"closed","template":"page-custom-with-header.php","meta":{"_acf_changed":false,"_monsterinsights_skip_tracking":false,"_monsterinsights_sitenote_active":false,"_monsterinsights_sitenote_note":"","_monsterinsights_sitenote_category":0,"footnotes":""},"class_list":["post-23715","page","type-page","status-publish","hentry"],"acf":[],"yoast_head":"<!-- This site is optimized with the Yoast SEO plugin v26.7 - https:\/\/yoast.com\/wordpress\/plugins\/seo\/ -->\n<title>Alicia Salido - Academia Espa\u00f1ola de Nutrici\u00f3n y Diet\u00e9tica<\/title>\n<meta name=\"robots\" content=\"index, follow, max-snippet:-1, max-image-preview:large, max-video-preview:-1\" \/>\n<link rel=\"canonical\" href=\"https:\/\/www.academianutricionydietetica.org\/pro\/la-academia\/equipo-y-colaboradores\/alicia-salido\/\" \/>\n<meta property=\"og:locale\" content=\"es_ES\" \/>\n<meta property=\"og:type\" content=\"article\" \/>\n<meta property=\"og:title\" content=\"Alicia Salido - Academia Espa\u00f1ola de Nutrici\u00f3n y Diet\u00e9tica\" \/>\n<meta property=\"og:description\" content=\"[vc_row dfd_row_responsive_enable=\u00bbdfd-row-responsive-enable\u00bb responsive_styles=\u00bbpadding_left_mobile:20|padding_right_mobile:20&#8243;][vc_column][\/vc_column][\/vc_row]\" \/>\n<meta property=\"og:url\" content=\"https:\/\/www.academianutricionydietetica.org\/pro\/la-academia\/equipo-y-colaboradores\/alicia-salido\/\" \/>\n<meta property=\"og:site_name\" content=\"Academia Espa\u00f1ola de Nutrici\u00f3n y Diet\u00e9tica\" \/>\n<meta property=\"article:modified_time\" content=\"2025-05-19T10:47:01+00:00\" \/>\n<meta name=\"twitter:card\" content=\"summary_large_image\" \/>\n<meta name=\"twitter:label1\" content=\"Tiempo de lectura\" \/>\n\t<meta name=\"twitter:data1\" content=\"3 minutos\" \/>\n<script type=\"application\/ld+json\" class=\"yoast-schema-graph\">{\"@context\":\"https:\/\/schema.org\",\"@graph\":[{\"@type\":\"WebPage\",\"@id\":\"https:\/\/www.academianutricionydietetica.org\/pro\/la-academia\/equipo-y-colaboradores\/alicia-salido\/\",\"url\":\"https:\/\/www.academianutricionydietetica.org\/pro\/la-academia\/equipo-y-colaboradores\/alicia-salido\/\",\"name\":\"Alicia Salido - Academia Espa\u00f1ola de Nutrici\u00f3n y Diet\u00e9tica\",\"isPartOf\":{\"@id\":\"https:\/\/www.academianutricionydietetica.org\/pro\/#website\"},\"datePublished\":\"2025-05-05T11:13:42+00:00\",\"dateModified\":\"2025-05-19T10:47:01+00:00\",\"breadcrumb\":{\"@id\":\"https:\/\/www.academianutricionydietetica.org\/pro\/la-academia\/equipo-y-colaboradores\/alicia-salido\/#breadcrumb\"},\"inLanguage\":\"es\",\"potentialAction\":[{\"@type\":\"ReadAction\",\"target\":[\"https:\/\/www.academianutricionydietetica.org\/pro\/la-academia\/equipo-y-colaboradores\/alicia-salido\/\"]}]},{\"@type\":\"BreadcrumbList\",\"@id\":\"https:\/\/www.academianutricionydietetica.org\/pro\/la-academia\/equipo-y-colaboradores\/alicia-salido\/#breadcrumb\",\"itemListElement\":[{\"@type\":\"ListItem\",\"position\":1,\"name\":\"Inicio\",\"item\":\"https:\/\/www.academianutricionydietetica.org\/pro\/\"},{\"@type\":\"ListItem\",\"position\":2,\"name\":\"La academia\",\"item\":\"https:\/\/www.academianutricionydietetica.org\/pro\/la-academia\/\"},{\"@type\":\"ListItem\",\"position\":3,\"name\":\"Equipo y colaboradores\",\"item\":\"https:\/\/www.academianutricionydietetica.org\/pro\/la-academia\/equipo-y-colaboradores\/\"},{\"@type\":\"ListItem\",\"position\":4,\"name\":\"Alicia Salido\"}]},{\"@type\":\"WebSite\",\"@id\":\"https:\/\/www.academianutricionydietetica.org\/pro\/#website\",\"url\":\"https:\/\/www.academianutricionydietetica.org\/pro\/\",\"name\":\"Academia Espa\u00f1ola de Nutrici\u00f3n y Diet\u00e9tica\",\"description\":\"Formaci\u00f3n, noticias, jornadas y eventos\",\"potentialAction\":[{\"@type\":\"SearchAction\",\"target\":{\"@type\":\"EntryPoint\",\"urlTemplate\":\"https:\/\/www.academianutricionydietetica.org\/pro\/?s={search_term_string}\"},\"query-input\":{\"@type\":\"PropertyValueSpecification\",\"valueRequired\":true,\"valueName\":\"search_term_string\"}}],\"inLanguage\":\"es\"}]}<\/script>\n<!-- \/ Yoast SEO plugin. -->","yoast_head_json":{"title":"Alicia Salido - Academia Espa\u00f1ola de Nutrici\u00f3n y Diet\u00e9tica","robots":{"index":"index","follow":"follow","max-snippet":"max-snippet:-1","max-image-preview":"max-image-preview:large","max-video-preview":"max-video-preview:-1"},"canonical":"https:\/\/www.academianutricionydietetica.org\/pro\/la-academia\/equipo-y-colaboradores\/alicia-salido\/","og_locale":"es_ES","og_type":"article","og_title":"Alicia Salido - Academia Espa\u00f1ola de Nutrici\u00f3n y Diet\u00e9tica","og_description":"[vc_row dfd_row_responsive_enable=\u00bbdfd-row-responsive-enable\u00bb responsive_styles=\u00bbpadding_left_mobile:20|padding_right_mobile:20&#8243;][vc_column][\/vc_column][\/vc_row]","og_url":"https:\/\/www.academianutricionydietetica.org\/pro\/la-academia\/equipo-y-colaboradores\/alicia-salido\/","og_site_name":"Academia Espa\u00f1ola de Nutrici\u00f3n y Diet\u00e9tica","article_modified_time":"2025-05-19T10:47:01+00:00","twitter_card":"summary_large_image","twitter_misc":{"Tiempo de lectura":"3 minutos"},"schema":{"@context":"https:\/\/schema.org","@graph":[{"@type":"WebPage","@id":"https:\/\/www.academianutricionydietetica.org\/pro\/la-academia\/equipo-y-colaboradores\/alicia-salido\/","url":"https:\/\/www.academianutricionydietetica.org\/pro\/la-academia\/equipo-y-colaboradores\/alicia-salido\/","name":"Alicia Salido - Academia Espa\u00f1ola de Nutrici\u00f3n y Diet\u00e9tica","isPartOf":{"@id":"https:\/\/www.academianutricionydietetica.org\/pro\/#website"},"datePublished":"2025-05-05T11:13:42+00:00","dateModified":"2025-05-19T10:47:01+00:00","breadcrumb":{"@id":"https:\/\/www.academianutricionydietetica.org\/pro\/la-academia\/equipo-y-colaboradores\/alicia-salido\/#breadcrumb"},"inLanguage":"es","potentialAction":[{"@type":"ReadAction","target":["https:\/\/www.academianutricionydietetica.org\/pro\/la-academia\/equipo-y-colaboradores\/alicia-salido\/"]}]},{"@type":"BreadcrumbList","@id":"https:\/\/www.academianutricionydietetica.org\/pro\/la-academia\/equipo-y-colaboradores\/alicia-salido\/#breadcrumb","itemListElement":[{"@type":"ListItem","position":1,"name":"Inicio","item":"https:\/\/www.academianutricionydietetica.org\/pro\/"},{"@type":"ListItem","position":2,"name":"La academia","item":"https:\/\/www.academianutricionydietetica.org\/pro\/la-academia\/"},{"@type":"ListItem","position":3,"name":"Equipo y colaboradores","item":"https:\/\/www.academianutricionydietetica.org\/pro\/la-academia\/equipo-y-colaboradores\/"},{"@type":"ListItem","position":4,"name":"Alicia Salido"}]},{"@type":"WebSite","@id":"https:\/\/www.academianutricionydietetica.org\/pro\/#website","url":"https:\/\/www.academianutricionydietetica.org\/pro\/","name":"Academia Espa\u00f1ola de Nutrici\u00f3n y Diet\u00e9tica","description":"Formaci\u00f3n, noticias, jornadas y eventos","potentialAction":[{"@type":"SearchAction","target":{"@type":"EntryPoint","urlTemplate":"https:\/\/www.academianutricionydietetica.org\/pro\/?s={search_term_string}"},"query-input":{"@type":"PropertyValueSpecification","valueRequired":true,"valueName":"search_term_string"}}],"inLanguage":"es"}]}},"_links":{"self":[{"href":"https:\/\/www.academianutricionydietetica.org\/pro\/wp-json\/wp\/v2\/pages\/23715","targetHints":{"allow":["GET"]}}],"collection":[{"href":"https:\/\/www.academianutricionydietetica.org\/pro\/wp-json\/wp\/v2\/pages"}],"about":[{"href":"https:\/\/www.academianutricionydietetica.org\/pro\/wp-json\/wp\/v2\/types\/page"}],"author":[{"embeddable":true,"href":"https:\/\/www.academianutricionydietetica.org\/pro\/wp-json\/wp\/v2\/users\/4"}],"replies":[{"embeddable":true,"href":"https:\/\/www.academianutricionydietetica.org\/pro\/wp-json\/wp\/v2\/comments?post=23715"}],"version-history":[{"count":1,"href":"https:\/\/www.academianutricionydietetica.org\/pro\/wp-json\/wp\/v2\/pages\/23715\/revisions"}],"predecessor-version":[{"id":23717,"href":"https:\/\/www.academianutricionydietetica.org\/pro\/wp-json\/wp\/v2\/pages\/23715\/revisions\/23717"}],"up":[{"embeddable":true,"href":"https:\/\/www.academianutricionydietetica.org\/pro\/wp-json\/wp\/v2\/pages\/18871"}],"wp:attachment":[{"href":"https:\/\/www.academianutricionydietetica.org\/pro\/wp-json\/wp\/v2\/media?parent=23715"}],"curies":[{"name":"wp","href":"https:\/\/api.w.org\/{rel}","templated":true}]}}