{"id":23733,"date":"2025-05-07T09:51:53","date_gmt":"2025-05-07T09:51:53","guid":{"rendered":"https:\/\/www.academianutricionydietetica.org\/pro\/?page_id=23733"},"modified":"2025-05-21T08:50:27","modified_gmt":"2025-05-21T08:50:27","slug":"eduard-baladia-rodriguez","status":"publish","type":"page","link":"https:\/\/www.academianutricionydietetica.org\/pro\/la-academia\/equipo-y-colaboradores\/eduard-baladia-rodriguez\/","title":{"rendered":"Eduard Baladia Rodr\u00edguez"},"content":{"rendered":"<p>[vc_row dfd_row_responsive_enable=\u00bbdfd-row-responsive-enable\u00bb responsive_styles=\u00bbpadding_left_mobile:20|padding_right_mobile:20&#8243;][vc_column]<div class=\"dfd-spacer-module\"  data-units=\"px\" data-wide_resolution=\"1280\" data-wide_size=\"80\" data-normal_resolution=\"1024\" data-normal_size=\"60\" data-tablet_resolution=\"800\" data-tablet_size=\"40\" data-mobile_resolution=\"480\" data-mobile_size=\"40\" style=\"height: 80px;\"><\/div><div class=\"dfd-info-banner style-05 responsive-team-members text-center\" ><div class=\"image-cover \"><img loading=\"lazy\" decoding=\"async\" src=\"https:\/\/www.academianutricionydietetica.org\/pro\/uploads\/2025\/05\/foto_EDU_2022-150x150.jpeg\" alt=\"Image\"  width=\"150\" height=\"150\" class=\"info-banner-image \" \/><\/div><div class=\"content-wrap\"><h2 class=\"info-box-title \" style=\"font-size: 22px; line-height: 26.4px; letter-spacing: 1px; \">Eduard Baladia Rodr\u00edguez<\/h2><h3 class=\"info-box-subtitle widget-sub-title \" style=\"\">Comit\u00e9 Cient\u00edfico<\/h3><div class=\"wrap-delimiter\"><div class=\"delimiter\" ><\/div><\/div><div class=\"description\" style=\"\">Eduard Baladia Rodr\u00edguez es dietista-nutricionista y m\u00e1ster en Investigaci\u00f3n y Avances en Medicina Preventiva y Salud P\u00fablica, con especialidad en metodolog\u00eda de la investigaci\u00f3n, por la Universidad de Granada. Actualmente coordina el Centro de An\u00e1lisis de la Evidencia Cient\u00edfica de la Academia Espa\u00f1ola de Nutrici\u00f3n y Diet\u00e9tica, desde donde lidera proyectos de s\u00edntesis de evidencia cient\u00edfica y coordina la Red Espa\u00f1ola de Nutrici\u00f3n Basada en la Evidencia.<\/p>\n<p>Es profesor asociado en la Universidad de Vic, donde imparte docencia sobre metodolog\u00eda de la investigaci\u00f3n y desarrollo de proyectos en el Grado en Nutrici\u00f3n Humana y Diet\u00e9tica, y ha sido docente invitado en las universidades de Valencia, Barcelona y Alicante. Participa activamente como miembro de algunos Grupos de Desarrollo de Gu\u00edas (GDG) de la OMS.<\/p>\n<p>Actualmente cursa un doctorado en meta-investigaci\u00f3n en nutrici\u00f3n en la Universidad de Barcelona, siendo miembro de la Evidence-Based Research Network. Adem\u00e1s, represent\u00f3 a Espa\u00f1a en la Acci\u00f3n COST CA17117 \u2013 EVBRES (Evidence-Based Research), donde lider\u00f3 el Grupo de Trabajo 1 sobre diseminaci\u00f3n e implementaci\u00f3n de la investigaci\u00f3n basada en evidencia.<\/p>\n<p>Entre sus publicaciones destacan revisiones sistem\u00e1ticas, estudios de meta-investigaci\u00f3n y estudios primarios publicados en revistas como BMC Medical Research Methodology, Nutrients, Systematic Reviews, Medwave y la Revista Espa\u00f1ola de Nutrici\u00f3n Humana y Diet\u00e9tica. Su producci\u00f3n cient\u00edfica abarca desde el an\u00e1lisis del uso y eficiencia de las revisiones sistem\u00e1ticas en investigaci\u00f3n hasta estudios sobre el impacto del consumo de br\u00f3coli en el riesgo de c\u00e1ncer, la adherencia a la dieta mediterr\u00e1nea, el uso de suplementos diet\u00e9ticos y la prevalencia de dietas milagro en la poblaci\u00f3n espa\u00f1ola.<\/p>\n<p>Explora su producci\u00f3n cient\u00edfica en <a href=\"https:\/\/www.webofscience.com\/wos\/author\/record\/J-9965-2019\" target=\"_blank\" rel=\"noopener\">Web of Science<\/a> y con\u00e9ctate con \u00e9l a trav\u00e9s de <a href=\"https:\/\/www.researchgate.net\/profile\/Eduard-Baladia\" target=\"_blank\" rel=\"noopener\">ResearchGate<\/a>.<br \/>\n<\/div><\/div><\/div><div class=\"dfd-spacer-module\"  data-units=\"px\" data-wide_resolution=\"1280\" data-wide_size=\"80\" data-normal_resolution=\"1024\" data-normal_size=\"60\" data-tablet_resolution=\"800\" data-tablet_size=\"40\" data-mobile_resolution=\"480\" data-mobile_size=\"40\" style=\"height: 80px;\"><\/div>[\/vc_column][\/vc_row]<\/p>\n","protected":false},"excerpt":{"rendered":"<p>[vc_row dfd_row_responsive_enable=\u00bbdfd-row-responsive-enable\u00bb responsive_styles=\u00bbpadding_left_mobile:20|padding_right_mobile:20&#8243;][vc_column][\/vc_column][\/vc_row]<\/p>\n","protected":false},"author":4,"featured_media":0,"parent":18871,"menu_order":0,"comment_status":"closed","ping_status":"closed","template":"page-custom-with-header.php","meta":{"_acf_changed":false,"_monsterinsights_skip_tracking":false,"_monsterinsights_sitenote_active":false,"_monsterinsights_sitenote_note":"","_monsterinsights_sitenote_category":0,"footnotes":""},"class_list":["post-23733","page","type-page","status-publish","hentry"],"acf":[],"yoast_head":"<!-- This site is optimized with the Yoast SEO plugin v26.7 - https:\/\/yoast.com\/wordpress\/plugins\/seo\/ -->\n<title>Eduard Baladia Rodr\u00edguez - Academia Espa\u00f1ola de Nutrici\u00f3n y Diet\u00e9tica<\/title>\n<meta name=\"robots\" content=\"index, follow, max-snippet:-1, max-image-preview:large, max-video-preview:-1\" \/>\n<link rel=\"canonical\" href=\"https:\/\/www.academianutricionydietetica.org\/pro\/la-academia\/equipo-y-colaboradores\/eduard-baladia-rodriguez\/\" \/>\n<meta property=\"og:locale\" content=\"es_ES\" \/>\n<meta property=\"og:type\" content=\"article\" \/>\n<meta property=\"og:title\" content=\"Eduard Baladia Rodr\u00edguez - Academia Espa\u00f1ola de Nutrici\u00f3n y Diet\u00e9tica\" \/>\n<meta property=\"og:description\" content=\"[vc_row dfd_row_responsive_enable=\u00bbdfd-row-responsive-enable\u00bb responsive_styles=\u00bbpadding_left_mobile:20|padding_right_mobile:20&#8243;][vc_column][\/vc_column][\/vc_row]\" \/>\n<meta property=\"og:url\" content=\"https:\/\/www.academianutricionydietetica.org\/pro\/la-academia\/equipo-y-colaboradores\/eduard-baladia-rodriguez\/\" \/>\n<meta property=\"og:site_name\" content=\"Academia Espa\u00f1ola de Nutrici\u00f3n y Diet\u00e9tica\" \/>\n<meta property=\"article:modified_time\" content=\"2025-05-21T08:50:27+00:00\" \/>\n<meta name=\"twitter:card\" content=\"summary_large_image\" \/>\n<meta name=\"twitter:label1\" content=\"Tiempo de lectura\" \/>\n\t<meta name=\"twitter:data1\" content=\"2 minutos\" \/>\n<script type=\"application\/ld+json\" class=\"yoast-schema-graph\">{\"@context\":\"https:\/\/schema.org\",\"@graph\":[{\"@type\":\"WebPage\",\"@id\":\"https:\/\/www.academianutricionydietetica.org\/pro\/la-academia\/equipo-y-colaboradores\/eduard-baladia-rodriguez\/\",\"url\":\"https:\/\/www.academianutricionydietetica.org\/pro\/la-academia\/equipo-y-colaboradores\/eduard-baladia-rodriguez\/\",\"name\":\"Eduard Baladia Rodr\u00edguez - Academia Espa\u00f1ola de Nutrici\u00f3n y Diet\u00e9tica\",\"isPartOf\":{\"@id\":\"https:\/\/www.academianutricionydietetica.org\/pro\/#website\"},\"datePublished\":\"2025-05-07T09:51:53+00:00\",\"dateModified\":\"2025-05-21T08:50:27+00:00\",\"breadcrumb\":{\"@id\":\"https:\/\/www.academianutricionydietetica.org\/pro\/la-academia\/equipo-y-colaboradores\/eduard-baladia-rodriguez\/#breadcrumb\"},\"inLanguage\":\"es\",\"potentialAction\":[{\"@type\":\"ReadAction\",\"target\":[\"https:\/\/www.academianutricionydietetica.org\/pro\/la-academia\/equipo-y-colaboradores\/eduard-baladia-rodriguez\/\"]}]},{\"@type\":\"BreadcrumbList\",\"@id\":\"https:\/\/www.academianutricionydietetica.org\/pro\/la-academia\/equipo-y-colaboradores\/eduard-baladia-rodriguez\/#breadcrumb\",\"itemListElement\":[{\"@type\":\"ListItem\",\"position\":1,\"name\":\"Inicio\",\"item\":\"https:\/\/www.academianutricionydietetica.org\/pro\/\"},{\"@type\":\"ListItem\",\"position\":2,\"name\":\"La academia\",\"item\":\"https:\/\/www.academianutricionydietetica.org\/pro\/la-academia\/\"},{\"@type\":\"ListItem\",\"position\":3,\"name\":\"Equipo y colaboradores\",\"item\":\"https:\/\/www.academianutricionydietetica.org\/pro\/la-academia\/equipo-y-colaboradores\/\"},{\"@type\":\"ListItem\",\"position\":4,\"name\":\"Eduard Baladia Rodr\u00edguez\"}]},{\"@type\":\"WebSite\",\"@id\":\"https:\/\/www.academianutricionydietetica.org\/pro\/#website\",\"url\":\"https:\/\/www.academianutricionydietetica.org\/pro\/\",\"name\":\"Academia Espa\u00f1ola de Nutrici\u00f3n y Diet\u00e9tica\",\"description\":\"Formaci\u00f3n, noticias, jornadas y eventos\",\"potentialAction\":[{\"@type\":\"SearchAction\",\"target\":{\"@type\":\"EntryPoint\",\"urlTemplate\":\"https:\/\/www.academianutricionydietetica.org\/pro\/?s={search_term_string}\"},\"query-input\":{\"@type\":\"PropertyValueSpecification\",\"valueRequired\":true,\"valueName\":\"search_term_string\"}}],\"inLanguage\":\"es\"}]}<\/script>\n<!-- \/ Yoast SEO plugin. -->","yoast_head_json":{"title":"Eduard Baladia Rodr\u00edguez - Academia Espa\u00f1ola de Nutrici\u00f3n y Diet\u00e9tica","robots":{"index":"index","follow":"follow","max-snippet":"max-snippet:-1","max-image-preview":"max-image-preview:large","max-video-preview":"max-video-preview:-1"},"canonical":"https:\/\/www.academianutricionydietetica.org\/pro\/la-academia\/equipo-y-colaboradores\/eduard-baladia-rodriguez\/","og_locale":"es_ES","og_type":"article","og_title":"Eduard Baladia Rodr\u00edguez - Academia Espa\u00f1ola de Nutrici\u00f3n y Diet\u00e9tica","og_description":"[vc_row dfd_row_responsive_enable=\u00bbdfd-row-responsive-enable\u00bb responsive_styles=\u00bbpadding_left_mobile:20|padding_right_mobile:20&#8243;][vc_column][\/vc_column][\/vc_row]","og_url":"https:\/\/www.academianutricionydietetica.org\/pro\/la-academia\/equipo-y-colaboradores\/eduard-baladia-rodriguez\/","og_site_name":"Academia Espa\u00f1ola de Nutrici\u00f3n y Diet\u00e9tica","article_modified_time":"2025-05-21T08:50:27+00:00","twitter_card":"summary_large_image","twitter_misc":{"Tiempo de lectura":"2 minutos"},"schema":{"@context":"https:\/\/schema.org","@graph":[{"@type":"WebPage","@id":"https:\/\/www.academianutricionydietetica.org\/pro\/la-academia\/equipo-y-colaboradores\/eduard-baladia-rodriguez\/","url":"https:\/\/www.academianutricionydietetica.org\/pro\/la-academia\/equipo-y-colaboradores\/eduard-baladia-rodriguez\/","name":"Eduard Baladia Rodr\u00edguez - Academia Espa\u00f1ola de Nutrici\u00f3n y Diet\u00e9tica","isPartOf":{"@id":"https:\/\/www.academianutricionydietetica.org\/pro\/#website"},"datePublished":"2025-05-07T09:51:53+00:00","dateModified":"2025-05-21T08:50:27+00:00","breadcrumb":{"@id":"https:\/\/www.academianutricionydietetica.org\/pro\/la-academia\/equipo-y-colaboradores\/eduard-baladia-rodriguez\/#breadcrumb"},"inLanguage":"es","potentialAction":[{"@type":"ReadAction","target":["https:\/\/www.academianutricionydietetica.org\/pro\/la-academia\/equipo-y-colaboradores\/eduard-baladia-rodriguez\/"]}]},{"@type":"BreadcrumbList","@id":"https:\/\/www.academianutricionydietetica.org\/pro\/la-academia\/equipo-y-colaboradores\/eduard-baladia-rodriguez\/#breadcrumb","itemListElement":[{"@type":"ListItem","position":1,"name":"Inicio","item":"https:\/\/www.academianutricionydietetica.org\/pro\/"},{"@type":"ListItem","position":2,"name":"La academia","item":"https:\/\/www.academianutricionydietetica.org\/pro\/la-academia\/"},{"@type":"ListItem","position":3,"name":"Equipo y colaboradores","item":"https:\/\/www.academianutricionydietetica.org\/pro\/la-academia\/equipo-y-colaboradores\/"},{"@type":"ListItem","position":4,"name":"Eduard Baladia Rodr\u00edguez"}]},{"@type":"WebSite","@id":"https:\/\/www.academianutricionydietetica.org\/pro\/#website","url":"https:\/\/www.academianutricionydietetica.org\/pro\/","name":"Academia Espa\u00f1ola de Nutrici\u00f3n y Diet\u00e9tica","description":"Formaci\u00f3n, noticias, jornadas y eventos","potentialAction":[{"@type":"SearchAction","target":{"@type":"EntryPoint","urlTemplate":"https:\/\/www.academianutricionydietetica.org\/pro\/?s={search_term_string}"},"query-input":{"@type":"PropertyValueSpecification","valueRequired":true,"valueName":"search_term_string"}}],"inLanguage":"es"}]}},"_links":{"self":[{"href":"https:\/\/www.academianutricionydietetica.org\/pro\/wp-json\/wp\/v2\/pages\/23733","targetHints":{"allow":["GET"]}}],"collection":[{"href":"https:\/\/www.academianutricionydietetica.org\/pro\/wp-json\/wp\/v2\/pages"}],"about":[{"href":"https:\/\/www.academianutricionydietetica.org\/pro\/wp-json\/wp\/v2\/types\/page"}],"author":[{"embeddable":true,"href":"https:\/\/www.academianutricionydietetica.org\/pro\/wp-json\/wp\/v2\/users\/4"}],"replies":[{"embeddable":true,"href":"https:\/\/www.academianutricionydietetica.org\/pro\/wp-json\/wp\/v2\/comments?post=23733"}],"version-history":[{"count":5,"href":"https:\/\/www.academianutricionydietetica.org\/pro\/wp-json\/wp\/v2\/pages\/23733\/revisions"}],"predecessor-version":[{"id":23793,"href":"https:\/\/www.academianutricionydietetica.org\/pro\/wp-json\/wp\/v2\/pages\/23733\/revisions\/23793"}],"up":[{"embeddable":true,"href":"https:\/\/www.academianutricionydietetica.org\/pro\/wp-json\/wp\/v2\/pages\/18871"}],"wp:attachment":[{"href":"https:\/\/www.academianutricionydietetica.org\/pro\/wp-json\/wp\/v2\/media?parent=23733"}],"curies":[{"name":"wp","href":"https:\/\/api.w.org\/{rel}","templated":true}]}}